{"id":8712,"date":"2026-03-12T10:47:11","date_gmt":"2026-03-12T09:47:11","guid":{"rendered":"https:\/\/frontaliers-grandest.eu\/?page_id=8712"},"modified":"2026-03-12T10:47:13","modified_gmt":"2026-03-12T09:47:13","slug":"exportierbare-luxemburgische-familienleistungen","status":"publish","type":"page","link":"https:\/\/frontaliers-grandest.eu\/de\/startseite\/grenzganger\/deutschland-luxemburg\/sozialversicherung\/die-familienbeihilfe\/exportierbare-luxemburgische-familienleistungen\/","title":{"rendered":"Exportierbare luxemburgische Familienleistungen"},"content":{"rendered":"\n<p>Um luxemburgische Familienleistungen zu erhalten, m\u00fcssen Sie an \u201edie Caisse pour l\u2019avenir des enfants\/Zukunftskeess\u201c (CAE)&nbsp;<strong>in Luxemburg folgende Dokumente schicken:<\/strong><\/p>\n\n\n\n<ul class=\"wp-block-list\">\n<li style=\"margin-top:var(--wp--preset--spacing--20);margin-right:0;margin-bottom:var(--wp--preset--spacing--20);margin-left:0;padding-right:var(--wp--preset--spacing--20);padding-left:var(--wp--preset--spacing--20)\">ein&nbsp;<strong>Antragsformular<\/strong>, das Sie auf der Website<a href=\"https:\/\/cae.public.lu\/de.html\">&nbsp;<strong>Zukunftskasse<\/strong><\/a>&nbsp;herunterladen k\u00f6nnen oder das von der CAE geliefert werden kann<\/li>\n\n\n\n<li style=\"margin-top:var(--wp--preset--spacing--20);margin-right:0;margin-bottom:var(--wp--preset--spacing--20);margin-left:0;padding-right:var(--wp--preset--spacing--20);padding-left:var(--wp--preset--spacing--20)\"><strong>Formular E 401 &#8220; Familienstandbescheinigung&#8220;<\/strong>, das Ihnen von der CAE oder ihrer Familienkasse geliefert wird; dies muss durch den Arbeitnehmer und durch sein Rathaus (oder eine letzte Haushaltsbescheinigung ) gef\u00fcllt werden<\/li>\n\n\n\n<li style=\"margin-top:var(--wp--preset--spacing--20);margin-right:0;margin-bottom:var(--wp--preset--spacing--20);margin-left:0;padding-right:var(--wp--preset--spacing--20);padding-left:var(--wp--preset--spacing--20)\"><strong>ein Auszug aus der Geburtsurkunde Ihres (Ihrer) Kindes<\/strong>&nbsp;(Kinder)<\/li>\n\n\n\n<li style=\"margin-top:var(--wp--preset--spacing--20);margin-right:0;margin-bottom:var(--wp--preset--spacing--20);margin-left:0;padding-right:var(--wp--preset--spacing--20);padding-left:var(--wp--preset--spacing--20)\"><strong>eine Bankverbindung&nbsp;<\/strong>(RIB)<\/li>\n\n\n\n<li style=\"margin-top:var(--wp--preset--spacing--20);margin-right:0;margin-bottom:var(--wp--preset--spacing--20);margin-left:0;padding-right:var(--wp--preset--spacing--20);padding-left:var(--wp--preset--spacing--20)\">eine\u00a0<strong>Bescheinigung \u00fcber die Zahlung oder Nichtzahlung der Familienleistungen der Familienkasse von Ihrem Wohnsitzstaat<\/strong>.<\/li>\n<\/ul>\n\n\n\n<h2 class=\"wp-block-heading has-large-font-size\"><strong>Schulanfagzulage<\/strong><\/h2>\n\n\n\n<p>Die Schulanfangszulage wird zugunsten&nbsp;<strong>von allen Kindern ab 6 Jahren gew\u00e4hrt<\/strong>. Sie wird f\u00fcr den Monat August automatisch f\u00fcr Kinder, die im August desselben Jahres Kindergeld beziehen, ausbezahlt.<\/p>\n\n\n\n<p>Die Reform hat einen Einzelbetrag pro Kind eingef\u00fchrt, der je nach dem Alter des Kindes variiert.<strong>&nbsp;Dieser Betrag wird also nicht mehr von der Kinderzahl abh\u00e4ngig<\/strong>.<\/p>\n\n\n\n<figure class=\"wp-block-table aligncenter\"><table><tbody><tr><td class=\"has-text-align-center\" data-align=\"center\"><strong>Alter<\/strong><\/td><td class=\"has-text-align-center\" data-align=\"center\"><strong>Betrag (in Euros pro Monat)<\/strong><\/td><\/tr><tr><td class=\"has-text-align-center\" data-align=\"center\"><strong>Von 6 bis 11 Jahren<\/strong><\/td><td class=\"has-text-align-center\" data-align=\"center\">115,00 \u20ac<\/td><\/tr><tr><td class=\"has-text-align-center\" data-align=\"center\"><strong>Ab 12 Jahren<\/strong><\/td><td class=\"has-text-align-center\" data-align=\"center\">235,00 \u20ac<\/td><\/tr><\/tbody><\/table><\/figure>\n\n\n\n<h2 class=\"wp-block-heading has-large-font-size\"><strong>Kindergeld\u00a0<\/strong><\/h2>\n\n\n\n<div class=\"wp-block-frontaliers-grandest-plugin-frge-accordion-block\"><div class=\"accordion-top\"><h4 class=\"accordion-title\"><strong>Voraussetzungen und H\u00f6he<\/strong><\/h4><svg viewBox=\"0 0 24 24\" stroke-width=\"1.5\" fill=\"none\" xmlns=\"http:\/\/www.w3.org\/2000\/svg\" class=\"accordion-top__icon\"><path d=\"M3 12L21 12M21 12L12.5 3.5M21 12L12.5 20.5\" stroke-width=\"1.5\" stroke-linecap=\"round\" stroke-linejoin=\"round\"><\/path><\/svg><\/div><div class=\"accordion-content\">\n<div style=\"padding-top:var(--wp--preset--spacing--20);padding-right:0;padding-bottom:var(--wp--preset--spacing--20);padding-left:0\" class=\"wp-block-frontaliers-grandest-plugin-frge-accordion-block\"><div class=\"accordion-top\"><h4 class=\"accordion-title\"><strong>Vor dem Inkrafttreten der Reform (1.08.2016)<\/strong><\/h4><svg viewBox=\"0 0 24 24\" stroke-width=\"1.5\" fill=\"none\" xmlns=\"http:\/\/www.w3.org\/2000\/svg\" class=\"accordion-top__icon\"><path d=\"M3 12L21 12M21 12L12.5 3.5M21 12L12.5 20.5\" stroke-width=\"1.5\" stroke-linecap=\"round\" stroke-linejoin=\"round\"><\/path><\/svg><\/div><div class=\"accordion-content\">\n<p>Die Arbeitnehmer, die Familienleistungen vor der Reform erhalten,<strong>&nbsp;k\u00f6nnen weiterhin Kindergeld und Kinderbonus in Anspruch nehmen<\/strong>&nbsp;(gem\u00e4\u00df den vor der Reform \u201eeingefrorenen\u201c Vorschriften).<\/p>\n\n\n\n<p>Die Familienzulagen sind&nbsp;<strong>ab dem ersten Kind&nbsp;<\/strong>(eheliche oder ehelich erkl\u00e4rte Kinder, Adoptivkinder, uneheliche aber anerkannte Kinder, Kinder unter gesetzlichem Vormund)&nbsp;<strong>gew\u00e4hrt<\/strong>. Bei einem gemeinsamen Haushalt beider Elternteile mit dem Kind, k\u00f6nnen die Eltern bestimmen an wen von ihnen das Kindergeld \u00fcberwiesen werden soll.<\/p>\n\n\n\n<p>Lebt das Kind nicht im gemeinsamen Haushalt mit beiden Elternteilen, wird das Kindergeld an die Person \u00fcberwiesen, bei der das Kind seinen gesetzlichen Wohnort hat und haupts\u00e4chlich lebt.<\/p>\n\n\n\n<p>F\u00fcr jede Familie, die ein Anrecht auf Kindergeld hatte und Kindergeld vor dem 1. August 2016 bezogen hat, gelten folgende Betr\u00e4ge:<\/p>\n\n\n\n<figure class=\"wp-block-table\"><table><tbody><tr><td class=\"has-text-align-center\" data-align=\"center\"><strong>Kinderzahl<\/strong><\/td><td class=\"has-text-align-center\" data-align=\"center\"><strong>Monatlicher Gesamtbetrag an die Familie<\/strong><\/td><\/tr><tr><td class=\"has-text-align-center\" data-align=\"center\"><strong>1<\/strong><\/td><td class=\"has-text-align-center\" data-align=\"center\">307,35\u20ac<\/td><\/tr><tr><td class=\"has-text-align-center\" data-align=\"center\"><strong>2<\/strong><\/td><td class=\"has-text-align-center\" data-align=\"center\">689,44\u20ac<\/td><\/tr><tr><td class=\"has-text-align-center\" data-align=\"center\"><strong>3<\/strong><\/td><td class=\"has-text-align-center\" data-align=\"center\">1.198,23 \u20ac<\/td><\/tr><tr><td class=\"has-text-align-center\" data-align=\"center\"><strong>4<\/strong><\/td><td class=\"has-text-align-center\" data-align=\"center\">1.707,24 \u20ac<\/td><\/tr><tr><td class=\"has-text-align-center\" data-align=\"center\"><strong>5<\/strong><\/td><td class=\"has-text-align-center\" data-align=\"center\">2.215,85 \u20ac<\/td><\/tr><\/tbody><\/table><\/figure>\n\n\n\n<div class=\"wp-block-frontaliers-grandest-plugin-infos-alert-block\"><div class=\"alert-infos-container\" style=\"background-image:url(https:\/\/frontaliers-grandest.eu\/wp-content\/plugins\/frontaliers-grandest-plugin\/build\/infos-alert-block\/..\/images\/alert-infos-background.2f520fda.png);background-size:cover\"><div class=\"alert-infos-container__top\"><svg stroke-width=\"1\" viewBox=\"0 0 24 24\" fill=\"none\" xmlns=\"http:\/\/www.w3.org\/2000\/svg\" class=\"alert-infos-container__icon\"><path d=\"M12 7L12 13\" stroke-width=\"1\" stroke-linecap=\"round\" stroke-linejoin=\"round\"><\/path><path d=\"M12 17.01L12.01 16.9989\" stroke-width=\"1\" stroke-linecap=\"round\" stroke-linejoin=\"round\"><\/path><path d=\"M12 22C17.5228 22 22 17.5228 22 12C22 6.47715 17.5228 2 12 2C6.47715 2 2 6.47715 2 12C2 17.5228 6.47715 22 12 22Z\" stroke-width=\"1\" stroke-linecap=\"round\" stroke-linejoin=\"round\"><\/path><\/svg><h3 class=\"alert-infos-container__title\"><strong><mark style=\"background-color:rgba(0, 0, 0, 0);color:#f9f9f9\" class=\"has-inline-color\">Achtung<\/mark><\/strong><\/h3><\/div><div class=\"alert-infos-container__content\"><p class=\"alert-infos-container__content__text\"><mark style=\"background-color:rgba(0, 0, 0, 0);color:#f9f9f9\" class=\"has-inline-color\">f\u00fcr alle&nbsp;<strong>vor dem 1. August 2016&nbsp;kindergeldberechtigten Kinder, die Teil eines Haushalts mit&nbsp;2 oder mehr Kindern&nbsp;sind, bleiben der alte Betrag des Kindergelds<\/strong>&nbsp;und des Kinderbonus unver\u00e4ndert. Im Falle einer Unterbrechung des Rechts auf dieser unver\u00e4nderten Familienleistung nach dem Inkrafttreten des neuen Gesetzes, gelten f\u00fcr das wieder vergebene Kind die neuen Bestimmungen ohne Ber\u00fccksichtigung des vor Inkrafttreten der Reform erhaltenen Betrags.<\/mark><\/p><\/div><\/div><\/div>\n<\/div><\/div>\n\n\n\n<div class=\"wp-block-frontaliers-grandest-plugin-frge-accordion-block\"><div class=\"accordion-top\"><h4 class=\"accordion-title\"><strong>Nach dem Inkrafttreten der Reform (1.08.2016)<\/strong><\/h4><svg viewBox=\"0 0 24 24\" stroke-width=\"1.5\" fill=\"none\" xmlns=\"http:\/\/www.w3.org\/2000\/svg\" class=\"accordion-top__icon\"><path d=\"M3 12L21 12M21 12L12.5 3.5M21 12L12.5 20.5\" stroke-width=\"1.5\" stroke-linecap=\"round\" stroke-linejoin=\"round\"><\/path><\/svg><\/div><div class=\"accordion-content\">\n<p>Die Reform definiert den Begriff des Familienmitglieds des Arbeitnehmers neu und umfasst nun die im Rahmen der Ehe geborenen Kinder, die au\u00dferhalb der Ehe geborenen Kinder sowie die Adoptivkinder des Arbeitnehmers.<\/p>\n\n\n\n<p>Diese Bestimmung gilt f\u00fcr alle Kinder, die am 1. August 2016 oder danach geboren wurden, sowie f\u00fcr Kinder, die sich am 1. August 2016 oder danach in Luxemburg niederlassen oder deren einer Elternteil am 1. August 2016 oder danach eine Erwerbst\u00e4tigkeit in Luxemburg aufnimmt. Dieses System ersetzt das System der Familiengruppe, bei dem sich der Betrag pro Kind mit der Anzahl der Kinder erh\u00f6ht.<\/p>\n\n\n\n<p>Die zuvor genannten <strong>variablen Betr\u00e4ge in Abh\u00e4ngigkeit von der Anzahl der Kinder<\/strong> wurden durch <strong>einen einheitlichen Betrag von 307,35 \u20ac seit dem 1. Mai 2025 (nach Indexierung)<\/strong> ersetzt, <strong>einschlie\u00dflich des Kinderbonus<\/strong>, der <strong>monatlich ab dem ersten Kind<\/strong> gew\u00e4hrt wird.<\/p>\n\n\n\n<p>Dar\u00fcber hinaus erweitert das Gesetz vom 23. Dezember 2022 den Begriff des Familienmitglieds des Arbeitnehmers auf ein nicht-biologisches Kind, f\u00fcr dessen Unterhalt der Arbeitnehmer aufkommt und mit dem er zusammen mit seinem Ehepartner oder Lebenspartner einen gemeinsamen Haushalt sowie einen tats\u00e4chlichen und dauerhaften Wohnsitz teilt. Dieses Gesetz ist am 27. Dezember 2022 in Kraft getreten. Somit kann der Arbeitnehmer, der Mitglied einer Patchworkfamilie ist, ab dem 27. Dezember 2022 Familienleistungen f\u00fcr das Kind seines Ehepartners oder Lebenspartners beziehen, sofern der Arbeitnehmer f\u00fcr den Unterhalt des Kindes sorgt und mit diesem einen gemeinsamen Haushalt sowie einen tats\u00e4chlichen und dauerhaften Wohnsitz teilt.<\/p>\n\n\n\n<p><strong>Altersabh\u00e4ngige Zuschl\u00e4ge werden weiterhin gew\u00e4hrt und wurden aufgewertet.<\/strong> Diese <strong>gelten f\u00fcr alle Kinder, unabh\u00e4ngig davon, ob sie vor oder nach der Reform geboren wurden<\/strong>. <strong>F\u00fcr das Jahr 2026 gelten folgende Betr\u00e4ge:<\/strong><\/p>\n\n\n\n<h5 class=\"wp-block-heading has-small-font-size\">Monatliche Betr\u00e4ge der Familienleistungen (in Euros):<\/h5>\n\n\n\n<figure class=\"wp-block-table\"><table><tbody><tr><td class=\"has-text-align-center\" data-align=\"center\"><strong>Alter<\/strong><\/td><td><strong>Erh\u00f6hung (in Euro\/Monat)<\/strong><\/td><td class=\"has-text-align-center\" data-align=\"center\"><strong>Gesamtbetrag (in Euro\/Monat)<\/strong><\/td><\/tr><tr><td class=\"has-text-align-center\" data-align=\"center\"><strong>0 bis 5 Jahren<\/strong><\/td><td>Keine<\/td><td class=\"has-text-align-center\" data-align=\"center\">307,35 \u20ac<\/td><\/tr><tr><td class=\"has-text-align-center\" data-align=\"center\"><strong>6 bis<\/strong> <strong>11 Jahren<\/strong><\/td><td>23,23 \u20ac<\/td><td class=\"has-text-align-center\" data-align=\"center\">330, 58 \u20ac<\/td><\/tr><tr><td class=\"has-text-align-center\" data-align=\"center\"><strong>ab 12 Jahren<\/strong><\/td><td>57,99 \u20ac<\/td><td class=\"has-text-align-center\" data-align=\"center\">365,34 \u20ac<\/td><\/tr><\/tbody><\/table><\/figure>\n\n\n\n<p class=\"has-small-font-size\"><\/p>\n<\/div><\/div>\n<\/div><\/div>\n\n\n\n<div class=\"wp-block-frontaliers-grandest-plugin-frge-accordion-block\"><div class=\"accordion-top\"><h4 class=\"accordion-title\"><strong>Dauer<\/strong><\/h4><svg viewBox=\"0 0 24 24\" stroke-width=\"1.5\" fill=\"none\" xmlns=\"http:\/\/www.w3.org\/2000\/svg\" class=\"accordion-top__icon\"><path d=\"M3 12L21 12M21 12L12.5 3.5M21 12L12.5 20.5\" stroke-width=\"1.5\" stroke-linecap=\"round\" stroke-linejoin=\"round\"><\/path><\/svg><\/div><div class=\"accordion-content\">\n<p>Das Kindergeld wird vom Monat der Geburt&nbsp;<strong>bis zum&nbsp;18. Geburtstag&nbsp;f\u00fcr Kinder gezahlt.<\/strong><\/p>\n\n\n\n<p>Die Altersgrenze&nbsp;<strong>von 18 Jahren wird f\u00fcr folgende Kreise bis&nbsp;maximal zum 25. Geburtstag&nbsp;angehoben:<\/strong>&nbsp;Kinder, die den klassischen Sekundarunterricht, den technischen Sekundarunterricht oder einen gleichgestellten Unterricht besuchen; Sch\u00fcler von Einrichtungen, Stellen und Zentren mit sonderp\u00e4dagogischem F\u00f6rderschwerpunkt; Auszubildende.<\/p>\n\n\n\n<p>Der Anspruch auf das Kindergeld von 18 bis 25 Jahren wurde somit gesenkt. Die Beibehaltung der Familienleistungen ist die Folge der Erweiterung den Studiumsbegriff. N\u00e4mlich wurden bis jetzt die Familienleistungen f\u00fcr viele Jugendlichen der Sekundarstufe gesperrt.<\/p>\n<\/div><\/div>\n\n\n\n<h2 class=\"wp-block-heading\"><strong>Die zus\u00e4tzliche Sonderzulage f\u00fcr ein behindertes Kind<\/strong><br><\/h2>\n\n\n\n<p>Es ist m\u00f6glich, die zus\u00e4tzliche Sonderzulage f\u00fcr ein behindertes Kind zu erhalten, sofern bestimmte Voraussetzungen erf\u00fcllt sind. Die Zulage wird grunds\u00e4tzlich bis zum Alter von 18 Jahren gezahlt.<\/p>\n\n\n\n<p>Das Kind muss Anspruch auf die luxemburgischen Familienleistungen haben und an einer k\u00f6rperlichen und\/oder geistigen Behinderung von mehr als 50 % leiden. Die Behinderung muss dauerhaft sein.<\/p>\n\n\n\n<p>Es ist erforderlich, ein \u00e4rztliches Attest vorzulegen, das gem\u00e4\u00df den luxemburgischen Vorschriften best\u00e4tigt, dass beim Kind ein Behinderungsgrad von mehr als 50 % vorliegt.<\/p>\n\n\n\n<p><strong>Hinweis:<\/strong> Nach luxemburgischem Recht wird der Grad der dauerhaften Beeintr\u00e4chtigung im Vergleich zu einem gesunden Kind gleichen Alters festgelegt. Daher kann dieser vom Grad abweichen, der von der Maison D\u00e9partementale des Personnes Handicap\u00e9es (MDPH) festgestellt wird. Beispielsweise werden Kinder und\/oder Jugendliche mit Aufmerksamkeitsst\u00f6rungen, \u201eDys\u201c-St\u00f6rungen oder St\u00f6rungen aus dem Autismus-Spektrum in den meisten F\u00e4llen nicht als dauerhaft zu mindestens 50 % beeintr\u00e4chtigt im Vergleich zu gesunden Kindern und\/oder Jugendlichen gleichen Alters angesehen.<\/p>\n\n\n\n<p>Der monatliche Betrag der zus\u00e4tzlichen Sonderzulage betr\u00e4gt <strong>200 \u20ac pro Kind<\/strong>.<\/p>\n\n\n\n<p><\/p>\n","protected":false},"excerpt":{"rendered":"<p>Um luxemburgische Familienleistungen zu erhalten, m\u00fcssen Sie an \u201edie Caisse pour l\u2019avenir des enfants\/Zukunftskeess\u201c (CAE)&nbsp;in Luxemburg folgende Dokumente schicken: Schulanfagzulage Die Schulanfangszulage wird zugunsten&nbsp;von allen Kindern ab 6 Jahren gew\u00e4hrt. Sie wird f\u00fcr den Monat August automatisch f\u00fcr Kinder, die im August desselben Jahres Kindergeld beziehen, ausbezahlt. Die Reform hat einen Einzelbetrag pro Kind eingef\u00fchrt, [&hellip;]<\/p>\n","protected":false},"author":7,"featured_media":35681,"parent":8707,"menu_order":1,"comment_status":"closed","ping_status":"closed","template":"","meta":{"inline_featured_image":false,"footnotes":""},"tags":[461,888,517,454],"frge_profile":[225],"class_list":["post-8712","page","type-page","status-publish","has-post-thumbnail","hentry","tag-arbeitnehmer","tag-die-familienbeihilfe","tag-grengaenger","tag-luxemburg","frge_profile-arbeitnehmer"],"yoast_head":"<!-- This site is optimized with the Yoast SEO plugin v27.1.1 - https:\/\/yoast.com\/product\/yoast-seo-wordpress\/ -->\n<title>Exportierbare luxemburgische Familienleistungen - Frontaliers Grand Est<\/title>\n<meta name=\"description\" content=\"Als Arbeitnehmer in Luxemburg haben Sie unter bestimmten Bedingungen Anspruch auf luxemburgische Familienbeihilfen.\" \/>\n<meta name=\"robots\" content=\"index, follow, max-snippet:-1, max-image-preview:large, max-video-preview:-1\" \/>\n<link rel=\"canonical\" href=\"https:\/\/frontaliers-grandest.eu\/de\/startseite\/grenzganger\/deutschland-luxemburg\/sozialversicherung\/die-familienbeihilfe\/exportierbare-luxemburgische-familienleistungen\/\" \/>\n<meta property=\"og:locale\" content=\"de_DE\" \/>\n<meta property=\"og:type\" content=\"article\" \/>\n<meta property=\"og:title\" content=\"Exportierbare luxemburgische Familienleistungen - Frontaliers Grand Est\" \/>\n<meta property=\"og:description\" content=\"Als Arbeitnehmer in Luxemburg haben Sie unter bestimmten Bedingungen Anspruch auf luxemburgische Familienbeihilfen.\" \/>\n<meta property=\"og:url\" content=\"https:\/\/frontaliers-grandest.eu\/de\/startseite\/grenzganger\/deutschland-luxemburg\/sozialversicherung\/die-familienbeihilfe\/exportierbare-luxemburgische-familienleistungen\/\" \/>\n<meta property=\"og:site_name\" content=\"Frontaliers Grand Est\" \/>\n<meta property=\"article:publisher\" content=\"https:\/\/www.facebook.com\/frontaliers.GR.EST\/?locale=fr_FR\" \/>\n<meta property=\"article:modified_time\" content=\"2026-03-12T09:47:13+00:00\" \/>\n<meta property=\"og:image\" content=\"https:\/\/frontaliers-grandest.eu\/wp-content\/uploads\/2024\/04\/cdc-SAwxJ8PHY3Q-unsplash1.jpg\" \/>\n\t<meta property=\"og:image:width\" content=\"2400\" \/>\n\t<meta property=\"og:image:height\" content=\"1600\" \/>\n\t<meta property=\"og:image:type\" content=\"image\/jpeg\" \/>\n<meta name=\"twitter:card\" content=\"summary_large_image\" \/>\n<meta name=\"twitter:label1\" content=\"Gesch\u00e4tzte Lesezeit\" \/>\n\t<meta name=\"twitter:data1\" content=\"6\u00a0Minuten\" \/>\n<script type=\"application\/ld+json\" class=\"yoast-schema-graph\">{\"@context\":\"https:\/\/schema.org\",\"@graph\":[{\"@type\":\"WebPage\",\"@id\":\"https:\/\/frontaliers-grandest.eu\/de\/startseite\/grenzganger\/deutschland-luxemburg\/sozialversicherung\/die-familienbeihilfe\/exportierbare-luxemburgische-familienleistungen\/\",\"url\":\"https:\/\/frontaliers-grandest.eu\/de\/startseite\/grenzganger\/deutschland-luxemburg\/sozialversicherung\/die-familienbeihilfe\/exportierbare-luxemburgische-familienleistungen\/\",\"name\":\"Exportierbare luxemburgische Familienleistungen - Frontaliers Grand Est\",\"isPartOf\":{\"@id\":\"https:\/\/frontaliers-grandest.eu\/de\/#website\"},\"primaryImageOfPage\":{\"@id\":\"https:\/\/frontaliers-grandest.eu\/de\/startseite\/grenzganger\/deutschland-luxemburg\/sozialversicherung\/die-familienbeihilfe\/exportierbare-luxemburgische-familienleistungen\/#primaryimage\"},\"image\":{\"@id\":\"https:\/\/frontaliers-grandest.eu\/de\/startseite\/grenzganger\/deutschland-luxemburg\/sozialversicherung\/die-familienbeihilfe\/exportierbare-luxemburgische-familienleistungen\/#primaryimage\"},\"thumbnailUrl\":\"https:\/\/frontaliers-grandest.eu\/wp-content\/uploads\/2024\/04\/cdc-SAwxJ8PHY3Q-unsplash1.jpg\",\"datePublished\":\"2026-03-12T09:47:11+00:00\",\"dateModified\":\"2026-03-12T09:47:13+00:00\",\"description\":\"Als Arbeitnehmer in Luxemburg haben Sie unter bestimmten Bedingungen Anspruch auf luxemburgische Familienbeihilfen.\",\"breadcrumb\":{\"@id\":\"https:\/\/frontaliers-grandest.eu\/de\/startseite\/grenzganger\/deutschland-luxemburg\/sozialversicherung\/die-familienbeihilfe\/exportierbare-luxemburgische-familienleistungen\/#breadcrumb\"},\"inLanguage\":\"de\",\"potentialAction\":[{\"@type\":\"ReadAction\",\"target\":[\"https:\/\/frontaliers-grandest.eu\/de\/startseite\/grenzganger\/deutschland-luxemburg\/sozialversicherung\/die-familienbeihilfe\/exportierbare-luxemburgische-familienleistungen\/\"]}]},{\"@type\":\"ImageObject\",\"inLanguage\":\"de\",\"@id\":\"https:\/\/frontaliers-grandest.eu\/de\/startseite\/grenzganger\/deutschland-luxemburg\/sozialversicherung\/die-familienbeihilfe\/exportierbare-luxemburgische-familienleistungen\/#primaryimage\",\"url\":\"https:\/\/frontaliers-grandest.eu\/wp-content\/uploads\/2024\/04\/cdc-SAwxJ8PHY3Q-unsplash1.jpg\",\"contentUrl\":\"https:\/\/frontaliers-grandest.eu\/wp-content\/uploads\/2024\/04\/cdc-SAwxJ8PHY3Q-unsplash1.jpg\",\"width\":2400,\"height\":1600},{\"@type\":\"BreadcrumbList\",\"@id\":\"https:\/\/frontaliers-grandest.eu\/de\/startseite\/grenzganger\/deutschland-luxemburg\/sozialversicherung\/die-familienbeihilfe\/exportierbare-luxemburgische-familienleistungen\/#breadcrumb\",\"itemListElement\":[{\"@type\":\"ListItem\",\"position\":1,\"name\":\"Startseite\",\"item\":\"https:\/\/frontaliers-grandest.eu\/de\/\"},{\"@type\":\"ListItem\",\"position\":2,\"name\":\"Grenzg\u00e4nger\",\"item\":\"https:\/\/frontaliers-grandest.eu\/de\/startseite\/grenzganger\/\"},{\"@type\":\"ListItem\",\"position\":3,\"name\":\"Deutschland - Luxemburg\",\"item\":\"https:\/\/frontaliers-grandest.eu\/de\/startseite\/grenzganger\/deutschland-luxemburg\/\"},{\"@type\":\"ListItem\",\"position\":4,\"name\":\"Sozialversicherung in Luxemburg\",\"item\":\"https:\/\/frontaliers-grandest.eu\/de\/startseite\/grenzganger\/deutschland-luxemburg\/sozialversicherung\/\"},{\"@type\":\"ListItem\",\"position\":5,\"name\":\"Die Familienbeihilfe\",\"item\":\"https:\/\/frontaliers-grandest.eu\/de\/startseite\/grenzganger\/deutschland-luxemburg\/sozialversicherung\/die-familienbeihilfe\/\"},{\"@type\":\"ListItem\",\"position\":6,\"name\":\"Exportierbare luxemburgische Familienleistungen\"}]},{\"@type\":\"WebSite\",\"@id\":\"https:\/\/frontaliers-grandest.eu\/de\/#website\",\"url\":\"https:\/\/frontaliers-grandest.eu\/de\/\",\"name\":\"Frontaliers Grand Est\",\"description\":\"Le site ressource du travail frontalier\",\"publisher\":{\"@id\":\"https:\/\/frontaliers-grandest.eu\/de\/#organization\"},\"alternateName\":\"Frontaliers Grand Est\",\"potentialAction\":[{\"@type\":\"SearchAction\",\"target\":{\"@type\":\"EntryPoint\",\"urlTemplate\":\"https:\/\/frontaliers-grandest.eu\/de\/?s={search_term_string}\"},\"query-input\":{\"@type\":\"PropertyValueSpecification\",\"valueRequired\":true,\"valueName\":\"search_term_string\"}}],\"inLanguage\":\"de\"},{\"@type\":\"Organization\",\"@id\":\"https:\/\/frontaliers-grandest.eu\/de\/#organization\",\"name\":\"Frontaliers Grand Est\",\"alternateName\":\"Frontaliers Grand Est\",\"url\":\"https:\/\/frontaliers-grandest.eu\/de\/\",\"logo\":{\"@type\":\"ImageObject\",\"inLanguage\":\"de\",\"@id\":\"https:\/\/frontaliers-grandest.eu\/de\/#\/schema\/logo\/image\/\",\"url\":\"https:\/\/frontaliers-grandest.eu\/wp-content\/uploads\/2025\/07\/260328234_2966785176920310_3332838526503858160_n.jpg\",\"contentUrl\":\"https:\/\/frontaliers-grandest.eu\/wp-content\/uploads\/2025\/07\/260328234_2966785176920310_3332838526503858160_n.jpg\",\"width\":396,\"height\":396,\"caption\":\"Frontaliers Grand Est\"},\"image\":{\"@id\":\"https:\/\/frontaliers-grandest.eu\/de\/#\/schema\/logo\/image\/\"},\"sameAs\":[\"https:\/\/www.facebook.com\/frontaliers.GR.EST\/?locale=fr_FR\"]}]}<\/script>\n<!-- \/ Yoast SEO plugin. -->","yoast_head_json":{"title":"Exportierbare luxemburgische Familienleistungen - Frontaliers Grand Est","description":"Als Arbeitnehmer in Luxemburg haben Sie unter bestimmten Bedingungen Anspruch auf luxemburgische Familienbeihilfen.","robots":{"index":"index","follow":"follow","max-snippet":"max-snippet:-1","max-image-preview":"max-image-preview:large","max-video-preview":"max-video-preview:-1"},"canonical":"https:\/\/frontaliers-grandest.eu\/de\/startseite\/grenzganger\/deutschland-luxemburg\/sozialversicherung\/die-familienbeihilfe\/exportierbare-luxemburgische-familienleistungen\/","og_locale":"de_DE","og_type":"article","og_title":"Exportierbare luxemburgische Familienleistungen - Frontaliers Grand Est","og_description":"Als Arbeitnehmer in Luxemburg haben Sie unter bestimmten Bedingungen Anspruch auf luxemburgische Familienbeihilfen.","og_url":"https:\/\/frontaliers-grandest.eu\/de\/startseite\/grenzganger\/deutschland-luxemburg\/sozialversicherung\/die-familienbeihilfe\/exportierbare-luxemburgische-familienleistungen\/","og_site_name":"Frontaliers Grand Est","article_publisher":"https:\/\/www.facebook.com\/frontaliers.GR.EST\/?locale=fr_FR","article_modified_time":"2026-03-12T09:47:13+00:00","og_image":[{"width":2400,"height":1600,"url":"https:\/\/frontaliers-grandest.eu\/wp-content\/uploads\/2024\/04\/cdc-SAwxJ8PHY3Q-unsplash1.jpg","type":"image\/jpeg"}],"twitter_card":"summary_large_image","twitter_misc":{"Gesch\u00e4tzte Lesezeit":"6\u00a0Minuten"},"schema":{"@context":"https:\/\/schema.org","@graph":[{"@type":"WebPage","@id":"https:\/\/frontaliers-grandest.eu\/de\/startseite\/grenzganger\/deutschland-luxemburg\/sozialversicherung\/die-familienbeihilfe\/exportierbare-luxemburgische-familienleistungen\/","url":"https:\/\/frontaliers-grandest.eu\/de\/startseite\/grenzganger\/deutschland-luxemburg\/sozialversicherung\/die-familienbeihilfe\/exportierbare-luxemburgische-familienleistungen\/","name":"Exportierbare luxemburgische Familienleistungen - Frontaliers Grand Est","isPartOf":{"@id":"https:\/\/frontaliers-grandest.eu\/de\/#website"},"primaryImageOfPage":{"@id":"https:\/\/frontaliers-grandest.eu\/de\/startseite\/grenzganger\/deutschland-luxemburg\/sozialversicherung\/die-familienbeihilfe\/exportierbare-luxemburgische-familienleistungen\/#primaryimage"},"image":{"@id":"https:\/\/frontaliers-grandest.eu\/de\/startseite\/grenzganger\/deutschland-luxemburg\/sozialversicherung\/die-familienbeihilfe\/exportierbare-luxemburgische-familienleistungen\/#primaryimage"},"thumbnailUrl":"https:\/\/frontaliers-grandest.eu\/wp-content\/uploads\/2024\/04\/cdc-SAwxJ8PHY3Q-unsplash1.jpg","datePublished":"2026-03-12T09:47:11+00:00","dateModified":"2026-03-12T09:47:13+00:00","description":"Als Arbeitnehmer in Luxemburg haben Sie unter bestimmten Bedingungen Anspruch auf luxemburgische Familienbeihilfen.","breadcrumb":{"@id":"https:\/\/frontaliers-grandest.eu\/de\/startseite\/grenzganger\/deutschland-luxemburg\/sozialversicherung\/die-familienbeihilfe\/exportierbare-luxemburgische-familienleistungen\/#breadcrumb"},"inLanguage":"de","potentialAction":[{"@type":"ReadAction","target":["https:\/\/frontaliers-grandest.eu\/de\/startseite\/grenzganger\/deutschland-luxemburg\/sozialversicherung\/die-familienbeihilfe\/exportierbare-luxemburgische-familienleistungen\/"]}]},{"@type":"ImageObject","inLanguage":"de","@id":"https:\/\/frontaliers-grandest.eu\/de\/startseite\/grenzganger\/deutschland-luxemburg\/sozialversicherung\/die-familienbeihilfe\/exportierbare-luxemburgische-familienleistungen\/#primaryimage","url":"https:\/\/frontaliers-grandest.eu\/wp-content\/uploads\/2024\/04\/cdc-SAwxJ8PHY3Q-unsplash1.jpg","contentUrl":"https:\/\/frontaliers-grandest.eu\/wp-content\/uploads\/2024\/04\/cdc-SAwxJ8PHY3Q-unsplash1.jpg","width":2400,"height":1600},{"@type":"BreadcrumbList","@id":"https:\/\/frontaliers-grandest.eu\/de\/startseite\/grenzganger\/deutschland-luxemburg\/sozialversicherung\/die-familienbeihilfe\/exportierbare-luxemburgische-familienleistungen\/#breadcrumb","itemListElement":[{"@type":"ListItem","position":1,"name":"Startseite","item":"https:\/\/frontaliers-grandest.eu\/de\/"},{"@type":"ListItem","position":2,"name":"Grenzg\u00e4nger","item":"https:\/\/frontaliers-grandest.eu\/de\/startseite\/grenzganger\/"},{"@type":"ListItem","position":3,"name":"Deutschland - Luxemburg","item":"https:\/\/frontaliers-grandest.eu\/de\/startseite\/grenzganger\/deutschland-luxemburg\/"},{"@type":"ListItem","position":4,"name":"Sozialversicherung in Luxemburg","item":"https:\/\/frontaliers-grandest.eu\/de\/startseite\/grenzganger\/deutschland-luxemburg\/sozialversicherung\/"},{"@type":"ListItem","position":5,"name":"Die Familienbeihilfe","item":"https:\/\/frontaliers-grandest.eu\/de\/startseite\/grenzganger\/deutschland-luxemburg\/sozialversicherung\/die-familienbeihilfe\/"},{"@type":"ListItem","position":6,"name":"Exportierbare luxemburgische Familienleistungen"}]},{"@type":"WebSite","@id":"https:\/\/frontaliers-grandest.eu\/de\/#website","url":"https:\/\/frontaliers-grandest.eu\/de\/","name":"Frontaliers Grand Est","description":"Le site ressource du travail frontalier","publisher":{"@id":"https:\/\/frontaliers-grandest.eu\/de\/#organization"},"alternateName":"Frontaliers Grand Est","potentialAction":[{"@type":"SearchAction","target":{"@type":"EntryPoint","urlTemplate":"https:\/\/frontaliers-grandest.eu\/de\/?s={search_term_string}"},"query-input":{"@type":"PropertyValueSpecification","valueRequired":true,"valueName":"search_term_string"}}],"inLanguage":"de"},{"@type":"Organization","@id":"https:\/\/frontaliers-grandest.eu\/de\/#organization","name":"Frontaliers Grand Est","alternateName":"Frontaliers Grand Est","url":"https:\/\/frontaliers-grandest.eu\/de\/","logo":{"@type":"ImageObject","inLanguage":"de","@id":"https:\/\/frontaliers-grandest.eu\/de\/#\/schema\/logo\/image\/","url":"https:\/\/frontaliers-grandest.eu\/wp-content\/uploads\/2025\/07\/260328234_2966785176920310_3332838526503858160_n.jpg","contentUrl":"https:\/\/frontaliers-grandest.eu\/wp-content\/uploads\/2025\/07\/260328234_2966785176920310_3332838526503858160_n.jpg","width":396,"height":396,"caption":"Frontaliers Grand Est"},"image":{"@id":"https:\/\/frontaliers-grandest.eu\/de\/#\/schema\/logo\/image\/"},"sameAs":["https:\/\/www.facebook.com\/frontaliers.GR.EST\/?locale=fr_FR"]}]}},"frge_page_order":"0","_links":{"self":[{"href":"https:\/\/frontaliers-grandest.eu\/de\/wp-json\/wp\/v2\/pages\/8712","targetHints":{"allow":["GET"]}}],"collection":[{"href":"https:\/\/frontaliers-grandest.eu\/de\/wp-json\/wp\/v2\/pages"}],"about":[{"href":"https:\/\/frontaliers-grandest.eu\/de\/wp-json\/wp\/v2\/types\/page"}],"author":[{"embeddable":true,"href":"https:\/\/frontaliers-grandest.eu\/de\/wp-json\/wp\/v2\/users\/7"}],"replies":[{"embeddable":true,"href":"https:\/\/frontaliers-grandest.eu\/de\/wp-json\/wp\/v2\/comments?post=8712"}],"version-history":[{"count":12,"href":"https:\/\/frontaliers-grandest.eu\/de\/wp-json\/wp\/v2\/pages\/8712\/revisions"}],"predecessor-version":[{"id":58381,"href":"https:\/\/frontaliers-grandest.eu\/de\/wp-json\/wp\/v2\/pages\/8712\/revisions\/58381"}],"up":[{"embeddable":true,"href":"https:\/\/frontaliers-grandest.eu\/de\/wp-json\/wp\/v2\/pages\/8707"}],"wp:featuredmedia":[{"embeddable":true,"href":"https:\/\/frontaliers-grandest.eu\/de\/wp-json\/wp\/v2\/media\/35681"}],"wp:attachment":[{"href":"https:\/\/frontaliers-grandest.eu\/de\/wp-json\/wp\/v2\/media?parent=8712"}],"wp:term":[{"taxonomy":"post_tag","embeddable":true,"href":"https:\/\/frontaliers-grandest.eu\/de\/wp-json\/wp\/v2\/tags?post=8712"},{"taxonomy":"frge_profile","embeddable":true,"href":"https:\/\/frontaliers-grandest.eu\/de\/wp-json\/wp\/v2\/frge_profile?post=8712"}],"curies":[{"name":"wp","href":"https:\/\/api.w.org\/{rel}","templated":true}]}}