{"id":8688,"date":"2021-06-15T15:03:42","date_gmt":"2021-06-15T13:03:42","guid":{"rendered":"https:\/\/frontaliers-grandest.eu\/?page_id=8688"},"modified":"2026-03-19T16:25:16","modified_gmt":"2026-03-19T15:25:16","slug":"leistungen-bei-arbeitsunfahigkeit-wegen-arbeitsunfall-oder-berufskrankheiten","status":"publish","type":"page","link":"https:\/\/frontaliers-grandest.eu\/de\/startseite\/grenzganger\/deutschland-luxemburg\/sozialversicherung\/arbeitsunfalle-und-berufskrankheiten\/leistungen-bei-arbeitsunfahigkeit-wegen-arbeitsunfall-oder-berufskrankheiten\/","title":{"rendered":"Leistungen bei Arbeitsunf\u00e4higkeit wegen Arbeitsunfall oder Berufskrankheiten"},"content":{"rendered":"\n<div class=\"wp-block-frontaliers-grandest-plugin-frge-accordion-block\"><div class=\"accordion-top\"><h4 class=\"accordion-title\"><strong>Leistungen in Falle einer Vollarbeitsungf\u00e4higkeit<\/strong><\/h4><svg viewBox=\"0 0 24 24\" stroke-width=\"1.5\" fill=\"none\" xmlns=\"http:\/\/www.w3.org\/2000\/svg\" class=\"accordion-top__icon\"><path d=\"M3 12L21 12M21 12L12.5 3.5M21 12L12.5 20.5\" stroke-width=\"1.5\" stroke-linecap=\"round\" stroke-linejoin=\"round\"><\/path><\/svg><\/div><div class=\"accordion-content\">\n<p><strong>W\u00e4hrend der ersten&nbsp;78 Wochen<\/strong>&nbsp;(eines Bezugszeitraums von 104 aufeinander folgenden Wochen)&nbsp;<strong>erh\u00e4lt der Versicherte dieselben Geldleistungen wie im Rahmen einer Krankheit&nbsp;<\/strong>(siehe: Krankenversicherung), d.h. ein Lohnfortzahlung vom Arbeitgeber bis zum Ende des<\/p>\n\n\n\n<p>Kalendermonats,&nbsp;<strong>in den der 77. Tag seiner Arbeitsunf\u00e4higkeit innerhalb eines Bezugszeitraums von 12 aufeinander folgenden Monaten f\u00e4llt.<\/strong>&nbsp;Besteht die vollst\u00e4ndige Arbeitsunf\u00e4higkeit nach Ablauf dieses ersten Zeitraums fort,&nbsp;<strong>hat der Versicherte Anspruch auf Krankengeld<\/strong>, das von der&nbsp;\u201eCaisse nationale de sant\u00e9\u201c&nbsp;(Nationale Gesundheitskasse) auf Rechnung der AAA gezahlt wird.<\/p>\n\n\n\n<p><strong>Eine Rente wird ab dem Zeitpunkt gezahlt, an dem der Anspruch auf Krankengeld oder in Ermangelung eines Krankengeldsanspruchs erlischt.<\/strong>&nbsp;Eine&nbsp;<strong>Vollrente<\/strong>&nbsp;wird f\u00fcr&nbsp;<strong>die Dauer der vor\u00fcbergehenden vollst\u00e4ndigen Arbeitsunf\u00e4higkeit<\/strong>&nbsp;infolge eines Arbeitsunfalls oder eine Berufskrankheit gew\u00e4hrt, der bzw. die im Rahmen einer versicherungspflichtigen T\u00e4tigkeit oder w\u00e4hrend der Versicherte bei der&nbsp;\u201eAdministration de l\u2019emploi\u201c&nbsp;(Agentur f\u00fcr Arbeit) oder der zust\u00e4ndigen Beh\u00f6rde im Ausland als arbeitsuchend gemeldet war, eingetreten ist.<\/p>\n\n\n\n<p>Die\u00a0<strong>Vollrente darf weder den sozialen Mindestlohn<\/strong>\u00a0(2.703,74\u20ac)<strong>\u00a0unterschreiten, noch die H\u00f6chstbeitragsgrundlage, die dem F\u00fcnffachen des sozialen Mindestlohns<\/strong>\u00a0(13.518,70\u20ac) entspricht, \u00fcbersteigen (Stand Januar 2026).<\/p>\n\n\n\n<p>Der Anspruch auf die Vollrente verj\u00e4hrt nach 5 Jahren ab Er\u00f6ffnung des Anspruchs. Im \u00dcbrigen kann gegen jeglichen Beschluss in Sachen Leistungen au\u00dfergerichtlich oder gerichtlich Widerspruch eingelegt werden.&nbsp;Heute besteht jedoch die M\u00f6glichkeit einer lebenslangen Invalidenrente.<\/p>\n<\/div><\/div>\n\n\n\n<div class=\"wp-block-frontaliers-grandest-plugin-frge-accordion-block\"><div class=\"accordion-top\"><h4 class=\"accordion-title\"><strong>Leistungen in Falle einer Teilarbeitsunf\u00e4higkeit<\/strong>\u00a0<\/h4><svg viewBox=\"0 0 24 24\" stroke-width=\"1.5\" fill=\"none\" xmlns=\"http:\/\/www.w3.org\/2000\/svg\" class=\"accordion-top__icon\"><path d=\"M3 12L21 12M21 12L12.5 3.5M21 12L12.5 20.5\" stroke-width=\"1.5\" stroke-linecap=\"round\" stroke-linejoin=\"round\"><\/path><\/svg><\/div><div class=\"accordion-content\">\n<p><strong>Versicherte Anspruch auf eine Teilrente<\/strong>, die auf Antrag ab der Wiederaufnahme einer beruflichen T\u00e4tigkeit bis zum 65. Lebensjahr unter Ber\u00fccksichtigung der nachstehenden Bedingungen gew\u00e4hrt wird.<\/p>\n\n\n\n<ul class=\"wp-block-list\">\n<li><strong>Alter weniger als 65 Jahre,<\/strong><\/li>\n\n\n\n<li><strong>Eine dauerhafte Minderung der Erwerbsf\u00e4higkeit um mindestens 10 % zum Zeitpunkt der Konsolidierung und<\/strong>&nbsp;ein Einkommensverlust von mindestens 10 % sind zu nachweisen.<\/li>\n<\/ul>\n\n\n\n<p><strong>Unter Konsolidierung versteht man den Zeitpunkt, an dem nach Abschluss der Heilma\u00dfnahmen der Zustand sich stabilisiert hat&nbsp;<\/strong>und<strong> ein Gesundheitsschaden mit einem dauerhaften Charakter verbleibt,<\/strong>&nbsp;so dass eine Heilbehandlung grunds\u00e4tzlich nicht mehr oder nur zum Zwecke der Verh\u00fctung einer Verschlimmerung erforderlich ist, und sich vorbehaltlich m\u00f6glicher R\u00fcckf\u00e4lle oder Anpassungen feststellen l\u00e4sst, dass die Erwerbsf\u00e4higkeit infolge des Unfalls zu einem gewissen Grad dauerhaft gemindert ist.<\/p>\n\n\n\n<ul class=\"wp-block-list\">\n<li>Die betroffene Person&nbsp;<strong>muss sich einer&nbsp;Untersuchungdes kontroll\u00e4rztlichen Dienstes der Sozialversicherun<\/strong>g (\u201e<em>Contr\u00f4le m\u00e9dical de la s\u00e9curit\u00e9 sociale\u201c&nbsp;&#8211; CMSS<\/em>) und gegebenenfalls den \u00e4rztlichen Untersuchungen zur Feststellung der Erwerbsminderung unterziehen.<\/li>\n<\/ul>\n\n\n\n<p><strong>Die Teilrente entspricht bei Arbeitnehmern der Differenz zwischen dem beitragspflichtigen Lohn, der in den 12 Monaten nach der Konsolidierung oder der beruflichen Umschulung bezogen wurde, sowie dem Lohn, der in den 12 dem Unfall vorangehenden Monaten erhalten wurde.<\/strong><\/p>\n\n\n\n<p>Der&nbsp;<strong>Antragsteller muss ein Formular zum Antrag auf Gew\u00e4hrung einer Unfallrente ausf\u00fcllen.<\/strong>&nbsp;Das ordnungsgem\u00e4\u00df ausgef\u00fcllte und unterzeichnete Formular ist per Post an die Unfallversicherungsanstalt&nbsp;(\u201e<em>Association d\u2019assurance accident\u201c&nbsp;&#8211; AAA<\/em>) zu schicken.<\/p>\n\n\n\n<p>Die Beurteilung der Erwerbsminderung erfolgt auf der Grundlage einer Stellungnahme des Kontroll\u00e4rztlichen Dienstes der Sozialversicherung (CMSS); der Erwerbsminderungssatz kann w\u00e4hrend der ersten 3 Jahre jederzeit revidiert werden oder nach Ablauf den ersten 3 Jahre, wenn der Invalidit\u00e4tssatz von mindestens 10% variiert.<\/p>\n\n\n\n<p>Der Satz kann bei unterhaltsberechtigten Kindern erh\u00f6ht werden.<strong>&nbsp;Im Falle der Pflegeleistungen durch eine dritte Person k\u00f6nnen zus\u00e4tzliche Leistungen von der Pflegeversicherung gew\u00e4hrt werden<\/strong>.<\/p>\n<\/div><\/div>\n\n\n\n<div class=\"wp-block-frontaliers-grandest-plugin-frge-accordion-block\"><div class=\"accordion-top\"><h4 class=\"accordion-title\"><strong>Externe berufliche Wiedereingliederung<\/strong><\/h4><svg viewBox=\"0 0 24 24\" stroke-width=\"1.5\" fill=\"none\" xmlns=\"http:\/\/www.w3.org\/2000\/svg\" class=\"accordion-top__icon\"><path d=\"M3 12L21 12M21 12L12.5 3.5M21 12L12.5 20.5\" stroke-width=\"1.5\" stroke-linecap=\"round\" stroke-linejoin=\"round\"><\/path><\/svg><\/div><div class=\"accordion-content\">\n<p>Ist ein Arbeitnehmer nicht mehr f\u00e4hig, seine letzte Besch\u00e4ftigung oder seine bisherige Arbeitszeit wieder aufzunehmen,&nbsp;<strong>gelangt er in den Genuss einer beruflichen Wiedereingliederung seitens der \u201eAdministration de l\u2019emploi\u201c<\/strong>&nbsp;(Agentur f\u00fcr Arbeit). Ist diese Unf\u00e4higkeit nach Auffassung des&nbsp;\u201eContr\u00f4le m\u00e9dical de la s\u00e9curit\u00e9 sociale&nbsp;\u201e(Medizinischer Kontrolldienst der Sozialversicherung) haupts\u00e4chlich auf einen Arbeitsunfall oder eine Berufskrankheit zur\u00fcckzuf\u00fchren, hat der Arbeitnehmer&nbsp;<strong>Anrecht auf eine \u00dcbergangsrente von der AAA.<\/strong><\/p>\n\n\n\n<p><strong>Die \u00dcbergangsrente betr\u00e4gt 85 % der Vollrente,<\/strong>&nbsp;d. h. des beitragspflichtigen Lohns des Arbeitnehmers in den letzten 12 Monaten vor dem Monat, in dem der Unfall eingetreten ist, bzw. der Beitragsbemessungsgrundlage des selbst\u00e4ndigen Erwerbst\u00e4tigen zum Zeitpunkt des Unfalls.<\/p>\n\n\n\n<p><strong>Sie wird so lange gezahlt, wie eine externe Wiedereingliederung nicht m\u00f6glich ist.&nbsp;<\/strong>Die Zahlung der \u00dcbergangsrente kann ausgesetzt werden, wenn die Bedingungen f\u00fcr ihre Bewilligung nicht mehr erf\u00fcllt sind, insbesondere wenn der Versicherte nicht bei der&nbsp;\u201eAdministration de l\u2019emploi\u201c&nbsp;als arbeitsuchend gemeldet ist, wenn der Versicherte nicht an den Wiedereingliederungsma\u00dfnahmen teilnimmt oder sich allen Versuchen einer beruflichen Umorientierung widersetzt.<\/p>\n<\/div><\/div>\n\n\n\n<h2 class=\"wp-block-heading\"><strong>Andere Leistungen<\/strong>\u00a0<\/h2>\n\n\n\n<div class=\"wp-block-frontaliers-grandest-plugin-frge-accordion-block\"><div class=\"accordion-top\"><h4 class=\"accordion-title\"><strong>Entsch\u00e4digung der Fahrzeugsch\u00e4den<\/strong><\/h4><svg viewBox=\"0 0 24 24\" stroke-width=\"1.5\" fill=\"none\" xmlns=\"http:\/\/www.w3.org\/2000\/svg\" class=\"accordion-top__icon\"><path d=\"M3 12L21 12M21 12L12.5 3.5M21 12L12.5 20.5\" stroke-width=\"1.5\" stroke-linecap=\"round\" stroke-linejoin=\"round\"><\/path><\/svg><\/div><div class=\"accordion-content\">\n<p>Der Versicherte hat Anspruch auf&nbsp;<strong>Entsch\u00e4digung f\u00fcr Sch\u00e4den,<\/strong>&nbsp;die an dem zum Zeitpunkt des Unfalls auf einem \u00f6ffentlichen Verkehrsweg genutzten Fahrzeug entstanden sind. Diese Entsch\u00e4digung unterliegt jedoch einer&nbsp;Selbstbeteiligung&nbsp;in H\u00f6he von zwei Dritteln des sozialen Mindeslohns.<\/p>\n\n\n\n<p><strong>Die H\u00f6chstentsch\u00e4digung betr\u00e4gt bei Wegeunf\u00e4llen das 5-Fache und bei Arbeitsunf\u00e4llen das 7-Fache des sozialen Mindestlohns.<\/strong><\/p>\n\n\n\n<p>Der Anspruch auf Entsch\u00e4digung besteht selbst dann, wenn keine k\u00f6rperliche Verletzung vorliegt, jedoch nur, wenn der sonstige Schaden nicht anderweitig entsch\u00e4digt werden kann.<\/p>\n\n\n\n<div class=\"wp-block-buttons is-layout-flex wp-block-buttons-is-layout-flex\">\n<div class=\"wp-block-button\"><a class=\"wp-block-button__link wp-element-button\"><strong>ACHTUNG:&nbsp;<\/strong>die Entsch\u00e4digungsantr\u00e4ge bei Fahrzeugsch\u00e4den m\u00fcssen der AAA innerhalb eines Jahres ab Unfalldatum zukommen.<\/a><\/div>\n<\/div>\n\n\n\n<ul class=\"wp-block-list\">\n<li><strong>Erstattung von Reisekosten, die mit der medizinischen Behandlung in Zusammenhang stehen.<\/strong><\/li>\n\n\n\n<li><strong>Subventionen f\u00fcr die Neueinstufung oder Umschulung.<\/strong><\/li>\n\n\n\n<li><strong>Entsch\u00e4digungen f\u00fcr die Nichtverm\u00f6genssch\u00e4den<\/strong><\/li>\n<\/ul>\n\n\n\n<p>Wenn der Versicherte infolge eines nach dem 1. Januar 2011 eingetretenen Unfalls oder einer nach dem Januar 2011 gemeldeten Berufskrankheit nach der Konsolidierung eine dauerhafte teilweise oder vollst\u00e4ndige Minderung der Erwerbsf\u00e4higkeit aufweist,&nbsp;<strong>hat er Anspruch auf Entsch\u00e4digungen f\u00fcr Nichtverm\u00f6genssch\u00e4den.<\/strong>&nbsp;Diese Entsch\u00e4digungen werden auf Antrag bewilligt.<\/p>\n<\/div><\/div>\n\n\n\n<div class=\"wp-block-frontaliers-grandest-plugin-frge-accordion-block\"><div class=\"accordion-top\"><h4 class=\"accordion-title\"><strong>Entsch\u00e4digungen f\u00fcr physiologische Beeintr\u00e4chtigung und Beeintr\u00e4chtigung des Wohlbefindens<\/strong><\/h4><svg viewBox=\"0 0 24 24\" stroke-width=\"1.5\" fill=\"none\" xmlns=\"http:\/\/www.w3.org\/2000\/svg\" class=\"accordion-top__icon\"><path d=\"M3 12L21 12M21 12L12.5 3.5M21 12L12.5 20.5\" stroke-width=\"1.5\" stroke-linecap=\"round\" stroke-linejoin=\"round\"><\/path><\/svg><\/div><div class=\"accordion-content\">\n<p>Die&nbsp;<strong>Entsch\u00e4digung f\u00fcr physiologische Beeintr\u00e4chtigung und Beeintr\u00e4chtigung&nbsp;<\/strong>des Wohlbefindens soll etwaige Auswirkungen der Sp\u00e4tfolgen des Arbeitsunfalls oder der Berufskrankheit auf&nbsp;<strong>das Leben des Versicherten wieder gut machen.<\/strong><\/p>\n\n\n\n<p>Sie ist eine&nbsp;<strong>Entsch\u00e4digung daf\u00fcr, dass dem Opfer infolge der erlittenen k\u00f6rperlichen Beeintr\u00e4chtigung alle Aktivit\u00e4ten im beruflichen und privaten Leben erh\u00f6hte Anstrengungen abverlangen<\/strong>. Sie entsch\u00e4digt f\u00fcr die Einbu\u00dfe an Lebensfreude, die der Gesch\u00e4digte dadurch erleidet, dass&nbsp;<strong>er einer Reihe von Freizeit- und sonstigen Aktivit\u00e4ten nicht oder nur unter erheblichen Schwierigkeiten nachgehen kann<\/strong>, und daf\u00fcr, dass gegebenenfalls seine Lebenserwartung verringert wurde.<\/p>\n\n\n\n<p>Die Entsch\u00e4digung f\u00fcr physiologische Beeintr\u00e4chtigung und Beeintr\u00e4chtigung des Wohlbefindens&nbsp;<strong>soll demnach einen Ausgleich f\u00fcr diese zus\u00e4tzlichen Anstrengungen schaffen und f\u00fcr eventuelle Einbu\u00dfen an Chancen auf dem Arbeitsmarkt entsch\u00e4digen.<\/strong><\/p>\n\n\n\n<p>Der Betrag der Entsch\u00e4digung f\u00fcr physiologische Beeintr\u00e4chtigung und Beeintr\u00e4chtigung des Wohlbefindens wird vom Kontroll\u00e4rztlichen Dienst der Sozialversicherung (\u201eContr\u00f4le m\u00e9dical de la s\u00e9curit\u00e9 sociale\u201c)<strong>&nbsp;entsprechend dem Grad&nbsp;<\/strong>der dauerhaften Minderung der Erwerbsf\u00e4higkeit festgelegt.<\/p>\n<\/div><\/div>\n\n\n\n<div class=\"wp-block-frontaliers-grandest-plugin-frge-accordion-block\"><div class=\"accordion-top\"><h4 class=\"accordion-title\"><strong>Entsch\u00e4digungen f\u00fcr erlittene k\u00f6rperliche Schmerzen<\/strong><\/h4><svg viewBox=\"0 0 24 24\" stroke-width=\"1.5\" fill=\"none\" xmlns=\"http:\/\/www.w3.org\/2000\/svg\" class=\"accordion-top__icon\"><path d=\"M3 12L21 12M21 12L12.5 3.5M21 12L12.5 20.5\" stroke-width=\"1.5\" stroke-linecap=\"round\" stroke-linejoin=\"round\"><\/path><\/svg><\/div><div class=\"accordion-content\">\n<p>Zweck der Entsch\u00e4digung ist der Ausgleich&nbsp;<strong>des immateriellen Schadens durch k\u00f6rperliche Schmerzen<\/strong>, die aus der Art der eingetretenen Verletzungen und der zur Heilung erforderlichen chirurgischen und therapeutischen Behandlungen resultieren.<\/p>\n\n\n\n<p>Die Entsch\u00e4digung&nbsp;<strong>wird als Pauschalbetrag geleistet,<\/strong>&nbsp;dessen H\u00f6he nach Stellungnahme des Contr\u00f4le m\u00e9dical de la s\u00e9curit\u00e9 sociale (Medizinischer Kontrolldienst der Sozialversicherung) anhand einer Skala, die die Schwere des Schadens ber\u00fccksichtigt, festgesetzt wird.<\/p>\n<\/div><\/div>\n\n\n\n<div class=\"wp-block-frontaliers-grandest-plugin-frge-accordion-block\"><div class=\"accordion-top\"><h4 class=\"accordion-title\">E<strong>ntsch\u00e4digungen f\u00fcr Entstellungsschaden<\/strong><\/h4><svg viewBox=\"0 0 24 24\" stroke-width=\"1.5\" fill=\"none\" xmlns=\"http:\/\/www.w3.org\/2000\/svg\" class=\"accordion-top__icon\"><path d=\"M3 12L21 12M21 12L12.5 3.5M21 12L12.5 20.5\" stroke-width=\"1.5\" stroke-linecap=\"round\" stroke-linejoin=\"round\"><\/path><\/svg><\/div><div class=\"accordion-content\">\n<p>Mit dem Begriff Entstellungsschaden sind&nbsp;<strong>die Folgen einer anatomischen oder physiologisch-anatomischen Sch\u00e4digung gemeint, die eine Ver\u00e4nderung des Erscheinungsbildes des Opfers, aber auch des subjektiven Selbstbildes nach sich gezogen hat,&nbsp;<\/strong>was nach medizinischen Erkenntnissen gew\u00f6hnlich einen seelischen Schaden bedingt.<\/p>\n\n\n\n<p>Die Bemessung des Entstellungsschadens richtet sich nach&nbsp;<strong>den Sp\u00e4tfolgen der erlittenen Verletzung&nbsp;<\/strong>(z. B. Lage und Aussehen der Narben und Behinderungen) und&nbsp;<strong>dem Alter des Opfers.<\/strong><\/p>\n\n\n\n<p>Der Entstellungsschaden wird mit&nbsp;<strong>einem Pauschalbetrag entsch\u00e4digt<\/strong>. Die Bewertung der Schwere des Schadens wird vom&nbsp;\u201eContr\u00f4le m\u00e9dical de la s\u00e9curit\u00e9 sociale\u201c&nbsp;(Medizinischer Kontrolldienst der Sozialversicherung) mittels einer Skala vorgenommen, die sich an denselben Abstufungen wie beim Schaden durch k\u00f6rperliche Schmerzen orientiert, aber zum Teil unterschiedliche Betr\u00e4ge ausweist.<\/p>\n<\/div><\/div>\n","protected":false},"excerpt":{"rendered":"<p>Andere Leistungen\u00a0<\/p>\n","protected":false},"author":7,"featured_media":0,"parent":8678,"menu_order":2,"comment_status":"closed","ping_status":"closed","template":"","meta":{"inline_featured_image":false,"footnotes":""},"tags":[461,899,850,517,454],"frge_profile":[225],"class_list":["post-8688","page","type-page","status-publish","hentry","tag-arbeitnehmer","tag-arbeitsunfaehigkeit","tag-berufskrankheiten","tag-grengaenger","tag-luxemburg","frge_profile-arbeitnehmer"],"yoast_head":"<!-- This site is optimized with the Yoast SEO plugin v27.1.1 - https:\/\/yoast.com\/product\/yoast-seo-wordpress\/ -->\n<title>Leistungen bei Arbeitsunf\u00e4higkeit wegen Arbeitsunfall oder Berufskrankheiten - Frontaliers Grand Est<\/title>\n<meta name=\"description\" content=\"Entdecken Sie auf dieser Seite die verschiedenen Leistungen in Luxemburg im Falle eines Arbeitsunfalls oder einer Berufskrankheit.\" \/>\n<meta name=\"robots\" content=\"index, follow, max-snippet:-1, max-image-preview:large, max-video-preview:-1\" \/>\n<link rel=\"canonical\" href=\"https:\/\/frontaliers-grandest.eu\/de\/startseite\/grenzganger\/deutschland-luxemburg\/sozialversicherung\/arbeitsunfalle-und-berufskrankheiten\/leistungen-bei-arbeitsunfahigkeit-wegen-arbeitsunfall-oder-berufskrankheiten\/\" \/>\n<meta property=\"og:locale\" content=\"de_DE\" \/>\n<meta property=\"og:type\" content=\"article\" \/>\n<meta property=\"og:title\" content=\"Leistungen bei Arbeitsunf\u00e4higkeit wegen Arbeitsunfall oder Berufskrankheiten - Frontaliers Grand Est\" \/>\n<meta property=\"og:description\" content=\"Entdecken Sie auf dieser Seite die verschiedenen Leistungen in Luxemburg im Falle eines Arbeitsunfalls oder einer Berufskrankheit.\" \/>\n<meta property=\"og:url\" content=\"https:\/\/frontaliers-grandest.eu\/de\/startseite\/grenzganger\/deutschland-luxemburg\/sozialversicherung\/arbeitsunfalle-und-berufskrankheiten\/leistungen-bei-arbeitsunfahigkeit-wegen-arbeitsunfall-oder-berufskrankheiten\/\" \/>\n<meta property=\"og:site_name\" content=\"Frontaliers Grand Est\" \/>\n<meta property=\"article:publisher\" content=\"https:\/\/www.facebook.com\/frontaliers.GR.EST\/?locale=fr_FR\" \/>\n<meta property=\"article:modified_time\" content=\"2026-03-19T15:25:16+00:00\" \/>\n<meta name=\"twitter:card\" content=\"summary_large_image\" \/>\n<meta name=\"twitter:label1\" content=\"Gesch\u00e4tzte Lesezeit\" \/>\n\t<meta name=\"twitter:data1\" content=\"6\u00a0Minuten\" \/>\n<script type=\"application\/ld+json\" class=\"yoast-schema-graph\">{\"@context\":\"https:\/\/schema.org\",\"@graph\":[{\"@type\":\"WebPage\",\"@id\":\"https:\/\/frontaliers-grandest.eu\/de\/startseite\/grenzganger\/deutschland-luxemburg\/sozialversicherung\/arbeitsunfalle-und-berufskrankheiten\/leistungen-bei-arbeitsunfahigkeit-wegen-arbeitsunfall-oder-berufskrankheiten\/\",\"url\":\"https:\/\/frontaliers-grandest.eu\/de\/startseite\/grenzganger\/deutschland-luxemburg\/sozialversicherung\/arbeitsunfalle-und-berufskrankheiten\/leistungen-bei-arbeitsunfahigkeit-wegen-arbeitsunfall-oder-berufskrankheiten\/\",\"name\":\"Leistungen bei Arbeitsunf\u00e4higkeit wegen Arbeitsunfall oder Berufskrankheiten - Frontaliers Grand Est\",\"isPartOf\":{\"@id\":\"https:\/\/frontaliers-grandest.eu\/de\/#website\"},\"datePublished\":\"2021-06-15T13:03:42+00:00\",\"dateModified\":\"2026-03-19T15:25:16+00:00\",\"description\":\"Entdecken Sie auf dieser Seite die verschiedenen Leistungen in Luxemburg im Falle eines Arbeitsunfalls oder einer Berufskrankheit.\",\"breadcrumb\":{\"@id\":\"https:\/\/frontaliers-grandest.eu\/de\/startseite\/grenzganger\/deutschland-luxemburg\/sozialversicherung\/arbeitsunfalle-und-berufskrankheiten\/leistungen-bei-arbeitsunfahigkeit-wegen-arbeitsunfall-oder-berufskrankheiten\/#breadcrumb\"},\"inLanguage\":\"de\",\"potentialAction\":[{\"@type\":\"ReadAction\",\"target\":[\"https:\/\/frontaliers-grandest.eu\/de\/startseite\/grenzganger\/deutschland-luxemburg\/sozialversicherung\/arbeitsunfalle-und-berufskrankheiten\/leistungen-bei-arbeitsunfahigkeit-wegen-arbeitsunfall-oder-berufskrankheiten\/\"]}]},{\"@type\":\"BreadcrumbList\",\"@id\":\"https:\/\/frontaliers-grandest.eu\/de\/startseite\/grenzganger\/deutschland-luxemburg\/sozialversicherung\/arbeitsunfalle-und-berufskrankheiten\/leistungen-bei-arbeitsunfahigkeit-wegen-arbeitsunfall-oder-berufskrankheiten\/#breadcrumb\",\"itemListElement\":[{\"@type\":\"ListItem\",\"position\":1,\"name\":\"Startseite\",\"item\":\"https:\/\/frontaliers-grandest.eu\/de\/\"},{\"@type\":\"ListItem\",\"position\":2,\"name\":\"Grenzg\u00e4nger\",\"item\":\"https:\/\/frontaliers-grandest.eu\/de\/startseite\/grenzganger\/\"},{\"@type\":\"ListItem\",\"position\":3,\"name\":\"Deutschland - Luxemburg\",\"item\":\"https:\/\/frontaliers-grandest.eu\/de\/startseite\/grenzganger\/deutschland-luxemburg\/\"},{\"@type\":\"ListItem\",\"position\":4,\"name\":\"Sozialversicherung in Luxemburg\",\"item\":\"https:\/\/frontaliers-grandest.eu\/de\/startseite\/grenzganger\/deutschland-luxemburg\/sozialversicherung\/\"},{\"@type\":\"ListItem\",\"position\":5,\"name\":\"Arbeitsunf\u00e4lle und Berufskrankheiten\",\"item\":\"https:\/\/frontaliers-grandest.eu\/de\/startseite\/grenzganger\/deutschland-luxemburg\/sozialversicherung\/arbeitsunfalle-und-berufskrankheiten\/\"},{\"@type\":\"ListItem\",\"position\":6,\"name\":\"Leistungen bei Arbeitsunf\u00e4higkeit wegen Arbeitsunfall oder Berufskrankheiten\"}]},{\"@type\":\"WebSite\",\"@id\":\"https:\/\/frontaliers-grandest.eu\/de\/#website\",\"url\":\"https:\/\/frontaliers-grandest.eu\/de\/\",\"name\":\"Frontaliers Grand Est\",\"description\":\"Le site ressource du travail frontalier\",\"publisher\":{\"@id\":\"https:\/\/frontaliers-grandest.eu\/de\/#organization\"},\"alternateName\":\"Frontaliers Grand Est\",\"potentialAction\":[{\"@type\":\"SearchAction\",\"target\":{\"@type\":\"EntryPoint\",\"urlTemplate\":\"https:\/\/frontaliers-grandest.eu\/de\/?s={search_term_string}\"},\"query-input\":{\"@type\":\"PropertyValueSpecification\",\"valueRequired\":true,\"valueName\":\"search_term_string\"}}],\"inLanguage\":\"de\"},{\"@type\":\"Organization\",\"@id\":\"https:\/\/frontaliers-grandest.eu\/de\/#organization\",\"name\":\"Frontaliers Grand Est\",\"alternateName\":\"Frontaliers Grand Est\",\"url\":\"https:\/\/frontaliers-grandest.eu\/de\/\",\"logo\":{\"@type\":\"ImageObject\",\"inLanguage\":\"de\",\"@id\":\"https:\/\/frontaliers-grandest.eu\/de\/#\/schema\/logo\/image\/\",\"url\":\"https:\/\/frontaliers-grandest.eu\/wp-content\/uploads\/2025\/07\/260328234_2966785176920310_3332838526503858160_n.jpg\",\"contentUrl\":\"https:\/\/frontaliers-grandest.eu\/wp-content\/uploads\/2025\/07\/260328234_2966785176920310_3332838526503858160_n.jpg\",\"width\":396,\"height\":396,\"caption\":\"Frontaliers Grand Est\"},\"image\":{\"@id\":\"https:\/\/frontaliers-grandest.eu\/de\/#\/schema\/logo\/image\/\"},\"sameAs\":[\"https:\/\/www.facebook.com\/frontaliers.GR.EST\/?locale=fr_FR\"]}]}<\/script>\n<!-- \/ Yoast SEO plugin. -->","yoast_head_json":{"title":"Leistungen bei Arbeitsunf\u00e4higkeit wegen Arbeitsunfall oder Berufskrankheiten - Frontaliers Grand Est","description":"Entdecken Sie auf dieser Seite die verschiedenen Leistungen in Luxemburg im Falle eines Arbeitsunfalls oder einer Berufskrankheit.","robots":{"index":"index","follow":"follow","max-snippet":"max-snippet:-1","max-image-preview":"max-image-preview:large","max-video-preview":"max-video-preview:-1"},"canonical":"https:\/\/frontaliers-grandest.eu\/de\/startseite\/grenzganger\/deutschland-luxemburg\/sozialversicherung\/arbeitsunfalle-und-berufskrankheiten\/leistungen-bei-arbeitsunfahigkeit-wegen-arbeitsunfall-oder-berufskrankheiten\/","og_locale":"de_DE","og_type":"article","og_title":"Leistungen bei Arbeitsunf\u00e4higkeit wegen Arbeitsunfall oder Berufskrankheiten - Frontaliers Grand Est","og_description":"Entdecken Sie auf dieser Seite die verschiedenen Leistungen in Luxemburg im Falle eines Arbeitsunfalls oder einer Berufskrankheit.","og_url":"https:\/\/frontaliers-grandest.eu\/de\/startseite\/grenzganger\/deutschland-luxemburg\/sozialversicherung\/arbeitsunfalle-und-berufskrankheiten\/leistungen-bei-arbeitsunfahigkeit-wegen-arbeitsunfall-oder-berufskrankheiten\/","og_site_name":"Frontaliers Grand Est","article_publisher":"https:\/\/www.facebook.com\/frontaliers.GR.EST\/?locale=fr_FR","article_modified_time":"2026-03-19T15:25:16+00:00","twitter_card":"summary_large_image","twitter_misc":{"Gesch\u00e4tzte Lesezeit":"6\u00a0Minuten"},"schema":{"@context":"https:\/\/schema.org","@graph":[{"@type":"WebPage","@id":"https:\/\/frontaliers-grandest.eu\/de\/startseite\/grenzganger\/deutschland-luxemburg\/sozialversicherung\/arbeitsunfalle-und-berufskrankheiten\/leistungen-bei-arbeitsunfahigkeit-wegen-arbeitsunfall-oder-berufskrankheiten\/","url":"https:\/\/frontaliers-grandest.eu\/de\/startseite\/grenzganger\/deutschland-luxemburg\/sozialversicherung\/arbeitsunfalle-und-berufskrankheiten\/leistungen-bei-arbeitsunfahigkeit-wegen-arbeitsunfall-oder-berufskrankheiten\/","name":"Leistungen bei Arbeitsunf\u00e4higkeit wegen Arbeitsunfall oder Berufskrankheiten - Frontaliers Grand Est","isPartOf":{"@id":"https:\/\/frontaliers-grandest.eu\/de\/#website"},"datePublished":"2021-06-15T13:03:42+00:00","dateModified":"2026-03-19T15:25:16+00:00","description":"Entdecken Sie auf dieser Seite die verschiedenen Leistungen in Luxemburg im Falle eines Arbeitsunfalls oder einer Berufskrankheit.","breadcrumb":{"@id":"https:\/\/frontaliers-grandest.eu\/de\/startseite\/grenzganger\/deutschland-luxemburg\/sozialversicherung\/arbeitsunfalle-und-berufskrankheiten\/leistungen-bei-arbeitsunfahigkeit-wegen-arbeitsunfall-oder-berufskrankheiten\/#breadcrumb"},"inLanguage":"de","potentialAction":[{"@type":"ReadAction","target":["https:\/\/frontaliers-grandest.eu\/de\/startseite\/grenzganger\/deutschland-luxemburg\/sozialversicherung\/arbeitsunfalle-und-berufskrankheiten\/leistungen-bei-arbeitsunfahigkeit-wegen-arbeitsunfall-oder-berufskrankheiten\/"]}]},{"@type":"BreadcrumbList","@id":"https:\/\/frontaliers-grandest.eu\/de\/startseite\/grenzganger\/deutschland-luxemburg\/sozialversicherung\/arbeitsunfalle-und-berufskrankheiten\/leistungen-bei-arbeitsunfahigkeit-wegen-arbeitsunfall-oder-berufskrankheiten\/#breadcrumb","itemListElement":[{"@type":"ListItem","position":1,"name":"Startseite","item":"https:\/\/frontaliers-grandest.eu\/de\/"},{"@type":"ListItem","position":2,"name":"Grenzg\u00e4nger","item":"https:\/\/frontaliers-grandest.eu\/de\/startseite\/grenzganger\/"},{"@type":"ListItem","position":3,"name":"Deutschland - Luxemburg","item":"https:\/\/frontaliers-grandest.eu\/de\/startseite\/grenzganger\/deutschland-luxemburg\/"},{"@type":"ListItem","position":4,"name":"Sozialversicherung in Luxemburg","item":"https:\/\/frontaliers-grandest.eu\/de\/startseite\/grenzganger\/deutschland-luxemburg\/sozialversicherung\/"},{"@type":"ListItem","position":5,"name":"Arbeitsunf\u00e4lle und Berufskrankheiten","item":"https:\/\/frontaliers-grandest.eu\/de\/startseite\/grenzganger\/deutschland-luxemburg\/sozialversicherung\/arbeitsunfalle-und-berufskrankheiten\/"},{"@type":"ListItem","position":6,"name":"Leistungen bei Arbeitsunf\u00e4higkeit wegen Arbeitsunfall oder Berufskrankheiten"}]},{"@type":"WebSite","@id":"https:\/\/frontaliers-grandest.eu\/de\/#website","url":"https:\/\/frontaliers-grandest.eu\/de\/","name":"Frontaliers Grand Est","description":"Le site ressource du travail frontalier","publisher":{"@id":"https:\/\/frontaliers-grandest.eu\/de\/#organization"},"alternateName":"Frontaliers Grand Est","potentialAction":[{"@type":"SearchAction","target":{"@type":"EntryPoint","urlTemplate":"https:\/\/frontaliers-grandest.eu\/de\/?s={search_term_string}"},"query-input":{"@type":"PropertyValueSpecification","valueRequired":true,"valueName":"search_term_string"}}],"inLanguage":"de"},{"@type":"Organization","@id":"https:\/\/frontaliers-grandest.eu\/de\/#organization","name":"Frontaliers Grand Est","alternateName":"Frontaliers Grand Est","url":"https:\/\/frontaliers-grandest.eu\/de\/","logo":{"@type":"ImageObject","inLanguage":"de","@id":"https:\/\/frontaliers-grandest.eu\/de\/#\/schema\/logo\/image\/","url":"https:\/\/frontaliers-grandest.eu\/wp-content\/uploads\/2025\/07\/260328234_2966785176920310_3332838526503858160_n.jpg","contentUrl":"https:\/\/frontaliers-grandest.eu\/wp-content\/uploads\/2025\/07\/260328234_2966785176920310_3332838526503858160_n.jpg","width":396,"height":396,"caption":"Frontaliers Grand Est"},"image":{"@id":"https:\/\/frontaliers-grandest.eu\/de\/#\/schema\/logo\/image\/"},"sameAs":["https:\/\/www.facebook.com\/frontaliers.GR.EST\/?locale=fr_FR"]}]}},"frge_page_order":"0","_links":{"self":[{"href":"https:\/\/frontaliers-grandest.eu\/de\/wp-json\/wp\/v2\/pages\/8688","targetHints":{"allow":["GET"]}}],"collection":[{"href":"https:\/\/frontaliers-grandest.eu\/de\/wp-json\/wp\/v2\/pages"}],"about":[{"href":"https:\/\/frontaliers-grandest.eu\/de\/wp-json\/wp\/v2\/types\/page"}],"author":[{"embeddable":true,"href":"https:\/\/frontaliers-grandest.eu\/de\/wp-json\/wp\/v2\/users\/7"}],"replies":[{"embeddable":true,"href":"https:\/\/frontaliers-grandest.eu\/de\/wp-json\/wp\/v2\/comments?post=8688"}],"version-history":[{"count":2,"href":"https:\/\/frontaliers-grandest.eu\/de\/wp-json\/wp\/v2\/pages\/8688\/revisions"}],"predecessor-version":[{"id":58614,"href":"https:\/\/frontaliers-grandest.eu\/de\/wp-json\/wp\/v2\/pages\/8688\/revisions\/58614"}],"up":[{"embeddable":true,"href":"https:\/\/frontaliers-grandest.eu\/de\/wp-json\/wp\/v2\/pages\/8678"}],"wp:attachment":[{"href":"https:\/\/frontaliers-grandest.eu\/de\/wp-json\/wp\/v2\/media?parent=8688"}],"wp:term":[{"taxonomy":"post_tag","embeddable":true,"href":"https:\/\/frontaliers-grandest.eu\/de\/wp-json\/wp\/v2\/tags?post=8688"},{"taxonomy":"frge_profile","embeddable":true,"href":"https:\/\/frontaliers-grandest.eu\/de\/wp-json\/wp\/v2\/frge_profile?post=8688"}],"curies":[{"name":"wp","href":"https:\/\/api.w.org\/{rel}","templated":true}]}}