{"id":8685,"date":"2021-06-15T14:57:33","date_gmt":"2021-06-15T12:57:33","guid":{"rendered":"https:\/\/frontaliers-grandest.eu\/?page_id=8685"},"modified":"2026-03-19T15:31:50","modified_gmt":"2026-03-19T14:31:50","slug":"welche-formalitaten-sind-fur-die-geltendmachung-der-anspruch-erforderlich","status":"publish","type":"page","link":"https:\/\/frontaliers-grandest.eu\/de\/startseite\/grenzganger\/deutschland-luxemburg\/sozialversicherung\/arbeitsunfalle-und-berufskrankheiten\/welche-formalitaten-sind-fur-die-geltendmachung-der-anspruch-erforderlich\/","title":{"rendered":"Welche Formalit\u00e4ten sind f\u00fcr die Geltendmachung der Anspr\u00fcch erforderlich?"},"content":{"rendered":"\n<h2 class=\"wp-block-heading\"><strong>Sachleistungen in Luxemburg<\/strong><\/h2>\n\n\n\n<p>Au\u00dfer im Falle von h\u00f6herer Gewalt&nbsp;<strong>hat der Versicherte, der einen Arbeits- oder Wegeunfall erleidet, umgehend seinen Arbeitgeber davon in Kenntnis zu setzen<\/strong>.<\/p>\n\n\n\n<p>Im Falle einer Berufskrankheit muss der Arbeitnehmer seinen behandelnden Arzt aufsuchen.<\/p>\n\n\n\n<p><strong>Falls der Arzt eine Krankheit diagnostiziert, muss er eine Anzeige einer Berufskrankheit bei der AAA einreichen.<\/strong><\/p>\n\n\n\n<p>Dieser medizinische Bericht Berufskrankheit ausl\u00f6st das Verfahren in der Anerkennung der Berufskrankheit als solche und gew\u00e4hrt dem Arbeitnehmer eine Entsch\u00e4digung.<\/p>\n\n\n\n<p>Eine Krankheit&nbsp;gilt als Krankheit mit berufsbedingter Ursache, wenn der Arbeitnehmer nachweisen kann, dass er an einer der im&nbsp;Verzeichnis der Berufskrankheiten&nbsp;aufgef\u00fchrten Krankheiten leidet, und dass er im Rahmen seiner beruflichen T\u00e4tigkeit einem Risiko ausgesetzt war, das die Ursache dieser Krankheit sein k\u00f6nnte.<\/p>\n\n\n\n<p>Der Arbeitgeber muss&nbsp;<strong>das Formular DA1 ausf\u00fcllen und dieses umgehend an die \u201eAssociation d\u2019Assurance contre les accidents<\/strong>\u201c&nbsp;(A.A.A. \u2013 Versicherungsverein gegen Unf\u00e4lle) zur\u00fcckschicken.<\/p>\n\n\n\n<h2 class=\"wp-block-heading\"><strong>Sachleistungen in Deutschland<\/strong>&nbsp;<\/h2>\n\n\n\n<p>Der Grenzg\u00e4nger hat genauso Anspruch auf Sachleistungen seines Wohnsitzlandes. Als Voraussetzung f\u00fcr die Inanspruchnahme&nbsp;<strong>von Sachleistungen muss der Grenzg\u00e4nger der&nbsp;Krankenkasse seines Wohnsitzes&nbsp;das Formular&nbsp;DA1&nbsp;vorlegen.<\/strong>&nbsp;Mit diesem Formular hat er Anspruch auf eine 100 %-ige Kostenerstattung \u00e4rztlicher Leistungen im Zusammenhang mit dem Arbeits- \/ Wegeunfall oder der Berufskrankheit.<\/p>\n","protected":false},"excerpt":{"rendered":"<p>Sachleistungen in Luxemburg Au\u00dfer im Falle von h\u00f6herer Gewalt&nbsp;hat der Versicherte, der einen Arbeits- oder Wegeunfall erleidet, umgehend seinen Arbeitgeber davon in Kenntnis zu setzen. Im Falle einer Berufskrankheit muss der Arbeitnehmer seinen behandelnden Arzt aufsuchen. Falls der Arzt eine Krankheit diagnostiziert, muss er eine Anzeige einer Berufskrankheit bei der AAA einreichen. Dieser medizinische Bericht [&hellip;]<\/p>\n","protected":false},"author":7,"featured_media":0,"parent":8678,"menu_order":1,"comment_status":"closed","ping_status":"closed","template":"","meta":{"inline_featured_image":false,"footnotes":""},"tags":[461,517,454,851],"frge_profile":[225],"class_list":["post-8685","page","type-page","status-publish","hentry","tag-arbeitnehmer","tag-grengaenger","tag-luxemburg","tag-unfallversicherung","frge_profile-arbeitnehmer"],"yoast_head":"<!-- This site is optimized with the Yoast SEO plugin v27.1.1 - https:\/\/yoast.com\/product\/yoast-seo-wordpress\/ -->\n<title>Welche Formalit\u00e4ten sind f\u00fcr die Geltendmachung der Anspr\u00fcch erforderlich? - Frontaliers Grand Est<\/title>\n<meta name=\"description\" content=\"Entdecken Sie auf dieser Seite die Vorgehensweise bei einem Arbeitsunfall oder einer Berufskrankheit in Luxemburg.\" \/>\n<meta name=\"robots\" content=\"index, follow, max-snippet:-1, max-image-preview:large, max-video-preview:-1\" \/>\n<link rel=\"canonical\" href=\"https:\/\/frontaliers-grandest.eu\/de\/startseite\/grenzganger\/deutschland-luxemburg\/sozialversicherung\/arbeitsunfalle-und-berufskrankheiten\/welche-formalitaten-sind-fur-die-geltendmachung-der-anspruch-erforderlich\/\" \/>\n<meta property=\"og:locale\" content=\"de_DE\" \/>\n<meta property=\"og:type\" content=\"article\" \/>\n<meta property=\"og:title\" content=\"Welche Formalit\u00e4ten sind f\u00fcr die Geltendmachung der Anspr\u00fcch erforderlich? - Frontaliers Grand Est\" \/>\n<meta property=\"og:description\" content=\"Entdecken Sie auf dieser Seite die Vorgehensweise bei einem Arbeitsunfall oder einer Berufskrankheit in Luxemburg.\" \/>\n<meta property=\"og:url\" content=\"https:\/\/frontaliers-grandest.eu\/de\/startseite\/grenzganger\/deutschland-luxemburg\/sozialversicherung\/arbeitsunfalle-und-berufskrankheiten\/welche-formalitaten-sind-fur-die-geltendmachung-der-anspruch-erforderlich\/\" \/>\n<meta property=\"og:site_name\" content=\"Frontaliers Grand Est\" \/>\n<meta property=\"article:publisher\" content=\"https:\/\/www.facebook.com\/frontaliers.GR.EST\/?locale=fr_FR\" \/>\n<meta property=\"article:modified_time\" content=\"2026-03-19T14:31:50+00:00\" \/>\n<meta name=\"twitter:card\" content=\"summary_large_image\" \/>\n<meta name=\"twitter:label1\" content=\"Gesch\u00e4tzte Lesezeit\" \/>\n\t<meta name=\"twitter:data1\" content=\"1\u00a0Minute\" \/>\n<script type=\"application\/ld+json\" class=\"yoast-schema-graph\">{\"@context\":\"https:\/\/schema.org\",\"@graph\":[{\"@type\":\"WebPage\",\"@id\":\"https:\/\/frontaliers-grandest.eu\/de\/startseite\/grenzganger\/deutschland-luxemburg\/sozialversicherung\/arbeitsunfalle-und-berufskrankheiten\/welche-formalitaten-sind-fur-die-geltendmachung-der-anspruch-erforderlich\/\",\"url\":\"https:\/\/frontaliers-grandest.eu\/de\/startseite\/grenzganger\/deutschland-luxemburg\/sozialversicherung\/arbeitsunfalle-und-berufskrankheiten\/welche-formalitaten-sind-fur-die-geltendmachung-der-anspruch-erforderlich\/\",\"name\":\"Welche Formalit\u00e4ten sind f\u00fcr die Geltendmachung der Anspr\u00fcch erforderlich? - Frontaliers Grand Est\",\"isPartOf\":{\"@id\":\"https:\/\/frontaliers-grandest.eu\/de\/#website\"},\"datePublished\":\"2021-06-15T12:57:33+00:00\",\"dateModified\":\"2026-03-19T14:31:50+00:00\",\"description\":\"Entdecken Sie auf dieser Seite die Vorgehensweise bei einem Arbeitsunfall oder einer Berufskrankheit in Luxemburg.\",\"breadcrumb\":{\"@id\":\"https:\/\/frontaliers-grandest.eu\/de\/startseite\/grenzganger\/deutschland-luxemburg\/sozialversicherung\/arbeitsunfalle-und-berufskrankheiten\/welche-formalitaten-sind-fur-die-geltendmachung-der-anspruch-erforderlich\/#breadcrumb\"},\"inLanguage\":\"de\",\"potentialAction\":[{\"@type\":\"ReadAction\",\"target\":[\"https:\/\/frontaliers-grandest.eu\/de\/startseite\/grenzganger\/deutschland-luxemburg\/sozialversicherung\/arbeitsunfalle-und-berufskrankheiten\/welche-formalitaten-sind-fur-die-geltendmachung-der-anspruch-erforderlich\/\"]}]},{\"@type\":\"BreadcrumbList\",\"@id\":\"https:\/\/frontaliers-grandest.eu\/de\/startseite\/grenzganger\/deutschland-luxemburg\/sozialversicherung\/arbeitsunfalle-und-berufskrankheiten\/welche-formalitaten-sind-fur-die-geltendmachung-der-anspruch-erforderlich\/#breadcrumb\",\"itemListElement\":[{\"@type\":\"ListItem\",\"position\":1,\"name\":\"Startseite\",\"item\":\"https:\/\/frontaliers-grandest.eu\/de\/\"},{\"@type\":\"ListItem\",\"position\":2,\"name\":\"Grenzg\u00e4nger\",\"item\":\"https:\/\/frontaliers-grandest.eu\/de\/startseite\/grenzganger\/\"},{\"@type\":\"ListItem\",\"position\":3,\"name\":\"Deutschland - Luxemburg\",\"item\":\"https:\/\/frontaliers-grandest.eu\/de\/startseite\/grenzganger\/deutschland-luxemburg\/\"},{\"@type\":\"ListItem\",\"position\":4,\"name\":\"Sozialversicherung in Luxemburg\",\"item\":\"https:\/\/frontaliers-grandest.eu\/de\/startseite\/grenzganger\/deutschland-luxemburg\/sozialversicherung\/\"},{\"@type\":\"ListItem\",\"position\":5,\"name\":\"Arbeitsunf\u00e4lle und Berufskrankheiten\",\"item\":\"https:\/\/frontaliers-grandest.eu\/de\/startseite\/grenzganger\/deutschland-luxemburg\/sozialversicherung\/arbeitsunfalle-und-berufskrankheiten\/\"},{\"@type\":\"ListItem\",\"position\":6,\"name\":\"Welche Formalit\u00e4ten sind f\u00fcr die Geltendmachung der Anspr\u00fcch erforderlich?\"}]},{\"@type\":\"WebSite\",\"@id\":\"https:\/\/frontaliers-grandest.eu\/de\/#website\",\"url\":\"https:\/\/frontaliers-grandest.eu\/de\/\",\"name\":\"Frontaliers Grand Est\",\"description\":\"Le site ressource du travail frontalier\",\"publisher\":{\"@id\":\"https:\/\/frontaliers-grandest.eu\/de\/#organization\"},\"alternateName\":\"Frontaliers Grand Est\",\"potentialAction\":[{\"@type\":\"SearchAction\",\"target\":{\"@type\":\"EntryPoint\",\"urlTemplate\":\"https:\/\/frontaliers-grandest.eu\/de\/?s={search_term_string}\"},\"query-input\":{\"@type\":\"PropertyValueSpecification\",\"valueRequired\":true,\"valueName\":\"search_term_string\"}}],\"inLanguage\":\"de\"},{\"@type\":\"Organization\",\"@id\":\"https:\/\/frontaliers-grandest.eu\/de\/#organization\",\"name\":\"Frontaliers Grand Est\",\"alternateName\":\"Frontaliers Grand Est\",\"url\":\"https:\/\/frontaliers-grandest.eu\/de\/\",\"logo\":{\"@type\":\"ImageObject\",\"inLanguage\":\"de\",\"@id\":\"https:\/\/frontaliers-grandest.eu\/de\/#\/schema\/logo\/image\/\",\"url\":\"https:\/\/frontaliers-grandest.eu\/wp-content\/uploads\/2025\/07\/260328234_2966785176920310_3332838526503858160_n.jpg\",\"contentUrl\":\"https:\/\/frontaliers-grandest.eu\/wp-content\/uploads\/2025\/07\/260328234_2966785176920310_3332838526503858160_n.jpg\",\"width\":396,\"height\":396,\"caption\":\"Frontaliers Grand Est\"},\"image\":{\"@id\":\"https:\/\/frontaliers-grandest.eu\/de\/#\/schema\/logo\/image\/\"},\"sameAs\":[\"https:\/\/www.facebook.com\/frontaliers.GR.EST\/?locale=fr_FR\"]}]}<\/script>\n<!-- \/ Yoast SEO plugin. -->","yoast_head_json":{"title":"Welche Formalit\u00e4ten sind f\u00fcr die Geltendmachung der Anspr\u00fcch erforderlich? - Frontaliers Grand Est","description":"Entdecken Sie auf dieser Seite die Vorgehensweise bei einem Arbeitsunfall oder einer Berufskrankheit in Luxemburg.","robots":{"index":"index","follow":"follow","max-snippet":"max-snippet:-1","max-image-preview":"max-image-preview:large","max-video-preview":"max-video-preview:-1"},"canonical":"https:\/\/frontaliers-grandest.eu\/de\/startseite\/grenzganger\/deutschland-luxemburg\/sozialversicherung\/arbeitsunfalle-und-berufskrankheiten\/welche-formalitaten-sind-fur-die-geltendmachung-der-anspruch-erforderlich\/","og_locale":"de_DE","og_type":"article","og_title":"Welche Formalit\u00e4ten sind f\u00fcr die Geltendmachung der Anspr\u00fcch erforderlich? - Frontaliers Grand Est","og_description":"Entdecken Sie auf dieser Seite die Vorgehensweise bei einem Arbeitsunfall oder einer Berufskrankheit in Luxemburg.","og_url":"https:\/\/frontaliers-grandest.eu\/de\/startseite\/grenzganger\/deutschland-luxemburg\/sozialversicherung\/arbeitsunfalle-und-berufskrankheiten\/welche-formalitaten-sind-fur-die-geltendmachung-der-anspruch-erforderlich\/","og_site_name":"Frontaliers Grand Est","article_publisher":"https:\/\/www.facebook.com\/frontaliers.GR.EST\/?locale=fr_FR","article_modified_time":"2026-03-19T14:31:50+00:00","twitter_card":"summary_large_image","twitter_misc":{"Gesch\u00e4tzte Lesezeit":"1\u00a0Minute"},"schema":{"@context":"https:\/\/schema.org","@graph":[{"@type":"WebPage","@id":"https:\/\/frontaliers-grandest.eu\/de\/startseite\/grenzganger\/deutschland-luxemburg\/sozialversicherung\/arbeitsunfalle-und-berufskrankheiten\/welche-formalitaten-sind-fur-die-geltendmachung-der-anspruch-erforderlich\/","url":"https:\/\/frontaliers-grandest.eu\/de\/startseite\/grenzganger\/deutschland-luxemburg\/sozialversicherung\/arbeitsunfalle-und-berufskrankheiten\/welche-formalitaten-sind-fur-die-geltendmachung-der-anspruch-erforderlich\/","name":"Welche Formalit\u00e4ten sind f\u00fcr die Geltendmachung der Anspr\u00fcch erforderlich? - Frontaliers Grand Est","isPartOf":{"@id":"https:\/\/frontaliers-grandest.eu\/de\/#website"},"datePublished":"2021-06-15T12:57:33+00:00","dateModified":"2026-03-19T14:31:50+00:00","description":"Entdecken Sie auf dieser Seite die Vorgehensweise bei einem Arbeitsunfall oder einer Berufskrankheit in Luxemburg.","breadcrumb":{"@id":"https:\/\/frontaliers-grandest.eu\/de\/startseite\/grenzganger\/deutschland-luxemburg\/sozialversicherung\/arbeitsunfalle-und-berufskrankheiten\/welche-formalitaten-sind-fur-die-geltendmachung-der-anspruch-erforderlich\/#breadcrumb"},"inLanguage":"de","potentialAction":[{"@type":"ReadAction","target":["https:\/\/frontaliers-grandest.eu\/de\/startseite\/grenzganger\/deutschland-luxemburg\/sozialversicherung\/arbeitsunfalle-und-berufskrankheiten\/welche-formalitaten-sind-fur-die-geltendmachung-der-anspruch-erforderlich\/"]}]},{"@type":"BreadcrumbList","@id":"https:\/\/frontaliers-grandest.eu\/de\/startseite\/grenzganger\/deutschland-luxemburg\/sozialversicherung\/arbeitsunfalle-und-berufskrankheiten\/welche-formalitaten-sind-fur-die-geltendmachung-der-anspruch-erforderlich\/#breadcrumb","itemListElement":[{"@type":"ListItem","position":1,"name":"Startseite","item":"https:\/\/frontaliers-grandest.eu\/de\/"},{"@type":"ListItem","position":2,"name":"Grenzg\u00e4nger","item":"https:\/\/frontaliers-grandest.eu\/de\/startseite\/grenzganger\/"},{"@type":"ListItem","position":3,"name":"Deutschland - Luxemburg","item":"https:\/\/frontaliers-grandest.eu\/de\/startseite\/grenzganger\/deutschland-luxemburg\/"},{"@type":"ListItem","position":4,"name":"Sozialversicherung in Luxemburg","item":"https:\/\/frontaliers-grandest.eu\/de\/startseite\/grenzganger\/deutschland-luxemburg\/sozialversicherung\/"},{"@type":"ListItem","position":5,"name":"Arbeitsunf\u00e4lle und Berufskrankheiten","item":"https:\/\/frontaliers-grandest.eu\/de\/startseite\/grenzganger\/deutschland-luxemburg\/sozialversicherung\/arbeitsunfalle-und-berufskrankheiten\/"},{"@type":"ListItem","position":6,"name":"Welche Formalit\u00e4ten sind f\u00fcr die Geltendmachung der Anspr\u00fcch erforderlich?"}]},{"@type":"WebSite","@id":"https:\/\/frontaliers-grandest.eu\/de\/#website","url":"https:\/\/frontaliers-grandest.eu\/de\/","name":"Frontaliers Grand Est","description":"Le site ressource du travail frontalier","publisher":{"@id":"https:\/\/frontaliers-grandest.eu\/de\/#organization"},"alternateName":"Frontaliers Grand Est","potentialAction":[{"@type":"SearchAction","target":{"@type":"EntryPoint","urlTemplate":"https:\/\/frontaliers-grandest.eu\/de\/?s={search_term_string}"},"query-input":{"@type":"PropertyValueSpecification","valueRequired":true,"valueName":"search_term_string"}}],"inLanguage":"de"},{"@type":"Organization","@id":"https:\/\/frontaliers-grandest.eu\/de\/#organization","name":"Frontaliers Grand Est","alternateName":"Frontaliers Grand Est","url":"https:\/\/frontaliers-grandest.eu\/de\/","logo":{"@type":"ImageObject","inLanguage":"de","@id":"https:\/\/frontaliers-grandest.eu\/de\/#\/schema\/logo\/image\/","url":"https:\/\/frontaliers-grandest.eu\/wp-content\/uploads\/2025\/07\/260328234_2966785176920310_3332838526503858160_n.jpg","contentUrl":"https:\/\/frontaliers-grandest.eu\/wp-content\/uploads\/2025\/07\/260328234_2966785176920310_3332838526503858160_n.jpg","width":396,"height":396,"caption":"Frontaliers Grand Est"},"image":{"@id":"https:\/\/frontaliers-grandest.eu\/de\/#\/schema\/logo\/image\/"},"sameAs":["https:\/\/www.facebook.com\/frontaliers.GR.EST\/?locale=fr_FR"]}]}},"frge_page_order":"0","_links":{"self":[{"href":"https:\/\/frontaliers-grandest.eu\/de\/wp-json\/wp\/v2\/pages\/8685","targetHints":{"allow":["GET"]}}],"collection":[{"href":"https:\/\/frontaliers-grandest.eu\/de\/wp-json\/wp\/v2\/pages"}],"about":[{"href":"https:\/\/frontaliers-grandest.eu\/de\/wp-json\/wp\/v2\/types\/page"}],"author":[{"embeddable":true,"href":"https:\/\/frontaliers-grandest.eu\/de\/wp-json\/wp\/v2\/users\/7"}],"replies":[{"embeddable":true,"href":"https:\/\/frontaliers-grandest.eu\/de\/wp-json\/wp\/v2\/comments?post=8685"}],"version-history":[{"count":3,"href":"https:\/\/frontaliers-grandest.eu\/de\/wp-json\/wp\/v2\/pages\/8685\/revisions"}],"predecessor-version":[{"id":58604,"href":"https:\/\/frontaliers-grandest.eu\/de\/wp-json\/wp\/v2\/pages\/8685\/revisions\/58604"}],"up":[{"embeddable":true,"href":"https:\/\/frontaliers-grandest.eu\/de\/wp-json\/wp\/v2\/pages\/8678"}],"wp:attachment":[{"href":"https:\/\/frontaliers-grandest.eu\/de\/wp-json\/wp\/v2\/media?parent=8685"}],"wp:term":[{"taxonomy":"post_tag","embeddable":true,"href":"https:\/\/frontaliers-grandest.eu\/de\/wp-json\/wp\/v2\/tags?post=8685"},{"taxonomy":"frge_profile","embeddable":true,"href":"https:\/\/frontaliers-grandest.eu\/de\/wp-json\/wp\/v2\/frge_profile?post=8685"}],"curies":[{"name":"wp","href":"https:\/\/api.w.org\/{rel}","templated":true}]}}