{"id":8678,"date":"2021-06-15T14:53:14","date_gmt":"2021-06-15T12:53:14","guid":{"rendered":"https:\/\/frontaliers-grandest.eu\/?page_id=8678"},"modified":"2026-03-19T15:15:46","modified_gmt":"2026-03-19T14:15:46","slug":"arbeitsunfalle-und-berufskrankheiten","status":"publish","type":"page","link":"https:\/\/frontaliers-grandest.eu\/de\/startseite\/grenzganger\/deutschland-luxemburg\/sozialversicherung\/arbeitsunfalle-und-berufskrankheiten\/","title":{"rendered":"Arbeitsunf\u00e4lle und Berufskrankheiten"},"content":{"rendered":"\n<h5 class=\"wp-block-heading\"><strong>Als Arbeitnehmer in Luxemburg werden Sie automatisch bei der Unfallversicherung angemeldet.<\/strong><\/h5>\n\n\n\n<p>Es ist eine Pflichtversicherung, dessen Pr\u00e4mien vollst\u00e4ndig von Ihrem Arbeitgeber abgedeckt werden.<\/p>\n\n\n\n<ul class=\"wp-block-list\"><li>Bei Arbeitsunf\u00e4llen und Berufskrankheiten hat der Grenzg\u00e4nger, vorausgesetzt die weiter unten genannten Formalit\u00e4ten werden eingehalten,<strong>&nbsp;Anspruch auf Sachleistungen&nbsp;<\/strong>(medizinische Betreuung) sowohl in Deutschland (Wohnsitzland) als auch in Luxemburg (Besch\u00e4ftigungsland).<\/li><li><strong>Geldleistungen&nbsp;<\/strong>werden entsprechend der Gesetzgebung des Besch\u00e4ftigungslandes gew\u00e4hrt und entweder direkt von der zust\u00e4ndigen Beh\u00f6rde oder von der des Wohnsitzlandes auf Rechnung der zust\u00e4ndigen Beh\u00f6rde des Besch\u00e4ftigungslandes ausgezahlt.<\/li><\/ul>\n","protected":false},"excerpt":{"rendered":"<p>Als Arbeitnehmer in Luxemburg werden Sie automatisch bei der Unfallversicherung angemeldet. Es ist eine Pflichtversicherung, dessen Pr\u00e4mien vollst\u00e4ndig von Ihrem Arbeitgeber abgedeckt werden. Bei Arbeitsunf\u00e4llen und Berufskrankheiten hat der Grenzg\u00e4nger, vorausgesetzt die weiter unten genannten Formalit\u00e4ten werden eingehalten,&nbsp;Anspruch auf Sachleistungen&nbsp;(medizinische Betreuung) sowohl in Deutschland (Wohnsitzland) als auch in Luxemburg (Besch\u00e4ftigungsland). Geldleistungen&nbsp;werden entsprechend der Gesetzgebung des [&hellip;]<\/p>\n","protected":false},"author":7,"featured_media":9892,"parent":8556,"menu_order":6,"comment_status":"closed","ping_status":"closed","template":"","meta":{"inline_featured_image":false,"footnotes":""},"tags":[461,898,517,454],"frge_profile":[225],"class_list":["post-8678","page","type-page","status-publish","has-post-thumbnail","hentry","tag-arbeitnehmer","tag-arbeitsunfaelle-und-berufskrankheiten","tag-grengaenger","tag-luxemburg","frge_profile-arbeitnehmer"],"yoast_head":"<!-- This site is optimized with the Yoast SEO plugin v27.1.1 - https:\/\/yoast.com\/product\/yoast-seo-wordpress\/ -->\n<title>Arbeitsunf\u00e4lle und berufskrankheiten in Luxemburg<\/title>\n<meta name=\"description\" content=\"Als Arbeitnehmer in Luxemburg werden Sie automatisch bei der Unfallversicherung angemeldet.\" \/>\n<meta name=\"robots\" content=\"index, follow, max-snippet:-1, max-image-preview:large, max-video-preview:-1\" \/>\n<link rel=\"canonical\" href=\"https:\/\/frontaliers-grandest.eu\/de\/startseite\/grenzganger\/deutschland-luxemburg\/sozialversicherung\/arbeitsunfalle-und-berufskrankheiten\/\" \/>\n<meta property=\"og:locale\" content=\"de_DE\" \/>\n<meta property=\"og:type\" content=\"article\" \/>\n<meta property=\"og:title\" content=\"Arbeitsunf\u00e4lle und berufskrankheiten in Luxemburg\" \/>\n<meta property=\"og:description\" content=\"Als Arbeitnehmer in Luxemburg werden Sie automatisch bei der Unfallversicherung angemeldet.\" \/>\n<meta property=\"og:url\" content=\"https:\/\/frontaliers-grandest.eu\/de\/startseite\/grenzganger\/deutschland-luxemburg\/sozialversicherung\/arbeitsunfalle-und-berufskrankheiten\/\" \/>\n<meta property=\"og:site_name\" content=\"Frontaliers Grand Est\" \/>\n<meta property=\"article:publisher\" content=\"https:\/\/www.facebook.com\/frontaliers.GR.EST\/?locale=fr_FR\" \/>\n<meta property=\"article:modified_time\" content=\"2026-03-19T14:15:46+00:00\" \/>\n<meta property=\"og:image\" content=\"https:\/\/frontaliers-grandest.eu\/wp-content\/uploads\/2021\/07\/Accidents-travail-et-maladies-professionnelles-1.jpg\" \/>\n\t<meta property=\"og:image:width\" content=\"1920\" \/>\n\t<meta property=\"og:image:height\" content=\"1080\" \/>\n\t<meta property=\"og:image:type\" content=\"image\/jpeg\" \/>\n<meta name=\"twitter:card\" content=\"summary_large_image\" \/>\n<meta name=\"twitter:label1\" content=\"Gesch\u00e4tzte Lesezeit\" \/>\n\t<meta name=\"twitter:data1\" content=\"1\u00a0Minute\" \/>\n<script type=\"application\/ld+json\" class=\"yoast-schema-graph\">{\"@context\":\"https:\/\/schema.org\",\"@graph\":[{\"@type\":\"WebPage\",\"@id\":\"https:\/\/frontaliers-grandest.eu\/de\/startseite\/grenzganger\/deutschland-luxemburg\/sozialversicherung\/arbeitsunfalle-und-berufskrankheiten\/\",\"url\":\"https:\/\/frontaliers-grandest.eu\/de\/startseite\/grenzganger\/deutschland-luxemburg\/sozialversicherung\/arbeitsunfalle-und-berufskrankheiten\/\",\"name\":\"Arbeitsunf\u00e4lle und berufskrankheiten in Luxemburg\",\"isPartOf\":{\"@id\":\"https:\/\/frontaliers-grandest.eu\/de\/#website\"},\"primaryImageOfPage\":{\"@id\":\"https:\/\/frontaliers-grandest.eu\/de\/startseite\/grenzganger\/deutschland-luxemburg\/sozialversicherung\/arbeitsunfalle-und-berufskrankheiten\/#primaryimage\"},\"image\":{\"@id\":\"https:\/\/frontaliers-grandest.eu\/de\/startseite\/grenzganger\/deutschland-luxemburg\/sozialversicherung\/arbeitsunfalle-und-berufskrankheiten\/#primaryimage\"},\"thumbnailUrl\":\"https:\/\/frontaliers-grandest.eu\/wp-content\/uploads\/2021\/07\/Accidents-travail-et-maladies-professionnelles-1.jpg\",\"datePublished\":\"2021-06-15T12:53:14+00:00\",\"dateModified\":\"2026-03-19T14:15:46+00:00\",\"description\":\"Als Arbeitnehmer in Luxemburg werden Sie automatisch bei der Unfallversicherung angemeldet.\",\"breadcrumb\":{\"@id\":\"https:\/\/frontaliers-grandest.eu\/de\/startseite\/grenzganger\/deutschland-luxemburg\/sozialversicherung\/arbeitsunfalle-und-berufskrankheiten\/#breadcrumb\"},\"inLanguage\":\"de\",\"potentialAction\":[{\"@type\":\"ReadAction\",\"target\":[\"https:\/\/frontaliers-grandest.eu\/de\/startseite\/grenzganger\/deutschland-luxemburg\/sozialversicherung\/arbeitsunfalle-und-berufskrankheiten\/\"]}]},{\"@type\":\"ImageObject\",\"inLanguage\":\"de\",\"@id\":\"https:\/\/frontaliers-grandest.eu\/de\/startseite\/grenzganger\/deutschland-luxemburg\/sozialversicherung\/arbeitsunfalle-und-berufskrankheiten\/#primaryimage\",\"url\":\"https:\/\/frontaliers-grandest.eu\/wp-content\/uploads\/2021\/07\/Accidents-travail-et-maladies-professionnelles-1.jpg\",\"contentUrl\":\"https:\/\/frontaliers-grandest.eu\/wp-content\/uploads\/2021\/07\/Accidents-travail-et-maladies-professionnelles-1.jpg\",\"width\":1920,\"height\":1080,\"caption\":\"Accidents travail et maladies professionnelles\"},{\"@type\":\"BreadcrumbList\",\"@id\":\"https:\/\/frontaliers-grandest.eu\/de\/startseite\/grenzganger\/deutschland-luxemburg\/sozialversicherung\/arbeitsunfalle-und-berufskrankheiten\/#breadcrumb\",\"itemListElement\":[{\"@type\":\"ListItem\",\"position\":1,\"name\":\"Startseite\",\"item\":\"https:\/\/frontaliers-grandest.eu\/de\/\"},{\"@type\":\"ListItem\",\"position\":2,\"name\":\"Grenzg\u00e4nger\",\"item\":\"https:\/\/frontaliers-grandest.eu\/de\/startseite\/grenzganger\/\"},{\"@type\":\"ListItem\",\"position\":3,\"name\":\"Deutschland - Luxemburg\",\"item\":\"https:\/\/frontaliers-grandest.eu\/de\/startseite\/grenzganger\/deutschland-luxemburg\/\"},{\"@type\":\"ListItem\",\"position\":4,\"name\":\"Sozialversicherung in Luxemburg\",\"item\":\"https:\/\/frontaliers-grandest.eu\/de\/startseite\/grenzganger\/deutschland-luxemburg\/sozialversicherung\/\"},{\"@type\":\"ListItem\",\"position\":5,\"name\":\"Arbeitsunf\u00e4lle und Berufskrankheiten\"}]},{\"@type\":\"WebSite\",\"@id\":\"https:\/\/frontaliers-grandest.eu\/de\/#website\",\"url\":\"https:\/\/frontaliers-grandest.eu\/de\/\",\"name\":\"Frontaliers Grand Est\",\"description\":\"Le site ressource du travail frontalier\",\"publisher\":{\"@id\":\"https:\/\/frontaliers-grandest.eu\/de\/#organization\"},\"alternateName\":\"Frontaliers Grand Est\",\"potentialAction\":[{\"@type\":\"SearchAction\",\"target\":{\"@type\":\"EntryPoint\",\"urlTemplate\":\"https:\/\/frontaliers-grandest.eu\/de\/?s={search_term_string}\"},\"query-input\":{\"@type\":\"PropertyValueSpecification\",\"valueRequired\":true,\"valueName\":\"search_term_string\"}}],\"inLanguage\":\"de\"},{\"@type\":\"Organization\",\"@id\":\"https:\/\/frontaliers-grandest.eu\/de\/#organization\",\"name\":\"Frontaliers Grand Est\",\"alternateName\":\"Frontaliers Grand Est\",\"url\":\"https:\/\/frontaliers-grandest.eu\/de\/\",\"logo\":{\"@type\":\"ImageObject\",\"inLanguage\":\"de\",\"@id\":\"https:\/\/frontaliers-grandest.eu\/de\/#\/schema\/logo\/image\/\",\"url\":\"https:\/\/frontaliers-grandest.eu\/wp-content\/uploads\/2025\/07\/260328234_2966785176920310_3332838526503858160_n.jpg\",\"contentUrl\":\"https:\/\/frontaliers-grandest.eu\/wp-content\/uploads\/2025\/07\/260328234_2966785176920310_3332838526503858160_n.jpg\",\"width\":396,\"height\":396,\"caption\":\"Frontaliers Grand Est\"},\"image\":{\"@id\":\"https:\/\/frontaliers-grandest.eu\/de\/#\/schema\/logo\/image\/\"},\"sameAs\":[\"https:\/\/www.facebook.com\/frontaliers.GR.EST\/?locale=fr_FR\"]}]}<\/script>\n<!-- \/ Yoast SEO plugin. -->","yoast_head_json":{"title":"Arbeitsunf\u00e4lle und berufskrankheiten in Luxemburg","description":"Als Arbeitnehmer in Luxemburg werden Sie automatisch bei der Unfallversicherung angemeldet.","robots":{"index":"index","follow":"follow","max-snippet":"max-snippet:-1","max-image-preview":"max-image-preview:large","max-video-preview":"max-video-preview:-1"},"canonical":"https:\/\/frontaliers-grandest.eu\/de\/startseite\/grenzganger\/deutschland-luxemburg\/sozialversicherung\/arbeitsunfalle-und-berufskrankheiten\/","og_locale":"de_DE","og_type":"article","og_title":"Arbeitsunf\u00e4lle und berufskrankheiten in Luxemburg","og_description":"Als Arbeitnehmer in Luxemburg werden Sie automatisch bei der Unfallversicherung angemeldet.","og_url":"https:\/\/frontaliers-grandest.eu\/de\/startseite\/grenzganger\/deutschland-luxemburg\/sozialversicherung\/arbeitsunfalle-und-berufskrankheiten\/","og_site_name":"Frontaliers Grand Est","article_publisher":"https:\/\/www.facebook.com\/frontaliers.GR.EST\/?locale=fr_FR","article_modified_time":"2026-03-19T14:15:46+00:00","og_image":[{"width":1920,"height":1080,"url":"https:\/\/frontaliers-grandest.eu\/wp-content\/uploads\/2021\/07\/Accidents-travail-et-maladies-professionnelles-1.jpg","type":"image\/jpeg"}],"twitter_card":"summary_large_image","twitter_misc":{"Gesch\u00e4tzte Lesezeit":"1\u00a0Minute"},"schema":{"@context":"https:\/\/schema.org","@graph":[{"@type":"WebPage","@id":"https:\/\/frontaliers-grandest.eu\/de\/startseite\/grenzganger\/deutschland-luxemburg\/sozialversicherung\/arbeitsunfalle-und-berufskrankheiten\/","url":"https:\/\/frontaliers-grandest.eu\/de\/startseite\/grenzganger\/deutschland-luxemburg\/sozialversicherung\/arbeitsunfalle-und-berufskrankheiten\/","name":"Arbeitsunf\u00e4lle und berufskrankheiten in Luxemburg","isPartOf":{"@id":"https:\/\/frontaliers-grandest.eu\/de\/#website"},"primaryImageOfPage":{"@id":"https:\/\/frontaliers-grandest.eu\/de\/startseite\/grenzganger\/deutschland-luxemburg\/sozialversicherung\/arbeitsunfalle-und-berufskrankheiten\/#primaryimage"},"image":{"@id":"https:\/\/frontaliers-grandest.eu\/de\/startseite\/grenzganger\/deutschland-luxemburg\/sozialversicherung\/arbeitsunfalle-und-berufskrankheiten\/#primaryimage"},"thumbnailUrl":"https:\/\/frontaliers-grandest.eu\/wp-content\/uploads\/2021\/07\/Accidents-travail-et-maladies-professionnelles-1.jpg","datePublished":"2021-06-15T12:53:14+00:00","dateModified":"2026-03-19T14:15:46+00:00","description":"Als Arbeitnehmer in Luxemburg werden Sie automatisch bei der Unfallversicherung angemeldet.","breadcrumb":{"@id":"https:\/\/frontaliers-grandest.eu\/de\/startseite\/grenzganger\/deutschland-luxemburg\/sozialversicherung\/arbeitsunfalle-und-berufskrankheiten\/#breadcrumb"},"inLanguage":"de","potentialAction":[{"@type":"ReadAction","target":["https:\/\/frontaliers-grandest.eu\/de\/startseite\/grenzganger\/deutschland-luxemburg\/sozialversicherung\/arbeitsunfalle-und-berufskrankheiten\/"]}]},{"@type":"ImageObject","inLanguage":"de","@id":"https:\/\/frontaliers-grandest.eu\/de\/startseite\/grenzganger\/deutschland-luxemburg\/sozialversicherung\/arbeitsunfalle-und-berufskrankheiten\/#primaryimage","url":"https:\/\/frontaliers-grandest.eu\/wp-content\/uploads\/2021\/07\/Accidents-travail-et-maladies-professionnelles-1.jpg","contentUrl":"https:\/\/frontaliers-grandest.eu\/wp-content\/uploads\/2021\/07\/Accidents-travail-et-maladies-professionnelles-1.jpg","width":1920,"height":1080,"caption":"Accidents travail et maladies professionnelles"},{"@type":"BreadcrumbList","@id":"https:\/\/frontaliers-grandest.eu\/de\/startseite\/grenzganger\/deutschland-luxemburg\/sozialversicherung\/arbeitsunfalle-und-berufskrankheiten\/#breadcrumb","itemListElement":[{"@type":"ListItem","position":1,"name":"Startseite","item":"https:\/\/frontaliers-grandest.eu\/de\/"},{"@type":"ListItem","position":2,"name":"Grenzg\u00e4nger","item":"https:\/\/frontaliers-grandest.eu\/de\/startseite\/grenzganger\/"},{"@type":"ListItem","position":3,"name":"Deutschland - Luxemburg","item":"https:\/\/frontaliers-grandest.eu\/de\/startseite\/grenzganger\/deutschland-luxemburg\/"},{"@type":"ListItem","position":4,"name":"Sozialversicherung in Luxemburg","item":"https:\/\/frontaliers-grandest.eu\/de\/startseite\/grenzganger\/deutschland-luxemburg\/sozialversicherung\/"},{"@type":"ListItem","position":5,"name":"Arbeitsunf\u00e4lle und Berufskrankheiten"}]},{"@type":"WebSite","@id":"https:\/\/frontaliers-grandest.eu\/de\/#website","url":"https:\/\/frontaliers-grandest.eu\/de\/","name":"Frontaliers Grand Est","description":"Le site ressource du travail frontalier","publisher":{"@id":"https:\/\/frontaliers-grandest.eu\/de\/#organization"},"alternateName":"Frontaliers Grand Est","potentialAction":[{"@type":"SearchAction","target":{"@type":"EntryPoint","urlTemplate":"https:\/\/frontaliers-grandest.eu\/de\/?s={search_term_string}"},"query-input":{"@type":"PropertyValueSpecification","valueRequired":true,"valueName":"search_term_string"}}],"inLanguage":"de"},{"@type":"Organization","@id":"https:\/\/frontaliers-grandest.eu\/de\/#organization","name":"Frontaliers Grand Est","alternateName":"Frontaliers Grand Est","url":"https:\/\/frontaliers-grandest.eu\/de\/","logo":{"@type":"ImageObject","inLanguage":"de","@id":"https:\/\/frontaliers-grandest.eu\/de\/#\/schema\/logo\/image\/","url":"https:\/\/frontaliers-grandest.eu\/wp-content\/uploads\/2025\/07\/260328234_2966785176920310_3332838526503858160_n.jpg","contentUrl":"https:\/\/frontaliers-grandest.eu\/wp-content\/uploads\/2025\/07\/260328234_2966785176920310_3332838526503858160_n.jpg","width":396,"height":396,"caption":"Frontaliers Grand Est"},"image":{"@id":"https:\/\/frontaliers-grandest.eu\/de\/#\/schema\/logo\/image\/"},"sameAs":["https:\/\/www.facebook.com\/frontaliers.GR.EST\/?locale=fr_FR"]}]}},"frge_page_order":"0","_links":{"self":[{"href":"https:\/\/frontaliers-grandest.eu\/de\/wp-json\/wp\/v2\/pages\/8678","targetHints":{"allow":["GET"]}}],"collection":[{"href":"https:\/\/frontaliers-grandest.eu\/de\/wp-json\/wp\/v2\/pages"}],"about":[{"href":"https:\/\/frontaliers-grandest.eu\/de\/wp-json\/wp\/v2\/types\/page"}],"author":[{"embeddable":true,"href":"https:\/\/frontaliers-grandest.eu\/de\/wp-json\/wp\/v2\/users\/7"}],"replies":[{"embeddable":true,"href":"https:\/\/frontaliers-grandest.eu\/de\/wp-json\/wp\/v2\/comments?post=8678"}],"version-history":[{"count":3,"href":"https:\/\/frontaliers-grandest.eu\/de\/wp-json\/wp\/v2\/pages\/8678\/revisions"}],"predecessor-version":[{"id":8694,"href":"https:\/\/frontaliers-grandest.eu\/de\/wp-json\/wp\/v2\/pages\/8678\/revisions\/8694"}],"up":[{"embeddable":true,"href":"https:\/\/frontaliers-grandest.eu\/de\/wp-json\/wp\/v2\/pages\/8556"}],"wp:featuredmedia":[{"embeddable":true,"href":"https:\/\/frontaliers-grandest.eu\/de\/wp-json\/wp\/v2\/media\/9892"}],"wp:attachment":[{"href":"https:\/\/frontaliers-grandest.eu\/de\/wp-json\/wp\/v2\/media?parent=8678"}],"wp:term":[{"taxonomy":"post_tag","embeddable":true,"href":"https:\/\/frontaliers-grandest.eu\/de\/wp-json\/wp\/v2\/tags?post=8678"},{"taxonomy":"frge_profile","embeddable":true,"href":"https:\/\/frontaliers-grandest.eu\/de\/wp-json\/wp\/v2\/frge_profile?post=8678"}],"curies":[{"name":"wp","href":"https:\/\/api.w.org\/{rel}","templated":true}]}}