{"id":8670,"date":"2021-06-15T14:40:53","date_gmt":"2021-06-15T12:40:53","guid":{"rendered":"https:\/\/frontaliers-grandest.eu\/?page_id=8670"},"modified":"2026-03-19T14:40:17","modified_gmt":"2026-03-19T13:40:17","slug":"welcher-versicherungsschutz-wird-ihnen-und-ihren-familien-gewahrt","status":"publish","type":"page","link":"https:\/\/frontaliers-grandest.eu\/de\/startseite\/grenzganger\/deutschland-luxemburg\/sozialversicherung\/die-krankenversicherung\/welcher-versicherungsschutz-wird-ihnen-und-ihren-familien-gewahrt\/","title":{"rendered":"Welcher Versicherungsschutz wird Ihnen und Ihren Familien gew\u00e4hrt ?"},"content":{"rendered":"\n<h2 class=\"wp-block-heading\"><strong>Sachleistungen in Luxemburg<\/strong><\/h2>\n\n\n\n<p>Sollten alle notwendigen Formalit\u00e4ten erf\u00fcllt werden,&nbsp;<strong>kann der Grenzg\u00e4nger genauso in Luxemburg wie in Deutschland sich behandeln.<\/strong><\/p>\n\n\n\n<p>Behandeln Sie sich in Luxemburg, werden die&nbsp;<strong>Sach- und Geldleistungen nach der luxemburgischen Gesetzgebung zur\u00fcckgezahlt.<\/strong>&nbsp;Werden Sie von einem deutschen Arzt behandelt, werden Sie nach dem deutschen Erstattungssatz zur\u00fcckgezahlt.<\/p>\n\n\n\n<p>In Luxemburg werden die Leistungen f\u00fcr die medizinische Versorgung <strong>ab dem 1. Tag der Mitgliedschaft gew\u00e4hrt<\/strong>&nbsp;(au\u00dfer bei freiwilliger Versicherung, bei der eine Wartezeit von drei Monaten gilt).&nbsp;<strong>Der Leistungsbezug beginnt ab Anfang der Krankheit und ist im Prinzip unbegrenzt.<\/strong><\/p>\n\n\n\n<p>Im Falle der Beendigung der Mitgliedschaft bleibt das Recht auf Gesundheitsleistungen<strong> im laufenden Monat und in den drei darauffolgenden Monaten bestehen<\/strong>, wenn der Versicherte<strong>&nbsp;w\u00e4hrend der 6 Monate<\/strong>&nbsp;vor Versicherungsende ununterbrochen versichert war.<\/p>\n\n\n\n<p><strong>Wichtiger Hinweis f\u00fcr Zeitarbeitnehmer:<\/strong>&nbsp;bei einer Unterbrechung von weniger&nbsp;<strong>als 8 Tagen<\/strong>&nbsp;wird die Bedingung der ununterbrochenen Mitgliedschaft nicht verletzt.<\/p>\n\n\n\n<p>Der Versicherte<strong>&nbsp;w\u00e4hlt seinen luxemburgischen Arzt frei<\/strong>. Allerdings muss es sich um einen zugelassenen Arzt handeln. Er streckt das Honorar vor, das ihm in der Regel per \u00dcberweisung zum Kassentarif erstattet wird.<\/p>\n\n\n\n<p>Das System des Selbstbehalts wird in manchen Bereichen angewandt (Apotheke, Labor, Krankenhaus, usw.) Hierbei obliegt es dem Versicherten, dem Rechnungsteller nur den auf ihn selbst entfallenden Betrag zu bezahlen.<\/p>\n\n\n\n<div class=\"wp-block-frontaliers-grandest-plugin-frge-accordion-block\"><div class=\"accordion-top\"><h4 class=\"accordion-title\"><strong>Versorgung im Krankenhaus<\/strong><\/h4><svg viewBox=\"0 0 24 24\" stroke-width=\"1.5\" fill=\"none\" xmlns=\"http:\/\/www.w3.org\/2000\/svg\" class=\"accordion-top__icon\"><path d=\"M3 12L21 12M21 12L12.5 3.5M21 12L12.5 20.5\" stroke-width=\"1.5\" stroke-linecap=\"round\" stroke-linejoin=\"round\"><\/path><\/svg><\/div><div class=\"accordion-content\">\n<p>Im Falle einer Krankenhauseinweisung von mindestens 12 Stunden in ein Zimmer der 2. Klasse werden die gesamten Behandlungskosten (station\u00e4re oder ambulante) vollst\u00e4ndig \u00fcbernommen. Ausgeschlossen sind die medizinischen Honorare.<\/p>\n\n\n\n<p>Der Eigenanteil f\u00fcr die Behandlungskosten in H\u00f6he von&nbsp;<strong>26,16 \u20ac pro Tag&nbsp;<\/strong>(ab dem 1. Januar 2026) wird vom Versicherte getragen.&nbsp;<strong>Dieser Eigenanteil ist auf bis 30 Tage pro Kalenderjahr begrenzt.<\/strong>&nbsp;Danach ist keine Kostenbeteiligung zu zahlen, auch nicht f\u00fcr die Krankenhauseinweisung eines Kindes.<\/p>\n\n\n\n<p><strong>Hinweis:&nbsp;<\/strong>Physiotherapie-, Logop\u00e4die- oder Psychomotorische Behandlungen, die w\u00e4hrend eines Krankenhausaufenthalts begonnen haben, sind mit einer Krankenhauseinweisung gleichgestellt.<\/p>\n<\/div><\/div>\n\n\n\n<div class=\"wp-block-frontaliers-grandest-plugin-frge-accordion-block\"><div class=\"accordion-top\"><h4 class=\"accordion-title\"><strong>Erstattung der \u00c4rztlichen Versorgung<\/strong><\/h4><svg viewBox=\"0 0 24 24\" stroke-width=\"1.5\" fill=\"none\" xmlns=\"http:\/\/www.w3.org\/2000\/svg\" class=\"accordion-top__icon\"><path d=\"M3 12L21 12M21 12L12.5 3.5M21 12L12.5 20.5\" stroke-width=\"1.5\" stroke-linecap=\"round\" stroke-linejoin=\"round\"><\/path><\/svg><\/div><div class=\"accordion-content\">\n<p>Im Prinzip werden die Kosten f\u00fcr die in der Nomenklatur angegebenen Sach- und Dienstleistungen zu 100% des vertragsm\u00e4\u00dfigen Tarifs \u00fcbernommen.<\/p>\n\n\n\n<p>F\u00fcr Sach- und Dienstleistungen, die au\u00dferhalb eines Krankenhausaufenthaltes erbracht werden,&nbsp;<strong>betr\u00e4gt die Erstattung der Krankenkasse 80 %<\/strong>. Der Patient wird die verbleibenden 20% mit seinen Eigenmitteln tragen,<strong>&nbsp;mit Ausnahme dieser Behandlungen:<\/strong><\/p>\n\n\n\n<ul class=\"wp-block-list\">\n<li>Chemotherapie,<\/li>\n\n\n\n<li>Strahlentherapie,<\/li>\n\n\n\n<li>H\u00e4modialyse,<\/li>\n\n\n\n<li>Pr\u00e4ventive Untersuchung und Fr\u00fcherkennung,<\/li>\n\n\n\n<li>Bestimmte technische Behandlungen im Rahmen eines pr\u00e4ventiven Medizinprogramms,<\/li>\n\n\n\n<li>Bestimmte medizinische Pauschallen f\u00fcr Nachuntersuchung in einer psychiatrischen Tageseinrichtung f\u00fcr Kinder oder zu nationaler Rehabilitations- und Physiotherapie-Zentrum.<\/li>\n<\/ul>\n\n\n\n<p>Medizinische Untersuchungen&nbsp;<strong>sind in H\u00f6he von 88% erstatten.&nbsp;<\/strong>Eine Eigenbeteiligung von 12 % ist zu Lasten des Patienten.<\/p>\n\n\n\n<p>Im Fall einer medizinischen Untersuchung im Krankenhaus ist keine Kostenbeteiligung zu zahlen. Dennoch ist ein Zusatz, falls eine Krankenhauseinweisung als Patient in 1. Klasse (Zimmer mit Einzelbett) aus pers\u00f6nlichen Gr\u00fcnden erfolgt.<\/p>\n\n\n\n<p><strong>Au\u00dferdem ist der Zugang zum Facharzt f\u00e4llig<\/strong>.<\/p>\n<\/div><\/div>\n\n\n\n<div class=\"wp-block-frontaliers-grandest-plugin-frge-accordion-block\"><div class=\"accordion-top\"><h4 class=\"accordion-title\"><strong>Pharmazeutische Produkte<\/strong><\/h4><svg viewBox=\"0 0 24 24\" stroke-width=\"1.5\" fill=\"none\" xmlns=\"http:\/\/www.w3.org\/2000\/svg\" class=\"accordion-top__icon\"><path d=\"M3 12L21 12M21 12L12.5 3.5M21 12L12.5 20.5\" stroke-width=\"1.5\" stroke-linecap=\"round\" stroke-linejoin=\"round\"><\/path><\/svg><\/div><div class=\"accordion-content\">\n<p>Die Arzneimittel k\u00f6nnen nur erstatten werden, wenn sie auf einer Positivliste von Medikamenten im sog. \u201eMemorial\u201c eingetragen sind. Auf dieser Liste sind 3 verschiedene Erstattungss\u00e4tze zu unterscheiden:<\/p>\n\n\n\n<figure class=\"wp-block-table\"><table><tbody><tr><td><strong>Die Medikamente mit normalem Erstattungssatz von 80%<\/strong><\/td><td>Alle Medikamente der Positivliste, soweit die Statuten der CNS nicht einen anderen Satz voraussehen.<\/td><\/tr><tr><td><strong>Die Medikamente mit Pr\u00e4ferenzerstattungssatz von 100%<\/strong><\/td><td>Die unersetzliche Medikamente, oder die von lebenswichtigem Interesse, die au\u00dfergew\u00f6hnlich teuer sind oder f\u00fcr die Behandlung langer Krankheit verabreicht werden.<\/td><\/tr><tr><td><strong>Die Medikamente mit erm\u00e4\u00dfigtem Erstattungssatz von 40%<\/strong><\/td><td>Medikamente f\u00fcr die Behandlung von Allgemeinerkrankungen, die von geringem medizinischem Interesse sind.<\/td><\/tr><\/tbody><\/table><\/figure>\n<\/div><\/div>\n\n\n\n<div class=\"wp-block-frontaliers-grandest-plugin-frge-accordion-block\"><div class=\"accordion-top\"><h4 class=\"accordion-title\"><strong>Maximaler Selbstbehalt des Versicherten<\/strong><\/h4><svg viewBox=\"0 0 24 24\" stroke-width=\"1.5\" fill=\"none\" xmlns=\"http:\/\/www.w3.org\/2000\/svg\" class=\"accordion-top__icon\"><path d=\"M3 12L21 12M21 12L12.5 3.5M21 12L12.5 20.5\" stroke-width=\"1.5\" stroke-linecap=\"round\" stroke-linejoin=\"round\"><\/path><\/svg><\/div><div class=\"accordion-content\">\n<p>Im Laufe eines Kalenderjahres darf der Selbstbehalt des Versicherten f\u00fcr die Kosten seiner Gesundheitsleistungen aus der Pflichtkrankenversicherung nicht \u00fcber 2,5 % des beitragspflichtigen Jahresarbeitsentgelts des Vorjahres liegen.<\/p>\n<\/div><\/div>\n\n\n\n<h2 class=\"wp-block-heading\"><strong>Sachleistungen in Deutschland<\/strong><\/h2>\n\n\n\n<ul class=\"wp-block-list\">\n<li><strong>Krankenhausbehandlung:\u00a0<\/strong>ambulante \u00e4rztliche und zahn\u00e4rztliche Behandlung, Versorgung mit Arznei-, Heil- und Hilfsmitteln, Zusch\u00fcsse zu den Kosten f\u00fcr Zahnersatz sowie kieferorthop\u00e4dische Behandlung;<\/li>\n\n\n\n<li><strong>Krankenhauspflege;<\/strong><\/li>\n\n\n\n<li><strong>Rehabilitation;<\/strong><\/li>\n\n\n\n<li><strong>h\u00e4usliche Krankenpflege und Haushaltshilfen;<\/strong><\/li>\n\n\n\n<li><strong>Ma\u00dfnahmen zur Fr\u00fcherkennung von Krankheiten<\/strong>:Vorsorgeuntersuchungen f\u00fcr Kinder unter 6 Jahren, Krebsvorsorge f\u00fcr Frauen ab dem 20. Lebensjahr, f\u00fcr M\u00e4nner ab dem 40. Lebensjahr;<\/li>\n\n\n\n<li><strong>Sachleistungen bei Mutterschaft:\u00a0<\/strong>\u00e4rztliche Betreuung, Hebammenhilfen, Versorgung mit Arznei-, Verband- und Heilmitteln, Pflege in Entbindungs- oder Krankenanstalten, Hauspflege.<\/li>\n<\/ul>\n\n\n\n<h2 class=\"wp-block-heading\"><strong>Geldleistungen in Luxemburg<\/strong><\/h2>\n\n\n\n<div class=\"wp-block-frontaliers-grandest-plugin-frge-accordion-block\"><div class=\"accordion-top\"><h4 class=\"accordion-title\">Lohnfortzahlung und \u00dcbergang zur CNS<\/h4><svg viewBox=\"0 0 24 24\" stroke-width=\"1.5\" fill=\"none\" xmlns=\"http:\/\/www.w3.org\/2000\/svg\" class=\"accordion-top__icon\"><path d=\"M3 12L21 12M21 12L12.5 3.5M21 12L12.5 20.5\" stroke-width=\"1.5\" stroke-linecap=\"round\" stroke-linejoin=\"round\"><\/path><\/svg><\/div><div class=\"accordion-content\">\n<p>F\u00fcr alle Arbeitnehmer gilt im Falle einer krankheitsbedingten Arbeitsunf\u00e4higkeit das Prinzip der <strong>Lohnfortzahlung durch den Arbeitgeber<\/strong> bis zum Ende des Monats, in dem der <strong>77. Krankheitstag<\/strong> erreicht wird, innerhalb eines Referenzzeitraums von <strong>12 aufeinanderfolgenden Monaten<\/strong>.<\/p>\n\n\n\n<p>W\u00e4hrend dieses Zeitraums hat der Arbeitnehmer Anspruch auf die <strong>vollst\u00e4ndige Aufrechterhaltung seines Arbeitsentgelts<\/strong> sowie aller vertraglich vorgesehenen Vorteile. Der Arbeitgeber ist daher verpflichtet, <strong>s\u00e4mtliche Bestandteile des Arbeitsvertrags<\/strong>, einschlie\u00dflich vereinbarter Provisionen, weiter zu gew\u00e4hren.<\/p>\n\n\n\n<p>Ab dem <strong>ersten Tag des darauffolgenden Monats<\/strong> \u00fcbernimmt die <strong>Caisse nationale de sant\u00e9 (CNS)<\/strong> die Zahlung und leistet das <strong>Krankengeld<\/strong>.<br>Zu Beginn jedes Monats wird gepr\u00fcft, ob der Arbeitgeber bereits 77 Tage Lohnfortzahlung erbracht hat. Ist dies der Fall, tr\u00e4gt die CNS die Leistung f\u00fcr den <strong>gesamten betreffenden Monat<\/strong>, sofern weiterhin Arbeitsunf\u00e4higkeit besteht.<\/p>\n<\/div><\/div>\n\n\n\n<div class=\"wp-block-frontaliers-grandest-plugin-frge-accordion-block\"><div class=\"accordion-top\"><h4 class=\"accordion-title\">Bezugsdauer, Leistungsende und arbeitsrechtliche Folgen<\/h4><svg viewBox=\"0 0 24 24\" stroke-width=\"1.5\" fill=\"none\" xmlns=\"http:\/\/www.w3.org\/2000\/svg\" class=\"accordion-top__icon\"><path d=\"M3 12L21 12M21 12L12.5 3.5M21 12L12.5 20.5\" stroke-width=\"1.5\" stroke-linecap=\"round\" stroke-linejoin=\"round\"><\/path><\/svg><\/div><div class=\"accordion-content\">\n<p>Der Anspruch auf Krankengeld endet, sobald die Gesamtdauer der Arbeitsunf\u00e4higkeit <strong>78 Wochen innerhalb eines Referenzzeitraums von 104 Wochen<\/strong> \u00fcberschreitet.<\/p>\n\n\n\n<p>Vor Ablauf dieser Frist kann der Arbeitnehmer einen <strong>Antrag auf Invalidit\u00e4t<\/strong> stellen; empfohlen wird eine Antragstellung <strong>zwei bis drei Monate vor Erreichen der 78-Wochen-Grenze<\/strong>. Eine <strong>Kumulierung von Krankengeld und Invalidit\u00e4tsrente ist ausgeschlossen<\/strong>.<\/p>\n\n\n\n<p>Im Falle der Beendigung der Mitgliedschaft bleibt der Anspruch auf Krankengeld bestehen, sofern der Versicherte zuvor <strong>mindestens sechs Monate ununterbrochen versichert<\/strong> war. In diesem Fall wird das Krankengeld f\u00fcr die Dauer der Arbeitsunf\u00e4higkeit weiter gew\u00e4hrt, jedoch h\u00f6chstens f\u00fcr <strong>52 Wochen<\/strong>.<\/p>\n<\/div><\/div>\n\n\n\n<div class=\"wp-block-frontaliers-grandest-plugin-frge-accordion-block\"><div class=\"accordion-top\"><h4 class=\"accordion-title\"><strong>Arbeitsrechtliche Konsequenzen<\/strong>:<\/h4><svg viewBox=\"0 0 24 24\" stroke-width=\"1.5\" fill=\"none\" xmlns=\"http:\/\/www.w3.org\/2000\/svg\" class=\"accordion-top__icon\"><path d=\"M3 12L21 12M21 12L12.5 3.5M21 12L12.5 20.5\" stroke-width=\"1.5\" stroke-linecap=\"round\" stroke-linejoin=\"round\"><\/path><\/svg><\/div><div class=\"accordion-content\">\n<ul class=\"wp-block-list\">\n<li>Der Arbeitsvertrag endet automatisch nach Aussch\u00f6pfung des Krankengeldanspruchs (78 Wochen) oder mit der Mitteilung der Entscheidung der zust\u00e4ndigen Kommission (z. B. bei externer Wiedereingliederung oder Invalidit\u00e4t).<\/li>\n\n\n\n<li>Der Arbeitgeber darf w\u00e4hrend eines Zeitraums von <strong>26 Wochen ab dem ersten Tag der Arbeitsunf\u00e4higkeit<\/strong> weder k\u00fcndigen noch zu einem Vorgespr\u00e4ch einladen.<\/li>\n<\/ul>\n<\/div><\/div>\n\n\n\n<div class=\"wp-block-frontaliers-grandest-plugin-frge-accordion-block\"><div class=\"accordion-top\"><h4 class=\"accordion-title\"><strong>H\u00f6he der Leistungen in Luxemburg<\/strong><\/h4><svg viewBox=\"0 0 24 24\" stroke-width=\"1.5\" fill=\"none\" xmlns=\"http:\/\/www.w3.org\/2000\/svg\" class=\"accordion-top__icon\"><path d=\"M3 12L21 12M21 12L12.5 3.5M21 12L12.5 20.5\" stroke-width=\"1.5\" stroke-linecap=\"round\" stroke-linejoin=\"round\"><\/path><\/svg><\/div><div class=\"accordion-content\">\n<ul class=\"wp-block-list\">\n<li><strong>Arbeitnehmer:&nbsp;<\/strong>100 % des Arbeitsentgelts, das der Arbeitnehmer bei Fortsetzung seiner Arbeit bezogen h\u00e4tte, allerdings nicht bei \u00dcberstunden.<\/li>\n\n\n\n<li><strong>Selbstst\u00e4ndige:&nbsp;<\/strong>100 % des anwendbaren beitragspflichtigen Satzes zum Zeitpunkt des Eintretens der Arbeitsunf\u00e4higkeit.<\/li>\n<\/ul>\n\n\n\n<p><strong>Mindestbetrag<\/strong>:\u00a0gesetzlicher Mindestlohn, d.h.\u00a0<strong>2.703,74 \u20ac\u00a0<\/strong>am 1.Januar 2026.<\/p>\n\n\n\n<p><strong>H\u00f6chstbetrag:\u00a0<\/strong>der f\u00fcnffache gesetzliche Mindestlohn, d.h.<strong>3.218,70 \u20ac\u00a0<\/strong>am 1. Januar 2026.<\/p>\n<\/div><\/div>\n","protected":false},"excerpt":{"rendered":"<p>Sachleistungen in Luxemburg Sollten alle notwendigen Formalit\u00e4ten erf\u00fcllt werden,&nbsp;kann der Grenzg\u00e4nger genauso in Luxemburg wie in Deutschland sich behandeln. Behandeln Sie sich in Luxemburg, werden die&nbsp;Sach- und Geldleistungen nach der luxemburgischen Gesetzgebung zur\u00fcckgezahlt.&nbsp;Werden Sie von einem deutschen Arzt behandelt, werden Sie nach dem deutschen Erstattungssatz zur\u00fcckgezahlt. In Luxemburg werden die Leistungen f\u00fcr die medizinische Versorgung [&hellip;]<\/p>\n","protected":false},"author":7,"featured_media":0,"parent":8659,"menu_order":2,"comment_status":"closed","ping_status":"closed","template":"","meta":{"inline_featured_image":false,"footnotes":""},"tags":[461,897,896,517,454],"frge_profile":[225],"class_list":["post-8670","page","type-page","status-publish","hentry","tag-arbeitnehmer","tag-arbeitsausfall","tag-die-krankenversicherung","tag-grengaenger","tag-luxemburg","frge_profile-arbeitnehmer"],"yoast_head":"<!-- This site is optimized with the Yoast SEO plugin v27.1.1 - https:\/\/yoast.com\/product\/yoast-seo-wordpress\/ -->\n<title>Welcher Versicherungsschutz wird Ihnen und Ihren Familien gew\u00e4hrt ? - Frontaliers Grand Est<\/title>\n<meta name=\"description\" content=\"Entdecken Sie die Leistungen, auf die Sie sich im Krankheitsfall berufen k\u00f6nnten, also Ihren Versicherungsschutz in Luxemburg\" \/>\n<meta name=\"robots\" content=\"index, follow, max-snippet:-1, max-image-preview:large, max-video-preview:-1\" \/>\n<link rel=\"canonical\" href=\"https:\/\/frontaliers-grandest.eu\/de\/startseite\/grenzganger\/deutschland-luxemburg\/sozialversicherung\/die-krankenversicherung\/welcher-versicherungsschutz-wird-ihnen-und-ihren-familien-gewahrt\/\" \/>\n<meta property=\"og:locale\" content=\"de_DE\" \/>\n<meta property=\"og:type\" content=\"article\" \/>\n<meta property=\"og:title\" content=\"Welcher Versicherungsschutz wird Ihnen und Ihren Familien gew\u00e4hrt ? - Frontaliers Grand Est\" \/>\n<meta property=\"og:description\" content=\"Entdecken Sie die Leistungen, auf die Sie sich im Krankheitsfall berufen k\u00f6nnten, also Ihren Versicherungsschutz in Luxemburg\" \/>\n<meta property=\"og:url\" content=\"https:\/\/frontaliers-grandest.eu\/de\/startseite\/grenzganger\/deutschland-luxemburg\/sozialversicherung\/die-krankenversicherung\/welcher-versicherungsschutz-wird-ihnen-und-ihren-familien-gewahrt\/\" \/>\n<meta property=\"og:site_name\" content=\"Frontaliers Grand Est\" \/>\n<meta property=\"article:publisher\" content=\"https:\/\/www.facebook.com\/frontaliers.GR.EST\/?locale=fr_FR\" \/>\n<meta property=\"article:modified_time\" content=\"2026-03-19T13:40:17+00:00\" \/>\n<meta name=\"twitter:card\" content=\"summary_large_image\" \/>\n<meta name=\"twitter:label1\" content=\"Gesch\u00e4tzte Lesezeit\" \/>\n\t<meta name=\"twitter:data1\" content=\"5\u00a0Minuten\" \/>\n<script type=\"application\/ld+json\" class=\"yoast-schema-graph\">{\"@context\":\"https:\/\/schema.org\",\"@graph\":[{\"@type\":\"WebPage\",\"@id\":\"https:\/\/frontaliers-grandest.eu\/de\/startseite\/grenzganger\/deutschland-luxemburg\/sozialversicherung\/die-krankenversicherung\/welcher-versicherungsschutz-wird-ihnen-und-ihren-familien-gewahrt\/\",\"url\":\"https:\/\/frontaliers-grandest.eu\/de\/startseite\/grenzganger\/deutschland-luxemburg\/sozialversicherung\/die-krankenversicherung\/welcher-versicherungsschutz-wird-ihnen-und-ihren-familien-gewahrt\/\",\"name\":\"Welcher Versicherungsschutz wird Ihnen und Ihren Familien gew\u00e4hrt ? - Frontaliers Grand Est\",\"isPartOf\":{\"@id\":\"https:\/\/frontaliers-grandest.eu\/de\/#website\"},\"datePublished\":\"2021-06-15T12:40:53+00:00\",\"dateModified\":\"2026-03-19T13:40:17+00:00\",\"description\":\"Entdecken Sie die Leistungen, auf die Sie sich im Krankheitsfall berufen k\u00f6nnten, also Ihren Versicherungsschutz in Luxemburg\",\"breadcrumb\":{\"@id\":\"https:\/\/frontaliers-grandest.eu\/de\/startseite\/grenzganger\/deutschland-luxemburg\/sozialversicherung\/die-krankenversicherung\/welcher-versicherungsschutz-wird-ihnen-und-ihren-familien-gewahrt\/#breadcrumb\"},\"inLanguage\":\"de\",\"potentialAction\":[{\"@type\":\"ReadAction\",\"target\":[\"https:\/\/frontaliers-grandest.eu\/de\/startseite\/grenzganger\/deutschland-luxemburg\/sozialversicherung\/die-krankenversicherung\/welcher-versicherungsschutz-wird-ihnen-und-ihren-familien-gewahrt\/\"]}]},{\"@type\":\"BreadcrumbList\",\"@id\":\"https:\/\/frontaliers-grandest.eu\/de\/startseite\/grenzganger\/deutschland-luxemburg\/sozialversicherung\/die-krankenversicherung\/welcher-versicherungsschutz-wird-ihnen-und-ihren-familien-gewahrt\/#breadcrumb\",\"itemListElement\":[{\"@type\":\"ListItem\",\"position\":1,\"name\":\"Startseite\",\"item\":\"https:\/\/frontaliers-grandest.eu\/de\/\"},{\"@type\":\"ListItem\",\"position\":2,\"name\":\"Grenzg\u00e4nger\",\"item\":\"https:\/\/frontaliers-grandest.eu\/de\/startseite\/grenzganger\/\"},{\"@type\":\"ListItem\",\"position\":3,\"name\":\"Deutschland - Luxemburg\",\"item\":\"https:\/\/frontaliers-grandest.eu\/de\/startseite\/grenzganger\/deutschland-luxemburg\/\"},{\"@type\":\"ListItem\",\"position\":4,\"name\":\"Sozialversicherung in Luxemburg\",\"item\":\"https:\/\/frontaliers-grandest.eu\/de\/startseite\/grenzganger\/deutschland-luxemburg\/sozialversicherung\/\"},{\"@type\":\"ListItem\",\"position\":5,\"name\":\"Die Krankenversicherung\",\"item\":\"https:\/\/frontaliers-grandest.eu\/de\/startseite\/grenzganger\/deutschland-luxemburg\/sozialversicherung\/die-krankenversicherung\/\"},{\"@type\":\"ListItem\",\"position\":6,\"name\":\"Welcher Versicherungsschutz wird Ihnen und Ihren Familien gew\u00e4hrt ?\"}]},{\"@type\":\"WebSite\",\"@id\":\"https:\/\/frontaliers-grandest.eu\/de\/#website\",\"url\":\"https:\/\/frontaliers-grandest.eu\/de\/\",\"name\":\"Frontaliers Grand Est\",\"description\":\"Le site ressource du travail frontalier\",\"publisher\":{\"@id\":\"https:\/\/frontaliers-grandest.eu\/de\/#organization\"},\"alternateName\":\"Frontaliers Grand Est\",\"potentialAction\":[{\"@type\":\"SearchAction\",\"target\":{\"@type\":\"EntryPoint\",\"urlTemplate\":\"https:\/\/frontaliers-grandest.eu\/de\/?s={search_term_string}\"},\"query-input\":{\"@type\":\"PropertyValueSpecification\",\"valueRequired\":true,\"valueName\":\"search_term_string\"}}],\"inLanguage\":\"de\"},{\"@type\":\"Organization\",\"@id\":\"https:\/\/frontaliers-grandest.eu\/de\/#organization\",\"name\":\"Frontaliers Grand Est\",\"alternateName\":\"Frontaliers Grand Est\",\"url\":\"https:\/\/frontaliers-grandest.eu\/de\/\",\"logo\":{\"@type\":\"ImageObject\",\"inLanguage\":\"de\",\"@id\":\"https:\/\/frontaliers-grandest.eu\/de\/#\/schema\/logo\/image\/\",\"url\":\"https:\/\/frontaliers-grandest.eu\/wp-content\/uploads\/2025\/07\/260328234_2966785176920310_3332838526503858160_n.jpg\",\"contentUrl\":\"https:\/\/frontaliers-grandest.eu\/wp-content\/uploads\/2025\/07\/260328234_2966785176920310_3332838526503858160_n.jpg\",\"width\":396,\"height\":396,\"caption\":\"Frontaliers Grand Est\"},\"image\":{\"@id\":\"https:\/\/frontaliers-grandest.eu\/de\/#\/schema\/logo\/image\/\"},\"sameAs\":[\"https:\/\/www.facebook.com\/frontaliers.GR.EST\/?locale=fr_FR\"]}]}<\/script>\n<!-- \/ Yoast SEO plugin. -->","yoast_head_json":{"title":"Welcher Versicherungsschutz wird Ihnen und Ihren Familien gew\u00e4hrt ? - Frontaliers Grand Est","description":"Entdecken Sie die Leistungen, auf die Sie sich im Krankheitsfall berufen k\u00f6nnten, also Ihren Versicherungsschutz in Luxemburg","robots":{"index":"index","follow":"follow","max-snippet":"max-snippet:-1","max-image-preview":"max-image-preview:large","max-video-preview":"max-video-preview:-1"},"canonical":"https:\/\/frontaliers-grandest.eu\/de\/startseite\/grenzganger\/deutschland-luxemburg\/sozialversicherung\/die-krankenversicherung\/welcher-versicherungsschutz-wird-ihnen-und-ihren-familien-gewahrt\/","og_locale":"de_DE","og_type":"article","og_title":"Welcher Versicherungsschutz wird Ihnen und Ihren Familien gew\u00e4hrt ? - Frontaliers Grand Est","og_description":"Entdecken Sie die Leistungen, auf die Sie sich im Krankheitsfall berufen k\u00f6nnten, also Ihren Versicherungsschutz in Luxemburg","og_url":"https:\/\/frontaliers-grandest.eu\/de\/startseite\/grenzganger\/deutschland-luxemburg\/sozialversicherung\/die-krankenversicherung\/welcher-versicherungsschutz-wird-ihnen-und-ihren-familien-gewahrt\/","og_site_name":"Frontaliers Grand Est","article_publisher":"https:\/\/www.facebook.com\/frontaliers.GR.EST\/?locale=fr_FR","article_modified_time":"2026-03-19T13:40:17+00:00","twitter_card":"summary_large_image","twitter_misc":{"Gesch\u00e4tzte Lesezeit":"5\u00a0Minuten"},"schema":{"@context":"https:\/\/schema.org","@graph":[{"@type":"WebPage","@id":"https:\/\/frontaliers-grandest.eu\/de\/startseite\/grenzganger\/deutschland-luxemburg\/sozialversicherung\/die-krankenversicherung\/welcher-versicherungsschutz-wird-ihnen-und-ihren-familien-gewahrt\/","url":"https:\/\/frontaliers-grandest.eu\/de\/startseite\/grenzganger\/deutschland-luxemburg\/sozialversicherung\/die-krankenversicherung\/welcher-versicherungsschutz-wird-ihnen-und-ihren-familien-gewahrt\/","name":"Welcher Versicherungsschutz wird Ihnen und Ihren Familien gew\u00e4hrt ? - Frontaliers Grand Est","isPartOf":{"@id":"https:\/\/frontaliers-grandest.eu\/de\/#website"},"datePublished":"2021-06-15T12:40:53+00:00","dateModified":"2026-03-19T13:40:17+00:00","description":"Entdecken Sie die Leistungen, auf die Sie sich im Krankheitsfall berufen k\u00f6nnten, also Ihren Versicherungsschutz in Luxemburg","breadcrumb":{"@id":"https:\/\/frontaliers-grandest.eu\/de\/startseite\/grenzganger\/deutschland-luxemburg\/sozialversicherung\/die-krankenversicherung\/welcher-versicherungsschutz-wird-ihnen-und-ihren-familien-gewahrt\/#breadcrumb"},"inLanguage":"de","potentialAction":[{"@type":"ReadAction","target":["https:\/\/frontaliers-grandest.eu\/de\/startseite\/grenzganger\/deutschland-luxemburg\/sozialversicherung\/die-krankenversicherung\/welcher-versicherungsschutz-wird-ihnen-und-ihren-familien-gewahrt\/"]}]},{"@type":"BreadcrumbList","@id":"https:\/\/frontaliers-grandest.eu\/de\/startseite\/grenzganger\/deutschland-luxemburg\/sozialversicherung\/die-krankenversicherung\/welcher-versicherungsschutz-wird-ihnen-und-ihren-familien-gewahrt\/#breadcrumb","itemListElement":[{"@type":"ListItem","position":1,"name":"Startseite","item":"https:\/\/frontaliers-grandest.eu\/de\/"},{"@type":"ListItem","position":2,"name":"Grenzg\u00e4nger","item":"https:\/\/frontaliers-grandest.eu\/de\/startseite\/grenzganger\/"},{"@type":"ListItem","position":3,"name":"Deutschland - Luxemburg","item":"https:\/\/frontaliers-grandest.eu\/de\/startseite\/grenzganger\/deutschland-luxemburg\/"},{"@type":"ListItem","position":4,"name":"Sozialversicherung in Luxemburg","item":"https:\/\/frontaliers-grandest.eu\/de\/startseite\/grenzganger\/deutschland-luxemburg\/sozialversicherung\/"},{"@type":"ListItem","position":5,"name":"Die Krankenversicherung","item":"https:\/\/frontaliers-grandest.eu\/de\/startseite\/grenzganger\/deutschland-luxemburg\/sozialversicherung\/die-krankenversicherung\/"},{"@type":"ListItem","position":6,"name":"Welcher Versicherungsschutz wird Ihnen und Ihren Familien gew\u00e4hrt ?"}]},{"@type":"WebSite","@id":"https:\/\/frontaliers-grandest.eu\/de\/#website","url":"https:\/\/frontaliers-grandest.eu\/de\/","name":"Frontaliers Grand Est","description":"Le site ressource du travail frontalier","publisher":{"@id":"https:\/\/frontaliers-grandest.eu\/de\/#organization"},"alternateName":"Frontaliers Grand Est","potentialAction":[{"@type":"SearchAction","target":{"@type":"EntryPoint","urlTemplate":"https:\/\/frontaliers-grandest.eu\/de\/?s={search_term_string}"},"query-input":{"@type":"PropertyValueSpecification","valueRequired":true,"valueName":"search_term_string"}}],"inLanguage":"de"},{"@type":"Organization","@id":"https:\/\/frontaliers-grandest.eu\/de\/#organization","name":"Frontaliers Grand Est","alternateName":"Frontaliers Grand Est","url":"https:\/\/frontaliers-grandest.eu\/de\/","logo":{"@type":"ImageObject","inLanguage":"de","@id":"https:\/\/frontaliers-grandest.eu\/de\/#\/schema\/logo\/image\/","url":"https:\/\/frontaliers-grandest.eu\/wp-content\/uploads\/2025\/07\/260328234_2966785176920310_3332838526503858160_n.jpg","contentUrl":"https:\/\/frontaliers-grandest.eu\/wp-content\/uploads\/2025\/07\/260328234_2966785176920310_3332838526503858160_n.jpg","width":396,"height":396,"caption":"Frontaliers Grand Est"},"image":{"@id":"https:\/\/frontaliers-grandest.eu\/de\/#\/schema\/logo\/image\/"},"sameAs":["https:\/\/www.facebook.com\/frontaliers.GR.EST\/?locale=fr_FR"]}]}},"frge_page_order":"0","_links":{"self":[{"href":"https:\/\/frontaliers-grandest.eu\/de\/wp-json\/wp\/v2\/pages\/8670","targetHints":{"allow":["GET"]}}],"collection":[{"href":"https:\/\/frontaliers-grandest.eu\/de\/wp-json\/wp\/v2\/pages"}],"about":[{"href":"https:\/\/frontaliers-grandest.eu\/de\/wp-json\/wp\/v2\/types\/page"}],"author":[{"embeddable":true,"href":"https:\/\/frontaliers-grandest.eu\/de\/wp-json\/wp\/v2\/users\/7"}],"replies":[{"embeddable":true,"href":"https:\/\/frontaliers-grandest.eu\/de\/wp-json\/wp\/v2\/comments?post=8670"}],"version-history":[{"count":31,"href":"https:\/\/frontaliers-grandest.eu\/de\/wp-json\/wp\/v2\/pages\/8670\/revisions"}],"predecessor-version":[{"id":58594,"href":"https:\/\/frontaliers-grandest.eu\/de\/wp-json\/wp\/v2\/pages\/8670\/revisions\/58594"}],"up":[{"embeddable":true,"href":"https:\/\/frontaliers-grandest.eu\/de\/wp-json\/wp\/v2\/pages\/8659"}],"wp:attachment":[{"href":"https:\/\/frontaliers-grandest.eu\/de\/wp-json\/wp\/v2\/media?parent=8670"}],"wp:term":[{"taxonomy":"post_tag","embeddable":true,"href":"https:\/\/frontaliers-grandest.eu\/de\/wp-json\/wp\/v2\/tags?post=8670"},{"taxonomy":"frge_profile","embeddable":true,"href":"https:\/\/frontaliers-grandest.eu\/de\/wp-json\/wp\/v2\/frge_profile?post=8670"}],"curies":[{"name":"wp","href":"https:\/\/api.w.org\/{rel}","templated":true}]}}