{"id":8391,"date":"2021-06-08T15:01:43","date_gmt":"2021-06-08T13:01:43","guid":{"rendered":"https:\/\/frontaliers-grandest.eu\/?page_id=8391"},"modified":"2026-01-16T15:12:58","modified_gmt":"2026-01-16T14:12:58","slug":"kann-mich-mein-arbeitgeber-entlassen-wahrend-ich-krankgeschrieben-bin","status":"publish","type":"page","link":"https:\/\/frontaliers-grandest.eu\/de\/startseite\/grenzganger\/deutschland-frankreich\/sozialversicherung\/die-krankenversicherung\/kann-mich-mein-arbeitgeber-entlassen-wahrend-ich-krankgeschrieben-bin\/","title":{"rendered":"Kann mich mein Arbeitgeber entlassen w\u00e4hrend ich krankgeschrieben bin?"},"content":{"rendered":"\n<div class=\"wp-block-frontaliers-grandest-plugin-frge-accordion-block\"><div class=\"accordion-top\"><h4 class=\"accordion-title\"><strong>Im Falle einer von Ihrem Arzt festgestellten Krankheit ?\u00a0<\/strong><\/h4><svg viewBox=\"0 0 24 24\" stroke-width=\"1.5\" fill=\"none\" xmlns=\"http:\/\/www.w3.org\/2000\/svg\" class=\"accordion-top__icon\"><path d=\"M3 12L21 12M21 12L12.5 3.5M21 12L12.5 20.5\" stroke-width=\"1.5\" stroke-linecap=\"round\" stroke-linejoin=\"round\"><\/path><\/svg><\/div><div class=\"accordion-content\">\n<p>Ihr Krankheitszustand kann keinen Entlassungsgrund darstellen. Ihre Krankheit l\u00e4sst also Ihren Arbeitsvertrag lediglich ruhen. Nach Ihrer Genesung m\u00fcssen Sie Ihre T\u00e4tigkeit wieder aufnehmen.<\/p>\n\n\n\n<p>Dennoch beh\u00e4lt sich Ihr Arbeitgeber die M\u00f6glichkeit vor,&nbsp;<strong>Ihren Arbeitsvertrag aus einem Grund, der nichts mit Ihrer Krankheit zu tun hat, oder wegen eines groben Fehlers Ihrerseits zu k\u00fcndigen.<\/strong><\/p>\n<\/div><\/div>\n\n\n\n<div class=\"wp-block-frontaliers-grandest-plugin-frge-accordion-block\"><div class=\"accordion-top\"><h4 class=\"accordion-title\"><strong>Im Falle l\u00e4ngerer krankheitsbedingter Abwesenheiten ?\u00a0<\/strong><\/h4><svg viewBox=\"0 0 24 24\" stroke-width=\"1.5\" fill=\"none\" xmlns=\"http:\/\/www.w3.org\/2000\/svg\" class=\"accordion-top__icon\"><path d=\"M3 12L21 12M21 12L12.5 3.5M21 12L12.5 20.5\" stroke-width=\"1.5\" stroke-linecap=\"round\" stroke-linejoin=\"round\"><\/path><\/svg><\/div><div class=\"accordion-content\">\n<p><strong>Wenn Ihre l\u00e4ngeren (oder wiederholten) Abwesenheiten zu erheblichen St\u00f6rungen im Betriebsablauf f\u00fchren und Ihre endg\u00fcltige Ersetzung erforderlich machen, k\u00f6nnen diese einen K\u00fcndigungsgrund darstellen.<\/strong><\/p>\n\n\n\n<p>Ihr Arbeitgeber wird folgende Faktoren ber\u00fccksichtigen:<\/p>\n\n\n\n<ul class=\"wp-block-list\">\n<li>die Anzahl und Dauer Ihrer Abwesenheiten,<\/li>\n\n\n\n<li>die Gr\u00f6\u00dfe Ihres Unternehmens,<\/li>\n\n\n\n<li>die Art Ihrer T\u00e4tigkeit.<\/li>\n<\/ul>\n\n\n\n<p>Schauen Sie in Ihrem Tarifvertrag nach; dieser kann eine Besch\u00e4ftigungssicherungsklausel enthalten, die es Ihrem Arbeitgeber verbietet, Sie w\u00e4hrend einer bestimmten Zeit zu entlassen, wenn Sie krank sind, selbst wenn Ihre Abwesenheit zu einer St\u00f6rung Ihres Unternehmens f\u00fchrt.<\/p>\n\n\n\n<p>Nach Ablauf der in der Besch\u00e4ftigungssicherungsklausel vorgesehenen Frist kann Ihr Arbeitgeber Sie unter Einhaltung aller Verfahrensvorschriften f\u00fcr K\u00fcndigungen entlassen. Der Grund f\u00fcr die K\u00fcndigung darf niemals Ihr Gesundheitszustand sein.<\/p>\n\n\n\n<p><strong>Im K\u00fcndigungsschreiben muss die Notwendigkeit der Ersetzung und die St\u00f6rungen, die die Abwesenheit des Arbeitnehmers f\u00fcr den Betrieb des Unternehmens mit sich bringt, klar angegeben werden.<\/strong><\/p>\n<\/div><\/div>\n\n\n\n<div class=\"wp-block-frontaliers-grandest-plugin-frge-accordion-block\"><div class=\"accordion-top\"><h4 class=\"accordion-title\">Wenn der Arbeitsmediziner Sie f\u00fcr f\u00e4hig befunden hat, Ihre bisherige T\u00e4tigkeit auszu\u00fcben<\/h4><svg viewBox=\"0 0 24 24\" stroke-width=\"1.5\" fill=\"none\" xmlns=\"http:\/\/www.w3.org\/2000\/svg\" class=\"accordion-top__icon\"><path d=\"M3 12L21 12M21 12L12.5 3.5M21 12L12.5 20.5\" stroke-width=\"1.5\" stroke-linecap=\"round\" stroke-linejoin=\"round\"><\/path><\/svg><\/div><div class=\"accordion-content\">\n<p><strong>Der Arbeitsmediziner ist allein daf\u00fcr zust\u00e4ndig, zu beurteilen, ob Sie f\u00fcr die Aus\u00fcbung Ihrer T\u00e4tigkeit geeignet oder ungeeignet sind.<\/strong><\/p>\n\n\n\n<p>Wenn der Arbeitsmediziner feststellt, dass Sie aus nicht berufsbedingten Gr\u00fcnden f\u00fcr die Aus\u00fcbung Ihrer T\u00e4tigkeit im Unternehmen ungeeignet sind, ist Ihr Arbeitgeber verpflichtet, alles zu unternehmen, um Ihnen eine andere Stelle im Unternehmen zu vermitteln.<\/p>\n\n\n\n<p>Dabei muss er Ihre F\u00e4higkeiten unter Ber\u00fccksichtigung der Vorgaben des Arbeitsmediziners ber\u00fccksichtigen.<\/p>\n\n\n\n<p>Ihr Arbeitgeber muss versuchen, Sie umzusetzen, auch wenn der Arbeitsmediziner Sie f\u00fcr jede T\u00e4tigkeit im Unternehmen f\u00fcr untauglich erkl\u00e4rt hat!<\/p>\n\n\n\n<p>Wenn Ihr Arbeitgeber Ihnen zur Umsetzung eine \u00c4nderung Ihres Arbeitsvertrags vorschl\u00e4gt, haben Sie die M\u00f6glichkeit, eine solche Umsetzung abzulehnen; Ihre Ablehnung darf jedoch nicht missbr\u00e4uchlich sein.<\/p>\n\n\n\n<div class=\"wp-block-frontaliers-grandest-plugin-frge-accordion-block\"><div class=\"accordion-top\"><h4 class=\"accordion-title\">Wenn Sie einen unbefristeten Arbeitsvertrag haben<\/h4><svg viewBox=\"0 0 24 24\" stroke-width=\"1.5\" fill=\"none\" xmlns=\"http:\/\/www.w3.org\/2000\/svg\" class=\"accordion-top__icon\"><path d=\"M3 12L21 12M21 12L12.5 3.5M21 12L12.5 20.5\" stroke-width=\"1.5\" stroke-linecap=\"round\" stroke-linejoin=\"round\"><\/path><\/svg><\/div><div class=\"accordion-content\">\n<p>Wenn Ihr Arbeitgeber trotz seiner Bem\u00fchungen um eine Wiedereingliederung oder weil Sie die angebotenen Stellen abgelehnt haben, keine Wiedereingliederung f\u00fcr Sie finden konnte, kann der Arbeitsvertrag gek\u00fcndigt werden.<\/p>\n\n\n\n<p>Die in diesem Fall vorgesehene Vertragsaufl\u00f6sung wird als K\u00fcndigung wegen \u201evom Arbeitsmediziner festgestellter Arbeitsunf\u00e4higkeit\u201d gewertet; Ihr Arbeitgeber ist dann verpflichtet, das K\u00fcndigungsverfahren einzuhalten.<\/p>\n\n\n\n<p>Erfolgt innerhalb eines Monats nach der zweiten \u00e4rztlichen Untersuchung durch den Arbeitsmediziner, der Ihre Arbeitsunf\u00e4higkeit festgestellt hat, keine K\u00fcndigung oder Wiedereingliederung, ist Ihr Arbeitgeber verpflichtet, Ihnen Ihr Gehalt zu zahlen.<\/p>\n\n\n\n<p>Im Falle einer K\u00fcndigung haben Sie Anspruch auf die gesetzliche (oder im Tarifvertrag vorgesehene) K\u00fcndigungsentsch\u00e4digung, jedoch nicht auf eine K\u00fcndigungsfristentsch\u00e4digung.<\/p>\n<\/div><\/div>\n\n\n\n<div class=\"wp-block-frontaliers-grandest-plugin-frge-accordion-block\"><div class=\"accordion-top\"><h4 class=\"accordion-title\"><strong>Wenn Sie einen befristeten Vertrag haben<\/strong><\/h4><svg viewBox=\"0 0 24 24\" stroke-width=\"1.5\" fill=\"none\" xmlns=\"http:\/\/www.w3.org\/2000\/svg\" class=\"accordion-top__icon\"><path d=\"M3 12L21 12M21 12L12.5 3.5M21 12L12.5 20.5\" stroke-width=\"1.5\" stroke-linecap=\"round\" stroke-linejoin=\"round\"><\/path><\/svg><\/div><div class=\"accordion-content\">\n<p>Wenn Ihr Arbeitgeber es trotz seiner Bem\u00fchungen oder weil Sie die angebotenen Stellen abgelehnt haben, nicht geschafft hat, Sie umzusetzen, kann Ihr Arbeitgeber Ihren Arbeitsvertrag nicht k\u00fcndigen.<\/p>\n\n\n\n<p>Sie bleiben daher bis zum Ende Ihres Arbeitsvertrags im Personalbestand Ihres Unternehmens, zu dem Zeitpunkt endet auch Ihr Vertrag.<\/p>\n\n\n\n<p>Allerdings ist der Arbeitgeber nicht verpflichtet, Ihnen Gehalt zu zahlen, da Sie Ihre Arbeitsleistung nicht erbringen k\u00f6nnen.<\/p>\n\n\n\n<p>Wenn der Arbeitgeber den Vertrag ohne Ihre Zustimmung k\u00fcndigt, ist die K\u00fcndigung rechtswidrig, da sie keinen Fall h\u00f6herer Gewalt darstellt; der Arbeitnehmer kann dann Schadensersatz f\u00fcr den entstandenen Schaden verlangen.<\/p>\n<\/div><\/div>\n<\/div><\/div>\n","protected":false},"excerpt":{"rendered":"","protected":false},"author":7,"featured_media":0,"parent":8349,"menu_order":3,"comment_status":"closed","ping_status":"closed","template":"","meta":{"inline_featured_image":false,"footnotes":""},"tags":[461,838,448,517,836,455],"frge_profile":[225],"class_list":["post-8391","page","type-page","status-publish","hentry","tag-arbeitnehmer","tag-entlassung","tag-frankreich","tag-grengaenger","tag-krankenversicherung","tag-krankheit","frge_profile-arbeitnehmer"],"yoast_head":"<!-- This site is optimized with the Yoast SEO plugin v27.1.1 - https:\/\/yoast.com\/product\/yoast-seo-wordpress\/ -->\n<title>Kann mich mein Arbeitgeber entlassen w\u00e4hrend ich krankgeschrieben bin? - Frontaliers Grand Est<\/title>\n<meta name=\"description\" content=\"Entdecken Sie die Regeln bez\u00fcglich Krankheitsurlaub und K\u00fcndigung in Frankreich.\" \/>\n<meta name=\"robots\" content=\"index, follow, max-snippet:-1, max-image-preview:large, max-video-preview:-1\" \/>\n<link rel=\"canonical\" href=\"https:\/\/frontaliers-grandest.eu\/de\/startseite\/grenzganger\/deutschland-frankreich\/sozialversicherung\/die-krankenversicherung\/kann-mich-mein-arbeitgeber-entlassen-wahrend-ich-krankgeschrieben-bin\/\" \/>\n<meta property=\"og:locale\" content=\"de_DE\" \/>\n<meta property=\"og:type\" content=\"article\" \/>\n<meta property=\"og:title\" content=\"Kann mich mein Arbeitgeber entlassen w\u00e4hrend ich krankgeschrieben bin? - Frontaliers Grand Est\" \/>\n<meta property=\"og:description\" content=\"Entdecken Sie die Regeln bez\u00fcglich Krankheitsurlaub und K\u00fcndigung in Frankreich.\" \/>\n<meta property=\"og:url\" content=\"https:\/\/frontaliers-grandest.eu\/de\/startseite\/grenzganger\/deutschland-frankreich\/sozialversicherung\/die-krankenversicherung\/kann-mich-mein-arbeitgeber-entlassen-wahrend-ich-krankgeschrieben-bin\/\" \/>\n<meta property=\"og:site_name\" content=\"Frontaliers Grand Est\" \/>\n<meta property=\"article:publisher\" content=\"https:\/\/www.facebook.com\/frontaliers.GR.EST\/?locale=fr_FR\" \/>\n<meta property=\"article:modified_time\" content=\"2026-01-16T14:12:58+00:00\" \/>\n<meta name=\"twitter:card\" content=\"summary_large_image\" \/>\n<meta name=\"twitter:label1\" content=\"Gesch\u00e4tzte Lesezeit\" \/>\n\t<meta name=\"twitter:data1\" content=\"3\u00a0Minuten\" \/>\n<script type=\"application\/ld+json\" class=\"yoast-schema-graph\">{\"@context\":\"https:\/\/schema.org\",\"@graph\":[{\"@type\":\"WebPage\",\"@id\":\"https:\/\/frontaliers-grandest.eu\/de\/startseite\/grenzganger\/deutschland-frankreich\/sozialversicherung\/die-krankenversicherung\/kann-mich-mein-arbeitgeber-entlassen-wahrend-ich-krankgeschrieben-bin\/\",\"url\":\"https:\/\/frontaliers-grandest.eu\/de\/startseite\/grenzganger\/deutschland-frankreich\/sozialversicherung\/die-krankenversicherung\/kann-mich-mein-arbeitgeber-entlassen-wahrend-ich-krankgeschrieben-bin\/\",\"name\":\"Kann mich mein Arbeitgeber entlassen w\u00e4hrend ich krankgeschrieben bin? - Frontaliers Grand Est\",\"isPartOf\":{\"@id\":\"https:\/\/frontaliers-grandest.eu\/de\/#website\"},\"datePublished\":\"2021-06-08T13:01:43+00:00\",\"dateModified\":\"2026-01-16T14:12:58+00:00\",\"description\":\"Entdecken Sie die Regeln bez\u00fcglich Krankheitsurlaub und K\u00fcndigung in Frankreich.\",\"breadcrumb\":{\"@id\":\"https:\/\/frontaliers-grandest.eu\/de\/startseite\/grenzganger\/deutschland-frankreich\/sozialversicherung\/die-krankenversicherung\/kann-mich-mein-arbeitgeber-entlassen-wahrend-ich-krankgeschrieben-bin\/#breadcrumb\"},\"inLanguage\":\"de\",\"potentialAction\":[{\"@type\":\"ReadAction\",\"target\":[\"https:\/\/frontaliers-grandest.eu\/de\/startseite\/grenzganger\/deutschland-frankreich\/sozialversicherung\/die-krankenversicherung\/kann-mich-mein-arbeitgeber-entlassen-wahrend-ich-krankgeschrieben-bin\/\"]}]},{\"@type\":\"BreadcrumbList\",\"@id\":\"https:\/\/frontaliers-grandest.eu\/de\/startseite\/grenzganger\/deutschland-frankreich\/sozialversicherung\/die-krankenversicherung\/kann-mich-mein-arbeitgeber-entlassen-wahrend-ich-krankgeschrieben-bin\/#breadcrumb\",\"itemListElement\":[{\"@type\":\"ListItem\",\"position\":1,\"name\":\"Startseite\",\"item\":\"https:\/\/frontaliers-grandest.eu\/de\/\"},{\"@type\":\"ListItem\",\"position\":2,\"name\":\"Grenzg\u00e4nger\",\"item\":\"https:\/\/frontaliers-grandest.eu\/de\/startseite\/grenzganger\/\"},{\"@type\":\"ListItem\",\"position\":3,\"name\":\"Deutschland - Frankreich\",\"item\":\"https:\/\/frontaliers-grandest.eu\/de\/startseite\/grenzganger\/deutschland-frankreich\/\"},{\"@type\":\"ListItem\",\"position\":4,\"name\":\"Sozialversicherung in Frankreich\",\"item\":\"https:\/\/frontaliers-grandest.eu\/de\/startseite\/grenzganger\/deutschland-frankreich\/sozialversicherung\/\"},{\"@type\":\"ListItem\",\"position\":5,\"name\":\"Die Krankenversicherung\",\"item\":\"https:\/\/frontaliers-grandest.eu\/de\/startseite\/grenzganger\/deutschland-frankreich\/sozialversicherung\/die-krankenversicherung\/\"},{\"@type\":\"ListItem\",\"position\":6,\"name\":\"Kann mich mein Arbeitgeber entlassen w\u00e4hrend ich krankgeschrieben bin?\"}]},{\"@type\":\"WebSite\",\"@id\":\"https:\/\/frontaliers-grandest.eu\/de\/#website\",\"url\":\"https:\/\/frontaliers-grandest.eu\/de\/\",\"name\":\"Frontaliers Grand Est\",\"description\":\"Le site ressource du travail frontalier\",\"publisher\":{\"@id\":\"https:\/\/frontaliers-grandest.eu\/de\/#organization\"},\"alternateName\":\"Frontaliers Grand Est\",\"potentialAction\":[{\"@type\":\"SearchAction\",\"target\":{\"@type\":\"EntryPoint\",\"urlTemplate\":\"https:\/\/frontaliers-grandest.eu\/de\/?s={search_term_string}\"},\"query-input\":{\"@type\":\"PropertyValueSpecification\",\"valueRequired\":true,\"valueName\":\"search_term_string\"}}],\"inLanguage\":\"de\"},{\"@type\":\"Organization\",\"@id\":\"https:\/\/frontaliers-grandest.eu\/de\/#organization\",\"name\":\"Frontaliers Grand Est\",\"alternateName\":\"Frontaliers Grand Est\",\"url\":\"https:\/\/frontaliers-grandest.eu\/de\/\",\"logo\":{\"@type\":\"ImageObject\",\"inLanguage\":\"de\",\"@id\":\"https:\/\/frontaliers-grandest.eu\/de\/#\/schema\/logo\/image\/\",\"url\":\"https:\/\/frontaliers-grandest.eu\/wp-content\/uploads\/2025\/07\/260328234_2966785176920310_3332838526503858160_n.jpg\",\"contentUrl\":\"https:\/\/frontaliers-grandest.eu\/wp-content\/uploads\/2025\/07\/260328234_2966785176920310_3332838526503858160_n.jpg\",\"width\":396,\"height\":396,\"caption\":\"Frontaliers Grand Est\"},\"image\":{\"@id\":\"https:\/\/frontaliers-grandest.eu\/de\/#\/schema\/logo\/image\/\"},\"sameAs\":[\"https:\/\/www.facebook.com\/frontaliers.GR.EST\/?locale=fr_FR\"]}]}<\/script>\n<!-- \/ Yoast SEO plugin. -->","yoast_head_json":{"title":"Kann mich mein Arbeitgeber entlassen w\u00e4hrend ich krankgeschrieben bin? - Frontaliers Grand Est","description":"Entdecken Sie die Regeln bez\u00fcglich Krankheitsurlaub und K\u00fcndigung in Frankreich.","robots":{"index":"index","follow":"follow","max-snippet":"max-snippet:-1","max-image-preview":"max-image-preview:large","max-video-preview":"max-video-preview:-1"},"canonical":"https:\/\/frontaliers-grandest.eu\/de\/startseite\/grenzganger\/deutschland-frankreich\/sozialversicherung\/die-krankenversicherung\/kann-mich-mein-arbeitgeber-entlassen-wahrend-ich-krankgeschrieben-bin\/","og_locale":"de_DE","og_type":"article","og_title":"Kann mich mein Arbeitgeber entlassen w\u00e4hrend ich krankgeschrieben bin? - Frontaliers Grand Est","og_description":"Entdecken Sie die Regeln bez\u00fcglich Krankheitsurlaub und K\u00fcndigung in Frankreich.","og_url":"https:\/\/frontaliers-grandest.eu\/de\/startseite\/grenzganger\/deutschland-frankreich\/sozialversicherung\/die-krankenversicherung\/kann-mich-mein-arbeitgeber-entlassen-wahrend-ich-krankgeschrieben-bin\/","og_site_name":"Frontaliers Grand Est","article_publisher":"https:\/\/www.facebook.com\/frontaliers.GR.EST\/?locale=fr_FR","article_modified_time":"2026-01-16T14:12:58+00:00","twitter_card":"summary_large_image","twitter_misc":{"Gesch\u00e4tzte Lesezeit":"3\u00a0Minuten"},"schema":{"@context":"https:\/\/schema.org","@graph":[{"@type":"WebPage","@id":"https:\/\/frontaliers-grandest.eu\/de\/startseite\/grenzganger\/deutschland-frankreich\/sozialversicherung\/die-krankenversicherung\/kann-mich-mein-arbeitgeber-entlassen-wahrend-ich-krankgeschrieben-bin\/","url":"https:\/\/frontaliers-grandest.eu\/de\/startseite\/grenzganger\/deutschland-frankreich\/sozialversicherung\/die-krankenversicherung\/kann-mich-mein-arbeitgeber-entlassen-wahrend-ich-krankgeschrieben-bin\/","name":"Kann mich mein Arbeitgeber entlassen w\u00e4hrend ich krankgeschrieben bin? - Frontaliers Grand Est","isPartOf":{"@id":"https:\/\/frontaliers-grandest.eu\/de\/#website"},"datePublished":"2021-06-08T13:01:43+00:00","dateModified":"2026-01-16T14:12:58+00:00","description":"Entdecken Sie die Regeln bez\u00fcglich Krankheitsurlaub und K\u00fcndigung in Frankreich.","breadcrumb":{"@id":"https:\/\/frontaliers-grandest.eu\/de\/startseite\/grenzganger\/deutschland-frankreich\/sozialversicherung\/die-krankenversicherung\/kann-mich-mein-arbeitgeber-entlassen-wahrend-ich-krankgeschrieben-bin\/#breadcrumb"},"inLanguage":"de","potentialAction":[{"@type":"ReadAction","target":["https:\/\/frontaliers-grandest.eu\/de\/startseite\/grenzganger\/deutschland-frankreich\/sozialversicherung\/die-krankenversicherung\/kann-mich-mein-arbeitgeber-entlassen-wahrend-ich-krankgeschrieben-bin\/"]}]},{"@type":"BreadcrumbList","@id":"https:\/\/frontaliers-grandest.eu\/de\/startseite\/grenzganger\/deutschland-frankreich\/sozialversicherung\/die-krankenversicherung\/kann-mich-mein-arbeitgeber-entlassen-wahrend-ich-krankgeschrieben-bin\/#breadcrumb","itemListElement":[{"@type":"ListItem","position":1,"name":"Startseite","item":"https:\/\/frontaliers-grandest.eu\/de\/"},{"@type":"ListItem","position":2,"name":"Grenzg\u00e4nger","item":"https:\/\/frontaliers-grandest.eu\/de\/startseite\/grenzganger\/"},{"@type":"ListItem","position":3,"name":"Deutschland - Frankreich","item":"https:\/\/frontaliers-grandest.eu\/de\/startseite\/grenzganger\/deutschland-frankreich\/"},{"@type":"ListItem","position":4,"name":"Sozialversicherung in Frankreich","item":"https:\/\/frontaliers-grandest.eu\/de\/startseite\/grenzganger\/deutschland-frankreich\/sozialversicherung\/"},{"@type":"ListItem","position":5,"name":"Die Krankenversicherung","item":"https:\/\/frontaliers-grandest.eu\/de\/startseite\/grenzganger\/deutschland-frankreich\/sozialversicherung\/die-krankenversicherung\/"},{"@type":"ListItem","position":6,"name":"Kann mich mein Arbeitgeber entlassen w\u00e4hrend ich krankgeschrieben bin?"}]},{"@type":"WebSite","@id":"https:\/\/frontaliers-grandest.eu\/de\/#website","url":"https:\/\/frontaliers-grandest.eu\/de\/","name":"Frontaliers Grand Est","description":"Le site ressource du travail frontalier","publisher":{"@id":"https:\/\/frontaliers-grandest.eu\/de\/#organization"},"alternateName":"Frontaliers Grand Est","potentialAction":[{"@type":"SearchAction","target":{"@type":"EntryPoint","urlTemplate":"https:\/\/frontaliers-grandest.eu\/de\/?s={search_term_string}"},"query-input":{"@type":"PropertyValueSpecification","valueRequired":true,"valueName":"search_term_string"}}],"inLanguage":"de"},{"@type":"Organization","@id":"https:\/\/frontaliers-grandest.eu\/de\/#organization","name":"Frontaliers Grand Est","alternateName":"Frontaliers Grand Est","url":"https:\/\/frontaliers-grandest.eu\/de\/","logo":{"@type":"ImageObject","inLanguage":"de","@id":"https:\/\/frontaliers-grandest.eu\/de\/#\/schema\/logo\/image\/","url":"https:\/\/frontaliers-grandest.eu\/wp-content\/uploads\/2025\/07\/260328234_2966785176920310_3332838526503858160_n.jpg","contentUrl":"https:\/\/frontaliers-grandest.eu\/wp-content\/uploads\/2025\/07\/260328234_2966785176920310_3332838526503858160_n.jpg","width":396,"height":396,"caption":"Frontaliers Grand Est"},"image":{"@id":"https:\/\/frontaliers-grandest.eu\/de\/#\/schema\/logo\/image\/"},"sameAs":["https:\/\/www.facebook.com\/frontaliers.GR.EST\/?locale=fr_FR"]}]}},"frge_page_order":"0","_links":{"self":[{"href":"https:\/\/frontaliers-grandest.eu\/de\/wp-json\/wp\/v2\/pages\/8391","targetHints":{"allow":["GET"]}}],"collection":[{"href":"https:\/\/frontaliers-grandest.eu\/de\/wp-json\/wp\/v2\/pages"}],"about":[{"href":"https:\/\/frontaliers-grandest.eu\/de\/wp-json\/wp\/v2\/types\/page"}],"author":[{"embeddable":true,"href":"https:\/\/frontaliers-grandest.eu\/de\/wp-json\/wp\/v2\/users\/7"}],"replies":[{"embeddable":true,"href":"https:\/\/frontaliers-grandest.eu\/de\/wp-json\/wp\/v2\/comments?post=8391"}],"version-history":[{"count":2,"href":"https:\/\/frontaliers-grandest.eu\/de\/wp-json\/wp\/v2\/pages\/8391\/revisions"}],"predecessor-version":[{"id":56600,"href":"https:\/\/frontaliers-grandest.eu\/de\/wp-json\/wp\/v2\/pages\/8391\/revisions\/56600"}],"up":[{"embeddable":true,"href":"https:\/\/frontaliers-grandest.eu\/de\/wp-json\/wp\/v2\/pages\/8349"}],"wp:attachment":[{"href":"https:\/\/frontaliers-grandest.eu\/de\/wp-json\/wp\/v2\/media?parent=8391"}],"wp:term":[{"taxonomy":"post_tag","embeddable":true,"href":"https:\/\/frontaliers-grandest.eu\/de\/wp-json\/wp\/v2\/tags?post=8391"},{"taxonomy":"frge_profile","embeddable":true,"href":"https:\/\/frontaliers-grandest.eu\/de\/wp-json\/wp\/v2\/frge_profile?post=8391"}],"curies":[{"name":"wp","href":"https:\/\/api.w.org\/{rel}","templated":true}]}}