{"id":8349,"date":"2021-06-08T14:16:45","date_gmt":"2021-06-08T12:16:45","guid":{"rendered":"https:\/\/frontaliers-grandest.eu\/?page_id=8349"},"modified":"2026-01-16T11:44:25","modified_gmt":"2026-01-16T10:44:25","slug":"die-krankenversicherung","status":"publish","type":"page","link":"https:\/\/frontaliers-grandest.eu\/de\/startseite\/grenzganger\/deutschland-frankreich\/sozialversicherung\/die-krankenversicherung\/","title":{"rendered":"Die Krankenversicherung"},"content":{"rendered":"\n<h4 class=\"wp-block-heading\"><strong>Sie zahlen Ihre Beitr\u00e4ge an die&nbsp;franz\u00f6sische&nbsp;Krankenversicherung.<\/strong><\/h4>\n\n\n\n<p>Ihre Beitr\u00e4ge werden<strong>&nbsp;direkt durch Ihren Arbeitgeber abgezogen<\/strong>, der sie an die URSSAF (Union de Recouvrement des cotisations de S\u00e9curit\u00e9 Sociale et d\u2019Allocations Familiales) \u00fcberweist.<\/p>\n\n\n\n<h5 class=\"wp-block-heading\">Die Krankenversicherung setzt sich zusammen aus:<\/h5>\n\n\n\n<ul class=\"wp-block-list\"><li><strong>Sachleistungen,<\/strong>&nbsp;die vor allem allgemeinmedizinische Behandlungen, Zahnprothesen, Medikamente, Prothesen im Allgemeinen, Untersuchungen und Fr\u00fcherkennung, Krankenhausbehandlungen und generell alle Kosten umfassen, die durch Behandlungen, Erkrankungen oder Unf\u00e4lle entstehen.<\/li><li><strong>Geldleistungen<\/strong>, d.h. finanzielle Ausgleichszahlungen pro Tag, die im Falle einer Reduzierung oder Unterbrechung Ihres Gehalts oder Ihres Gewinns verursacht durch eine Krankheit oder einen Unfall gew\u00e4hrt werden.<\/li><\/ul>\n\n\n\n<p>Diese verschiedenen Leistungen sind dazu da, um Situationen vor\u00fcbergehender Erwerbsunf\u00e4higkeit auszugleichen.<\/p>\n","protected":false},"excerpt":{"rendered":"<p>Sie zahlen Ihre Beitr\u00e4ge an die&nbsp;franz\u00f6sische&nbsp;Krankenversicherung. Ihre Beitr\u00e4ge werden&nbsp;direkt durch Ihren Arbeitgeber abgezogen, der sie an die URSSAF (Union de Recouvrement des cotisations de S\u00e9curit\u00e9 Sociale et d\u2019Allocations Familiales) \u00fcberweist. Die Krankenversicherung setzt sich zusammen aus: Sachleistungen,&nbsp;die vor allem allgemeinmedizinische Behandlungen, Zahnprothesen, Medikamente, Prothesen im Allgemeinen, Untersuchungen und Fr\u00fcherkennung, Krankenhausbehandlungen und generell alle Kosten umfassen, [&hellip;]<\/p>\n","protected":false},"author":7,"featured_media":9900,"parent":8236,"menu_order":1,"comment_status":"closed","ping_status":"closed","template":"","meta":{"inline_featured_image":false,"footnotes":""},"tags":[461,448,517,835],"frge_profile":[225],"class_list":["post-8349","page","type-page","status-publish","has-post-thumbnail","hentry","tag-arbeitnehmer","tag-frankreich","tag-grengaenger","tag-pflege-und-krankheit","frge_profile-arbeitnehmer"],"yoast_head":"<!-- This site is optimized with the Yoast SEO plugin v27.1.1 - https:\/\/yoast.com\/product\/yoast-seo-wordpress\/ -->\n<title>Die Krankenversicherung - Frontaliers Grand Est<\/title>\n<meta name=\"description\" content=\"Sie sind Grenzg\u00e4nger und arbeiten in Frankreich? Informieren Sie sich \u00fcber Ihre Rechte in Bezug auf Krankheit und Gesundheitsversorgung.\" \/>\n<meta name=\"robots\" content=\"index, follow, max-snippet:-1, max-image-preview:large, max-video-preview:-1\" \/>\n<link rel=\"canonical\" href=\"https:\/\/frontaliers-grandest.eu\/de\/startseite\/grenzganger\/deutschland-frankreich\/sozialversicherung\/die-krankenversicherung\/\" \/>\n<meta property=\"og:locale\" content=\"de_DE\" \/>\n<meta property=\"og:type\" content=\"article\" \/>\n<meta property=\"og:title\" content=\"Die Krankenversicherung - Frontaliers Grand Est\" \/>\n<meta property=\"og:description\" content=\"Sie sind Grenzg\u00e4nger und arbeiten in Frankreich? Informieren Sie sich \u00fcber Ihre Rechte in Bezug auf Krankheit und Gesundheitsversorgung.\" \/>\n<meta property=\"og:url\" content=\"https:\/\/frontaliers-grandest.eu\/de\/startseite\/grenzganger\/deutschland-frankreich\/sozialversicherung\/die-krankenversicherung\/\" \/>\n<meta property=\"og:site_name\" content=\"Frontaliers Grand Est\" \/>\n<meta property=\"article:publisher\" content=\"https:\/\/www.facebook.com\/frontaliers.GR.EST\/?locale=fr_FR\" \/>\n<meta property=\"article:modified_time\" content=\"2026-01-16T10:44:25+00:00\" \/>\n<meta property=\"og:image\" content=\"https:\/\/frontaliers-grandest.eu\/wp-content\/uploads\/2021\/07\/Maladies-et-soins-1-scaled.jpg\" \/>\n\t<meta property=\"og:image:width\" content=\"2560\" \/>\n\t<meta property=\"og:image:height\" content=\"1823\" \/>\n\t<meta property=\"og:image:type\" content=\"image\/jpeg\" \/>\n<meta name=\"twitter:card\" content=\"summary_large_image\" \/>\n<meta name=\"twitter:label1\" content=\"Gesch\u00e4tzte Lesezeit\" \/>\n\t<meta name=\"twitter:data1\" content=\"1\u00a0Minute\" \/>\n<script type=\"application\/ld+json\" class=\"yoast-schema-graph\">{\"@context\":\"https:\/\/schema.org\",\"@graph\":[{\"@type\":\"WebPage\",\"@id\":\"https:\/\/frontaliers-grandest.eu\/de\/startseite\/grenzganger\/deutschland-frankreich\/sozialversicherung\/die-krankenversicherung\/\",\"url\":\"https:\/\/frontaliers-grandest.eu\/de\/startseite\/grenzganger\/deutschland-frankreich\/sozialversicherung\/die-krankenversicherung\/\",\"name\":\"Die Krankenversicherung - Frontaliers Grand Est\",\"isPartOf\":{\"@id\":\"https:\/\/frontaliers-grandest.eu\/de\/#website\"},\"primaryImageOfPage\":{\"@id\":\"https:\/\/frontaliers-grandest.eu\/de\/startseite\/grenzganger\/deutschland-frankreich\/sozialversicherung\/die-krankenversicherung\/#primaryimage\"},\"image\":{\"@id\":\"https:\/\/frontaliers-grandest.eu\/de\/startseite\/grenzganger\/deutschland-frankreich\/sozialversicherung\/die-krankenversicherung\/#primaryimage\"},\"thumbnailUrl\":\"https:\/\/frontaliers-grandest.eu\/wp-content\/uploads\/2021\/07\/Maladies-et-soins-1-scaled.jpg\",\"datePublished\":\"2021-06-08T12:16:45+00:00\",\"dateModified\":\"2026-01-16T10:44:25+00:00\",\"description\":\"Sie sind Grenzg\u00e4nger und arbeiten in Frankreich? Informieren Sie sich \u00fcber Ihre Rechte in Bezug auf Krankheit und Gesundheitsversorgung.\",\"breadcrumb\":{\"@id\":\"https:\/\/frontaliers-grandest.eu\/de\/startseite\/grenzganger\/deutschland-frankreich\/sozialversicherung\/die-krankenversicherung\/#breadcrumb\"},\"inLanguage\":\"de\",\"potentialAction\":[{\"@type\":\"ReadAction\",\"target\":[\"https:\/\/frontaliers-grandest.eu\/de\/startseite\/grenzganger\/deutschland-frankreich\/sozialversicherung\/die-krankenversicherung\/\"]}]},{\"@type\":\"ImageObject\",\"inLanguage\":\"de\",\"@id\":\"https:\/\/frontaliers-grandest.eu\/de\/startseite\/grenzganger\/deutschland-frankreich\/sozialversicherung\/die-krankenversicherung\/#primaryimage\",\"url\":\"https:\/\/frontaliers-grandest.eu\/wp-content\/uploads\/2021\/07\/Maladies-et-soins-1-scaled.jpg\",\"contentUrl\":\"https:\/\/frontaliers-grandest.eu\/wp-content\/uploads\/2021\/07\/Maladies-et-soins-1-scaled.jpg\",\"width\":2560,\"height\":1823,\"caption\":\"Maladies et soins\"},{\"@type\":\"BreadcrumbList\",\"@id\":\"https:\/\/frontaliers-grandest.eu\/de\/startseite\/grenzganger\/deutschland-frankreich\/sozialversicherung\/die-krankenversicherung\/#breadcrumb\",\"itemListElement\":[{\"@type\":\"ListItem\",\"position\":1,\"name\":\"Startseite\",\"item\":\"https:\/\/frontaliers-grandest.eu\/de\/\"},{\"@type\":\"ListItem\",\"position\":2,\"name\":\"Grenzg\u00e4nger\",\"item\":\"https:\/\/frontaliers-grandest.eu\/de\/startseite\/grenzganger\/\"},{\"@type\":\"ListItem\",\"position\":3,\"name\":\"Deutschland - Frankreich\",\"item\":\"https:\/\/frontaliers-grandest.eu\/de\/startseite\/grenzganger\/deutschland-frankreich\/\"},{\"@type\":\"ListItem\",\"position\":4,\"name\":\"Sozialversicherung in Frankreich\",\"item\":\"https:\/\/frontaliers-grandest.eu\/de\/startseite\/grenzganger\/deutschland-frankreich\/sozialversicherung\/\"},{\"@type\":\"ListItem\",\"position\":5,\"name\":\"Die Krankenversicherung\"}]},{\"@type\":\"WebSite\",\"@id\":\"https:\/\/frontaliers-grandest.eu\/de\/#website\",\"url\":\"https:\/\/frontaliers-grandest.eu\/de\/\",\"name\":\"Frontaliers Grand Est\",\"description\":\"Le site ressource du travail frontalier\",\"publisher\":{\"@id\":\"https:\/\/frontaliers-grandest.eu\/de\/#organization\"},\"alternateName\":\"Frontaliers Grand Est\",\"potentialAction\":[{\"@type\":\"SearchAction\",\"target\":{\"@type\":\"EntryPoint\",\"urlTemplate\":\"https:\/\/frontaliers-grandest.eu\/de\/?s={search_term_string}\"},\"query-input\":{\"@type\":\"PropertyValueSpecification\",\"valueRequired\":true,\"valueName\":\"search_term_string\"}}],\"inLanguage\":\"de\"},{\"@type\":\"Organization\",\"@id\":\"https:\/\/frontaliers-grandest.eu\/de\/#organization\",\"name\":\"Frontaliers Grand Est\",\"alternateName\":\"Frontaliers Grand Est\",\"url\":\"https:\/\/frontaliers-grandest.eu\/de\/\",\"logo\":{\"@type\":\"ImageObject\",\"inLanguage\":\"de\",\"@id\":\"https:\/\/frontaliers-grandest.eu\/de\/#\/schema\/logo\/image\/\",\"url\":\"https:\/\/frontaliers-grandest.eu\/wp-content\/uploads\/2025\/07\/260328234_2966785176920310_3332838526503858160_n.jpg\",\"contentUrl\":\"https:\/\/frontaliers-grandest.eu\/wp-content\/uploads\/2025\/07\/260328234_2966785176920310_3332838526503858160_n.jpg\",\"width\":396,\"height\":396,\"caption\":\"Frontaliers Grand Est\"},\"image\":{\"@id\":\"https:\/\/frontaliers-grandest.eu\/de\/#\/schema\/logo\/image\/\"},\"sameAs\":[\"https:\/\/www.facebook.com\/frontaliers.GR.EST\/?locale=fr_FR\"]}]}<\/script>\n<!-- \/ Yoast SEO plugin. -->","yoast_head_json":{"title":"Die Krankenversicherung - Frontaliers Grand Est","description":"Sie sind Grenzg\u00e4nger und arbeiten in Frankreich? Informieren Sie sich \u00fcber Ihre Rechte in Bezug auf Krankheit und Gesundheitsversorgung.","robots":{"index":"index","follow":"follow","max-snippet":"max-snippet:-1","max-image-preview":"max-image-preview:large","max-video-preview":"max-video-preview:-1"},"canonical":"https:\/\/frontaliers-grandest.eu\/de\/startseite\/grenzganger\/deutschland-frankreich\/sozialversicherung\/die-krankenversicherung\/","og_locale":"de_DE","og_type":"article","og_title":"Die Krankenversicherung - Frontaliers Grand Est","og_description":"Sie sind Grenzg\u00e4nger und arbeiten in Frankreich? Informieren Sie sich \u00fcber Ihre Rechte in Bezug auf Krankheit und Gesundheitsversorgung.","og_url":"https:\/\/frontaliers-grandest.eu\/de\/startseite\/grenzganger\/deutschland-frankreich\/sozialversicherung\/die-krankenversicherung\/","og_site_name":"Frontaliers Grand Est","article_publisher":"https:\/\/www.facebook.com\/frontaliers.GR.EST\/?locale=fr_FR","article_modified_time":"2026-01-16T10:44:25+00:00","og_image":[{"width":2560,"height":1823,"url":"https:\/\/frontaliers-grandest.eu\/wp-content\/uploads\/2021\/07\/Maladies-et-soins-1-scaled.jpg","type":"image\/jpeg"}],"twitter_card":"summary_large_image","twitter_misc":{"Gesch\u00e4tzte Lesezeit":"1\u00a0Minute"},"schema":{"@context":"https:\/\/schema.org","@graph":[{"@type":"WebPage","@id":"https:\/\/frontaliers-grandest.eu\/de\/startseite\/grenzganger\/deutschland-frankreich\/sozialversicherung\/die-krankenversicherung\/","url":"https:\/\/frontaliers-grandest.eu\/de\/startseite\/grenzganger\/deutschland-frankreich\/sozialversicherung\/die-krankenversicherung\/","name":"Die Krankenversicherung - Frontaliers Grand Est","isPartOf":{"@id":"https:\/\/frontaliers-grandest.eu\/de\/#website"},"primaryImageOfPage":{"@id":"https:\/\/frontaliers-grandest.eu\/de\/startseite\/grenzganger\/deutschland-frankreich\/sozialversicherung\/die-krankenversicherung\/#primaryimage"},"image":{"@id":"https:\/\/frontaliers-grandest.eu\/de\/startseite\/grenzganger\/deutschland-frankreich\/sozialversicherung\/die-krankenversicherung\/#primaryimage"},"thumbnailUrl":"https:\/\/frontaliers-grandest.eu\/wp-content\/uploads\/2021\/07\/Maladies-et-soins-1-scaled.jpg","datePublished":"2021-06-08T12:16:45+00:00","dateModified":"2026-01-16T10:44:25+00:00","description":"Sie sind Grenzg\u00e4nger und arbeiten in Frankreich? Informieren Sie sich \u00fcber Ihre Rechte in Bezug auf Krankheit und Gesundheitsversorgung.","breadcrumb":{"@id":"https:\/\/frontaliers-grandest.eu\/de\/startseite\/grenzganger\/deutschland-frankreich\/sozialversicherung\/die-krankenversicherung\/#breadcrumb"},"inLanguage":"de","potentialAction":[{"@type":"ReadAction","target":["https:\/\/frontaliers-grandest.eu\/de\/startseite\/grenzganger\/deutschland-frankreich\/sozialversicherung\/die-krankenversicherung\/"]}]},{"@type":"ImageObject","inLanguage":"de","@id":"https:\/\/frontaliers-grandest.eu\/de\/startseite\/grenzganger\/deutschland-frankreich\/sozialversicherung\/die-krankenversicherung\/#primaryimage","url":"https:\/\/frontaliers-grandest.eu\/wp-content\/uploads\/2021\/07\/Maladies-et-soins-1-scaled.jpg","contentUrl":"https:\/\/frontaliers-grandest.eu\/wp-content\/uploads\/2021\/07\/Maladies-et-soins-1-scaled.jpg","width":2560,"height":1823,"caption":"Maladies et soins"},{"@type":"BreadcrumbList","@id":"https:\/\/frontaliers-grandest.eu\/de\/startseite\/grenzganger\/deutschland-frankreich\/sozialversicherung\/die-krankenversicherung\/#breadcrumb","itemListElement":[{"@type":"ListItem","position":1,"name":"Startseite","item":"https:\/\/frontaliers-grandest.eu\/de\/"},{"@type":"ListItem","position":2,"name":"Grenzg\u00e4nger","item":"https:\/\/frontaliers-grandest.eu\/de\/startseite\/grenzganger\/"},{"@type":"ListItem","position":3,"name":"Deutschland - Frankreich","item":"https:\/\/frontaliers-grandest.eu\/de\/startseite\/grenzganger\/deutschland-frankreich\/"},{"@type":"ListItem","position":4,"name":"Sozialversicherung in Frankreich","item":"https:\/\/frontaliers-grandest.eu\/de\/startseite\/grenzganger\/deutschland-frankreich\/sozialversicherung\/"},{"@type":"ListItem","position":5,"name":"Die Krankenversicherung"}]},{"@type":"WebSite","@id":"https:\/\/frontaliers-grandest.eu\/de\/#website","url":"https:\/\/frontaliers-grandest.eu\/de\/","name":"Frontaliers Grand Est","description":"Le site ressource du travail frontalier","publisher":{"@id":"https:\/\/frontaliers-grandest.eu\/de\/#organization"},"alternateName":"Frontaliers Grand Est","potentialAction":[{"@type":"SearchAction","target":{"@type":"EntryPoint","urlTemplate":"https:\/\/frontaliers-grandest.eu\/de\/?s={search_term_string}"},"query-input":{"@type":"PropertyValueSpecification","valueRequired":true,"valueName":"search_term_string"}}],"inLanguage":"de"},{"@type":"Organization","@id":"https:\/\/frontaliers-grandest.eu\/de\/#organization","name":"Frontaliers Grand Est","alternateName":"Frontaliers Grand Est","url":"https:\/\/frontaliers-grandest.eu\/de\/","logo":{"@type":"ImageObject","inLanguage":"de","@id":"https:\/\/frontaliers-grandest.eu\/de\/#\/schema\/logo\/image\/","url":"https:\/\/frontaliers-grandest.eu\/wp-content\/uploads\/2025\/07\/260328234_2966785176920310_3332838526503858160_n.jpg","contentUrl":"https:\/\/frontaliers-grandest.eu\/wp-content\/uploads\/2025\/07\/260328234_2966785176920310_3332838526503858160_n.jpg","width":396,"height":396,"caption":"Frontaliers Grand Est"},"image":{"@id":"https:\/\/frontaliers-grandest.eu\/de\/#\/schema\/logo\/image\/"},"sameAs":["https:\/\/www.facebook.com\/frontaliers.GR.EST\/?locale=fr_FR"]}]}},"frge_page_order":"0","_links":{"self":[{"href":"https:\/\/frontaliers-grandest.eu\/de\/wp-json\/wp\/v2\/pages\/8349","targetHints":{"allow":["GET"]}}],"collection":[{"href":"https:\/\/frontaliers-grandest.eu\/de\/wp-json\/wp\/v2\/pages"}],"about":[{"href":"https:\/\/frontaliers-grandest.eu\/de\/wp-json\/wp\/v2\/types\/page"}],"author":[{"embeddable":true,"href":"https:\/\/frontaliers-grandest.eu\/de\/wp-json\/wp\/v2\/users\/7"}],"replies":[{"embeddable":true,"href":"https:\/\/frontaliers-grandest.eu\/de\/wp-json\/wp\/v2\/comments?post=8349"}],"version-history":[{"count":4,"href":"https:\/\/frontaliers-grandest.eu\/de\/wp-json\/wp\/v2\/pages\/8349\/revisions"}],"predecessor-version":[{"id":8393,"href":"https:\/\/frontaliers-grandest.eu\/de\/wp-json\/wp\/v2\/pages\/8349\/revisions\/8393"}],"up":[{"embeddable":true,"href":"https:\/\/frontaliers-grandest.eu\/de\/wp-json\/wp\/v2\/pages\/8236"}],"wp:featuredmedia":[{"embeddable":true,"href":"https:\/\/frontaliers-grandest.eu\/de\/wp-json\/wp\/v2\/media\/9900"}],"wp:attachment":[{"href":"https:\/\/frontaliers-grandest.eu\/de\/wp-json\/wp\/v2\/media?parent=8349"}],"wp:term":[{"taxonomy":"post_tag","embeddable":true,"href":"https:\/\/frontaliers-grandest.eu\/de\/wp-json\/wp\/v2\/tags?post=8349"},{"taxonomy":"frge_profile","embeddable":true,"href":"https:\/\/frontaliers-grandest.eu\/de\/wp-json\/wp\/v2\/frge_profile?post=8349"}],"curies":[{"name":"wp","href":"https:\/\/api.w.org\/{rel}","templated":true}]}}