{"id":8012,"date":"2021-06-03T16:28:32","date_gmt":"2021-06-03T14:28:32","guid":{"rendered":"https:\/\/frontaliers-grandest.eu\/?page_id=8012"},"modified":"2024-07-08T15:30:20","modified_gmt":"2024-07-08T13:30:20","slug":"moglichkeiten-und-grenzen-der-in-frankreich-ausgeubten-telearbeit-fur-die-grenzganger","status":"publish","type":"page","link":"https:\/\/frontaliers-grandest.eu\/de\/startseite\/grenzganger\/frankreich-deutschland\/arbeitsrecht\/telearbeit-in-deutschland\/moglichkeiten-und-grenzen-der-in-frankreich-ausgeubten-telearbeit-fur-die-grenzganger\/","title":{"rendered":"M\u00f6glichkeiten und Grenzen der in Frankreich ausge\u00fcbten Telearbeit f\u00fcr die Grenzg\u00e4nger"},"content":{"rendered":"\n<h3 class=\"wp-block-heading\"><strong>Sozialversicherung bei grenz\u00fcberschreitend t\u00e4tigen Telearbeitnehmern<\/strong><\/h3>\n\n\n\n<p>Die Verordnung (EG) Nr. 883\/2004 zur Koordinierung der Systeme der sozialen Sicherheit und ihre Durchf\u00fchrungsverordnung beruhen auf dem Prinzip, dass&nbsp;<strong>ein Arbeitnehmer nur in einem Staat sozialversichert ist, n\u00e4mlich in dem Staat, in dem er seine berufliche T\u00e4tigkeit aus\u00fcbt<\/strong>, selbst wenn der Arbeitgeber seinen Sitz in einem anderen Mitgliedstaat hat.<\/p>\n\n\n\n<h4 class=\"wp-block-heading\"><strong>Bei ausschlie\u00dflicher Telearbeit<\/strong><\/h4>\n\n\n\n<p>Wird die Arbeit nur in einem Mitgliedstaat geleistet, ist der Arbeitnehmer in dem Staat sozialversichert, in dem er seine Berufst\u00e4tigkeit aus\u00fcbt, selbst wenn der Arbeitgeber seinen Sitz in einem anderen Staat hat (dies ist der Fall, wenn der Arbeitnehmer seine Berufst\u00e4tigkeit ausschlie\u00dflich in Telearbeit aus\u00fcbt).<\/p>\n\n\n\n<p>So ist im grenz\u00fcberschreitenden Kontext ein Telearbeitnehmer im Homeoffice in seinem Wohnsitzland sozialversichert, da er seine T\u00e4tigkeit dort aus\u00fcbt.<\/p>\n\n\n\n<p>Wenn ein Telearbeitnehmer in einem Netzwerk oder einem Coworking Space arbeitet und sich diese B\u00fcros nicht im selben Mitgliedstaat befinden wie die B\u00fcros am Sitz des Unternehmens, dann ist er gem\u00e4\u00df den gesetzlichen Regelungen des Staates sozialversicherungspflichtig, in dem er seine Berufst\u00e4tigkeit aus\u00fcbt.<\/p>\n\n\n\n<h4 class=\"wp-block-heading\"><strong>Bei teilweiser Telearbeit<\/strong><\/h4>\n\n\n\n<p>Telearbeit ist vom 1. Januar 2023 bis zum 30. Juni 2023 unbegrenzt m\u00f6glich. <br>Das EU-Recht stellt eine einfache Regel auf: Eine Person, die in mehreren L\u00e4ndern der Europ\u00e4ischen Union arbeitet, kann nur in einem Land Beitr\u00e4ge zahlen. So kann eine Person, die in einem Grenzland arbeitet und in ihrem Wohnsitzland Telearbeit verrichtet, nur von einem einzigen Sozialversicherungssystem abh\u00e4ngig sein.<\/p>\n\n\n\n<p>In diesem Fall bleibt der Grenzg\u00e4nger der Sozialversicherung seines gew\u00f6hnlichen Arbeitslandes unterworfen, wenn die Arbeit im Wohnland im Rahmen der Telearbeit nicht 25% seiner Gesamtarbeitszeit und\/oder seines Gehalts erreicht. Dieser Schwellenwert wird \u00fcber ein Kalenderjahr hinweg beurteilt.<\/p>\n\n\n\n<p>Wird dieser Schwellenwert \u00fcberschritten (d. h. 25 % oder mehr der Arbeitszeit\/des Arbeitsentgelts in seinem Wohnsitzland zu arbeiten), wird der Arbeitnehmer der Sozialversicherung seines Wohnsitzlandes angeschlossen und zahlt dort auf sein gesamtes Einkommen Beitr\u00e4ge.<\/p>\n\n\n\n<h4 class=\"wp-block-heading\">AB DEM 1. JULI 2023: ES GIBT EIN NEUES MULTILATERALES EUROP\u00c4ISCHES ABkOMMEN, DAS DIESE SCHWELLE UM 25 % ANHEBT.<\/h4>\n\n\n\n<p><strong>Die Vereinbarung sieht vor, dass Personen, die in dem Land arbeiten, in dem ihr Arbeitgeber ans\u00e4ssig ist, bis zu 50 % grenz\u00fcberschreitende Telearbeit (maximal 49,9 % der Arbeitszeit) in ihrem Wohnsitzland leisten k\u00f6nnen.<\/strong><\/p>\n\n\n\n<p>Deutschland hat diese Vereinbarung ebenso wie Frankreich unterzeichnet.<\/p>\n\n\n\n<p>Achtung: Diese Ausnahme gilt nur f\u00fcr Situationen, an denen zwei Staaten beteiligt sind, die das Abkommen unterzeichnet haben.<\/p>\n\n\n\n<p><em><span style=\"text-decoration: underline;\">Dieses Abkommen ist f\u00fcr die Telearbeit bestimmt. Sie betrifft nicht :<\/span><\/em><\/p>\n\n\n\n<ul class=\"wp-block-list\">\n<li>Personen, die neben der Telearbeit noch andere T\u00e4tigkeiten (z. B. selbstst\u00e4ndige Nebent\u00e4tigkeit) im Wohnsitzland aus\u00fcben, auch wenn dieses Land die multilaterale Vereinbarung unterzeichnet hat ;<\/li>\n\n\n\n<li>Personen, die neben der Telearbeit im Wohnsitzland auch in einem anderen Land arbeiten ;<\/li>\n\n\n\n<li>Personen, die f\u00fcr mehrere Arbeitgeber arbeiten ;<\/li>\n\n\n\n<li>Selbstst\u00e4ndige Arbeitnehmer.<\/li>\n\n\n\n<li>Den Text der Vereinbarung und eine Erl\u00e4uterung finden Sie hier.<\/li>\n<\/ul>\n\n\n\n<h4 class=\"wp-block-heading\">Schritte<\/h4>\n\n\n\n<p>Der Arbeitgeber muss bei der Sozialversicherungskasse eine A1-Bescheinigung beantragen, die f\u00fcr maximal drei Jahre g\u00fcltig ist. Bei Telearbeit in einem Land, das die multilaterale Ausnahmevereinbarung nicht unterzeichnet hat, oder f\u00fcr einen Arbeitgeber mit Sitz in einem Land, das der Vereinbarung nicht beigetreten ist, gelten f\u00fcr die Telearbeit ab dem 1. Juli 2023 die herk\u00f6mmlichen, vor der Pandemie angewandten Regeln und Verfahren, d. h. bis zu 25 % Telearbeit (maximal 24,9 %) sind ohne Auswirkungen auf die Sozialversicherung m\u00f6glich.<\/p>\n\n\n\n<h4 class=\"wp-block-heading\"><strong>Besteuerung der Telearbeitnehmer<\/strong><\/h4>\n\n\n\n<p>Wird eine T\u00e4tigkeit teils in Telearbeit und teils in den R\u00e4umlichkeiten des Arbeitgebers ausge\u00fcbt, findet das Doppelbesteuerungsabkommen zwischen Frankreich und Deutschland Anwendung. Daraus folgt, dass die im Wohnsitzland ausge\u00fcbte T\u00e4tigkeit auch dort besteuert wird.<\/p>\n\n\n\n<p>F\u00fcr Personen, die den Status eines Grenzg\u00e4ngers haben, werden die Tage, an denen sie in Telearbeit t\u00e4tig sind, nicht nach der 45-Tage-Regel als Tage au\u00dferhalb des Grenzgebiets gez\u00e4hlt, sodass durch die Tage in Telearbeit der Grenzg\u00e4ngerstatus nicht verloren geht. Diese Tage werden also nicht in die Berechnung einbezogen.<\/p>\n","protected":false},"excerpt":{"rendered":"<p>Sozialversicherung bei grenz\u00fcberschreitend t\u00e4tigen Telearbeitnehmern Die Verordnung (EG) Nr. 883\/2004 zur Koordinierung der Systeme der sozialen Sicherheit und ihre Durchf\u00fchrungsverordnung beruhen auf dem Prinzip, dass&nbsp;ein Arbeitnehmer nur in einem Staat sozialversichert ist, n\u00e4mlich in dem Staat, in dem er seine berufliche T\u00e4tigkeit aus\u00fcbt, selbst wenn der Arbeitgeber seinen Sitz in einem anderen Mitgliedstaat hat. Bei [&hellip;]<\/p>\n","protected":false},"author":7,"featured_media":0,"parent":7887,"menu_order":1,"comment_status":"closed","ping_status":"closed","template":"","meta":{"inline_featured_image":false,"footnotes":""},"tags":[],"frge_profile":[],"class_list":["post-8012","page","type-page","status-publish","hentry"],"yoast_head":"<!-- This site is optimized with the Yoast SEO plugin v27.1.1 - https:\/\/yoast.com\/product\/yoast-seo-wordpress\/ -->\n<title>Telearbeit und sozialversicherung f\u00fcr grenzg\u00e4nger in Frankreich<\/title>\n<meta name=\"description\" content=\"Sozialversicherung bei grenz\u00fcberschreitender Telearbeit: Neue EU-Regelungen ab 1. Juli 2023.\" \/>\n<meta name=\"robots\" content=\"index, follow, max-snippet:-1, max-image-preview:large, max-video-preview:-1\" \/>\n<link rel=\"canonical\" href=\"https:\/\/frontaliers-grandest.eu\/de\/startseite\/grenzganger\/frankreich-deutschland\/arbeitsrecht\/telearbeit-in-deutschland\/moglichkeiten-und-grenzen-der-in-frankreich-ausgeubten-telearbeit-fur-die-grenzganger\/\" \/>\n<meta property=\"og:locale\" content=\"de_DE\" \/>\n<meta property=\"og:type\" content=\"article\" \/>\n<meta property=\"og:title\" content=\"Telearbeit und sozialversicherung f\u00fcr grenzg\u00e4nger in Frankreich\" \/>\n<meta property=\"og:description\" content=\"Sozialversicherung bei grenz\u00fcberschreitender Telearbeit: Neue EU-Regelungen ab 1. Juli 2023.\" \/>\n<meta property=\"og:url\" content=\"https:\/\/frontaliers-grandest.eu\/de\/startseite\/grenzganger\/frankreich-deutschland\/arbeitsrecht\/telearbeit-in-deutschland\/moglichkeiten-und-grenzen-der-in-frankreich-ausgeubten-telearbeit-fur-die-grenzganger\/\" \/>\n<meta property=\"og:site_name\" content=\"Frontaliers Grand Est\" \/>\n<meta property=\"article:publisher\" content=\"https:\/\/www.facebook.com\/frontaliers.GR.EST\/?locale=fr_FR\" \/>\n<meta property=\"article:modified_time\" content=\"2024-07-08T13:30:20+00:00\" \/>\n<meta name=\"twitter:card\" content=\"summary_large_image\" \/>\n<meta name=\"twitter:label1\" content=\"Gesch\u00e4tzte Lesezeit\" \/>\n\t<meta name=\"twitter:data1\" content=\"4\u00a0Minuten\" \/>\n<script type=\"application\/ld+json\" class=\"yoast-schema-graph\">{\"@context\":\"https:\/\/schema.org\",\"@graph\":[{\"@type\":\"WebPage\",\"@id\":\"https:\/\/frontaliers-grandest.eu\/de\/startseite\/grenzganger\/frankreich-deutschland\/arbeitsrecht\/telearbeit-in-deutschland\/moglichkeiten-und-grenzen-der-in-frankreich-ausgeubten-telearbeit-fur-die-grenzganger\/\",\"url\":\"https:\/\/frontaliers-grandest.eu\/de\/startseite\/grenzganger\/frankreich-deutschland\/arbeitsrecht\/telearbeit-in-deutschland\/moglichkeiten-und-grenzen-der-in-frankreich-ausgeubten-telearbeit-fur-die-grenzganger\/\",\"name\":\"Telearbeit und sozialversicherung f\u00fcr grenzg\u00e4nger in Frankreich\",\"isPartOf\":{\"@id\":\"https:\/\/frontaliers-grandest.eu\/de\/#website\"},\"datePublished\":\"2021-06-03T14:28:32+00:00\",\"dateModified\":\"2024-07-08T13:30:20+00:00\",\"description\":\"Sozialversicherung bei grenz\u00fcberschreitender Telearbeit: Neue EU-Regelungen ab 1. Juli 2023.\",\"breadcrumb\":{\"@id\":\"https:\/\/frontaliers-grandest.eu\/de\/startseite\/grenzganger\/frankreich-deutschland\/arbeitsrecht\/telearbeit-in-deutschland\/moglichkeiten-und-grenzen-der-in-frankreich-ausgeubten-telearbeit-fur-die-grenzganger\/#breadcrumb\"},\"inLanguage\":\"de\",\"potentialAction\":[{\"@type\":\"ReadAction\",\"target\":[\"https:\/\/frontaliers-grandest.eu\/de\/startseite\/grenzganger\/frankreich-deutschland\/arbeitsrecht\/telearbeit-in-deutschland\/moglichkeiten-und-grenzen-der-in-frankreich-ausgeubten-telearbeit-fur-die-grenzganger\/\"]}]},{\"@type\":\"BreadcrumbList\",\"@id\":\"https:\/\/frontaliers-grandest.eu\/de\/startseite\/grenzganger\/frankreich-deutschland\/arbeitsrecht\/telearbeit-in-deutschland\/moglichkeiten-und-grenzen-der-in-frankreich-ausgeubten-telearbeit-fur-die-grenzganger\/#breadcrumb\",\"itemListElement\":[{\"@type\":\"ListItem\",\"position\":1,\"name\":\"Startseite\",\"item\":\"https:\/\/frontaliers-grandest.eu\/de\/\"},{\"@type\":\"ListItem\",\"position\":2,\"name\":\"Grenzg\u00e4nger\",\"item\":\"https:\/\/frontaliers-grandest.eu\/de\/startseite\/grenzganger\/\"},{\"@type\":\"ListItem\",\"position\":3,\"name\":\"Frankreich - Deutschland\",\"item\":\"https:\/\/frontaliers-grandest.eu\/de\/startseite\/grenzganger\/frankreich-deutschland\/\"},{\"@type\":\"ListItem\",\"position\":4,\"name\":\"Arbeitsrecht in Deutschland\",\"item\":\"https:\/\/frontaliers-grandest.eu\/de\/startseite\/grenzganger\/frankreich-deutschland\/arbeitsrecht\/\"},{\"@type\":\"ListItem\",\"position\":5,\"name\":\"Telearbeit in Deutschland\",\"item\":\"https:\/\/frontaliers-grandest.eu\/de\/startseite\/grenzganger\/frankreich-deutschland\/arbeitsrecht\/telearbeit-in-deutschland\/\"},{\"@type\":\"ListItem\",\"position\":6,\"name\":\"M\u00f6glichkeiten und Grenzen der in Frankreich ausge\u00fcbten Telearbeit f\u00fcr die Grenzg\u00e4nger\"}]},{\"@type\":\"WebSite\",\"@id\":\"https:\/\/frontaliers-grandest.eu\/de\/#website\",\"url\":\"https:\/\/frontaliers-grandest.eu\/de\/\",\"name\":\"Frontaliers Grand Est\",\"description\":\"Le site ressource du travail frontalier\",\"publisher\":{\"@id\":\"https:\/\/frontaliers-grandest.eu\/de\/#organization\"},\"alternateName\":\"Frontaliers Grand Est\",\"potentialAction\":[{\"@type\":\"SearchAction\",\"target\":{\"@type\":\"EntryPoint\",\"urlTemplate\":\"https:\/\/frontaliers-grandest.eu\/de\/?s={search_term_string}\"},\"query-input\":{\"@type\":\"PropertyValueSpecification\",\"valueRequired\":true,\"valueName\":\"search_term_string\"}}],\"inLanguage\":\"de\"},{\"@type\":\"Organization\",\"@id\":\"https:\/\/frontaliers-grandest.eu\/de\/#organization\",\"name\":\"Frontaliers Grand Est\",\"alternateName\":\"Frontaliers Grand Est\",\"url\":\"https:\/\/frontaliers-grandest.eu\/de\/\",\"logo\":{\"@type\":\"ImageObject\",\"inLanguage\":\"de\",\"@id\":\"https:\/\/frontaliers-grandest.eu\/de\/#\/schema\/logo\/image\/\",\"url\":\"https:\/\/frontaliers-grandest.eu\/wp-content\/uploads\/2025\/07\/260328234_2966785176920310_3332838526503858160_n.jpg\",\"contentUrl\":\"https:\/\/frontaliers-grandest.eu\/wp-content\/uploads\/2025\/07\/260328234_2966785176920310_3332838526503858160_n.jpg\",\"width\":396,\"height\":396,\"caption\":\"Frontaliers Grand Est\"},\"image\":{\"@id\":\"https:\/\/frontaliers-grandest.eu\/de\/#\/schema\/logo\/image\/\"},\"sameAs\":[\"https:\/\/www.facebook.com\/frontaliers.GR.EST\/?locale=fr_FR\"]}]}<\/script>\n<!-- \/ Yoast SEO plugin. -->","yoast_head_json":{"title":"Telearbeit und sozialversicherung f\u00fcr grenzg\u00e4nger in Frankreich","description":"Sozialversicherung bei grenz\u00fcberschreitender Telearbeit: Neue EU-Regelungen ab 1. Juli 2023.","robots":{"index":"index","follow":"follow","max-snippet":"max-snippet:-1","max-image-preview":"max-image-preview:large","max-video-preview":"max-video-preview:-1"},"canonical":"https:\/\/frontaliers-grandest.eu\/de\/startseite\/grenzganger\/frankreich-deutschland\/arbeitsrecht\/telearbeit-in-deutschland\/moglichkeiten-und-grenzen-der-in-frankreich-ausgeubten-telearbeit-fur-die-grenzganger\/","og_locale":"de_DE","og_type":"article","og_title":"Telearbeit und sozialversicherung f\u00fcr grenzg\u00e4nger in Frankreich","og_description":"Sozialversicherung bei grenz\u00fcberschreitender Telearbeit: Neue EU-Regelungen ab 1. Juli 2023.","og_url":"https:\/\/frontaliers-grandest.eu\/de\/startseite\/grenzganger\/frankreich-deutschland\/arbeitsrecht\/telearbeit-in-deutschland\/moglichkeiten-und-grenzen-der-in-frankreich-ausgeubten-telearbeit-fur-die-grenzganger\/","og_site_name":"Frontaliers Grand Est","article_publisher":"https:\/\/www.facebook.com\/frontaliers.GR.EST\/?locale=fr_FR","article_modified_time":"2024-07-08T13:30:20+00:00","twitter_card":"summary_large_image","twitter_misc":{"Gesch\u00e4tzte Lesezeit":"4\u00a0Minuten"},"schema":{"@context":"https:\/\/schema.org","@graph":[{"@type":"WebPage","@id":"https:\/\/frontaliers-grandest.eu\/de\/startseite\/grenzganger\/frankreich-deutschland\/arbeitsrecht\/telearbeit-in-deutschland\/moglichkeiten-und-grenzen-der-in-frankreich-ausgeubten-telearbeit-fur-die-grenzganger\/","url":"https:\/\/frontaliers-grandest.eu\/de\/startseite\/grenzganger\/frankreich-deutschland\/arbeitsrecht\/telearbeit-in-deutschland\/moglichkeiten-und-grenzen-der-in-frankreich-ausgeubten-telearbeit-fur-die-grenzganger\/","name":"Telearbeit und sozialversicherung f\u00fcr grenzg\u00e4nger in Frankreich","isPartOf":{"@id":"https:\/\/frontaliers-grandest.eu\/de\/#website"},"datePublished":"2021-06-03T14:28:32+00:00","dateModified":"2024-07-08T13:30:20+00:00","description":"Sozialversicherung bei grenz\u00fcberschreitender Telearbeit: Neue EU-Regelungen ab 1. Juli 2023.","breadcrumb":{"@id":"https:\/\/frontaliers-grandest.eu\/de\/startseite\/grenzganger\/frankreich-deutschland\/arbeitsrecht\/telearbeit-in-deutschland\/moglichkeiten-und-grenzen-der-in-frankreich-ausgeubten-telearbeit-fur-die-grenzganger\/#breadcrumb"},"inLanguage":"de","potentialAction":[{"@type":"ReadAction","target":["https:\/\/frontaliers-grandest.eu\/de\/startseite\/grenzganger\/frankreich-deutschland\/arbeitsrecht\/telearbeit-in-deutschland\/moglichkeiten-und-grenzen-der-in-frankreich-ausgeubten-telearbeit-fur-die-grenzganger\/"]}]},{"@type":"BreadcrumbList","@id":"https:\/\/frontaliers-grandest.eu\/de\/startseite\/grenzganger\/frankreich-deutschland\/arbeitsrecht\/telearbeit-in-deutschland\/moglichkeiten-und-grenzen-der-in-frankreich-ausgeubten-telearbeit-fur-die-grenzganger\/#breadcrumb","itemListElement":[{"@type":"ListItem","position":1,"name":"Startseite","item":"https:\/\/frontaliers-grandest.eu\/de\/"},{"@type":"ListItem","position":2,"name":"Grenzg\u00e4nger","item":"https:\/\/frontaliers-grandest.eu\/de\/startseite\/grenzganger\/"},{"@type":"ListItem","position":3,"name":"Frankreich - Deutschland","item":"https:\/\/frontaliers-grandest.eu\/de\/startseite\/grenzganger\/frankreich-deutschland\/"},{"@type":"ListItem","position":4,"name":"Arbeitsrecht in Deutschland","item":"https:\/\/frontaliers-grandest.eu\/de\/startseite\/grenzganger\/frankreich-deutschland\/arbeitsrecht\/"},{"@type":"ListItem","position":5,"name":"Telearbeit in Deutschland","item":"https:\/\/frontaliers-grandest.eu\/de\/startseite\/grenzganger\/frankreich-deutschland\/arbeitsrecht\/telearbeit-in-deutschland\/"},{"@type":"ListItem","position":6,"name":"M\u00f6glichkeiten und Grenzen der in Frankreich ausge\u00fcbten Telearbeit f\u00fcr die Grenzg\u00e4nger"}]},{"@type":"WebSite","@id":"https:\/\/frontaliers-grandest.eu\/de\/#website","url":"https:\/\/frontaliers-grandest.eu\/de\/","name":"Frontaliers Grand Est","description":"Le site ressource du travail frontalier","publisher":{"@id":"https:\/\/frontaliers-grandest.eu\/de\/#organization"},"alternateName":"Frontaliers Grand Est","potentialAction":[{"@type":"SearchAction","target":{"@type":"EntryPoint","urlTemplate":"https:\/\/frontaliers-grandest.eu\/de\/?s={search_term_string}"},"query-input":{"@type":"PropertyValueSpecification","valueRequired":true,"valueName":"search_term_string"}}],"inLanguage":"de"},{"@type":"Organization","@id":"https:\/\/frontaliers-grandest.eu\/de\/#organization","name":"Frontaliers Grand Est","alternateName":"Frontaliers Grand Est","url":"https:\/\/frontaliers-grandest.eu\/de\/","logo":{"@type":"ImageObject","inLanguage":"de","@id":"https:\/\/frontaliers-grandest.eu\/de\/#\/schema\/logo\/image\/","url":"https:\/\/frontaliers-grandest.eu\/wp-content\/uploads\/2025\/07\/260328234_2966785176920310_3332838526503858160_n.jpg","contentUrl":"https:\/\/frontaliers-grandest.eu\/wp-content\/uploads\/2025\/07\/260328234_2966785176920310_3332838526503858160_n.jpg","width":396,"height":396,"caption":"Frontaliers Grand Est"},"image":{"@id":"https:\/\/frontaliers-grandest.eu\/de\/#\/schema\/logo\/image\/"},"sameAs":["https:\/\/www.facebook.com\/frontaliers.GR.EST\/?locale=fr_FR"]}]}},"frge_page_order":0,"_links":{"self":[{"href":"https:\/\/frontaliers-grandest.eu\/de\/wp-json\/wp\/v2\/pages\/8012","targetHints":{"allow":["GET"]}}],"collection":[{"href":"https:\/\/frontaliers-grandest.eu\/de\/wp-json\/wp\/v2\/pages"}],"about":[{"href":"https:\/\/frontaliers-grandest.eu\/de\/wp-json\/wp\/v2\/types\/page"}],"author":[{"embeddable":true,"href":"https:\/\/frontaliers-grandest.eu\/de\/wp-json\/wp\/v2\/users\/7"}],"replies":[{"embeddable":true,"href":"https:\/\/frontaliers-grandest.eu\/de\/wp-json\/wp\/v2\/comments?post=8012"}],"version-history":[{"count":6,"href":"https:\/\/frontaliers-grandest.eu\/de\/wp-json\/wp\/v2\/pages\/8012\/revisions"}],"predecessor-version":[{"id":27984,"href":"https:\/\/frontaliers-grandest.eu\/de\/wp-json\/wp\/v2\/pages\/8012\/revisions\/27984"}],"up":[{"embeddable":true,"href":"https:\/\/frontaliers-grandest.eu\/de\/wp-json\/wp\/v2\/pages\/7887"}],"wp:attachment":[{"href":"https:\/\/frontaliers-grandest.eu\/de\/wp-json\/wp\/v2\/media?parent=8012"}],"wp:term":[{"taxonomy":"post_tag","embeddable":true,"href":"https:\/\/frontaliers-grandest.eu\/de\/wp-json\/wp\/v2\/tags?post=8012"},{"taxonomy":"frge_profile","embeddable":true,"href":"https:\/\/frontaliers-grandest.eu\/de\/wp-json\/wp\/v2\/frge_profile?post=8012"}],"curies":[{"name":"wp","href":"https:\/\/api.w.org\/{rel}","templated":true}]}}