{"id":7636,"date":"2021-05-19T12:15:55","date_gmt":"2021-05-19T10:15:55","guid":{"rendered":"https:\/\/frontaliers-grandest.eu\/?page_id=7636"},"modified":"2021-05-19T12:15:56","modified_gmt":"2021-05-19T10:15:56","slug":"sprachtests","status":"publish","type":"page","link":"https:\/\/frontaliers-grandest.eu\/de\/startseite\/jugendliche\/studie-ausbildung\/anerkennung-der-diplome\/die-anerkennung-der-diplome-in-frankreich\/sprachtests\/","title":{"rendered":"Sprachtests"},"content":{"rendered":"\n<p>Die Universit\u00e4ten entscheiden \u00fcber die Zul\u00e4ssigkeit Ihres Antrags und auch \u00fcber Ihr Sprachniveau.&nbsp;<\/p>\n\n\n\n<p>Die Hochschulen verlangen einen Sprachtest der franz\u00f6sischen Sprache f\u00fcr jeglichen Antrag auf vorl\u00e4ufige Anschreibung der Kandidaten, die Staatsb\u00fcrger von Drittl\u00e4ndern sind. Bestimmte Organisation organisieren sogar selbst die franz\u00f6sischen Sprachtests (tests de connaissance du fran\u00e7ais, TCF).<\/p>\n\n\n\n<p>Des Weiteren werden die Tests auch vom Centre International d\u2019\u00c9tudes P\u00e9dagogiques (Internationalen Zentrum f\u00fcr p\u00e4dagogische Studien, CIEP) oder von der Alliance Fran\u00e7aise organisiert. Die Liste der Pr\u00fcfungszentren f\u00fcr die Tests der franz\u00f6sischen Sprache (DELF und DALF) finden Sie auf der Webseite des CIEP unter <a href=\"http:\/\/www.ciep.fr\" target=\"_blank\" rel=\"noreferrer noopener\">www.ciep.fr<\/a>.fran\u00e7ais (DELF et DALF) peut \u00eatre consult\u00e9e \u00a0sur le site du CIEP, <a href=\"http:\/\/www.ciep.fr\" target=\"_blank\" rel=\"noreferrer noopener\">www.ciep.fr<\/a>.<\/p>\n","protected":false},"excerpt":{"rendered":"<p>Die Universit\u00e4ten entscheiden \u00fcber die Zul\u00e4ssigkeit Ihres Antrags und auch \u00fcber Ihr Sprachniveau.&nbsp; Die Hochschulen verlangen einen Sprachtest der franz\u00f6sischen Sprache f\u00fcr jeglichen Antrag auf vorl\u00e4ufige Anschreibung der Kandidaten, die Staatsb\u00fcrger von Drittl\u00e4ndern sind. Bestimmte Organisation organisieren sogar selbst die franz\u00f6sischen Sprachtests (tests de connaissance du fran\u00e7ais, TCF). Des Weiteren werden die Tests auch vom [&hellip;]<\/p>\n","protected":false},"author":7,"featured_media":0,"parent":7590,"menu_order":3,"comment_status":"closed","ping_status":"closed","template":"","meta":{"inline_featured_image":false,"footnotes":""},"tags":[],"frge_profile":[],"class_list":["post-7636","page","type-page","status-publish","hentry"],"yoast_head":"<!-- This site is optimized with the Yoast SEO plugin v27.1.1 - https:\/\/yoast.com\/product\/yoast-seo-wordpress\/ -->\n<title>Sprachtests - Frontaliers Grand Est<\/title>\n<meta name=\"robots\" content=\"index, follow, max-snippet:-1, max-image-preview:large, max-video-preview:-1\" \/>\n<link rel=\"canonical\" href=\"https:\/\/frontaliers-grandest.eu\/de\/startseite\/jugendliche\/studie-ausbildung\/anerkennung-der-diplome\/die-anerkennung-der-diplome-in-frankreich\/sprachtests\/\" \/>\n<meta property=\"og:locale\" content=\"de_DE\" \/>\n<meta property=\"og:type\" content=\"article\" \/>\n<meta property=\"og:title\" content=\"Sprachtests - Frontaliers Grand Est\" \/>\n<meta property=\"og:description\" content=\"Die Universit\u00e4ten entscheiden \u00fcber die Zul\u00e4ssigkeit Ihres Antrags und auch \u00fcber Ihr Sprachniveau.&nbsp; Die Hochschulen verlangen einen Sprachtest der franz\u00f6sischen Sprache f\u00fcr jeglichen Antrag auf vorl\u00e4ufige Anschreibung der Kandidaten, die Staatsb\u00fcrger von Drittl\u00e4ndern sind. Bestimmte Organisation organisieren sogar selbst die franz\u00f6sischen Sprachtests (tests de connaissance du fran\u00e7ais, TCF). Des Weiteren werden die Tests auch vom [&hellip;]\" \/>\n<meta property=\"og:url\" content=\"https:\/\/frontaliers-grandest.eu\/de\/startseite\/jugendliche\/studie-ausbildung\/anerkennung-der-diplome\/die-anerkennung-der-diplome-in-frankreich\/sprachtests\/\" \/>\n<meta property=\"og:site_name\" content=\"Frontaliers Grand Est\" \/>\n<meta property=\"article:publisher\" content=\"https:\/\/www.facebook.com\/frontaliers.GR.EST\/?locale=fr_FR\" \/>\n<meta property=\"article:modified_time\" content=\"2021-05-19T10:15:56+00:00\" \/>\n<meta name=\"twitter:card\" content=\"summary_large_image\" \/>\n<meta name=\"twitter:label1\" content=\"Gesch\u00e4tzte Lesezeit\" \/>\n\t<meta name=\"twitter:data1\" content=\"1\u00a0Minute\" \/>\n<script type=\"application\/ld+json\" class=\"yoast-schema-graph\">{\"@context\":\"https:\/\/schema.org\",\"@graph\":[{\"@type\":\"WebPage\",\"@id\":\"https:\/\/frontaliers-grandest.eu\/de\/startseite\/jugendliche\/studie-ausbildung\/anerkennung-der-diplome\/die-anerkennung-der-diplome-in-frankreich\/sprachtests\/\",\"url\":\"https:\/\/frontaliers-grandest.eu\/de\/startseite\/jugendliche\/studie-ausbildung\/anerkennung-der-diplome\/die-anerkennung-der-diplome-in-frankreich\/sprachtests\/\",\"name\":\"Sprachtests - Frontaliers Grand Est\",\"isPartOf\":{\"@id\":\"https:\/\/frontaliers-grandest.eu\/de\/#website\"},\"datePublished\":\"2021-05-19T10:15:55+00:00\",\"dateModified\":\"2021-05-19T10:15:56+00:00\",\"breadcrumb\":{\"@id\":\"https:\/\/frontaliers-grandest.eu\/de\/startseite\/jugendliche\/studie-ausbildung\/anerkennung-der-diplome\/die-anerkennung-der-diplome-in-frankreich\/sprachtests\/#breadcrumb\"},\"inLanguage\":\"de\",\"potentialAction\":[{\"@type\":\"ReadAction\",\"target\":[\"https:\/\/frontaliers-grandest.eu\/de\/startseite\/jugendliche\/studie-ausbildung\/anerkennung-der-diplome\/die-anerkennung-der-diplome-in-frankreich\/sprachtests\/\"]}]},{\"@type\":\"BreadcrumbList\",\"@id\":\"https:\/\/frontaliers-grandest.eu\/de\/startseite\/jugendliche\/studie-ausbildung\/anerkennung-der-diplome\/die-anerkennung-der-diplome-in-frankreich\/sprachtests\/#breadcrumb\",\"itemListElement\":[{\"@type\":\"ListItem\",\"position\":1,\"name\":\"Startseite\",\"item\":\"https:\/\/frontaliers-grandest.eu\/de\/\"},{\"@type\":\"ListItem\",\"position\":2,\"name\":\"Jugendliche\",\"item\":\"https:\/\/frontaliers-grandest.eu\/de\/startseite\/jugendliche\/\"},{\"@type\":\"ListItem\",\"position\":3,\"name\":\"Studie \/ Ausbildung\",\"item\":\"https:\/\/frontaliers-grandest.eu\/de\/startseite\/jugendliche\/studie-ausbildung\/\"},{\"@type\":\"ListItem\",\"position\":4,\"name\":\"Anerkennung der Diplome\",\"item\":\"https:\/\/frontaliers-grandest.eu\/de\/startseite\/jugendliche\/studie-ausbildung\/anerkennung-der-diplome\/\"},{\"@type\":\"ListItem\",\"position\":5,\"name\":\"Die anerkennung der diplome in Frankreich\",\"item\":\"https:\/\/frontaliers-grandest.eu\/de\/startseite\/jugendliche\/studie-ausbildung\/anerkennung-der-diplome\/die-anerkennung-der-diplome-in-frankreich\/\"},{\"@type\":\"ListItem\",\"position\":6,\"name\":\"Sprachtests\"}]},{\"@type\":\"WebSite\",\"@id\":\"https:\/\/frontaliers-grandest.eu\/de\/#website\",\"url\":\"https:\/\/frontaliers-grandest.eu\/de\/\",\"name\":\"Frontaliers Grand Est\",\"description\":\"Le site ressource du travail frontalier\",\"publisher\":{\"@id\":\"https:\/\/frontaliers-grandest.eu\/de\/#organization\"},\"alternateName\":\"Frontaliers Grand Est\",\"potentialAction\":[{\"@type\":\"SearchAction\",\"target\":{\"@type\":\"EntryPoint\",\"urlTemplate\":\"https:\/\/frontaliers-grandest.eu\/de\/?s={search_term_string}\"},\"query-input\":{\"@type\":\"PropertyValueSpecification\",\"valueRequired\":true,\"valueName\":\"search_term_string\"}}],\"inLanguage\":\"de\"},{\"@type\":\"Organization\",\"@id\":\"https:\/\/frontaliers-grandest.eu\/de\/#organization\",\"name\":\"Frontaliers Grand Est\",\"alternateName\":\"Frontaliers Grand Est\",\"url\":\"https:\/\/frontaliers-grandest.eu\/de\/\",\"logo\":{\"@type\":\"ImageObject\",\"inLanguage\":\"de\",\"@id\":\"https:\/\/frontaliers-grandest.eu\/de\/#\/schema\/logo\/image\/\",\"url\":\"https:\/\/frontaliers-grandest.eu\/wp-content\/uploads\/2025\/07\/260328234_2966785176920310_3332838526503858160_n.jpg\",\"contentUrl\":\"https:\/\/frontaliers-grandest.eu\/wp-content\/uploads\/2025\/07\/260328234_2966785176920310_3332838526503858160_n.jpg\",\"width\":396,\"height\":396,\"caption\":\"Frontaliers Grand Est\"},\"image\":{\"@id\":\"https:\/\/frontaliers-grandest.eu\/de\/#\/schema\/logo\/image\/\"},\"sameAs\":[\"https:\/\/www.facebook.com\/frontaliers.GR.EST\/?locale=fr_FR\"]}]}<\/script>\n<!-- \/ Yoast SEO plugin. -->","yoast_head_json":{"title":"Sprachtests - Frontaliers Grand Est","robots":{"index":"index","follow":"follow","max-snippet":"max-snippet:-1","max-image-preview":"max-image-preview:large","max-video-preview":"max-video-preview:-1"},"canonical":"https:\/\/frontaliers-grandest.eu\/de\/startseite\/jugendliche\/studie-ausbildung\/anerkennung-der-diplome\/die-anerkennung-der-diplome-in-frankreich\/sprachtests\/","og_locale":"de_DE","og_type":"article","og_title":"Sprachtests - Frontaliers Grand Est","og_description":"Die Universit\u00e4ten entscheiden \u00fcber die Zul\u00e4ssigkeit Ihres Antrags und auch \u00fcber Ihr Sprachniveau.&nbsp; Die Hochschulen verlangen einen Sprachtest der franz\u00f6sischen Sprache f\u00fcr jeglichen Antrag auf vorl\u00e4ufige Anschreibung der Kandidaten, die Staatsb\u00fcrger von Drittl\u00e4ndern sind. Bestimmte Organisation organisieren sogar selbst die franz\u00f6sischen Sprachtests (tests de connaissance du fran\u00e7ais, TCF). Des Weiteren werden die Tests auch vom [&hellip;]","og_url":"https:\/\/frontaliers-grandest.eu\/de\/startseite\/jugendliche\/studie-ausbildung\/anerkennung-der-diplome\/die-anerkennung-der-diplome-in-frankreich\/sprachtests\/","og_site_name":"Frontaliers Grand Est","article_publisher":"https:\/\/www.facebook.com\/frontaliers.GR.EST\/?locale=fr_FR","article_modified_time":"2021-05-19T10:15:56+00:00","twitter_card":"summary_large_image","twitter_misc":{"Gesch\u00e4tzte Lesezeit":"1\u00a0Minute"},"schema":{"@context":"https:\/\/schema.org","@graph":[{"@type":"WebPage","@id":"https:\/\/frontaliers-grandest.eu\/de\/startseite\/jugendliche\/studie-ausbildung\/anerkennung-der-diplome\/die-anerkennung-der-diplome-in-frankreich\/sprachtests\/","url":"https:\/\/frontaliers-grandest.eu\/de\/startseite\/jugendliche\/studie-ausbildung\/anerkennung-der-diplome\/die-anerkennung-der-diplome-in-frankreich\/sprachtests\/","name":"Sprachtests - Frontaliers Grand Est","isPartOf":{"@id":"https:\/\/frontaliers-grandest.eu\/de\/#website"},"datePublished":"2021-05-19T10:15:55+00:00","dateModified":"2021-05-19T10:15:56+00:00","breadcrumb":{"@id":"https:\/\/frontaliers-grandest.eu\/de\/startseite\/jugendliche\/studie-ausbildung\/anerkennung-der-diplome\/die-anerkennung-der-diplome-in-frankreich\/sprachtests\/#breadcrumb"},"inLanguage":"de","potentialAction":[{"@type":"ReadAction","target":["https:\/\/frontaliers-grandest.eu\/de\/startseite\/jugendliche\/studie-ausbildung\/anerkennung-der-diplome\/die-anerkennung-der-diplome-in-frankreich\/sprachtests\/"]}]},{"@type":"BreadcrumbList","@id":"https:\/\/frontaliers-grandest.eu\/de\/startseite\/jugendliche\/studie-ausbildung\/anerkennung-der-diplome\/die-anerkennung-der-diplome-in-frankreich\/sprachtests\/#breadcrumb","itemListElement":[{"@type":"ListItem","position":1,"name":"Startseite","item":"https:\/\/frontaliers-grandest.eu\/de\/"},{"@type":"ListItem","position":2,"name":"Jugendliche","item":"https:\/\/frontaliers-grandest.eu\/de\/startseite\/jugendliche\/"},{"@type":"ListItem","position":3,"name":"Studie \/ Ausbildung","item":"https:\/\/frontaliers-grandest.eu\/de\/startseite\/jugendliche\/studie-ausbildung\/"},{"@type":"ListItem","position":4,"name":"Anerkennung der Diplome","item":"https:\/\/frontaliers-grandest.eu\/de\/startseite\/jugendliche\/studie-ausbildung\/anerkennung-der-diplome\/"},{"@type":"ListItem","position":5,"name":"Die anerkennung der diplome in Frankreich","item":"https:\/\/frontaliers-grandest.eu\/de\/startseite\/jugendliche\/studie-ausbildung\/anerkennung-der-diplome\/die-anerkennung-der-diplome-in-frankreich\/"},{"@type":"ListItem","position":6,"name":"Sprachtests"}]},{"@type":"WebSite","@id":"https:\/\/frontaliers-grandest.eu\/de\/#website","url":"https:\/\/frontaliers-grandest.eu\/de\/","name":"Frontaliers Grand Est","description":"Le site ressource du travail frontalier","publisher":{"@id":"https:\/\/frontaliers-grandest.eu\/de\/#organization"},"alternateName":"Frontaliers Grand Est","potentialAction":[{"@type":"SearchAction","target":{"@type":"EntryPoint","urlTemplate":"https:\/\/frontaliers-grandest.eu\/de\/?s={search_term_string}"},"query-input":{"@type":"PropertyValueSpecification","valueRequired":true,"valueName":"search_term_string"}}],"inLanguage":"de"},{"@type":"Organization","@id":"https:\/\/frontaliers-grandest.eu\/de\/#organization","name":"Frontaliers Grand Est","alternateName":"Frontaliers Grand Est","url":"https:\/\/frontaliers-grandest.eu\/de\/","logo":{"@type":"ImageObject","inLanguage":"de","@id":"https:\/\/frontaliers-grandest.eu\/de\/#\/schema\/logo\/image\/","url":"https:\/\/frontaliers-grandest.eu\/wp-content\/uploads\/2025\/07\/260328234_2966785176920310_3332838526503858160_n.jpg","contentUrl":"https:\/\/frontaliers-grandest.eu\/wp-content\/uploads\/2025\/07\/260328234_2966785176920310_3332838526503858160_n.jpg","width":396,"height":396,"caption":"Frontaliers Grand Est"},"image":{"@id":"https:\/\/frontaliers-grandest.eu\/de\/#\/schema\/logo\/image\/"},"sameAs":["https:\/\/www.facebook.com\/frontaliers.GR.EST\/?locale=fr_FR"]}]}},"frge_page_order":0,"_links":{"self":[{"href":"https:\/\/frontaliers-grandest.eu\/de\/wp-json\/wp\/v2\/pages\/7636","targetHints":{"allow":["GET"]}}],"collection":[{"href":"https:\/\/frontaliers-grandest.eu\/de\/wp-json\/wp\/v2\/pages"}],"about":[{"href":"https:\/\/frontaliers-grandest.eu\/de\/wp-json\/wp\/v2\/types\/page"}],"author":[{"embeddable":true,"href":"https:\/\/frontaliers-grandest.eu\/de\/wp-json\/wp\/v2\/users\/7"}],"replies":[{"embeddable":true,"href":"https:\/\/frontaliers-grandest.eu\/de\/wp-json\/wp\/v2\/comments?post=7636"}],"version-history":[{"count":1,"href":"https:\/\/frontaliers-grandest.eu\/de\/wp-json\/wp\/v2\/pages\/7636\/revisions"}],"predecessor-version":[{"id":7637,"href":"https:\/\/frontaliers-grandest.eu\/de\/wp-json\/wp\/v2\/pages\/7636\/revisions\/7637"}],"up":[{"embeddable":true,"href":"https:\/\/frontaliers-grandest.eu\/de\/wp-json\/wp\/v2\/pages\/7590"}],"wp:attachment":[{"href":"https:\/\/frontaliers-grandest.eu\/de\/wp-json\/wp\/v2\/media?parent=7636"}],"wp:term":[{"taxonomy":"post_tag","embeddable":true,"href":"https:\/\/frontaliers-grandest.eu\/de\/wp-json\/wp\/v2\/tags?post=7636"},{"taxonomy":"frge_profile","embeddable":true,"href":"https:\/\/frontaliers-grandest.eu\/de\/wp-json\/wp\/v2\/frge_profile?post=7636"}],"curies":[{"name":"wp","href":"https:\/\/api.w.org\/{rel}","templated":true}]}}