{"id":7579,"date":"2021-05-18T15:48:42","date_gmt":"2021-05-18T13:48:42","guid":{"rendered":"https:\/\/frontaliers-grandest.eu\/?page_id=7579"},"modified":"2024-03-13T11:49:03","modified_gmt":"2024-03-13T10:49:03","slug":"forderung-der-mobilitat-von-studenten","status":"publish","type":"page","link":"https:\/\/frontaliers-grandest.eu\/de\/startseite\/jugendliche\/studie-ausbildung\/im-nachbarland-studieren\/europaische-austauschprogramme\/forderung-der-mobilitat-von-studenten\/","title":{"rendered":"F\u00f6rderung der mobilit\u00e4t von studenten"},"content":{"rendered":"\n<h4 class=\"wp-block-heading\"><strong>VIE oder VIA : internationales Volont\u00e4r-programme im Unternehmen oder in einer Verwaltung<\/strong><\/h4>\n\n\n\n<p>Die Studierenden des europ\u00e4ischen Wirtschafts-raums zwischen 18 und 28 Jahren k\u00f6nnen ein Praktikum in einem Unternehmen oder in einer Verwaltung im Ausland durchf\u00fchren, f\u00fcr eine Dauer von 6 bis 24 Monaten.<\/p>\n\n\n\n<p>Gesuchte Kandidaten sind sehr oft Absolventen von Grandes \u00e9coles, masters, Ingenieurschulen (5 Jahre nach dem Abitur).Das Volont\u00e4r-programm steht unter der Aufsicht der franz\u00f6sischen Botschaft.<\/p>\n\n\n\n<p>Die monatliche Verg\u00fctung betr\u00e4gt ungef\u00e4hr 1&nbsp;800 \u20ac.<\/p>\n\n\n\n<figure class=\"wp-block-pullquote\"><blockquote><p><strong>Informationen \u00fcber das Programm\u00a0 :<\/strong><\/p><p><a href=\"http:\/\/www.civiweb.com\">www.civiweb.com<\/a><br><a href=\"http:\/\/www.euroguidance-france.org\">www.euroguidance-france.org<\/a><\/p><\/blockquote><\/figure>\n","protected":false},"excerpt":{"rendered":"<p>VIE oder VIA : internationales Volont\u00e4r-programme im Unternehmen oder in einer Verwaltung Die Studierenden des europ\u00e4ischen Wirtschafts-raums zwischen 18 und 28 Jahren k\u00f6nnen ein Praktikum in einem Unternehmen oder in einer Verwaltung im Ausland durchf\u00fchren, f\u00fcr eine Dauer von 6 bis 24 Monaten. Gesuchte Kandidaten sind sehr oft Absolventen von Grandes \u00e9coles, masters, Ingenieurschulen (5 [&hellip;]<\/p>\n","protected":false},"author":7,"featured_media":0,"parent":7572,"menu_order":2,"comment_status":"closed","ping_status":"closed","template":"","meta":{"inline_featured_image":false,"footnotes":""},"tags":[],"frge_profile":[],"class_list":["post-7579","page","type-page","status-publish","hentry"],"yoast_head":"<!-- This site is optimized with the Yoast SEO plugin v27.1.1 - https:\/\/yoast.com\/product\/yoast-seo-wordpress\/ -->\n<title>F\u00f6rderung der mobilit\u00e4t von studenten - Frontaliers Grand Est<\/title>\n<meta name=\"robots\" content=\"index, follow, max-snippet:-1, max-image-preview:large, max-video-preview:-1\" \/>\n<link rel=\"canonical\" href=\"https:\/\/frontaliers-grandest.eu\/de\/startseite\/jugendliche\/studie-ausbildung\/im-nachbarland-studieren\/europaische-austauschprogramme\/forderung-der-mobilitat-von-studenten\/\" \/>\n<meta property=\"og:locale\" content=\"de_DE\" \/>\n<meta property=\"og:type\" content=\"article\" \/>\n<meta property=\"og:title\" content=\"F\u00f6rderung der mobilit\u00e4t von studenten - Frontaliers Grand Est\" \/>\n<meta property=\"og:description\" content=\"VIE oder VIA : internationales Volont\u00e4r-programme im Unternehmen oder in einer Verwaltung Die Studierenden des europ\u00e4ischen Wirtschafts-raums zwischen 18 und 28 Jahren k\u00f6nnen ein Praktikum in einem Unternehmen oder in einer Verwaltung im Ausland durchf\u00fchren, f\u00fcr eine Dauer von 6 bis 24 Monaten. Gesuchte Kandidaten sind sehr oft Absolventen von Grandes \u00e9coles, masters, Ingenieurschulen (5 [&hellip;]\" \/>\n<meta property=\"og:url\" content=\"https:\/\/frontaliers-grandest.eu\/de\/startseite\/jugendliche\/studie-ausbildung\/im-nachbarland-studieren\/europaische-austauschprogramme\/forderung-der-mobilitat-von-studenten\/\" \/>\n<meta property=\"og:site_name\" content=\"Frontaliers Grand Est\" \/>\n<meta property=\"article:publisher\" content=\"https:\/\/www.facebook.com\/frontaliers.GR.EST\/?locale=fr_FR\" \/>\n<meta property=\"article:modified_time\" content=\"2024-03-13T10:49:03+00:00\" \/>\n<meta name=\"twitter:card\" content=\"summary_large_image\" \/>\n<meta name=\"twitter:label1\" content=\"Gesch\u00e4tzte Lesezeit\" \/>\n\t<meta name=\"twitter:data1\" content=\"1\u00a0Minute\" \/>\n<script type=\"application\/ld+json\" class=\"yoast-schema-graph\">{\"@context\":\"https:\/\/schema.org\",\"@graph\":[{\"@type\":\"WebPage\",\"@id\":\"https:\/\/frontaliers-grandest.eu\/de\/startseite\/jugendliche\/studie-ausbildung\/im-nachbarland-studieren\/europaische-austauschprogramme\/forderung-der-mobilitat-von-studenten\/\",\"url\":\"https:\/\/frontaliers-grandest.eu\/de\/startseite\/jugendliche\/studie-ausbildung\/im-nachbarland-studieren\/europaische-austauschprogramme\/forderung-der-mobilitat-von-studenten\/\",\"name\":\"F\u00f6rderung der mobilit\u00e4t von studenten - Frontaliers Grand Est\",\"isPartOf\":{\"@id\":\"https:\/\/frontaliers-grandest.eu\/de\/#website\"},\"datePublished\":\"2021-05-18T13:48:42+00:00\",\"dateModified\":\"2024-03-13T10:49:03+00:00\",\"breadcrumb\":{\"@id\":\"https:\/\/frontaliers-grandest.eu\/de\/startseite\/jugendliche\/studie-ausbildung\/im-nachbarland-studieren\/europaische-austauschprogramme\/forderung-der-mobilitat-von-studenten\/#breadcrumb\"},\"inLanguage\":\"de\",\"potentialAction\":[{\"@type\":\"ReadAction\",\"target\":[\"https:\/\/frontaliers-grandest.eu\/de\/startseite\/jugendliche\/studie-ausbildung\/im-nachbarland-studieren\/europaische-austauschprogramme\/forderung-der-mobilitat-von-studenten\/\"]}]},{\"@type\":\"BreadcrumbList\",\"@id\":\"https:\/\/frontaliers-grandest.eu\/de\/startseite\/jugendliche\/studie-ausbildung\/im-nachbarland-studieren\/europaische-austauschprogramme\/forderung-der-mobilitat-von-studenten\/#breadcrumb\",\"itemListElement\":[{\"@type\":\"ListItem\",\"position\":1,\"name\":\"Startseite\",\"item\":\"https:\/\/frontaliers-grandest.eu\/de\/\"},{\"@type\":\"ListItem\",\"position\":2,\"name\":\"Jugendliche\",\"item\":\"https:\/\/frontaliers-grandest.eu\/de\/startseite\/jugendliche\/\"},{\"@type\":\"ListItem\",\"position\":3,\"name\":\"Studie \/ Ausbildung\",\"item\":\"https:\/\/frontaliers-grandest.eu\/de\/startseite\/jugendliche\/studie-ausbildung\/\"},{\"@type\":\"ListItem\",\"position\":4,\"name\":\"Im Nachbarland Studieren\",\"item\":\"https:\/\/frontaliers-grandest.eu\/de\/startseite\/jugendliche\/studie-ausbildung\/im-nachbarland-studieren\/\"},{\"@type\":\"ListItem\",\"position\":5,\"name\":\"Europa\u00efsche Austauschprogramme\",\"item\":\"https:\/\/frontaliers-grandest.eu\/de\/startseite\/jugendliche\/studie-ausbildung\/im-nachbarland-studieren\/europaische-austauschprogramme\/\"},{\"@type\":\"ListItem\",\"position\":6,\"name\":\"F\u00f6rderung der mobilit\u00e4t von studenten\"}]},{\"@type\":\"WebSite\",\"@id\":\"https:\/\/frontaliers-grandest.eu\/de\/#website\",\"url\":\"https:\/\/frontaliers-grandest.eu\/de\/\",\"name\":\"Frontaliers Grand Est\",\"description\":\"Le site ressource du travail frontalier\",\"publisher\":{\"@id\":\"https:\/\/frontaliers-grandest.eu\/de\/#organization\"},\"alternateName\":\"Frontaliers Grand Est\",\"potentialAction\":[{\"@type\":\"SearchAction\",\"target\":{\"@type\":\"EntryPoint\",\"urlTemplate\":\"https:\/\/frontaliers-grandest.eu\/de\/?s={search_term_string}\"},\"query-input\":{\"@type\":\"PropertyValueSpecification\",\"valueRequired\":true,\"valueName\":\"search_term_string\"}}],\"inLanguage\":\"de\"},{\"@type\":\"Organization\",\"@id\":\"https:\/\/frontaliers-grandest.eu\/de\/#organization\",\"name\":\"Frontaliers Grand Est\",\"alternateName\":\"Frontaliers Grand Est\",\"url\":\"https:\/\/frontaliers-grandest.eu\/de\/\",\"logo\":{\"@type\":\"ImageObject\",\"inLanguage\":\"de\",\"@id\":\"https:\/\/frontaliers-grandest.eu\/de\/#\/schema\/logo\/image\/\",\"url\":\"https:\/\/frontaliers-grandest.eu\/wp-content\/uploads\/2025\/07\/260328234_2966785176920310_3332838526503858160_n.jpg\",\"contentUrl\":\"https:\/\/frontaliers-grandest.eu\/wp-content\/uploads\/2025\/07\/260328234_2966785176920310_3332838526503858160_n.jpg\",\"width\":396,\"height\":396,\"caption\":\"Frontaliers Grand Est\"},\"image\":{\"@id\":\"https:\/\/frontaliers-grandest.eu\/de\/#\/schema\/logo\/image\/\"},\"sameAs\":[\"https:\/\/www.facebook.com\/frontaliers.GR.EST\/?locale=fr_FR\"]}]}<\/script>\n<!-- \/ Yoast SEO plugin. -->","yoast_head_json":{"title":"F\u00f6rderung der mobilit\u00e4t von studenten - Frontaliers Grand Est","robots":{"index":"index","follow":"follow","max-snippet":"max-snippet:-1","max-image-preview":"max-image-preview:large","max-video-preview":"max-video-preview:-1"},"canonical":"https:\/\/frontaliers-grandest.eu\/de\/startseite\/jugendliche\/studie-ausbildung\/im-nachbarland-studieren\/europaische-austauschprogramme\/forderung-der-mobilitat-von-studenten\/","og_locale":"de_DE","og_type":"article","og_title":"F\u00f6rderung der mobilit\u00e4t von studenten - Frontaliers Grand Est","og_description":"VIE oder VIA : internationales Volont\u00e4r-programme im Unternehmen oder in einer Verwaltung Die Studierenden des europ\u00e4ischen Wirtschafts-raums zwischen 18 und 28 Jahren k\u00f6nnen ein Praktikum in einem Unternehmen oder in einer Verwaltung im Ausland durchf\u00fchren, f\u00fcr eine Dauer von 6 bis 24 Monaten. Gesuchte Kandidaten sind sehr oft Absolventen von Grandes \u00e9coles, masters, Ingenieurschulen (5 [&hellip;]","og_url":"https:\/\/frontaliers-grandest.eu\/de\/startseite\/jugendliche\/studie-ausbildung\/im-nachbarland-studieren\/europaische-austauschprogramme\/forderung-der-mobilitat-von-studenten\/","og_site_name":"Frontaliers Grand Est","article_publisher":"https:\/\/www.facebook.com\/frontaliers.GR.EST\/?locale=fr_FR","article_modified_time":"2024-03-13T10:49:03+00:00","twitter_card":"summary_large_image","twitter_misc":{"Gesch\u00e4tzte Lesezeit":"1\u00a0Minute"},"schema":{"@context":"https:\/\/schema.org","@graph":[{"@type":"WebPage","@id":"https:\/\/frontaliers-grandest.eu\/de\/startseite\/jugendliche\/studie-ausbildung\/im-nachbarland-studieren\/europaische-austauschprogramme\/forderung-der-mobilitat-von-studenten\/","url":"https:\/\/frontaliers-grandest.eu\/de\/startseite\/jugendliche\/studie-ausbildung\/im-nachbarland-studieren\/europaische-austauschprogramme\/forderung-der-mobilitat-von-studenten\/","name":"F\u00f6rderung der mobilit\u00e4t von studenten - Frontaliers Grand Est","isPartOf":{"@id":"https:\/\/frontaliers-grandest.eu\/de\/#website"},"datePublished":"2021-05-18T13:48:42+00:00","dateModified":"2024-03-13T10:49:03+00:00","breadcrumb":{"@id":"https:\/\/frontaliers-grandest.eu\/de\/startseite\/jugendliche\/studie-ausbildung\/im-nachbarland-studieren\/europaische-austauschprogramme\/forderung-der-mobilitat-von-studenten\/#breadcrumb"},"inLanguage":"de","potentialAction":[{"@type":"ReadAction","target":["https:\/\/frontaliers-grandest.eu\/de\/startseite\/jugendliche\/studie-ausbildung\/im-nachbarland-studieren\/europaische-austauschprogramme\/forderung-der-mobilitat-von-studenten\/"]}]},{"@type":"BreadcrumbList","@id":"https:\/\/frontaliers-grandest.eu\/de\/startseite\/jugendliche\/studie-ausbildung\/im-nachbarland-studieren\/europaische-austauschprogramme\/forderung-der-mobilitat-von-studenten\/#breadcrumb","itemListElement":[{"@type":"ListItem","position":1,"name":"Startseite","item":"https:\/\/frontaliers-grandest.eu\/de\/"},{"@type":"ListItem","position":2,"name":"Jugendliche","item":"https:\/\/frontaliers-grandest.eu\/de\/startseite\/jugendliche\/"},{"@type":"ListItem","position":3,"name":"Studie \/ Ausbildung","item":"https:\/\/frontaliers-grandest.eu\/de\/startseite\/jugendliche\/studie-ausbildung\/"},{"@type":"ListItem","position":4,"name":"Im Nachbarland Studieren","item":"https:\/\/frontaliers-grandest.eu\/de\/startseite\/jugendliche\/studie-ausbildung\/im-nachbarland-studieren\/"},{"@type":"ListItem","position":5,"name":"Europa\u00efsche Austauschprogramme","item":"https:\/\/frontaliers-grandest.eu\/de\/startseite\/jugendliche\/studie-ausbildung\/im-nachbarland-studieren\/europaische-austauschprogramme\/"},{"@type":"ListItem","position":6,"name":"F\u00f6rderung der mobilit\u00e4t von studenten"}]},{"@type":"WebSite","@id":"https:\/\/frontaliers-grandest.eu\/de\/#website","url":"https:\/\/frontaliers-grandest.eu\/de\/","name":"Frontaliers Grand Est","description":"Le site ressource du travail frontalier","publisher":{"@id":"https:\/\/frontaliers-grandest.eu\/de\/#organization"},"alternateName":"Frontaliers Grand Est","potentialAction":[{"@type":"SearchAction","target":{"@type":"EntryPoint","urlTemplate":"https:\/\/frontaliers-grandest.eu\/de\/?s={search_term_string}"},"query-input":{"@type":"PropertyValueSpecification","valueRequired":true,"valueName":"search_term_string"}}],"inLanguage":"de"},{"@type":"Organization","@id":"https:\/\/frontaliers-grandest.eu\/de\/#organization","name":"Frontaliers Grand Est","alternateName":"Frontaliers Grand Est","url":"https:\/\/frontaliers-grandest.eu\/de\/","logo":{"@type":"ImageObject","inLanguage":"de","@id":"https:\/\/frontaliers-grandest.eu\/de\/#\/schema\/logo\/image\/","url":"https:\/\/frontaliers-grandest.eu\/wp-content\/uploads\/2025\/07\/260328234_2966785176920310_3332838526503858160_n.jpg","contentUrl":"https:\/\/frontaliers-grandest.eu\/wp-content\/uploads\/2025\/07\/260328234_2966785176920310_3332838526503858160_n.jpg","width":396,"height":396,"caption":"Frontaliers Grand Est"},"image":{"@id":"https:\/\/frontaliers-grandest.eu\/de\/#\/schema\/logo\/image\/"},"sameAs":["https:\/\/www.facebook.com\/frontaliers.GR.EST\/?locale=fr_FR"]}]}},"frge_page_order":0,"_links":{"self":[{"href":"https:\/\/frontaliers-grandest.eu\/de\/wp-json\/wp\/v2\/pages\/7579","targetHints":{"allow":["GET"]}}],"collection":[{"href":"https:\/\/frontaliers-grandest.eu\/de\/wp-json\/wp\/v2\/pages"}],"about":[{"href":"https:\/\/frontaliers-grandest.eu\/de\/wp-json\/wp\/v2\/types\/page"}],"author":[{"embeddable":true,"href":"https:\/\/frontaliers-grandest.eu\/de\/wp-json\/wp\/v2\/users\/7"}],"replies":[{"embeddable":true,"href":"https:\/\/frontaliers-grandest.eu\/de\/wp-json\/wp\/v2\/comments?post=7579"}],"version-history":[{"count":2,"href":"https:\/\/frontaliers-grandest.eu\/de\/wp-json\/wp\/v2\/pages\/7579\/revisions"}],"predecessor-version":[{"id":34609,"href":"https:\/\/frontaliers-grandest.eu\/de\/wp-json\/wp\/v2\/pages\/7579\/revisions\/34609"}],"up":[{"embeddable":true,"href":"https:\/\/frontaliers-grandest.eu\/de\/wp-json\/wp\/v2\/pages\/7572"}],"wp:attachment":[{"href":"https:\/\/frontaliers-grandest.eu\/de\/wp-json\/wp\/v2\/media?parent=7579"}],"wp:term":[{"taxonomy":"post_tag","embeddable":true,"href":"https:\/\/frontaliers-grandest.eu\/de\/wp-json\/wp\/v2\/tags?post=7579"},{"taxonomy":"frge_profile","embeddable":true,"href":"https:\/\/frontaliers-grandest.eu\/de\/wp-json\/wp\/v2\/frge_profile?post=7579"}],"curies":[{"name":"wp","href":"https:\/\/api.w.org\/{rel}","templated":true}]}}