{"id":7575,"date":"2021-05-18T15:40:04","date_gmt":"2021-05-18T13:40:04","guid":{"rendered":"https:\/\/frontaliers-grandest.eu\/?page_id=7575"},"modified":"2021-05-18T15:40:06","modified_gmt":"2021-05-18T13:40:06","slug":"erasmus-programm-fur-die-studierenden","status":"publish","type":"page","link":"https:\/\/frontaliers-grandest.eu\/de\/startseite\/jugendliche\/studie-ausbildung\/im-nachbarland-studieren\/europaische-austauschprogramme\/erasmus-programm-fur-die-studierenden\/","title":{"rendered":"Erasmus+ Programm f\u00fcr die studierenden"},"content":{"rendered":"\n<p>Das Programm Erasmus+ erm\u00f6glicht den Jugendlichen, einem Studium in einem Land des europ\u00e4ischen Wirtschaftsraums (+Turkei und Mazedonien) nachzugehen oder ein Praktikum zu absolvieren.<\/p>\n\n\n\n<p>Jede Hochschule (Universit\u00e4t, Institut, Schule, Gymnasium), die \u00fcber eine Erasmus+ Hochschul-charta verf\u00fcgt, organisiert die Austausche mit den europ\u00e4ischen Partnerhochschulen.<\/p>\n\n\n\n<h5 class=\"wp-block-heading\"><strong>Studium<\/strong>\u00a0: <\/h5>\n\n\n\n<p>Ab dem zweiten Studienjahr bis zum Doktorat ist es m\u00f6glich, eine Mobilit\u00e4tsphase von 3 bis 12 Monaten pro Studiengang (Bachelor, master, Doktorat) zu absolvieren. Die Mobilit\u00e4t Erasmus+ ist im Studiengang integriert und f\u00fcr den Erwerb des franz\u00f6sischen Diploms anerkannt (durch die ECTS Punkte).<\/p>\n\n\n\n<h5 class=\"wp-block-heading\"><strong>Praktika<\/strong> : <\/h5>\n\n\n\n<p>Das Programm Erasmus+ erm\u00f6glicht auch, ein Praktikum in einem anderen Land Europas zu absolvieren. Schon ab dem ersten Studiengang ist es m\u00f6glich, das Praktikum f\u00fcr eine Dauer von maximal 12 Monaten zu absolvieren<\/p>\n\n\n\n<h5 class=\"wp-block-heading\"><strong>Stipendien<\/strong> : <\/h5>\n\n\n\n<p>Eine Finanzhilfe kann dem Studenten, der einen Studienaufenthalt im Ausland absolvieren m\u00f6chte, gew\u00e4hrt werden. Sie wird von den Hochschulen nach sozialen Kriterien\u00a0 gew\u00e4hrt.\u00a0<\/p>\n\n\n\n<h5 class=\"wp-block-heading\"><strong>Ausk\u00fcnfte<\/strong> :<\/h5>\n\n\n\n<ul class=\"wp-block-list\"><li>Website der Europ\u00e4ischen Kommission, <a href=\"http:\/\/www.ec.europa.eu\" target=\"_blank\" rel=\"noreferrer noopener\">www.ec.europa.eu<\/a><\/li><li>Europ\u00e4isches Jugendportal, <a href=\"http:\/\/www.europa.eu\/youth\" target=\"_blank\" rel=\"noreferrer noopener\">www.europa.eu\/youth<\/a><\/li><li>Netzwerk Euroguidance, <a href=\"http:\/\/www.euroguidance-france.org\" target=\"_blank\" rel=\"noreferrer noopener\">www.euroguidance-france.org<\/a><\/li><\/ul>\n","protected":false},"excerpt":{"rendered":"<p>Das Programm Erasmus+ erm\u00f6glicht den Jugendlichen, einem Studium in einem Land des europ\u00e4ischen Wirtschaftsraums (+Turkei und Mazedonien) nachzugehen oder ein Praktikum zu absolvieren. Jede Hochschule (Universit\u00e4t, Institut, Schule, Gymnasium), die \u00fcber eine Erasmus+ Hochschul-charta verf\u00fcgt, organisiert die Austausche mit den europ\u00e4ischen Partnerhochschulen. Studium\u00a0: Ab dem zweiten Studienjahr bis zum Doktorat ist es m\u00f6glich, eine Mobilit\u00e4tsphase [&hellip;]<\/p>\n","protected":false},"author":7,"featured_media":0,"parent":7572,"menu_order":0,"comment_status":"closed","ping_status":"closed","template":"","meta":{"inline_featured_image":false,"footnotes":""},"tags":[],"frge_profile":[],"class_list":["post-7575","page","type-page","status-publish","hentry"],"yoast_head":"<!-- This site is optimized with the Yoast SEO plugin v27.1.1 - https:\/\/yoast.com\/product\/yoast-seo-wordpress\/ -->\n<title>Erasmus+ Programm f\u00fcr die studierenden - Frontaliers Grand Est<\/title>\n<meta name=\"robots\" content=\"index, follow, max-snippet:-1, max-image-preview:large, max-video-preview:-1\" \/>\n<link rel=\"canonical\" href=\"https:\/\/frontaliers-grandest.eu\/de\/startseite\/jugendliche\/studie-ausbildung\/im-nachbarland-studieren\/europaische-austauschprogramme\/erasmus-programm-fur-die-studierenden\/\" \/>\n<meta property=\"og:locale\" content=\"de_DE\" \/>\n<meta property=\"og:type\" content=\"article\" \/>\n<meta property=\"og:title\" content=\"Erasmus+ Programm f\u00fcr die studierenden - Frontaliers Grand Est\" \/>\n<meta property=\"og:description\" content=\"Das Programm Erasmus+ erm\u00f6glicht den Jugendlichen, einem Studium in einem Land des europ\u00e4ischen Wirtschaftsraums (+Turkei und Mazedonien) nachzugehen oder ein Praktikum zu absolvieren. Jede Hochschule (Universit\u00e4t, Institut, Schule, Gymnasium), die \u00fcber eine Erasmus+ Hochschul-charta verf\u00fcgt, organisiert die Austausche mit den europ\u00e4ischen Partnerhochschulen. Studium\u00a0: Ab dem zweiten Studienjahr bis zum Doktorat ist es m\u00f6glich, eine Mobilit\u00e4tsphase [&hellip;]\" \/>\n<meta property=\"og:url\" content=\"https:\/\/frontaliers-grandest.eu\/de\/startseite\/jugendliche\/studie-ausbildung\/im-nachbarland-studieren\/europaische-austauschprogramme\/erasmus-programm-fur-die-studierenden\/\" \/>\n<meta property=\"og:site_name\" content=\"Frontaliers Grand Est\" \/>\n<meta property=\"article:publisher\" content=\"https:\/\/www.facebook.com\/frontaliers.GR.EST\/?locale=fr_FR\" \/>\n<meta property=\"article:modified_time\" content=\"2021-05-18T13:40:06+00:00\" \/>\n<meta name=\"twitter:card\" content=\"summary_large_image\" \/>\n<meta name=\"twitter:label1\" content=\"Gesch\u00e4tzte Lesezeit\" \/>\n\t<meta name=\"twitter:data1\" content=\"1\u00a0Minute\" \/>\n<script type=\"application\/ld+json\" class=\"yoast-schema-graph\">{\"@context\":\"https:\/\/schema.org\",\"@graph\":[{\"@type\":\"WebPage\",\"@id\":\"https:\/\/frontaliers-grandest.eu\/de\/startseite\/jugendliche\/studie-ausbildung\/im-nachbarland-studieren\/europaische-austauschprogramme\/erasmus-programm-fur-die-studierenden\/\",\"url\":\"https:\/\/frontaliers-grandest.eu\/de\/startseite\/jugendliche\/studie-ausbildung\/im-nachbarland-studieren\/europaische-austauschprogramme\/erasmus-programm-fur-die-studierenden\/\",\"name\":\"Erasmus+ Programm f\u00fcr die studierenden - Frontaliers Grand Est\",\"isPartOf\":{\"@id\":\"https:\/\/frontaliers-grandest.eu\/de\/#website\"},\"datePublished\":\"2021-05-18T13:40:04+00:00\",\"dateModified\":\"2021-05-18T13:40:06+00:00\",\"breadcrumb\":{\"@id\":\"https:\/\/frontaliers-grandest.eu\/de\/startseite\/jugendliche\/studie-ausbildung\/im-nachbarland-studieren\/europaische-austauschprogramme\/erasmus-programm-fur-die-studierenden\/#breadcrumb\"},\"inLanguage\":\"de\",\"potentialAction\":[{\"@type\":\"ReadAction\",\"target\":[\"https:\/\/frontaliers-grandest.eu\/de\/startseite\/jugendliche\/studie-ausbildung\/im-nachbarland-studieren\/europaische-austauschprogramme\/erasmus-programm-fur-die-studierenden\/\"]}]},{\"@type\":\"BreadcrumbList\",\"@id\":\"https:\/\/frontaliers-grandest.eu\/de\/startseite\/jugendliche\/studie-ausbildung\/im-nachbarland-studieren\/europaische-austauschprogramme\/erasmus-programm-fur-die-studierenden\/#breadcrumb\",\"itemListElement\":[{\"@type\":\"ListItem\",\"position\":1,\"name\":\"Startseite\",\"item\":\"https:\/\/frontaliers-grandest.eu\/de\/\"},{\"@type\":\"ListItem\",\"position\":2,\"name\":\"Jugendliche\",\"item\":\"https:\/\/frontaliers-grandest.eu\/de\/startseite\/jugendliche\/\"},{\"@type\":\"ListItem\",\"position\":3,\"name\":\"Studie \/ Ausbildung\",\"item\":\"https:\/\/frontaliers-grandest.eu\/de\/startseite\/jugendliche\/studie-ausbildung\/\"},{\"@type\":\"ListItem\",\"position\":4,\"name\":\"Im Nachbarland Studieren\",\"item\":\"https:\/\/frontaliers-grandest.eu\/de\/startseite\/jugendliche\/studie-ausbildung\/im-nachbarland-studieren\/\"},{\"@type\":\"ListItem\",\"position\":5,\"name\":\"Europa\u00efsche Austauschprogramme\",\"item\":\"https:\/\/frontaliers-grandest.eu\/de\/startseite\/jugendliche\/studie-ausbildung\/im-nachbarland-studieren\/europaische-austauschprogramme\/\"},{\"@type\":\"ListItem\",\"position\":6,\"name\":\"Erasmus+ Programm f\u00fcr die studierenden\"}]},{\"@type\":\"WebSite\",\"@id\":\"https:\/\/frontaliers-grandest.eu\/de\/#website\",\"url\":\"https:\/\/frontaliers-grandest.eu\/de\/\",\"name\":\"Frontaliers Grand Est\",\"description\":\"Le site ressource du travail frontalier\",\"publisher\":{\"@id\":\"https:\/\/frontaliers-grandest.eu\/de\/#organization\"},\"alternateName\":\"Frontaliers Grand Est\",\"potentialAction\":[{\"@type\":\"SearchAction\",\"target\":{\"@type\":\"EntryPoint\",\"urlTemplate\":\"https:\/\/frontaliers-grandest.eu\/de\/?s={search_term_string}\"},\"query-input\":{\"@type\":\"PropertyValueSpecification\",\"valueRequired\":true,\"valueName\":\"search_term_string\"}}],\"inLanguage\":\"de\"},{\"@type\":\"Organization\",\"@id\":\"https:\/\/frontaliers-grandest.eu\/de\/#organization\",\"name\":\"Frontaliers Grand Est\",\"alternateName\":\"Frontaliers Grand Est\",\"url\":\"https:\/\/frontaliers-grandest.eu\/de\/\",\"logo\":{\"@type\":\"ImageObject\",\"inLanguage\":\"de\",\"@id\":\"https:\/\/frontaliers-grandest.eu\/de\/#\/schema\/logo\/image\/\",\"url\":\"https:\/\/frontaliers-grandest.eu\/wp-content\/uploads\/2025\/07\/260328234_2966785176920310_3332838526503858160_n.jpg\",\"contentUrl\":\"https:\/\/frontaliers-grandest.eu\/wp-content\/uploads\/2025\/07\/260328234_2966785176920310_3332838526503858160_n.jpg\",\"width\":396,\"height\":396,\"caption\":\"Frontaliers Grand Est\"},\"image\":{\"@id\":\"https:\/\/frontaliers-grandest.eu\/de\/#\/schema\/logo\/image\/\"},\"sameAs\":[\"https:\/\/www.facebook.com\/frontaliers.GR.EST\/?locale=fr_FR\"]}]}<\/script>\n<!-- \/ Yoast SEO plugin. -->","yoast_head_json":{"title":"Erasmus+ Programm f\u00fcr die studierenden - Frontaliers Grand Est","robots":{"index":"index","follow":"follow","max-snippet":"max-snippet:-1","max-image-preview":"max-image-preview:large","max-video-preview":"max-video-preview:-1"},"canonical":"https:\/\/frontaliers-grandest.eu\/de\/startseite\/jugendliche\/studie-ausbildung\/im-nachbarland-studieren\/europaische-austauschprogramme\/erasmus-programm-fur-die-studierenden\/","og_locale":"de_DE","og_type":"article","og_title":"Erasmus+ Programm f\u00fcr die studierenden - Frontaliers Grand Est","og_description":"Das Programm Erasmus+ erm\u00f6glicht den Jugendlichen, einem Studium in einem Land des europ\u00e4ischen Wirtschaftsraums (+Turkei und Mazedonien) nachzugehen oder ein Praktikum zu absolvieren. Jede Hochschule (Universit\u00e4t, Institut, Schule, Gymnasium), die \u00fcber eine Erasmus+ Hochschul-charta verf\u00fcgt, organisiert die Austausche mit den europ\u00e4ischen Partnerhochschulen. Studium\u00a0: Ab dem zweiten Studienjahr bis zum Doktorat ist es m\u00f6glich, eine Mobilit\u00e4tsphase [&hellip;]","og_url":"https:\/\/frontaliers-grandest.eu\/de\/startseite\/jugendliche\/studie-ausbildung\/im-nachbarland-studieren\/europaische-austauschprogramme\/erasmus-programm-fur-die-studierenden\/","og_site_name":"Frontaliers Grand Est","article_publisher":"https:\/\/www.facebook.com\/frontaliers.GR.EST\/?locale=fr_FR","article_modified_time":"2021-05-18T13:40:06+00:00","twitter_card":"summary_large_image","twitter_misc":{"Gesch\u00e4tzte Lesezeit":"1\u00a0Minute"},"schema":{"@context":"https:\/\/schema.org","@graph":[{"@type":"WebPage","@id":"https:\/\/frontaliers-grandest.eu\/de\/startseite\/jugendliche\/studie-ausbildung\/im-nachbarland-studieren\/europaische-austauschprogramme\/erasmus-programm-fur-die-studierenden\/","url":"https:\/\/frontaliers-grandest.eu\/de\/startseite\/jugendliche\/studie-ausbildung\/im-nachbarland-studieren\/europaische-austauschprogramme\/erasmus-programm-fur-die-studierenden\/","name":"Erasmus+ Programm f\u00fcr die studierenden - Frontaliers Grand Est","isPartOf":{"@id":"https:\/\/frontaliers-grandest.eu\/de\/#website"},"datePublished":"2021-05-18T13:40:04+00:00","dateModified":"2021-05-18T13:40:06+00:00","breadcrumb":{"@id":"https:\/\/frontaliers-grandest.eu\/de\/startseite\/jugendliche\/studie-ausbildung\/im-nachbarland-studieren\/europaische-austauschprogramme\/erasmus-programm-fur-die-studierenden\/#breadcrumb"},"inLanguage":"de","potentialAction":[{"@type":"ReadAction","target":["https:\/\/frontaliers-grandest.eu\/de\/startseite\/jugendliche\/studie-ausbildung\/im-nachbarland-studieren\/europaische-austauschprogramme\/erasmus-programm-fur-die-studierenden\/"]}]},{"@type":"BreadcrumbList","@id":"https:\/\/frontaliers-grandest.eu\/de\/startseite\/jugendliche\/studie-ausbildung\/im-nachbarland-studieren\/europaische-austauschprogramme\/erasmus-programm-fur-die-studierenden\/#breadcrumb","itemListElement":[{"@type":"ListItem","position":1,"name":"Startseite","item":"https:\/\/frontaliers-grandest.eu\/de\/"},{"@type":"ListItem","position":2,"name":"Jugendliche","item":"https:\/\/frontaliers-grandest.eu\/de\/startseite\/jugendliche\/"},{"@type":"ListItem","position":3,"name":"Studie \/ Ausbildung","item":"https:\/\/frontaliers-grandest.eu\/de\/startseite\/jugendliche\/studie-ausbildung\/"},{"@type":"ListItem","position":4,"name":"Im Nachbarland Studieren","item":"https:\/\/frontaliers-grandest.eu\/de\/startseite\/jugendliche\/studie-ausbildung\/im-nachbarland-studieren\/"},{"@type":"ListItem","position":5,"name":"Europa\u00efsche Austauschprogramme","item":"https:\/\/frontaliers-grandest.eu\/de\/startseite\/jugendliche\/studie-ausbildung\/im-nachbarland-studieren\/europaische-austauschprogramme\/"},{"@type":"ListItem","position":6,"name":"Erasmus+ Programm f\u00fcr die studierenden"}]},{"@type":"WebSite","@id":"https:\/\/frontaliers-grandest.eu\/de\/#website","url":"https:\/\/frontaliers-grandest.eu\/de\/","name":"Frontaliers Grand Est","description":"Le site ressource du travail frontalier","publisher":{"@id":"https:\/\/frontaliers-grandest.eu\/de\/#organization"},"alternateName":"Frontaliers Grand Est","potentialAction":[{"@type":"SearchAction","target":{"@type":"EntryPoint","urlTemplate":"https:\/\/frontaliers-grandest.eu\/de\/?s={search_term_string}"},"query-input":{"@type":"PropertyValueSpecification","valueRequired":true,"valueName":"search_term_string"}}],"inLanguage":"de"},{"@type":"Organization","@id":"https:\/\/frontaliers-grandest.eu\/de\/#organization","name":"Frontaliers Grand Est","alternateName":"Frontaliers Grand Est","url":"https:\/\/frontaliers-grandest.eu\/de\/","logo":{"@type":"ImageObject","inLanguage":"de","@id":"https:\/\/frontaliers-grandest.eu\/de\/#\/schema\/logo\/image\/","url":"https:\/\/frontaliers-grandest.eu\/wp-content\/uploads\/2025\/07\/260328234_2966785176920310_3332838526503858160_n.jpg","contentUrl":"https:\/\/frontaliers-grandest.eu\/wp-content\/uploads\/2025\/07\/260328234_2966785176920310_3332838526503858160_n.jpg","width":396,"height":396,"caption":"Frontaliers Grand Est"},"image":{"@id":"https:\/\/frontaliers-grandest.eu\/de\/#\/schema\/logo\/image\/"},"sameAs":["https:\/\/www.facebook.com\/frontaliers.GR.EST\/?locale=fr_FR"]}]}},"frge_page_order":0,"_links":{"self":[{"href":"https:\/\/frontaliers-grandest.eu\/de\/wp-json\/wp\/v2\/pages\/7575","targetHints":{"allow":["GET"]}}],"collection":[{"href":"https:\/\/frontaliers-grandest.eu\/de\/wp-json\/wp\/v2\/pages"}],"about":[{"href":"https:\/\/frontaliers-grandest.eu\/de\/wp-json\/wp\/v2\/types\/page"}],"author":[{"embeddable":true,"href":"https:\/\/frontaliers-grandest.eu\/de\/wp-json\/wp\/v2\/users\/7"}],"replies":[{"embeddable":true,"href":"https:\/\/frontaliers-grandest.eu\/de\/wp-json\/wp\/v2\/comments?post=7575"}],"version-history":[{"count":1,"href":"https:\/\/frontaliers-grandest.eu\/de\/wp-json\/wp\/v2\/pages\/7575\/revisions"}],"predecessor-version":[{"id":7576,"href":"https:\/\/frontaliers-grandest.eu\/de\/wp-json\/wp\/v2\/pages\/7575\/revisions\/7576"}],"up":[{"embeddable":true,"href":"https:\/\/frontaliers-grandest.eu\/de\/wp-json\/wp\/v2\/pages\/7572"}],"wp:attachment":[{"href":"https:\/\/frontaliers-grandest.eu\/de\/wp-json\/wp\/v2\/media?parent=7575"}],"wp:term":[{"taxonomy":"post_tag","embeddable":true,"href":"https:\/\/frontaliers-grandest.eu\/de\/wp-json\/wp\/v2\/tags?post=7575"},{"taxonomy":"frge_profile","embeddable":true,"href":"https:\/\/frontaliers-grandest.eu\/de\/wp-json\/wp\/v2\/frge_profile?post=7575"}],"curies":[{"name":"wp","href":"https:\/\/api.w.org\/{rel}","templated":true}]}}