{"id":7484,"date":"2021-05-18T12:31:19","date_gmt":"2021-05-18T10:31:19","guid":{"rendered":"https:\/\/frontaliers-grandest.eu\/?page_id=7484"},"modified":"2024-03-13T11:47:34","modified_gmt":"2024-03-13T10:47:34","slug":"ein-unternehmen-in-luxemburg-finden-und-einen-ausbildungsvertrag-unterzeichnen","status":"publish","type":"page","link":"https:\/\/frontaliers-grandest.eu\/de\/startseite\/jugendliche\/grenzubergreifende-berufsausbildung\/die-grenzuberschreitende-ausbildung-in-luxemburg\/ein-unternehmen-in-luxemburg-finden-und-einen-ausbildungsvertrag-unterzeichnen\/","title":{"rendered":"Ein Unternehmen in Luxemburg finden und einen Ausbildungsvertrag unterzeichnen"},"content":{"rendered":"\n<h4 class=\"wp-block-heading\"><strong>Ein Ausbildungsunternehmen in Luxemburg finden<\/strong><\/h4>\n\n\n\n<p>Alle freien Stellen auf dem Gebiet der Berufsausbildung werden dem Berufsberatungszentrum (OP) der Agence pour le D\u00e9veloppement de l\u2019Emploi (ADEM) mit Hilfe eines Formulars \u201eErkl\u00e4rung eines freien Ausbildungsplatzes\u201c gemeldet. Folglich empfiehlt es sich, sich mit dieser Einrichtung sowie mit der Handwerkskammer in Verbindung zu setzen. Spontanbewerbungen k\u00f6nnen ebenfalls an Unternehmen gesandt werden, die Ihnen ggf. einen Ausbildungsplatz anbieten k\u00f6nnen.<\/p>\n\n\n<div class=\"wp-block-wptb-table-block\"><div class=\"wptb-container-legacy\" data-table-id=\"7485\">\n    <table class=\"wptb-preview-table wptb-element-main-table_setting-7485 edit-active\" style=\"border: 1px solid rgb(209, 209, 209);\" data-reconstraction=\"1\" data-wptb-table-tds-sum-max-width=\"263\" data-wptb-cells-width-auto-count=\"2\" data-wptb-extra-styles=\"LyogRW50ZXIgeW91ciBjdXN0b20gQ1NTIHJ1bGVzIGhlcmUgKi8=\" role=\"table\" data-table-columns=\"2\"><tbody><tr class=\"wptb-row\"><td class=\"wptb-cell\" data-y-index=\"0\" data-x-index=\"0\" style=\"border: 1px solid rgb(209, 209, 209);\" data-wptb-css-td-auto-width=\"true\" data-wptb-cell-vertical-alignment=\"top\"><div class=\"wptb-text-container wptb-ph-element wptb-element-text-1\"><div class=\"\" style=\"position: relative;\"><p><strong>Berufsberatungszentrum der ADEM<\/strong> <br>58 bd Grande-Duchesse Charlotte<br>L-1330 Luxemburg<br>Tel. 00&nbsp;352 80028185<br><a data-mce-href=\"mailto:info@m-o.lu\" href=\"mailto:info@m-o.lu\" target=\"_blank\" data-mce-selected=\"inline-boundary\">info@m-o.lu<\/a><br><\/p><\/div><\/div><\/td><td class=\"wptb-cell\" data-y-index=\"0\" data-x-index=\"1\" style=\"border: 1px solid rgb(209, 209, 209);\" data-wptb-css-td-auto-width=\"true\" data-wptb-cell-vertical-alignment=\"top\"><div class=\"wptb-text-container wptb-ph-element wptb-element-text-2\"><div class=\"\" style=\"position: relative;\"><p><strong>Industrie- und Handelskammer Grand Est<\/strong><br><a data-mce-href=\"http:\/\/www.grandest.cci.fr\" href=\"http:\/\/www.grandest.cci.fr\" target=\"_blank\" data-mce-selected=\"inline-boundary\">www.grandest.cci.fr<\/a><\/p><\/div><\/div><\/td><\/tr><tr class=\"wptb-row\"><td class=\"wptb-cell\" data-y-index=\"1\" data-x-index=\"0\" style=\"border: 1px solid rgb(209, 209, 209);\" data-wptb-css-td-auto-width=\"true\" data-wptb-cell-vertical-alignment=\"top\"><div class=\"wptb-text-container wptb-ph-element wptb-element-text-3\"><div class=\"\" style=\"position: relative;\"><p><strong>Handwerkskammer Luxemburg<\/strong><br><a data-mce-href=\"http:\/\/www.cdm.lu\" href=\"http:\/\/www.cdm.lu\" target=\"_blank\" data-mce-selected=\"inline-boundary\">www.cdm.lu<\/a><\/p><\/div><\/div><\/td><td class=\"wptb-cell\" data-y-index=\"1\" data-x-index=\"1\" style=\"border: 1px solid rgb(209, 209, 209);\" data-wptb-css-td-auto-width=\"true\" data-wptb-cell-vertical-alignment=\"top\"><div class=\"wptb-text-container wptb-ph-element wptb-element-text-4\"><div class=\"\" style=\"position: relative;\"><p><strong>Handwerkskammer<\/strong><br><a data-mce-href=\"http:\/\/www.crma.grandest.fr\" href=\"http:\/\/www.crma.grandest.fr\" target=\"_blank\" data-mce-selected=\"inline-boundary\">www.crma.grandest.fr<\/a><\/p><\/div><\/div><\/td><\/tr><tr class=\"wptb-row\"><td class=\"wptb-cell\" data-y-index=\"2\" data-x-index=\"0\" style=\"border: 1px solid rgb(209, 209, 209);\" data-wptb-css-td-auto-width=\"true\" data-wptb-cell-vertical-alignment=\"top\"><div class=\"wptb-text-container wptb-ph-element wptb-element-text-5\"><div class=\"\" style=\"position: relative;\"><p class=\"\"><strong>Site der Handwerkskammer, die der Berufsausbildung vorbehalten ist<\/strong> <br><a data-mce-href=\"http:\/\/www.handsup.lu\" href=\"http:\/\/www.handsup.lu\" target=\"_blank\" data-mce-selected=\"inline-boundary\">www.handsup.lu<\/a><br><\/p><\/div><\/div><\/td><td class=\"wptb-cell\" data-y-index=\"2\" data-x-index=\"1\" style=\"border: 1px solid rgb(209, 209, 209);\" data-wptb-css-td-auto-width=\"true\" data-wptb-cell-vertical-alignment=\"top\"><div class=\"wptb-text-container wptb-ph-element wptb-element-text-6\"><div class=\"\" style=\"position: relative;\"><p class=\"\"><strong>Regionalkammer f\u00fcr Landwirtschaft Grand Est<\/strong><br><a data-mce-href=\"http:\/\/www.grandest.chambre-agriculture.fr\/\" href=\"http:\/\/www.grandest.chambre-agriculture.fr\/\" target=\"_blank\" data-mce-selected=\"inline-boundary\">http:\/\/www.grandest.chambre-agriculture.fr\/<\/a><\/p><\/div><\/div><\/td><\/tr><tr class=\"wptb-row\"><td class=\"wptb-cell\" data-y-index=\"3\" data-x-index=\"0\" style=\"border: 1px solid rgb(209, 209, 209);\" data-wptb-css-td-auto-width=\"true\" data-wptb-cell-vertical-alignment=\"top\"><div class=\"wptb-text-container wptb-ph-element wptb-element-text-7\"><div class=\"\" style=\"position: relative;\"><p><strong>Telefonbuch der luxemburgischen Unternehmen und Privatpersonen:<\/strong><br><a data-mce-href=\"http:\/\/www.editus.lu\" href=\"http:\/\/www.editus.lu\" target=\"_blank\" data-mce-selected=\"inline-boundary\">www.editus.lu<\/a><\/p><\/div><\/div><\/td><td class=\"wptb-cell\" data-y-index=\"3\" data-x-index=\"1\" style=\"border: 1px solid rgb(209, 209, 209);\" data-wptb-css-td-auto-width=\"true\" data-wptb-cell-vertical-alignment=\"top\"><div class=\"wptb-text-container wptb-ph-element wptb-element-text-8\"><div class=\"\" style=\"position: relative;\"><p><strong>Informations- und Berufsberatungszentrum des Schulaufsichtsbezirks Nancy-Metz<\/strong><br><a data-mce-href=\"http:\/\/www4.ac-nancy-metz.fr\/lio\/cio.htm\" href=\"http:\/\/www4.ac-nancy-metz.fr\/lio\/cio.htm\" target=\"_blank\" data-mce-selected=\"inline-boundary\">http:\/\/www4.ac-nancy-metz.fr\/lio\/cio.htm<\/a><\/p><\/div><\/div><\/td><\/tr><\/tbody><\/table>\n<\/div>\n<\/div>\n\n\n<h4 class=\"wp-block-heading\"><strong>Erforderliche Formalit\u00e4ten<\/strong><\/h4>\n\n\n\n<h5 class=\"wp-block-heading\"><strong>Sie haben ein Unternehmen gefunden, das bereit ist, Sie w\u00e4hrend Ihrer Lehrausbildung aufzunehmen.<\/strong><\/h5>\n\n\n\n<p>Jedwede grenz\u00fcberschreitende Lehrausbildung bedarf im Vorfeld der Genehmigung des Minist\u00e8re de l\u2019Education Nationale, de l\u2019Enfance et de la Jeunesse (Ministeriums f\u00fcr Bildung, Kinder und Jugendliche), das pr\u00fcft, ob die f\u00fcr einen Schulbesuch im Ausland angegebenen Gr\u00fcnde gerechtfertigt sind.<\/p>\n\n\n\n<p>Zu diesem Zweck sind Sie verpflichtet, einen schriftlichen und begr\u00fcndeten Antrag an die Abteilung f\u00fcr Berufsausbildung beim Ministerium f\u00fcr Bildung, Kinder und Jugendliche zu senden, der ausdr\u00fccklich Folgendes beinhaltet:<\/p>\n\n\n\n<ul class=\"wp-block-list\">\n<li>Ihren Namen, Vornamen und Wohnort,<\/li>\n\n\n\n<li>Den Namen, Vornamen, Beruf und Niederlassungsort des Arbeitgebers; im Fall einer juristischen Person die Firmenbezeichnung und den Gesch\u00e4ftssitz,<\/li>\n\n\n\n<li>Die Bezeichnung und die Anschrift der schulischen Einrichtung, in der sie den theoretischen Unterricht absolvieren,<\/li>\n\n\n\n<li>Die Bezeichnung des Berufs, in dem Sie eine Berufsausbildung machen m\u00f6chten,<\/li>\n\n\n\n<li>Eine Kopie der Schulzeugnisse f\u00fcr das letzte Schuljahr, das Sie vor dem Beginn der Berufsausbildung absolviert haben.<\/li>\n<\/ul>\n\n\n\n<figure class=\"wp-block-pullquote\"><blockquote><p><strong>Minist\u00e8re de l\u2019Education Nationale, de l\u2019Enfance et de la Jeunesse<\/strong><br>18-20 mont\u00e9e de la P\u00e9trusse<br>L-2327 Luxembourg<br>00&nbsp;352&nbsp;247&nbsp;859 12<br><a href=\"http:\/\/www.men.public.lu\" target=\"_blank\" rel=\"noreferrer noopener\">www.men.public.lu<\/a><\/p><\/blockquote><\/figure>\n\n\n\n<p><br>Die Berufsberatungsabteilung der ADEM und die betreffenden Berufskammern \u00fcbermitteln ihre Stellungnahme in Bezug auf Ihren Antrag an das Minist\u00e8re de l\u2019\u00c9ducation nationale, de l\u2019Enfance et de la Jeunesse<\/p>\n\n\n\n<h5 class=\"wp-block-heading\"><strong>Sie haben die Genehmigung f\u00fcr die grenz\u00fcberschreitende Berufsausbildung erhalten<\/strong>:<\/h5>\n\n\n\n<p>Bitte melden Sie sich zwischen dem Monat April und Oktober beim Berufsberatungszentrum der ADEM Luxembourg Ville, dem Sie folgende Dokumente vorlegen m\u00fcssen:<\/p>\n\n\n\n<ul class=\"wp-block-list\">\n<li>Ihren Ausweis oder Pass,<\/li>\n\n\n\n<li>Die Genehmigung des Minist\u00e8re de l\u2019Education nationale, de l\u2019Enfance et de la Jeunesse,<\/li>\n\n\n\n<li>Die nationale Matrikelnummer.<\/li>\n\n\n\n<li>Diese Nummer muss vom Ausbildungsunternehmen schnellstm\u00f6glich beim Centre Commun de la S\u00e9curit\u00e9 Sociale (Sozialversicherungstr\u00e4ger) eingeholt werden. <a href=\"https:\/\/www.ccss.lu\/\" target=\"_blank\" rel=\"noreferrer noopener\">www.ccss.lu<\/a><\/li>\n<\/ul>\n\n\n\n<h4 class=\"wp-block-heading\"><strong>Der Ausbildungsvertrag<\/strong><\/h4>\n\n\n\n<p>Die <strong>Ausbildungsvertr\u00e4ge werden zwischen dem 16. Juli und dem 1. November<\/strong> desselben Jahres unterzeichnet.<br>Der Ausbildungsvertrag wird bei der zust\u00e4ndigen Berufskammer des Arbeitsgebers in Luxemburg oder beim Minister f\u00fcr Berufe, die keiner Berufskammer des Arbeitsgebers untergeordnet sind, registriert. Eine Kopie wird an die Arbeitnehmerkammer, die f\u00fcr die theoretische Ausbildung des Auszubildenden zust\u00e4ndige Ausbildungsst\u00e4tte sowie die auf dem Gebiet der Ausbildung im Ausland zust\u00e4ndige Beh\u00f6rde gesandt.<\/p>\n\n\n\n<h5 class=\"wp-block-heading\"><strong>Unterzeichnung des Ausbildungsvertrags<\/strong><\/h5>\n\n\n\n<p>Der Ausbildungsvertrag wird zwischen dem Unternehmen und dem Auszubildenden (im Fall eines Minderj\u00e4hrigen seinem gesetzlichen Vertreter) unterzeichnet. Standardausbildungsvertr\u00e4ge sind bei den Handelskammern und den Handwerkskammern verf\u00fcgbar. Eine gesonderte Vereinbarung wird zwischen der anf\u00e4nglichen Ausbildungsst\u00e4tte und dem Unternehmen unterzeichnet.<\/p>\n\n\n\n<p>Die Dauer des Ausbildungsvertrags betr\u00e4gt 3 und maximal 4 Jahre.<\/p>\n\n\n\n<p>Er wird in Bezug auf den Schutz des jungen Arbeitnehmers, den K\u00fcndigungsschutz im Fall der Arbeitsunf\u00e4higkeit und den gesetzlichen Urlaub mit einem Arbeitsvertrag gleichgestellt.<\/p>\n\n\n\n<p>Der ausbildende Arbeitgeber verpflichtet sich, dem Auszubildenden die erforderliche Zeit f\u00fcr den Besuch der Ausbildungsst\u00e4tte zu gew\u00e4hren. Er muss die Berufsbildung in Anlehnung an das praktische Ausbildungsprogramm im Unternehmen gew\u00e4hrleisten, das von den zust\u00e4ndigen Berufskammern und der Regierung erarbeitet wird.<\/p>\n\n\n\n<h5 class=\"wp-block-heading\"><strong>Der obligatorische Inhalt des Vertrags<\/strong><\/h5>\n\n\n\n<p>Der Ausbildungsvertrag muss insbesondere ausdr\u00fccklich die nachstehenden Angaben beinhalten:<\/p>\n\n\n\n<ul class=\"wp-block-list\">\n<li>Ziele und Modalit\u00e4ten der Ausbildung im betreffenden Beruf oder zu erlernenden Beruf;<\/li>\n\n\n\n<li>Dauer der Probezeit Die Parteien k\u00f6nnen eine Probezeit von drei Monaten vereinbaren;<\/li>\n\n\n\n<li>die den Urlaub betreffenden Bestimmungen: Die Auszubildenden haben Anspruch auf den gesetzlichen Urlaub. Der Jahresurlaub betr\u00e4gt unabh\u00e4ngig vom Alter des Arbeitnehmers mindestens 25 Werktage pro Jahr. Der Urlaubsanspruch entsteht nach einer 3-monatigen ununterbrochenen Arbeit beim selben Arbeitgeber. Die Tarifvereinbarungen sehen ggf. f\u00fcr die Arbeitnehmer g\u00fcnstigere Bedingungen vor.<\/li>\n\n\n\n<li>Arbeitszeit: Die Arbeitszeit betr\u00e4gt 8 Stunden pro Tag und 40 Wochenstunden;<\/li>\n<\/ul>\n\n\n\n<h5 class=\"wp-block-heading\"><strong>Die Ausbildungsentsch\u00e4digungen<\/strong><\/h5>\n\n\n\n<p>Die gro\u00dfherzogliche Verordnung setzt j\u00e4hrlich auch f\u00fcr die grenz\u00fcberschreitende Ausbildung die Ausbildungsentsch\u00e4digungen fest.<\/p>\n\n\n\n<h5 class=\"wp-block-heading\"><strong>Ende der Laufzeit des Vertrags<\/strong><\/h5>\n\n\n\n<p>Der Vertrag endet unter bestimmten Bedingungen:<\/p>\n\n\n\n<ul class=\"wp-block-list\">\n<li>Aufgrund der schwerwiegenden oder wiederholten Verfehlung der Vertragsbedingungen,<\/li>\n\n\n\n<li>W\u00e4hrend der Probezeit ohne Angabe eines Grunds,<\/li>\n\n\n\n<li>Nach der Probezeit, sofern festgestellt wird, dass der Auszubildenden unf\u00e4hig ist, den Beruf zu erlernen.<\/li>\n<\/ul>\n\n\n\n<h4 class=\"wp-block-heading\"><strong>Sozialer Schutz und Steuern<\/strong><\/h4>\n\n\n\n<h5 class=\"wp-block-heading\"><strong>Sozialversicherung<\/strong><\/h5>\n\n\n\n<p>Die Auszubildenden werden ausdr\u00fccklich im Zusammenhang mit allen Risiken auf Ebene der Sozialversicherung versichert (Krankheit und Mutterschaft, Arbeitsunfall, Alter und Invalidit\u00e4t und Pflegeversicherung). Der Arbeitgeber muss den Beitritt des Auszubildenden ab der Arbeitsaufnahme als Auszubildender beim Centre Commun de la S\u00e9curit\u00e9 Sociale (Sozialversicherungstr\u00e4ger) gew\u00e4hrleisten.<br>Der soziale Schutz w\u00e4hrend der praktischen Ausbildung in Luxemburg ist auch in der Zeit des Besuchs der Berufsschule in Frankeich wirksam.<\/p>\n\n\n\n<h5 class=\"wp-block-heading\"><strong>Steuern<\/strong><\/h5>\n\n\n\n<p>Der Auszubildende ist verpflichtet, dem Arbeitgeber seine Steuerkarte auszuh\u00e4ndigen, die ihm von der Administration des Contributions Directes (Steuerbeh\u00f6rde) \u00fcbermittelt wird. Der Auszubildende, der nicht auf dem luxemburgischen Territorium ans\u00e4ssig ist, ist zu diesem Zweck verpflichtet, sich mit dem Finanzamt f\u00fcr Gebietsfremde Bureau d\u2019imposition, section RTS non-r\u00e9sidents, 5 Rue de Hollerich, L-2982 Luxembourg, in Verbindung zu setzen.<\/p>\n\n\n\n<h4 class=\"wp-block-heading\"><strong>Finanzielle Bedingungen der grenz\u00fcberschreitenden Ausbildung<\/strong><\/h4>\n\n\n\n<p><strong>Im Fall eines luxemburgischen B\u00fcrgers, der seine theoretische Ausbildung in einer lothringischen Berufsschule und seine praktische Ausbildung in einem luxemburgischen Unternehmen absolviert<\/strong>, begleicht die luxemburgische Seite die Gesamtkosten der Ausbildung, die den den franz\u00f6sischen Unternehmen zufallenden Kosten entsprechen, sofern sie einen Auszubildenden aufnehmen, der eine lothringische Berufsschule besucht.<br><br><strong>Im Fall eines franz\u00f6sischen B\u00fcrgers, der seine theoretische Ausbildung in einer lothringischen Berufsschule und seine praktische Ausbildung in einem luxemburgischen Unternehmen absolviert<\/strong>, \u00fcbernimmt die luxemburgische Seite bzw. das Unternehmen, das den Wunsch hat, einen franz\u00f6sischen B\u00fcrger aufzunehmen, die zus\u00e4tzlichen Kosten entsprechend den f\u00fcr die Ausbildung des Auszubildenden in seiner Berufsschule erforderlichen Arbeitsmitteln unter Ber\u00fccksichtigung von 1 bis 3 Auszubildenden pro Ausbildungsbereich.<\/p>\n","protected":false},"excerpt":{"rendered":"<p>Ein Ausbildungsunternehmen in Luxemburg finden Alle freien Stellen auf dem Gebiet der Berufsausbildung werden dem Berufsberatungszentrum (OP) der Agence pour le D\u00e9veloppement de l\u2019Emploi (ADEM) mit Hilfe eines Formulars \u201eErkl\u00e4rung eines freien Ausbildungsplatzes\u201c gemeldet. Folglich empfiehlt es sich, sich mit dieser Einrichtung sowie mit der Handwerkskammer in Verbindung zu setzen. Spontanbewerbungen k\u00f6nnen ebenfalls an Unternehmen [&hellip;]<\/p>\n","protected":false},"author":7,"featured_media":0,"parent":7472,"menu_order":4,"comment_status":"closed","ping_status":"closed","template":"","meta":{"inline_featured_image":false,"footnotes":""},"tags":[],"frge_profile":[],"class_list":["post-7484","page","type-page","status-publish","hentry"],"yoast_head":"<!-- This site is optimized with the Yoast SEO plugin v27.1.1 - https:\/\/yoast.com\/product\/yoast-seo-wordpress\/ -->\n<title>Ein Unternehmen in Luxemburg finden und einen Ausbildungsvertrag unterzeichnen - Frontaliers Grand Est<\/title>\n<meta name=\"robots\" content=\"index, follow, max-snippet:-1, max-image-preview:large, max-video-preview:-1\" \/>\n<link rel=\"canonical\" href=\"https:\/\/frontaliers-grandest.eu\/de\/startseite\/jugendliche\/grenzubergreifende-berufsausbildung\/die-grenzuberschreitende-ausbildung-in-luxemburg\/ein-unternehmen-in-luxemburg-finden-und-einen-ausbildungsvertrag-unterzeichnen\/\" \/>\n<meta property=\"og:locale\" content=\"de_DE\" \/>\n<meta property=\"og:type\" content=\"article\" \/>\n<meta property=\"og:title\" content=\"Ein Unternehmen in Luxemburg finden und einen Ausbildungsvertrag unterzeichnen - Frontaliers Grand Est\" \/>\n<meta property=\"og:description\" content=\"Ein Ausbildungsunternehmen in Luxemburg finden Alle freien Stellen auf dem Gebiet der Berufsausbildung werden dem Berufsberatungszentrum (OP) der Agence pour le D\u00e9veloppement de l\u2019Emploi (ADEM) mit Hilfe eines Formulars \u201eErkl\u00e4rung eines freien Ausbildungsplatzes\u201c gemeldet. Folglich empfiehlt es sich, sich mit dieser Einrichtung sowie mit der Handwerkskammer in Verbindung zu setzen. Spontanbewerbungen k\u00f6nnen ebenfalls an Unternehmen [&hellip;]\" \/>\n<meta property=\"og:url\" content=\"https:\/\/frontaliers-grandest.eu\/de\/startseite\/jugendliche\/grenzubergreifende-berufsausbildung\/die-grenzuberschreitende-ausbildung-in-luxemburg\/ein-unternehmen-in-luxemburg-finden-und-einen-ausbildungsvertrag-unterzeichnen\/\" \/>\n<meta property=\"og:site_name\" content=\"Frontaliers Grand Est\" \/>\n<meta property=\"article:publisher\" content=\"https:\/\/www.facebook.com\/frontaliers.GR.EST\/?locale=fr_FR\" \/>\n<meta property=\"article:modified_time\" content=\"2024-03-13T10:47:34+00:00\" \/>\n<meta name=\"twitter:card\" content=\"summary_large_image\" \/>\n<meta name=\"twitter:label1\" content=\"Gesch\u00e4tzte Lesezeit\" \/>\n\t<meta name=\"twitter:data1\" content=\"5\u00a0Minuten\" \/>\n<script type=\"application\/ld+json\" class=\"yoast-schema-graph\">{\"@context\":\"https:\/\/schema.org\",\"@graph\":[{\"@type\":\"WebPage\",\"@id\":\"https:\/\/frontaliers-grandest.eu\/de\/startseite\/jugendliche\/grenzubergreifende-berufsausbildung\/die-grenzuberschreitende-ausbildung-in-luxemburg\/ein-unternehmen-in-luxemburg-finden-und-einen-ausbildungsvertrag-unterzeichnen\/\",\"url\":\"https:\/\/frontaliers-grandest.eu\/de\/startseite\/jugendliche\/grenzubergreifende-berufsausbildung\/die-grenzuberschreitende-ausbildung-in-luxemburg\/ein-unternehmen-in-luxemburg-finden-und-einen-ausbildungsvertrag-unterzeichnen\/\",\"name\":\"Ein Unternehmen in Luxemburg finden und einen Ausbildungsvertrag unterzeichnen - Frontaliers Grand Est\",\"isPartOf\":{\"@id\":\"https:\/\/frontaliers-grandest.eu\/de\/#website\"},\"datePublished\":\"2021-05-18T10:31:19+00:00\",\"dateModified\":\"2024-03-13T10:47:34+00:00\",\"breadcrumb\":{\"@id\":\"https:\/\/frontaliers-grandest.eu\/de\/startseite\/jugendliche\/grenzubergreifende-berufsausbildung\/die-grenzuberschreitende-ausbildung-in-luxemburg\/ein-unternehmen-in-luxemburg-finden-und-einen-ausbildungsvertrag-unterzeichnen\/#breadcrumb\"},\"inLanguage\":\"de\",\"potentialAction\":[{\"@type\":\"ReadAction\",\"target\":[\"https:\/\/frontaliers-grandest.eu\/de\/startseite\/jugendliche\/grenzubergreifende-berufsausbildung\/die-grenzuberschreitende-ausbildung-in-luxemburg\/ein-unternehmen-in-luxemburg-finden-und-einen-ausbildungsvertrag-unterzeichnen\/\"]}]},{\"@type\":\"BreadcrumbList\",\"@id\":\"https:\/\/frontaliers-grandest.eu\/de\/startseite\/jugendliche\/grenzubergreifende-berufsausbildung\/die-grenzuberschreitende-ausbildung-in-luxemburg\/ein-unternehmen-in-luxemburg-finden-und-einen-ausbildungsvertrag-unterzeichnen\/#breadcrumb\",\"itemListElement\":[{\"@type\":\"ListItem\",\"position\":1,\"name\":\"Startseite\",\"item\":\"https:\/\/frontaliers-grandest.eu\/de\/\"},{\"@type\":\"ListItem\",\"position\":2,\"name\":\"Jugendliche\",\"item\":\"https:\/\/frontaliers-grandest.eu\/de\/startseite\/jugendliche\/\"},{\"@type\":\"ListItem\",\"position\":3,\"name\":\"Grenz\u00fcbergreifende Berufsausbildung\",\"item\":\"https:\/\/frontaliers-grandest.eu\/de\/startseite\/jugendliche\/grenzubergreifende-berufsausbildung\/\"},{\"@type\":\"ListItem\",\"position\":4,\"name\":\"Die Grenz\u00fcberschreitende Ausbildung in Luxemburg\",\"item\":\"https:\/\/frontaliers-grandest.eu\/de\/startseite\/jugendliche\/grenzubergreifende-berufsausbildung\/die-grenzuberschreitende-ausbildung-in-luxemburg\/\"},{\"@type\":\"ListItem\",\"position\":5,\"name\":\"Ein Unternehmen in Luxemburg finden und einen Ausbildungsvertrag unterzeichnen\"}]},{\"@type\":\"WebSite\",\"@id\":\"https:\/\/frontaliers-grandest.eu\/de\/#website\",\"url\":\"https:\/\/frontaliers-grandest.eu\/de\/\",\"name\":\"Frontaliers Grand Est\",\"description\":\"Le site ressource du travail frontalier\",\"publisher\":{\"@id\":\"https:\/\/frontaliers-grandest.eu\/de\/#organization\"},\"alternateName\":\"Frontaliers Grand Est\",\"potentialAction\":[{\"@type\":\"SearchAction\",\"target\":{\"@type\":\"EntryPoint\",\"urlTemplate\":\"https:\/\/frontaliers-grandest.eu\/de\/?s={search_term_string}\"},\"query-input\":{\"@type\":\"PropertyValueSpecification\",\"valueRequired\":true,\"valueName\":\"search_term_string\"}}],\"inLanguage\":\"de\"},{\"@type\":\"Organization\",\"@id\":\"https:\/\/frontaliers-grandest.eu\/de\/#organization\",\"name\":\"Frontaliers Grand Est\",\"alternateName\":\"Frontaliers Grand Est\",\"url\":\"https:\/\/frontaliers-grandest.eu\/de\/\",\"logo\":{\"@type\":\"ImageObject\",\"inLanguage\":\"de\",\"@id\":\"https:\/\/frontaliers-grandest.eu\/de\/#\/schema\/logo\/image\/\",\"url\":\"https:\/\/frontaliers-grandest.eu\/wp-content\/uploads\/2025\/07\/260328234_2966785176920310_3332838526503858160_n.jpg\",\"contentUrl\":\"https:\/\/frontaliers-grandest.eu\/wp-content\/uploads\/2025\/07\/260328234_2966785176920310_3332838526503858160_n.jpg\",\"width\":396,\"height\":396,\"caption\":\"Frontaliers Grand Est\"},\"image\":{\"@id\":\"https:\/\/frontaliers-grandest.eu\/de\/#\/schema\/logo\/image\/\"},\"sameAs\":[\"https:\/\/www.facebook.com\/frontaliers.GR.EST\/?locale=fr_FR\"]}]}<\/script>\n<!-- \/ Yoast SEO plugin. -->","yoast_head_json":{"title":"Ein Unternehmen in Luxemburg finden und einen Ausbildungsvertrag unterzeichnen - Frontaliers Grand Est","robots":{"index":"index","follow":"follow","max-snippet":"max-snippet:-1","max-image-preview":"max-image-preview:large","max-video-preview":"max-video-preview:-1"},"canonical":"https:\/\/frontaliers-grandest.eu\/de\/startseite\/jugendliche\/grenzubergreifende-berufsausbildung\/die-grenzuberschreitende-ausbildung-in-luxemburg\/ein-unternehmen-in-luxemburg-finden-und-einen-ausbildungsvertrag-unterzeichnen\/","og_locale":"de_DE","og_type":"article","og_title":"Ein Unternehmen in Luxemburg finden und einen Ausbildungsvertrag unterzeichnen - Frontaliers Grand Est","og_description":"Ein Ausbildungsunternehmen in Luxemburg finden Alle freien Stellen auf dem Gebiet der Berufsausbildung werden dem Berufsberatungszentrum (OP) der Agence pour le D\u00e9veloppement de l\u2019Emploi (ADEM) mit Hilfe eines Formulars \u201eErkl\u00e4rung eines freien Ausbildungsplatzes\u201c gemeldet. Folglich empfiehlt es sich, sich mit dieser Einrichtung sowie mit der Handwerkskammer in Verbindung zu setzen. Spontanbewerbungen k\u00f6nnen ebenfalls an Unternehmen [&hellip;]","og_url":"https:\/\/frontaliers-grandest.eu\/de\/startseite\/jugendliche\/grenzubergreifende-berufsausbildung\/die-grenzuberschreitende-ausbildung-in-luxemburg\/ein-unternehmen-in-luxemburg-finden-und-einen-ausbildungsvertrag-unterzeichnen\/","og_site_name":"Frontaliers Grand Est","article_publisher":"https:\/\/www.facebook.com\/frontaliers.GR.EST\/?locale=fr_FR","article_modified_time":"2024-03-13T10:47:34+00:00","twitter_card":"summary_large_image","twitter_misc":{"Gesch\u00e4tzte Lesezeit":"5\u00a0Minuten"},"schema":{"@context":"https:\/\/schema.org","@graph":[{"@type":"WebPage","@id":"https:\/\/frontaliers-grandest.eu\/de\/startseite\/jugendliche\/grenzubergreifende-berufsausbildung\/die-grenzuberschreitende-ausbildung-in-luxemburg\/ein-unternehmen-in-luxemburg-finden-und-einen-ausbildungsvertrag-unterzeichnen\/","url":"https:\/\/frontaliers-grandest.eu\/de\/startseite\/jugendliche\/grenzubergreifende-berufsausbildung\/die-grenzuberschreitende-ausbildung-in-luxemburg\/ein-unternehmen-in-luxemburg-finden-und-einen-ausbildungsvertrag-unterzeichnen\/","name":"Ein Unternehmen in Luxemburg finden und einen Ausbildungsvertrag unterzeichnen - Frontaliers Grand Est","isPartOf":{"@id":"https:\/\/frontaliers-grandest.eu\/de\/#website"},"datePublished":"2021-05-18T10:31:19+00:00","dateModified":"2024-03-13T10:47:34+00:00","breadcrumb":{"@id":"https:\/\/frontaliers-grandest.eu\/de\/startseite\/jugendliche\/grenzubergreifende-berufsausbildung\/die-grenzuberschreitende-ausbildung-in-luxemburg\/ein-unternehmen-in-luxemburg-finden-und-einen-ausbildungsvertrag-unterzeichnen\/#breadcrumb"},"inLanguage":"de","potentialAction":[{"@type":"ReadAction","target":["https:\/\/frontaliers-grandest.eu\/de\/startseite\/jugendliche\/grenzubergreifende-berufsausbildung\/die-grenzuberschreitende-ausbildung-in-luxemburg\/ein-unternehmen-in-luxemburg-finden-und-einen-ausbildungsvertrag-unterzeichnen\/"]}]},{"@type":"BreadcrumbList","@id":"https:\/\/frontaliers-grandest.eu\/de\/startseite\/jugendliche\/grenzubergreifende-berufsausbildung\/die-grenzuberschreitende-ausbildung-in-luxemburg\/ein-unternehmen-in-luxemburg-finden-und-einen-ausbildungsvertrag-unterzeichnen\/#breadcrumb","itemListElement":[{"@type":"ListItem","position":1,"name":"Startseite","item":"https:\/\/frontaliers-grandest.eu\/de\/"},{"@type":"ListItem","position":2,"name":"Jugendliche","item":"https:\/\/frontaliers-grandest.eu\/de\/startseite\/jugendliche\/"},{"@type":"ListItem","position":3,"name":"Grenz\u00fcbergreifende Berufsausbildung","item":"https:\/\/frontaliers-grandest.eu\/de\/startseite\/jugendliche\/grenzubergreifende-berufsausbildung\/"},{"@type":"ListItem","position":4,"name":"Die Grenz\u00fcberschreitende Ausbildung in Luxemburg","item":"https:\/\/frontaliers-grandest.eu\/de\/startseite\/jugendliche\/grenzubergreifende-berufsausbildung\/die-grenzuberschreitende-ausbildung-in-luxemburg\/"},{"@type":"ListItem","position":5,"name":"Ein Unternehmen in Luxemburg finden und einen Ausbildungsvertrag unterzeichnen"}]},{"@type":"WebSite","@id":"https:\/\/frontaliers-grandest.eu\/de\/#website","url":"https:\/\/frontaliers-grandest.eu\/de\/","name":"Frontaliers Grand Est","description":"Le site ressource du travail frontalier","publisher":{"@id":"https:\/\/frontaliers-grandest.eu\/de\/#organization"},"alternateName":"Frontaliers Grand Est","potentialAction":[{"@type":"SearchAction","target":{"@type":"EntryPoint","urlTemplate":"https:\/\/frontaliers-grandest.eu\/de\/?s={search_term_string}"},"query-input":{"@type":"PropertyValueSpecification","valueRequired":true,"valueName":"search_term_string"}}],"inLanguage":"de"},{"@type":"Organization","@id":"https:\/\/frontaliers-grandest.eu\/de\/#organization","name":"Frontaliers Grand Est","alternateName":"Frontaliers Grand Est","url":"https:\/\/frontaliers-grandest.eu\/de\/","logo":{"@type":"ImageObject","inLanguage":"de","@id":"https:\/\/frontaliers-grandest.eu\/de\/#\/schema\/logo\/image\/","url":"https:\/\/frontaliers-grandest.eu\/wp-content\/uploads\/2025\/07\/260328234_2966785176920310_3332838526503858160_n.jpg","contentUrl":"https:\/\/frontaliers-grandest.eu\/wp-content\/uploads\/2025\/07\/260328234_2966785176920310_3332838526503858160_n.jpg","width":396,"height":396,"caption":"Frontaliers Grand Est"},"image":{"@id":"https:\/\/frontaliers-grandest.eu\/de\/#\/schema\/logo\/image\/"},"sameAs":["https:\/\/www.facebook.com\/frontaliers.GR.EST\/?locale=fr_FR"]}]}},"frge_page_order":0,"_links":{"self":[{"href":"https:\/\/frontaliers-grandest.eu\/de\/wp-json\/wp\/v2\/pages\/7484","targetHints":{"allow":["GET"]}}],"collection":[{"href":"https:\/\/frontaliers-grandest.eu\/de\/wp-json\/wp\/v2\/pages"}],"about":[{"href":"https:\/\/frontaliers-grandest.eu\/de\/wp-json\/wp\/v2\/types\/page"}],"author":[{"embeddable":true,"href":"https:\/\/frontaliers-grandest.eu\/de\/wp-json\/wp\/v2\/users\/7"}],"replies":[{"embeddable":true,"href":"https:\/\/frontaliers-grandest.eu\/de\/wp-json\/wp\/v2\/comments?post=7484"}],"version-history":[{"count":2,"href":"https:\/\/frontaliers-grandest.eu\/de\/wp-json\/wp\/v2\/pages\/7484\/revisions"}],"predecessor-version":[{"id":34606,"href":"https:\/\/frontaliers-grandest.eu\/de\/wp-json\/wp\/v2\/pages\/7484\/revisions\/34606"}],"up":[{"embeddable":true,"href":"https:\/\/frontaliers-grandest.eu\/de\/wp-json\/wp\/v2\/pages\/7472"}],"wp:attachment":[{"href":"https:\/\/frontaliers-grandest.eu\/de\/wp-json\/wp\/v2\/media?parent=7484"}],"wp:term":[{"taxonomy":"post_tag","embeddable":true,"href":"https:\/\/frontaliers-grandest.eu\/de\/wp-json\/wp\/v2\/tags?post=7484"},{"taxonomy":"frge_profile","embeddable":true,"href":"https:\/\/frontaliers-grandest.eu\/de\/wp-json\/wp\/v2\/frge_profile?post=7484"}],"curies":[{"name":"wp","href":"https:\/\/api.w.org\/{rel}","templated":true}]}}