{"id":6743,"date":"2021-04-27T11:13:20","date_gmt":"2021-04-27T09:13:20","guid":{"rendered":"https:\/\/frontaliers-grandest.eu\/?page_id=6743"},"modified":"2021-05-04T11:53:10","modified_gmt":"2021-05-04T09:53:10","slug":"in-den-weiterfuhrenden-schulen","status":"publish","type":"page","link":"https:\/\/frontaliers-grandest.eu\/de\/startseite\/fremdsprachen-lernen\/das-lernen-von-fremdsprachen-ab-dem-kindesalter-bis-zum-abitur\/in-deutschland\/das-lernen-von-fremdsprachen-in-baden-wurttemberg\/in-den-weiterfuhrenden-schulen\/","title":{"rendered":"In den weiterf\u00fchrenden Schulen"},"content":{"rendered":"\n<p>In Deutschland gibt es&nbsp;<strong>nach der Grundschule verschiedene Schularten im Sekundarbereich<\/strong>&nbsp;(z. B. Hauptschulen, Realschulen und Gymnasien). Dabei bieten die Gymnasien den h\u00f6chsten Bildungsabschluss im Sekundarbereich. Sie bereiten in 8 Jahren (Klassen 5 bis 12) auf das Abitur vor. Der Sekundarbereich ist in Unter- und Oberstufe unterteilt.<\/p>\n\n\n\n<p><strong>Ab der 5. Klasse steht eine weitere lebende Fremdsprache auf dem Lehrplan.<\/strong>&nbsp;Dabei wird in der Unterstufe jede Fremdsprache mit drei Wochenstunden unterrichtet.<\/p>\n\n\n\n<h5 class=\"wp-block-heading\"><strong>Bilinguale Abteilungen an Gymnasien<\/strong><\/h5>\n\n\n\n<p>Die Sch\u00fcler haben die M\u00f6glichkeit, einen bilingualen Zweig mit verst\u00e4rktem Fremdsprachenunterricht in der gew\u00e4hlten Sprache zu w\u00e4hlen.<br>In Baden-W\u00fcrttemberg gibt es&nbsp;<strong>97 Gymnasien&nbsp;<\/strong>mit bilingualen deutsch-englischen Abteilungen, 18 mit deutsch-franz\u00f6sischen Abteilungen und eines mit einer deutsch-italienischen Abteilung (in Stuttgart).<\/p>\n\n\n\n<p>Gymnasien mit bilingualen Abteilungen in Baden-W\u00fcrttemberg (bilinguale deutsch-englische Zweige)<br><a href=\"http:\/\/www.km-bw.de\/webadmin\/get\/documents\/KULTUS.Dachmandant\/KULTUS\/kultusportal-bw\/zzz_pdf\/Bilingualer-Unterricht.pdf\" target=\"_blank\" rel=\"noreferrer noopener\">http:\/\/www.km-bw.de\/webadmin\/get\/documents\/KULTUS.Dachmandant\/KULTUS\/kultusportal-bw\/zzz_pdf\/Bilingualer-Unterricht.pdf<\/a><\/p>\n\n\n\n<h5 class=\"wp-block-heading\"><strong>Die bilingualen deutsch-franz\u00f6sischen Zweige<\/strong><\/h5>\n\n\n\n<p>In der 5. Klasse entscheiden sich die Sch\u00fcler\/-innen, ob sie den&nbsp;<strong>bilingualen Zweig&nbsp;<\/strong>oder den Standardzweig besuchen m\u00f6chten.<br>Zus\u00e4tzliche Intensivierungsstunden in Franz\u00f6sisch in der 5. und 6. Klasse: 5 Wochenstunden Franz\u00f6sisch in der 5. Klasse, 6 Stunden in der 6. Klasse (statt 3 Stunden). In der 7, 8. und 9. Klasse werden verschiedene Sachf\u00e4cher auf Franz\u00f6sisch unterrichtet: Geografie (7. Klasse), Geschichte (8. Klasse) und Gemeinschaftskunde (9. Klasse).&nbsp;<\/p>\n\n\n\n<p>M\u00f6glichkeit, in der 9. Klasse die DELF-Pr\u00fcfung f\u00fcr Sch\u00fcler (B1) zu absolvieren.<\/p>\n\n\n\n<p>M\u00f6glichkeit, sich ab der 10. Klasse auf das&nbsp;<strong>AbiBac<\/strong>&nbsp;vorzubereiten. Ab der 10. Klasse werden die drei Sachf\u00e4cher Geografie, Geschichte und Gemeinschaftskunde auf Franz\u00f6sisch unterrichtet. Die Sch\u00fcler\/-innen erwerben dann das deutsche Abitur und das franz\u00f6sische Baccalaur\u00e9at.<br>Die Sch\u00fcler\/-innen im bilingualen deutsch-franz\u00f6sischen Zweig haben die gleiche Stundenzahl Englischunterricht wie die \u00fcbrigen Sch\u00fcler\/-innen.<\/p>\n\n\n\n<h5 class=\"wp-block-heading\"><strong>Gymnasien mit bilingualen deutsch-franz\u00f6sischen Zweigen<\/strong><\/h5>\n\n\n\n<ul class=\"wp-block-list\"><li><strong>Einstein-Gymnasium (Kehl)&nbsp;<\/strong>Alle Sch\u00fcler\/-innen behalten Franz\u00f6sisch als erste Fremdsprache und beginnen in der 5. Klasse mit Englisch. Sie k\u00f6nnen zwischen dem Normalzweig (normale Stundenzahl Franz\u00f6sischunterricht) und dem bilingualen Zweig (auf Franz\u00f6sisch unterrichtete Sachf\u00e4cher) w\u00e4hlen.<br><a href=\"https:\/\/einstein-kehl.de\/de\/\" target=\"_blank\" rel=\"noreferrer noopener\">https:\/\/einstein-kehl.de\/de\/<\/a><\/li><li><strong>Hans-Furler-Gymnasium&nbsp;(Oberkirch)&nbsp;<\/strong>9 zus\u00e4tzliche Stunden Franz\u00f6sisch in der bilingualen Klasse. Ab der 10. Klasse werden im AbiBac-Zweig 16 Wochenstunden auf Franz\u00f6sisch unterrichtet.<br><a href=\"https:\/\/www.hfg-oberkirch.de\/index.php?id=3\" target=\"_blank\" rel=\"noreferrer noopener\">http:\/\/www.hfg-oberkirch.de\/index.php?id=3<\/a><\/li><li><strong>Grimmelshausen-Gymnasium (Offenburg)&nbsp;<\/strong>\u201eEurop\u00e4isches Gymnasium\u201c. Englisch ist in jedem Fall die Basis-Fremdsprache aller Sch\u00fcler\/-innen. M\u00f6glichkeit, einen englisch-franz\u00f6sischen Zug ab der 7. Klasse zu w\u00e4hlen. 7 Stunden Franz\u00f6sisch in der 5. und 6. Klasse.<br><a href=\"http:\/\/grimmelshausen-gymnasium.de\/wordpress\/schulprofil-2\/\" target=\"_blank\" rel=\"noreferrer noopener\">http:\/\/grimmelshausen-gymnasium.de\/wordpress\/schulprofil-2\/<\/a><\/li><\/ul>\n\n\n\n<p>Individuelle Sch\u00fcleraustausche mit franz\u00f6sischen Schulen f\u00fcr zwei Monate im Rahmen des Brigitte-Sauzay-Programms.&nbsp;<\/p>\n\n\n\n<h5 class=\"wp-block-heading\"><strong>Internationales Abitur Baden-W\u00fcrttemberg&nbsp;<\/strong><\/h5>\n\n\n\n<p>Diese M\u00f6glichkeit gibt es seit 2006 in 50 baden-w\u00fcrttembergischen Gymnasien mit deutsch-englischen Z\u00fcgen. Die Sch\u00fcler eines bilingualen deutsch-englischen Zugs, der ab der 6. Klasse besucht wird, k\u00f6nnen mit der Abiturpr\u00fcfung ein Zertifikat \u201eInternationales Abitur Baden-W\u00fcrttemberg\u201c erhalten. Die F\u00e4cher Biologie, Geschichte bzw. Geografie werden mit vier Wochenstunden auf Englisch unterrichtet. Die schriftliche Abiturpr\u00fcfung wird in einem dieser F\u00e4cher auf Englisch absolviert.<\/p>\n","protected":false},"excerpt":{"rendered":"<p>In Deutschland gibt es&nbsp;nach der Grundschule verschiedene Schularten im Sekundarbereich&nbsp;(z. B. Hauptschulen, Realschulen und Gymnasien). Dabei bieten die Gymnasien den h\u00f6chsten Bildungsabschluss im Sekundarbereich. Sie bereiten in 8 Jahren (Klassen 5 bis 12) auf das Abitur vor. Der Sekundarbereich ist in Unter- und Oberstufe unterteilt. Ab der 5. Klasse steht eine weitere lebende Fremdsprache auf [&hellip;]<\/p>\n","protected":false},"author":7,"featured_media":0,"parent":6737,"menu_order":2,"comment_status":"closed","ping_status":"closed","template":"","meta":{"inline_featured_image":false,"footnotes":""},"tags":[],"frge_profile":[],"class_list":["post-6743","page","type-page","status-publish","hentry"],"yoast_head":"<!-- This site is optimized with the Yoast SEO plugin v27.1.1 - https:\/\/yoast.com\/product\/yoast-seo-wordpress\/ -->\n<title>In den weiterf\u00fchrenden Schulen - Frontaliers Grand Est<\/title>\n<meta name=\"robots\" content=\"index, follow, max-snippet:-1, max-image-preview:large, max-video-preview:-1\" \/>\n<link rel=\"canonical\" href=\"https:\/\/frontaliers-grandest.eu\/de\/startseite\/fremdsprachen-lernen\/das-lernen-von-fremdsprachen-ab-dem-kindesalter-bis-zum-abitur\/in-deutschland\/das-lernen-von-fremdsprachen-in-baden-wurttemberg\/in-den-weiterfuhrenden-schulen\/\" \/>\n<meta property=\"og:locale\" content=\"de_DE\" \/>\n<meta property=\"og:type\" content=\"article\" \/>\n<meta property=\"og:title\" content=\"In den weiterf\u00fchrenden Schulen - Frontaliers Grand Est\" \/>\n<meta property=\"og:description\" content=\"In Deutschland gibt es&nbsp;nach der Grundschule verschiedene Schularten im Sekundarbereich&nbsp;(z. B. Hauptschulen, Realschulen und Gymnasien). Dabei bieten die Gymnasien den h\u00f6chsten Bildungsabschluss im Sekundarbereich. Sie bereiten in 8 Jahren (Klassen 5 bis 12) auf das Abitur vor. Der Sekundarbereich ist in Unter- und Oberstufe unterteilt. Ab der 5. Klasse steht eine weitere lebende Fremdsprache auf [&hellip;]\" \/>\n<meta property=\"og:url\" content=\"https:\/\/frontaliers-grandest.eu\/de\/startseite\/fremdsprachen-lernen\/das-lernen-von-fremdsprachen-ab-dem-kindesalter-bis-zum-abitur\/in-deutschland\/das-lernen-von-fremdsprachen-in-baden-wurttemberg\/in-den-weiterfuhrenden-schulen\/\" \/>\n<meta property=\"og:site_name\" content=\"Frontaliers Grand Est\" \/>\n<meta property=\"article:publisher\" content=\"https:\/\/www.facebook.com\/frontaliers.GR.EST\/?locale=fr_FR\" \/>\n<meta property=\"article:modified_time\" content=\"2021-05-04T09:53:10+00:00\" \/>\n<meta name=\"twitter:card\" content=\"summary_large_image\" \/>\n<meta name=\"twitter:label1\" content=\"Gesch\u00e4tzte Lesezeit\" \/>\n\t<meta name=\"twitter:data1\" content=\"2\u00a0Minuten\" \/>\n<script type=\"application\/ld+json\" class=\"yoast-schema-graph\">{\"@context\":\"https:\/\/schema.org\",\"@graph\":[{\"@type\":\"WebPage\",\"@id\":\"https:\/\/frontaliers-grandest.eu\/de\/startseite\/fremdsprachen-lernen\/das-lernen-von-fremdsprachen-ab-dem-kindesalter-bis-zum-abitur\/in-deutschland\/das-lernen-von-fremdsprachen-in-baden-wurttemberg\/in-den-weiterfuhrenden-schulen\/\",\"url\":\"https:\/\/frontaliers-grandest.eu\/de\/startseite\/fremdsprachen-lernen\/das-lernen-von-fremdsprachen-ab-dem-kindesalter-bis-zum-abitur\/in-deutschland\/das-lernen-von-fremdsprachen-in-baden-wurttemberg\/in-den-weiterfuhrenden-schulen\/\",\"name\":\"In den weiterf\u00fchrenden Schulen - Frontaliers Grand Est\",\"isPartOf\":{\"@id\":\"https:\/\/frontaliers-grandest.eu\/de\/#website\"},\"datePublished\":\"2021-04-27T09:13:20+00:00\",\"dateModified\":\"2021-05-04T09:53:10+00:00\",\"breadcrumb\":{\"@id\":\"https:\/\/frontaliers-grandest.eu\/de\/startseite\/fremdsprachen-lernen\/das-lernen-von-fremdsprachen-ab-dem-kindesalter-bis-zum-abitur\/in-deutschland\/das-lernen-von-fremdsprachen-in-baden-wurttemberg\/in-den-weiterfuhrenden-schulen\/#breadcrumb\"},\"inLanguage\":\"de\",\"potentialAction\":[{\"@type\":\"ReadAction\",\"target\":[\"https:\/\/frontaliers-grandest.eu\/de\/startseite\/fremdsprachen-lernen\/das-lernen-von-fremdsprachen-ab-dem-kindesalter-bis-zum-abitur\/in-deutschland\/das-lernen-von-fremdsprachen-in-baden-wurttemberg\/in-den-weiterfuhrenden-schulen\/\"]}]},{\"@type\":\"BreadcrumbList\",\"@id\":\"https:\/\/frontaliers-grandest.eu\/de\/startseite\/fremdsprachen-lernen\/das-lernen-von-fremdsprachen-ab-dem-kindesalter-bis-zum-abitur\/in-deutschland\/das-lernen-von-fremdsprachen-in-baden-wurttemberg\/in-den-weiterfuhrenden-schulen\/#breadcrumb\",\"itemListElement\":[{\"@type\":\"ListItem\",\"position\":1,\"name\":\"Startseite\",\"item\":\"https:\/\/frontaliers-grandest.eu\/de\/\"},{\"@type\":\"ListItem\",\"position\":2,\"name\":\"Fremdsprachen Lernen\",\"item\":\"https:\/\/frontaliers-grandest.eu\/de\/startseite\/fremdsprachen-lernen\/\"},{\"@type\":\"ListItem\",\"position\":3,\"name\":\"Das lernen von fremdsprachen ab dem kindesalter bis zum abitur\",\"item\":\"https:\/\/frontaliers-grandest.eu\/de\/startseite\/fremdsprachen-lernen\/das-lernen-von-fremdsprachen-ab-dem-kindesalter-bis-zum-abitur\/\"},{\"@type\":\"ListItem\",\"position\":4,\"name\":\"In Deutschland\",\"item\":\"https:\/\/frontaliers-grandest.eu\/de\/startseite\/fremdsprachen-lernen\/das-lernen-von-fremdsprachen-ab-dem-kindesalter-bis-zum-abitur\/in-deutschland\/\"},{\"@type\":\"ListItem\",\"position\":5,\"name\":\"Das Lernen von Fremdsprachen in Baden-W\u00fcrttemberg\",\"item\":\"https:\/\/frontaliers-grandest.eu\/de\/startseite\/fremdsprachen-lernen\/das-lernen-von-fremdsprachen-ab-dem-kindesalter-bis-zum-abitur\/in-deutschland\/das-lernen-von-fremdsprachen-in-baden-wurttemberg\/\"},{\"@type\":\"ListItem\",\"position\":6,\"name\":\"In den weiterf\u00fchrenden Schulen\"}]},{\"@type\":\"WebSite\",\"@id\":\"https:\/\/frontaliers-grandest.eu\/de\/#website\",\"url\":\"https:\/\/frontaliers-grandest.eu\/de\/\",\"name\":\"Frontaliers Grand Est\",\"description\":\"Le site ressource du travail frontalier\",\"publisher\":{\"@id\":\"https:\/\/frontaliers-grandest.eu\/de\/#organization\"},\"alternateName\":\"Frontaliers Grand Est\",\"potentialAction\":[{\"@type\":\"SearchAction\",\"target\":{\"@type\":\"EntryPoint\",\"urlTemplate\":\"https:\/\/frontaliers-grandest.eu\/de\/?s={search_term_string}\"},\"query-input\":{\"@type\":\"PropertyValueSpecification\",\"valueRequired\":true,\"valueName\":\"search_term_string\"}}],\"inLanguage\":\"de\"},{\"@type\":\"Organization\",\"@id\":\"https:\/\/frontaliers-grandest.eu\/de\/#organization\",\"name\":\"Frontaliers Grand Est\",\"alternateName\":\"Frontaliers Grand Est\",\"url\":\"https:\/\/frontaliers-grandest.eu\/de\/\",\"logo\":{\"@type\":\"ImageObject\",\"inLanguage\":\"de\",\"@id\":\"https:\/\/frontaliers-grandest.eu\/de\/#\/schema\/logo\/image\/\",\"url\":\"https:\/\/frontaliers-grandest.eu\/wp-content\/uploads\/2025\/07\/260328234_2966785176920310_3332838526503858160_n.jpg\",\"contentUrl\":\"https:\/\/frontaliers-grandest.eu\/wp-content\/uploads\/2025\/07\/260328234_2966785176920310_3332838526503858160_n.jpg\",\"width\":396,\"height\":396,\"caption\":\"Frontaliers Grand Est\"},\"image\":{\"@id\":\"https:\/\/frontaliers-grandest.eu\/de\/#\/schema\/logo\/image\/\"},\"sameAs\":[\"https:\/\/www.facebook.com\/frontaliers.GR.EST\/?locale=fr_FR\"]}]}<\/script>\n<!-- \/ Yoast SEO plugin. -->","yoast_head_json":{"title":"In den weiterf\u00fchrenden Schulen - Frontaliers Grand Est","robots":{"index":"index","follow":"follow","max-snippet":"max-snippet:-1","max-image-preview":"max-image-preview:large","max-video-preview":"max-video-preview:-1"},"canonical":"https:\/\/frontaliers-grandest.eu\/de\/startseite\/fremdsprachen-lernen\/das-lernen-von-fremdsprachen-ab-dem-kindesalter-bis-zum-abitur\/in-deutschland\/das-lernen-von-fremdsprachen-in-baden-wurttemberg\/in-den-weiterfuhrenden-schulen\/","og_locale":"de_DE","og_type":"article","og_title":"In den weiterf\u00fchrenden Schulen - Frontaliers Grand Est","og_description":"In Deutschland gibt es&nbsp;nach der Grundschule verschiedene Schularten im Sekundarbereich&nbsp;(z. B. Hauptschulen, Realschulen und Gymnasien). Dabei bieten die Gymnasien den h\u00f6chsten Bildungsabschluss im Sekundarbereich. Sie bereiten in 8 Jahren (Klassen 5 bis 12) auf das Abitur vor. Der Sekundarbereich ist in Unter- und Oberstufe unterteilt. Ab der 5. Klasse steht eine weitere lebende Fremdsprache auf [&hellip;]","og_url":"https:\/\/frontaliers-grandest.eu\/de\/startseite\/fremdsprachen-lernen\/das-lernen-von-fremdsprachen-ab-dem-kindesalter-bis-zum-abitur\/in-deutschland\/das-lernen-von-fremdsprachen-in-baden-wurttemberg\/in-den-weiterfuhrenden-schulen\/","og_site_name":"Frontaliers Grand Est","article_publisher":"https:\/\/www.facebook.com\/frontaliers.GR.EST\/?locale=fr_FR","article_modified_time":"2021-05-04T09:53:10+00:00","twitter_card":"summary_large_image","twitter_misc":{"Gesch\u00e4tzte Lesezeit":"2\u00a0Minuten"},"schema":{"@context":"https:\/\/schema.org","@graph":[{"@type":"WebPage","@id":"https:\/\/frontaliers-grandest.eu\/de\/startseite\/fremdsprachen-lernen\/das-lernen-von-fremdsprachen-ab-dem-kindesalter-bis-zum-abitur\/in-deutschland\/das-lernen-von-fremdsprachen-in-baden-wurttemberg\/in-den-weiterfuhrenden-schulen\/","url":"https:\/\/frontaliers-grandest.eu\/de\/startseite\/fremdsprachen-lernen\/das-lernen-von-fremdsprachen-ab-dem-kindesalter-bis-zum-abitur\/in-deutschland\/das-lernen-von-fremdsprachen-in-baden-wurttemberg\/in-den-weiterfuhrenden-schulen\/","name":"In den weiterf\u00fchrenden Schulen - Frontaliers Grand Est","isPartOf":{"@id":"https:\/\/frontaliers-grandest.eu\/de\/#website"},"datePublished":"2021-04-27T09:13:20+00:00","dateModified":"2021-05-04T09:53:10+00:00","breadcrumb":{"@id":"https:\/\/frontaliers-grandest.eu\/de\/startseite\/fremdsprachen-lernen\/das-lernen-von-fremdsprachen-ab-dem-kindesalter-bis-zum-abitur\/in-deutschland\/das-lernen-von-fremdsprachen-in-baden-wurttemberg\/in-den-weiterfuhrenden-schulen\/#breadcrumb"},"inLanguage":"de","potentialAction":[{"@type":"ReadAction","target":["https:\/\/frontaliers-grandest.eu\/de\/startseite\/fremdsprachen-lernen\/das-lernen-von-fremdsprachen-ab-dem-kindesalter-bis-zum-abitur\/in-deutschland\/das-lernen-von-fremdsprachen-in-baden-wurttemberg\/in-den-weiterfuhrenden-schulen\/"]}]},{"@type":"BreadcrumbList","@id":"https:\/\/frontaliers-grandest.eu\/de\/startseite\/fremdsprachen-lernen\/das-lernen-von-fremdsprachen-ab-dem-kindesalter-bis-zum-abitur\/in-deutschland\/das-lernen-von-fremdsprachen-in-baden-wurttemberg\/in-den-weiterfuhrenden-schulen\/#breadcrumb","itemListElement":[{"@type":"ListItem","position":1,"name":"Startseite","item":"https:\/\/frontaliers-grandest.eu\/de\/"},{"@type":"ListItem","position":2,"name":"Fremdsprachen Lernen","item":"https:\/\/frontaliers-grandest.eu\/de\/startseite\/fremdsprachen-lernen\/"},{"@type":"ListItem","position":3,"name":"Das lernen von fremdsprachen ab dem kindesalter bis zum abitur","item":"https:\/\/frontaliers-grandest.eu\/de\/startseite\/fremdsprachen-lernen\/das-lernen-von-fremdsprachen-ab-dem-kindesalter-bis-zum-abitur\/"},{"@type":"ListItem","position":4,"name":"In Deutschland","item":"https:\/\/frontaliers-grandest.eu\/de\/startseite\/fremdsprachen-lernen\/das-lernen-von-fremdsprachen-ab-dem-kindesalter-bis-zum-abitur\/in-deutschland\/"},{"@type":"ListItem","position":5,"name":"Das Lernen von Fremdsprachen in Baden-W\u00fcrttemberg","item":"https:\/\/frontaliers-grandest.eu\/de\/startseite\/fremdsprachen-lernen\/das-lernen-von-fremdsprachen-ab-dem-kindesalter-bis-zum-abitur\/in-deutschland\/das-lernen-von-fremdsprachen-in-baden-wurttemberg\/"},{"@type":"ListItem","position":6,"name":"In den weiterf\u00fchrenden Schulen"}]},{"@type":"WebSite","@id":"https:\/\/frontaliers-grandest.eu\/de\/#website","url":"https:\/\/frontaliers-grandest.eu\/de\/","name":"Frontaliers Grand Est","description":"Le site ressource du travail frontalier","publisher":{"@id":"https:\/\/frontaliers-grandest.eu\/de\/#organization"},"alternateName":"Frontaliers Grand Est","potentialAction":[{"@type":"SearchAction","target":{"@type":"EntryPoint","urlTemplate":"https:\/\/frontaliers-grandest.eu\/de\/?s={search_term_string}"},"query-input":{"@type":"PropertyValueSpecification","valueRequired":true,"valueName":"search_term_string"}}],"inLanguage":"de"},{"@type":"Organization","@id":"https:\/\/frontaliers-grandest.eu\/de\/#organization","name":"Frontaliers Grand Est","alternateName":"Frontaliers Grand Est","url":"https:\/\/frontaliers-grandest.eu\/de\/","logo":{"@type":"ImageObject","inLanguage":"de","@id":"https:\/\/frontaliers-grandest.eu\/de\/#\/schema\/logo\/image\/","url":"https:\/\/frontaliers-grandest.eu\/wp-content\/uploads\/2025\/07\/260328234_2966785176920310_3332838526503858160_n.jpg","contentUrl":"https:\/\/frontaliers-grandest.eu\/wp-content\/uploads\/2025\/07\/260328234_2966785176920310_3332838526503858160_n.jpg","width":396,"height":396,"caption":"Frontaliers Grand Est"},"image":{"@id":"https:\/\/frontaliers-grandest.eu\/de\/#\/schema\/logo\/image\/"},"sameAs":["https:\/\/www.facebook.com\/frontaliers.GR.EST\/?locale=fr_FR"]}]}},"frge_page_order":0,"_links":{"self":[{"href":"https:\/\/frontaliers-grandest.eu\/de\/wp-json\/wp\/v2\/pages\/6743","targetHints":{"allow":["GET"]}}],"collection":[{"href":"https:\/\/frontaliers-grandest.eu\/de\/wp-json\/wp\/v2\/pages"}],"about":[{"href":"https:\/\/frontaliers-grandest.eu\/de\/wp-json\/wp\/v2\/types\/page"}],"author":[{"embeddable":true,"href":"https:\/\/frontaliers-grandest.eu\/de\/wp-json\/wp\/v2\/users\/7"}],"replies":[{"embeddable":true,"href":"https:\/\/frontaliers-grandest.eu\/de\/wp-json\/wp\/v2\/comments?post=6743"}],"version-history":[{"count":2,"href":"https:\/\/frontaliers-grandest.eu\/de\/wp-json\/wp\/v2\/pages\/6743\/revisions"}],"predecessor-version":[{"id":7017,"href":"https:\/\/frontaliers-grandest.eu\/de\/wp-json\/wp\/v2\/pages\/6743\/revisions\/7017"}],"up":[{"embeddable":true,"href":"https:\/\/frontaliers-grandest.eu\/de\/wp-json\/wp\/v2\/pages\/6737"}],"wp:attachment":[{"href":"https:\/\/frontaliers-grandest.eu\/de\/wp-json\/wp\/v2\/media?parent=6743"}],"wp:term":[{"taxonomy":"post_tag","embeddable":true,"href":"https:\/\/frontaliers-grandest.eu\/de\/wp-json\/wp\/v2\/tags?post=6743"},{"taxonomy":"frge_profile","embeddable":true,"href":"https:\/\/frontaliers-grandest.eu\/de\/wp-json\/wp\/v2\/frge_profile?post=6743"}],"curies":[{"name":"wp","href":"https:\/\/api.w.org\/{rel}","templated":true}]}}