{"id":6629,"date":"2021-04-26T16:01:02","date_gmt":"2021-04-26T14:01:02","guid":{"rendered":"https:\/\/frontaliers-grandest.eu\/?page_id=6629"},"modified":"2021-05-04T11:42:32","modified_gmt":"2021-05-04T09:42:32","slug":"das-in-belgien-einzuhaltende-arbeitsrecht","status":"publish","type":"page","link":"https:\/\/frontaliers-grandest.eu\/de\/startseite\/arbeitgeber\/die-entsendung-in-der-grossregion\/in-belgien\/das-in-belgien-einzuhaltende-arbeitsrecht\/","title":{"rendered":"Das in Belgien einzuhaltende Arbeitsrecht"},"content":{"rendered":"\n<p>Der Arbeitgeber, der Arbeitnehmer auf das belgische Territorium entsendet, ist f\u00fcr die hier erbrachten Arbeitsleistungen zur Einhaltung der Arbeits-, Gehalts- und Besch\u00e4ftigungsbedingungen verpflichtet, die mit den belgischen Gesetzestexten, Vorschriften oder Tarifvertr\u00e4gen vorgesehen und deren Nichteinhaltung strafrechtlich geahndet werden kann.<br><br><strong>Diese Regeln und ihre Grunds\u00e4tze sind der Website des F\u00f6derativen \u00d6ffentlichen Emploi, Travail et Concertation Sociale (Besch\u00e4ftigung, Arbeit und soziale Konzertierung) zu entnehmen.<\/strong><\/p>\n\n\n\n<p>Sie betreffen insbesondere :<\/p>\n\n\n\n<ul class=\"wp-block-list\"><li>die&nbsp;<strong>Arbeitsgesetze<\/strong>: Vorschrift \u00fcber Kinderarbeit, die sonnt\u00e4gliche Ruhezeit, die Arbeitszeit, die Nacharbeit, die Arbeit von Frauen und die Mutterschaft,<\/li><li>das&nbsp;<strong>Gesetz \u00fcber das Wohlbefinden der Arbeitnehmer<\/strong>&nbsp;bei der Ausf\u00fchrung ihrer Arbeit: Sicherheits- und Gesundheitsma\u00dfnahmen: die Arbeitssicherheit, der Gesundheitsschutz, die durch die Arbeit verursachte psychosoziale Belastung usw.),<\/li><li>die&nbsp;<strong>Regeln auf dem Gebiet der Arbeits- und Urlaubszeit<\/strong>, des bezahlten Jahresurlaubs: Verbot der Arbeit \u00fcber die normalen Arbeitszeitbeschr\u00e4nkungen hinaus: 8 Stunden \/ Tag und 38 Wochenstunden), Ausgleichruhezeit, \u00dcberstundenzuschlag, Verbot der Arbeit an Sonn- und Feiertagen, Verbot von Nacharbeit usw.,<\/li><li>die&nbsp;<strong>Gehaltsregeln<\/strong>: Geh\u00e4lter, Verg\u00fcnstigungen, Pr\u00e4mien und Entsch\u00e4digungen in Ansehung der als verbindlich zu betrachtenden Tarifvertr\u00e4ge:<\/li><li>die&nbsp;<strong>Regeln f\u00fcr Zeitarbeit und die Bereitstellung von Arbeitnehmern im Unternehmen<\/strong>: Zeitarbeitsvertr\u00e4ge k\u00f6nnen nur unter bestimmten Voraussetzungen geschlossen werden und der R\u00fcckgriff auf derartige Vertr\u00e4ge muss zeitlich begrenzt sein. In bestimmten F\u00e4llen ist eine Genehmigung erforderlich.<\/li><li>die&nbsp;<strong>Regeln in Bezug auf die Sicherheit, die Gesundheit, die Hygiene&nbsp;am Arbeitsplatz<\/strong>&nbsp;und die Besch\u00e4ftigung von Schwangeren und W\u00f6chnerinnen sowie die Regeln in Bezug auf die Arbeits- und Besch\u00e4ftigungsbedingungen von Kindern und Jugendlichen.<\/li><\/ul>\n","protected":false},"excerpt":{"rendered":"<p>Der Arbeitgeber, der Arbeitnehmer auf das belgische Territorium entsendet, ist f\u00fcr die hier erbrachten Arbeitsleistungen zur Einhaltung der Arbeits-, Gehalts- und Besch\u00e4ftigungsbedingungen verpflichtet, die mit den belgischen Gesetzestexten, Vorschriften oder Tarifvertr\u00e4gen vorgesehen und deren Nichteinhaltung strafrechtlich geahndet werden kann. Diese Regeln und ihre Grunds\u00e4tze sind der Website des F\u00f6derativen \u00d6ffentlichen Emploi, Travail et Concertation Sociale [&hellip;]<\/p>\n","protected":false},"author":7,"featured_media":0,"parent":6623,"menu_order":2,"comment_status":"closed","ping_status":"closed","template":"","meta":{"inline_featured_image":false,"footnotes":""},"tags":[],"frge_profile":[],"class_list":["post-6629","page","type-page","status-publish","hentry"],"yoast_head":"<!-- This site is optimized with the Yoast SEO plugin v27.1.1 - https:\/\/yoast.com\/product\/yoast-seo-wordpress\/ -->\n<title>Das in Belgien einzuhaltende Arbeitsrecht - Frontaliers Grand Est<\/title>\n<meta name=\"robots\" content=\"index, follow, max-snippet:-1, max-image-preview:large, max-video-preview:-1\" \/>\n<link rel=\"canonical\" href=\"https:\/\/frontaliers-grandest.eu\/de\/startseite\/arbeitgeber\/die-entsendung-in-der-grossregion\/in-belgien\/das-in-belgien-einzuhaltende-arbeitsrecht\/\" \/>\n<meta property=\"og:locale\" content=\"de_DE\" \/>\n<meta property=\"og:type\" content=\"article\" \/>\n<meta property=\"og:title\" content=\"Das in Belgien einzuhaltende Arbeitsrecht - Frontaliers Grand Est\" \/>\n<meta property=\"og:description\" content=\"Der Arbeitgeber, der Arbeitnehmer auf das belgische Territorium entsendet, ist f\u00fcr die hier erbrachten Arbeitsleistungen zur Einhaltung der Arbeits-, Gehalts- und Besch\u00e4ftigungsbedingungen verpflichtet, die mit den belgischen Gesetzestexten, Vorschriften oder Tarifvertr\u00e4gen vorgesehen und deren Nichteinhaltung strafrechtlich geahndet werden kann. Diese Regeln und ihre Grunds\u00e4tze sind der Website des F\u00f6derativen \u00d6ffentlichen Emploi, Travail et Concertation Sociale [&hellip;]\" \/>\n<meta property=\"og:url\" content=\"https:\/\/frontaliers-grandest.eu\/de\/startseite\/arbeitgeber\/die-entsendung-in-der-grossregion\/in-belgien\/das-in-belgien-einzuhaltende-arbeitsrecht\/\" \/>\n<meta property=\"og:site_name\" content=\"Frontaliers Grand Est\" \/>\n<meta property=\"article:publisher\" content=\"https:\/\/www.facebook.com\/frontaliers.GR.EST\/?locale=fr_FR\" \/>\n<meta property=\"article:modified_time\" content=\"2021-05-04T09:42:32+00:00\" \/>\n<meta name=\"twitter:card\" content=\"summary_large_image\" \/>\n<meta name=\"twitter:label1\" content=\"Gesch\u00e4tzte Lesezeit\" \/>\n\t<meta name=\"twitter:data1\" content=\"2\u00a0Minuten\" \/>\n<script type=\"application\/ld+json\" class=\"yoast-schema-graph\">{\"@context\":\"https:\/\/schema.org\",\"@graph\":[{\"@type\":\"WebPage\",\"@id\":\"https:\/\/frontaliers-grandest.eu\/de\/startseite\/arbeitgeber\/die-entsendung-in-der-grossregion\/in-belgien\/das-in-belgien-einzuhaltende-arbeitsrecht\/\",\"url\":\"https:\/\/frontaliers-grandest.eu\/de\/startseite\/arbeitgeber\/die-entsendung-in-der-grossregion\/in-belgien\/das-in-belgien-einzuhaltende-arbeitsrecht\/\",\"name\":\"Das in Belgien einzuhaltende Arbeitsrecht - Frontaliers Grand Est\",\"isPartOf\":{\"@id\":\"https:\/\/frontaliers-grandest.eu\/de\/#website\"},\"datePublished\":\"2021-04-26T14:01:02+00:00\",\"dateModified\":\"2021-05-04T09:42:32+00:00\",\"breadcrumb\":{\"@id\":\"https:\/\/frontaliers-grandest.eu\/de\/startseite\/arbeitgeber\/die-entsendung-in-der-grossregion\/in-belgien\/das-in-belgien-einzuhaltende-arbeitsrecht\/#breadcrumb\"},\"inLanguage\":\"de\",\"potentialAction\":[{\"@type\":\"ReadAction\",\"target\":[\"https:\/\/frontaliers-grandest.eu\/de\/startseite\/arbeitgeber\/die-entsendung-in-der-grossregion\/in-belgien\/das-in-belgien-einzuhaltende-arbeitsrecht\/\"]}]},{\"@type\":\"BreadcrumbList\",\"@id\":\"https:\/\/frontaliers-grandest.eu\/de\/startseite\/arbeitgeber\/die-entsendung-in-der-grossregion\/in-belgien\/das-in-belgien-einzuhaltende-arbeitsrecht\/#breadcrumb\",\"itemListElement\":[{\"@type\":\"ListItem\",\"position\":1,\"name\":\"Startseite\",\"item\":\"https:\/\/frontaliers-grandest.eu\/de\/\"},{\"@type\":\"ListItem\",\"position\":2,\"name\":\"Arbeitgeber\",\"item\":\"https:\/\/frontaliers-grandest.eu\/de\/startseite\/arbeitgeber\/\"},{\"@type\":\"ListItem\",\"position\":3,\"name\":\"Die Entsendung in der Grossregion\",\"item\":\"https:\/\/frontaliers-grandest.eu\/de\/startseite\/arbeitgeber\/die-entsendung-in-der-grossregion\/\"},{\"@type\":\"ListItem\",\"position\":4,\"name\":\"In Belgien\",\"item\":\"https:\/\/frontaliers-grandest.eu\/de\/startseite\/arbeitgeber\/die-entsendung-in-der-grossregion\/in-belgien\/\"},{\"@type\":\"ListItem\",\"position\":5,\"name\":\"Das in Belgien einzuhaltende Arbeitsrecht\"}]},{\"@type\":\"WebSite\",\"@id\":\"https:\/\/frontaliers-grandest.eu\/de\/#website\",\"url\":\"https:\/\/frontaliers-grandest.eu\/de\/\",\"name\":\"Frontaliers Grand Est\",\"description\":\"Le site ressource du travail frontalier\",\"publisher\":{\"@id\":\"https:\/\/frontaliers-grandest.eu\/de\/#organization\"},\"alternateName\":\"Frontaliers Grand Est\",\"potentialAction\":[{\"@type\":\"SearchAction\",\"target\":{\"@type\":\"EntryPoint\",\"urlTemplate\":\"https:\/\/frontaliers-grandest.eu\/de\/?s={search_term_string}\"},\"query-input\":{\"@type\":\"PropertyValueSpecification\",\"valueRequired\":true,\"valueName\":\"search_term_string\"}}],\"inLanguage\":\"de\"},{\"@type\":\"Organization\",\"@id\":\"https:\/\/frontaliers-grandest.eu\/de\/#organization\",\"name\":\"Frontaliers Grand Est\",\"alternateName\":\"Frontaliers Grand Est\",\"url\":\"https:\/\/frontaliers-grandest.eu\/de\/\",\"logo\":{\"@type\":\"ImageObject\",\"inLanguage\":\"de\",\"@id\":\"https:\/\/frontaliers-grandest.eu\/de\/#\/schema\/logo\/image\/\",\"url\":\"https:\/\/frontaliers-grandest.eu\/wp-content\/uploads\/2025\/07\/260328234_2966785176920310_3332838526503858160_n.jpg\",\"contentUrl\":\"https:\/\/frontaliers-grandest.eu\/wp-content\/uploads\/2025\/07\/260328234_2966785176920310_3332838526503858160_n.jpg\",\"width\":396,\"height\":396,\"caption\":\"Frontaliers Grand Est\"},\"image\":{\"@id\":\"https:\/\/frontaliers-grandest.eu\/de\/#\/schema\/logo\/image\/\"},\"sameAs\":[\"https:\/\/www.facebook.com\/frontaliers.GR.EST\/?locale=fr_FR\"]}]}<\/script>\n<!-- \/ Yoast SEO plugin. -->","yoast_head_json":{"title":"Das in Belgien einzuhaltende Arbeitsrecht - Frontaliers Grand Est","robots":{"index":"index","follow":"follow","max-snippet":"max-snippet:-1","max-image-preview":"max-image-preview:large","max-video-preview":"max-video-preview:-1"},"canonical":"https:\/\/frontaliers-grandest.eu\/de\/startseite\/arbeitgeber\/die-entsendung-in-der-grossregion\/in-belgien\/das-in-belgien-einzuhaltende-arbeitsrecht\/","og_locale":"de_DE","og_type":"article","og_title":"Das in Belgien einzuhaltende Arbeitsrecht - Frontaliers Grand Est","og_description":"Der Arbeitgeber, der Arbeitnehmer auf das belgische Territorium entsendet, ist f\u00fcr die hier erbrachten Arbeitsleistungen zur Einhaltung der Arbeits-, Gehalts- und Besch\u00e4ftigungsbedingungen verpflichtet, die mit den belgischen Gesetzestexten, Vorschriften oder Tarifvertr\u00e4gen vorgesehen und deren Nichteinhaltung strafrechtlich geahndet werden kann. Diese Regeln und ihre Grunds\u00e4tze sind der Website des F\u00f6derativen \u00d6ffentlichen Emploi, Travail et Concertation Sociale [&hellip;]","og_url":"https:\/\/frontaliers-grandest.eu\/de\/startseite\/arbeitgeber\/die-entsendung-in-der-grossregion\/in-belgien\/das-in-belgien-einzuhaltende-arbeitsrecht\/","og_site_name":"Frontaliers Grand Est","article_publisher":"https:\/\/www.facebook.com\/frontaliers.GR.EST\/?locale=fr_FR","article_modified_time":"2021-05-04T09:42:32+00:00","twitter_card":"summary_large_image","twitter_misc":{"Gesch\u00e4tzte Lesezeit":"2\u00a0Minuten"},"schema":{"@context":"https:\/\/schema.org","@graph":[{"@type":"WebPage","@id":"https:\/\/frontaliers-grandest.eu\/de\/startseite\/arbeitgeber\/die-entsendung-in-der-grossregion\/in-belgien\/das-in-belgien-einzuhaltende-arbeitsrecht\/","url":"https:\/\/frontaliers-grandest.eu\/de\/startseite\/arbeitgeber\/die-entsendung-in-der-grossregion\/in-belgien\/das-in-belgien-einzuhaltende-arbeitsrecht\/","name":"Das in Belgien einzuhaltende Arbeitsrecht - Frontaliers Grand Est","isPartOf":{"@id":"https:\/\/frontaliers-grandest.eu\/de\/#website"},"datePublished":"2021-04-26T14:01:02+00:00","dateModified":"2021-05-04T09:42:32+00:00","breadcrumb":{"@id":"https:\/\/frontaliers-grandest.eu\/de\/startseite\/arbeitgeber\/die-entsendung-in-der-grossregion\/in-belgien\/das-in-belgien-einzuhaltende-arbeitsrecht\/#breadcrumb"},"inLanguage":"de","potentialAction":[{"@type":"ReadAction","target":["https:\/\/frontaliers-grandest.eu\/de\/startseite\/arbeitgeber\/die-entsendung-in-der-grossregion\/in-belgien\/das-in-belgien-einzuhaltende-arbeitsrecht\/"]}]},{"@type":"BreadcrumbList","@id":"https:\/\/frontaliers-grandest.eu\/de\/startseite\/arbeitgeber\/die-entsendung-in-der-grossregion\/in-belgien\/das-in-belgien-einzuhaltende-arbeitsrecht\/#breadcrumb","itemListElement":[{"@type":"ListItem","position":1,"name":"Startseite","item":"https:\/\/frontaliers-grandest.eu\/de\/"},{"@type":"ListItem","position":2,"name":"Arbeitgeber","item":"https:\/\/frontaliers-grandest.eu\/de\/startseite\/arbeitgeber\/"},{"@type":"ListItem","position":3,"name":"Die Entsendung in der Grossregion","item":"https:\/\/frontaliers-grandest.eu\/de\/startseite\/arbeitgeber\/die-entsendung-in-der-grossregion\/"},{"@type":"ListItem","position":4,"name":"In Belgien","item":"https:\/\/frontaliers-grandest.eu\/de\/startseite\/arbeitgeber\/die-entsendung-in-der-grossregion\/in-belgien\/"},{"@type":"ListItem","position":5,"name":"Das in Belgien einzuhaltende Arbeitsrecht"}]},{"@type":"WebSite","@id":"https:\/\/frontaliers-grandest.eu\/de\/#website","url":"https:\/\/frontaliers-grandest.eu\/de\/","name":"Frontaliers Grand Est","description":"Le site ressource du travail frontalier","publisher":{"@id":"https:\/\/frontaliers-grandest.eu\/de\/#organization"},"alternateName":"Frontaliers Grand Est","potentialAction":[{"@type":"SearchAction","target":{"@type":"EntryPoint","urlTemplate":"https:\/\/frontaliers-grandest.eu\/de\/?s={search_term_string}"},"query-input":{"@type":"PropertyValueSpecification","valueRequired":true,"valueName":"search_term_string"}}],"inLanguage":"de"},{"@type":"Organization","@id":"https:\/\/frontaliers-grandest.eu\/de\/#organization","name":"Frontaliers Grand Est","alternateName":"Frontaliers Grand Est","url":"https:\/\/frontaliers-grandest.eu\/de\/","logo":{"@type":"ImageObject","inLanguage":"de","@id":"https:\/\/frontaliers-grandest.eu\/de\/#\/schema\/logo\/image\/","url":"https:\/\/frontaliers-grandest.eu\/wp-content\/uploads\/2025\/07\/260328234_2966785176920310_3332838526503858160_n.jpg","contentUrl":"https:\/\/frontaliers-grandest.eu\/wp-content\/uploads\/2025\/07\/260328234_2966785176920310_3332838526503858160_n.jpg","width":396,"height":396,"caption":"Frontaliers Grand Est"},"image":{"@id":"https:\/\/frontaliers-grandest.eu\/de\/#\/schema\/logo\/image\/"},"sameAs":["https:\/\/www.facebook.com\/frontaliers.GR.EST\/?locale=fr_FR"]}]}},"frge_page_order":0,"_links":{"self":[{"href":"https:\/\/frontaliers-grandest.eu\/de\/wp-json\/wp\/v2\/pages\/6629","targetHints":{"allow":["GET"]}}],"collection":[{"href":"https:\/\/frontaliers-grandest.eu\/de\/wp-json\/wp\/v2\/pages"}],"about":[{"href":"https:\/\/frontaliers-grandest.eu\/de\/wp-json\/wp\/v2\/types\/page"}],"author":[{"embeddable":true,"href":"https:\/\/frontaliers-grandest.eu\/de\/wp-json\/wp\/v2\/users\/7"}],"replies":[{"embeddable":true,"href":"https:\/\/frontaliers-grandest.eu\/de\/wp-json\/wp\/v2\/comments?post=6629"}],"version-history":[{"count":1,"href":"https:\/\/frontaliers-grandest.eu\/de\/wp-json\/wp\/v2\/pages\/6629\/revisions"}],"predecessor-version":[{"id":6630,"href":"https:\/\/frontaliers-grandest.eu\/de\/wp-json\/wp\/v2\/pages\/6629\/revisions\/6630"}],"up":[{"embeddable":true,"href":"https:\/\/frontaliers-grandest.eu\/de\/wp-json\/wp\/v2\/pages\/6623"}],"wp:attachment":[{"href":"https:\/\/frontaliers-grandest.eu\/de\/wp-json\/wp\/v2\/media?parent=6629"}],"wp:term":[{"taxonomy":"post_tag","embeddable":true,"href":"https:\/\/frontaliers-grandest.eu\/de\/wp-json\/wp\/v2\/tags?post=6629"},{"taxonomy":"frge_profile","embeddable":true,"href":"https:\/\/frontaliers-grandest.eu\/de\/wp-json\/wp\/v2\/frge_profile?post=6629"}],"curies":[{"name":"wp","href":"https:\/\/api.w.org\/{rel}","templated":true}]}}