{"id":6625,"date":"2021-04-26T15:58:30","date_gmt":"2021-04-26T13:58:30","guid":{"rendered":"https:\/\/frontaliers-grandest.eu\/?page_id=6625"},"modified":"2024-03-13T11:42:41","modified_gmt":"2024-03-13T10:42:41","slug":"die-vorausgehenden-behordlichen-formalitaten","status":"publish","type":"page","link":"https:\/\/frontaliers-grandest.eu\/de\/startseite\/arbeitgeber\/die-entsendung-in-der-grossregion\/in-belgien\/die-vorausgehenden-behordlichen-formalitaten\/","title":{"rendered":"Die vorausgehenden beh\u00f6rdlichen Formalit\u00e4ten"},"content":{"rendered":"\n<p>Die vorschriftsm\u00e4\u00dfigen Aspekte in Belgien beziehen sich haupts\u00e4chlich auf eine Verpflichtung f\u00fcr die Unternehmen, die vor\u00fcbergehende Leistungen in diesem Land erbringen.<\/p>\n\n\n\n<h4 class=\"wp-block-heading\"><strong>Bescheinigung der \u201eCapacit\u00e9s Entrepreneuriales\u201c (Unternehmerischen F\u00e4higkeiten)<\/strong><\/h4>\n\n\n\n<p>In Belgien werden die T\u00e4tigkeiten zwei Kategorien zugewiesen:&nbsp;<strong>reglementierte und nicht reglementierte T\u00e4tigkeiten<\/strong>. Der nachstehende Link gibt Auskunft \u00fcber die Gesamtheit der reglementierten T\u00e4tigkeiten&nbsp;:<\/p>\n\n\n\n<p><a href=\"https:\/\/business.belgium.be\/fr\/gerer_votre_entreprise\/qualifications_professionnelles\/folder_2\" target=\"_blank\" rel=\"noreferrer noopener\">https:\/\/business.belgium.be\/fr\/gerer_votre_entreprise\/qualifications_professionnelles\/folder_2<\/a><\/p>\n\n\n\n<p>F\u00fcr die reglementierten Berufe wird eine&nbsp;<strong>Bescheinigung \u201eCapacit\u00e9s Entrepreneuriales\u201c gefordert<\/strong>.<\/p>\n\n\n\n<p>Diese Bescheinigung wird ausgestellt, nachdem die beruflichen und Verwaltungskompetenzen aufgrund eines Berufszeugnisses oder einer ausreichenden Berufserfahrung nachgewiesen wurden.<\/p>\n\n\n\n<p>Weitere Informationen k\u00f6nnen beim Centre d&#8217;Assistance (Auskunftsstelle) erfragt werden, das vom Wirtschaftsministerium eingerichtet wurde :<\/p>\n\n\n\n<h5 class=\"wp-block-heading\"><strong>Centre d\u2019assistance<\/strong><\/h5>\n\n\n\n<figure class=\"wp-block-pullquote\"><blockquote><p><strong>SPF Economie, PME, Classes moyennes et Energie<\/strong><br>Direction g\u00e9n\u00e9rale Politique des P.M.E. &#8211; Service Professions intellectuelles et L\u00e9gislation<br>North Gate- 4e \u00e9tage<br>Bd du Roi Albert II, 16<br>1000 Bruxelles<br>T\u00e9l.: +32 (0)2 277 93 91<br>Email:&nbsp;<a href=\"mailto:BE_ASSIST@economie.fgov.be\">BE_ASSIST@economie.fgov.be<\/a><\/p><\/blockquote><\/figure>\n\n\n\n<p>F\u00fcr die nicht reglementierten Aktivit\u00e4ten sind grunds\u00e4tzlich&nbsp;<strong>keine Formalit\u00e4ten erforderlich<\/strong>; jede im belgischen Handelsgesetzbuch erw\u00e4hnte Aktivit\u00e4t erfordert jedoch zumindest Kenntnisse im Verwaltungsbereich.<br>Bestimmte T\u00e4tigkeiten machen im \u00dcbrigen Genehmigungen oder Lizenzen erforderlich (Bsp. Transportlizenz).<\/p>\n\n\n\n<p>Die B\u00fcrger eines Mitgliedstaats des Europ\u00e4ischen Wirtschaftsraums (Europ\u00e4ische Union + Norwegen, Island und Liechtenstein) oder der Schweiz sind verpflichtet, die unternehmerischen F\u00e4higkeiten aufgrund einer&nbsp;<strong>EG-Bescheinigung<\/strong>&nbsp;nachzuweisen. Es handelt sich um eine Bescheinigung des Herkunftslandes \u00fcber die Berufspraxis und ggf. die schulische Ausbildung des Antragstellers.<\/p>\n\n\n\n<h4 class=\"wp-block-heading\"><strong>Einholung einer Umsatzsteuernummer<\/strong><\/h4>\n\n\n\n<p>\u00dcben Sie eine T\u00e4tigkeit auf dem belgischen Hoheitsgebiet aus, werden Sie ggf. der&nbsp;<strong>in Belgien anzuwendenden Umsatzsteuer untergeordnet<\/strong>&nbsp;\u2013 die in ihre Rechnungen zu \u00fcbernehmen ist, die Sie an Ihre Kundschaft senden.<\/p>\n\n\n\n<h5 class=\"wp-block-heading\"><strong>Bitte wenden Sie sich in Bezug auf die Umsatzsteuer an die zust\u00e4ndige Beh\u00f6rde<\/strong><\/h5>\n\n\n\n<figure class=\"wp-block-pullquote\"><blockquote><p><strong>Bureau Central de la TVA pour assujettis \u00e9trangers<\/strong><br>Tour des Finances<br>Boulevard du Jardin Botanique, 50<br>1000 Bruxelles<br>Internet :&nbsp;<a href=\"https:\/\/eservices.minfin.fgov.be\/myminfin-web\/\" target=\"_blank\" rel=\"noreferrer noopener\">https:\/\/eservices.minfin.fgov.be\/myminfin-web\/<\/a><br>T\u00e9l. : +32 \/ 0257 257 57<\/p><\/blockquote><\/figure>\n\n\n\n<p>In Belgien betr\u00e4gt der&nbsp;<strong>normale Umsatzsteuersatz 21 %<\/strong>. F\u00fcr bestimmte Waren und Dienstleistungen werden jedoch&nbsp;<strong>g\u00fcnstigere Umsatzsteuers\u00e4tze von 6 % und 12 %<\/strong>&nbsp;angewandt.<\/p>\n\n\n\n<p>Informationen \u00fcber die Umsatzsteuer finden Sie unter den nachstehenden Adressen des Service Public F\u00e9d\u00e9ral des Finances (F\u00f6derativer \u00d6ffentlicher Dienst f\u00fcr Finanzen)&nbsp;<strong>:<\/strong><\/p>\n\n\n\n<ul class=\"wp-block-list\">\n<li><a href=\"https:\/\/finances.belgium.be\/fr\" target=\"_blank\" rel=\"noreferrer noopener\">https:\/\/finances.belgium.be\/fr<\/a><\/li>\n\n\n\n<li><a href=\"http:\/\/www.fisconet.be\/\" target=\"_blank\" rel=\"noreferrer noopener\">fisconet.be<\/a><\/li>\n<\/ul>\n","protected":false},"excerpt":{"rendered":"<p>Die vorschriftsm\u00e4\u00dfigen Aspekte in Belgien beziehen sich haupts\u00e4chlich auf eine Verpflichtung f\u00fcr die Unternehmen, die vor\u00fcbergehende Leistungen in diesem Land erbringen. Bescheinigung der \u201eCapacit\u00e9s Entrepreneuriales\u201c (Unternehmerischen F\u00e4higkeiten) In Belgien werden die T\u00e4tigkeiten zwei Kategorien zugewiesen:&nbsp;reglementierte und nicht reglementierte T\u00e4tigkeiten. Der nachstehende Link gibt Auskunft \u00fcber die Gesamtheit der reglementierten T\u00e4tigkeiten&nbsp;: https:\/\/business.belgium.be\/fr\/gerer_votre_entreprise\/qualifications_professionnelles\/folder_2 F\u00fcr die reglementierten Berufe [&hellip;]<\/p>\n","protected":false},"author":7,"featured_media":0,"parent":6623,"menu_order":0,"comment_status":"closed","ping_status":"closed","template":"","meta":{"inline_featured_image":false,"footnotes":""},"tags":[],"frge_profile":[],"class_list":["post-6625","page","type-page","status-publish","hentry"],"yoast_head":"<!-- This site is optimized with the Yoast SEO plugin v27.1.1 - https:\/\/yoast.com\/product\/yoast-seo-wordpress\/ -->\n<title>Die vorausgehenden beh\u00f6rdlichen Formalit\u00e4ten - Frontaliers Grand Est<\/title>\n<meta name=\"robots\" content=\"index, follow, max-snippet:-1, max-image-preview:large, max-video-preview:-1\" \/>\n<link rel=\"canonical\" href=\"https:\/\/frontaliers-grandest.eu\/de\/startseite\/arbeitgeber\/die-entsendung-in-der-grossregion\/in-belgien\/die-vorausgehenden-behordlichen-formalitaten\/\" \/>\n<meta property=\"og:locale\" content=\"de_DE\" \/>\n<meta property=\"og:type\" content=\"article\" \/>\n<meta property=\"og:title\" content=\"Die vorausgehenden beh\u00f6rdlichen Formalit\u00e4ten - Frontaliers Grand Est\" \/>\n<meta property=\"og:description\" content=\"Die vorschriftsm\u00e4\u00dfigen Aspekte in Belgien beziehen sich haupts\u00e4chlich auf eine Verpflichtung f\u00fcr die Unternehmen, die vor\u00fcbergehende Leistungen in diesem Land erbringen. Bescheinigung der \u201eCapacit\u00e9s Entrepreneuriales\u201c (Unternehmerischen F\u00e4higkeiten) In Belgien werden die T\u00e4tigkeiten zwei Kategorien zugewiesen:&nbsp;reglementierte und nicht reglementierte T\u00e4tigkeiten. Der nachstehende Link gibt Auskunft \u00fcber die Gesamtheit der reglementierten T\u00e4tigkeiten&nbsp;: https:\/\/business.belgium.be\/fr\/gerer_votre_entreprise\/qualifications_professionnelles\/folder_2 F\u00fcr die reglementierten Berufe [&hellip;]\" \/>\n<meta property=\"og:url\" content=\"https:\/\/frontaliers-grandest.eu\/de\/startseite\/arbeitgeber\/die-entsendung-in-der-grossregion\/in-belgien\/die-vorausgehenden-behordlichen-formalitaten\/\" \/>\n<meta property=\"og:site_name\" content=\"Frontaliers Grand Est\" \/>\n<meta property=\"article:publisher\" content=\"https:\/\/www.facebook.com\/frontaliers.GR.EST\/?locale=fr_FR\" \/>\n<meta property=\"article:modified_time\" content=\"2024-03-13T10:42:41+00:00\" \/>\n<meta name=\"twitter:card\" content=\"summary_large_image\" \/>\n<meta name=\"twitter:label1\" content=\"Gesch\u00e4tzte Lesezeit\" \/>\n\t<meta name=\"twitter:data1\" content=\"2\u00a0Minuten\" \/>\n<script type=\"application\/ld+json\" class=\"yoast-schema-graph\">{\"@context\":\"https:\/\/schema.org\",\"@graph\":[{\"@type\":\"WebPage\",\"@id\":\"https:\/\/frontaliers-grandest.eu\/de\/startseite\/arbeitgeber\/die-entsendung-in-der-grossregion\/in-belgien\/die-vorausgehenden-behordlichen-formalitaten\/\",\"url\":\"https:\/\/frontaliers-grandest.eu\/de\/startseite\/arbeitgeber\/die-entsendung-in-der-grossregion\/in-belgien\/die-vorausgehenden-behordlichen-formalitaten\/\",\"name\":\"Die vorausgehenden beh\u00f6rdlichen Formalit\u00e4ten - Frontaliers Grand Est\",\"isPartOf\":{\"@id\":\"https:\/\/frontaliers-grandest.eu\/de\/#website\"},\"datePublished\":\"2021-04-26T13:58:30+00:00\",\"dateModified\":\"2024-03-13T10:42:41+00:00\",\"breadcrumb\":{\"@id\":\"https:\/\/frontaliers-grandest.eu\/de\/startseite\/arbeitgeber\/die-entsendung-in-der-grossregion\/in-belgien\/die-vorausgehenden-behordlichen-formalitaten\/#breadcrumb\"},\"inLanguage\":\"de\",\"potentialAction\":[{\"@type\":\"ReadAction\",\"target\":[\"https:\/\/frontaliers-grandest.eu\/de\/startseite\/arbeitgeber\/die-entsendung-in-der-grossregion\/in-belgien\/die-vorausgehenden-behordlichen-formalitaten\/\"]}]},{\"@type\":\"BreadcrumbList\",\"@id\":\"https:\/\/frontaliers-grandest.eu\/de\/startseite\/arbeitgeber\/die-entsendung-in-der-grossregion\/in-belgien\/die-vorausgehenden-behordlichen-formalitaten\/#breadcrumb\",\"itemListElement\":[{\"@type\":\"ListItem\",\"position\":1,\"name\":\"Startseite\",\"item\":\"https:\/\/frontaliers-grandest.eu\/de\/\"},{\"@type\":\"ListItem\",\"position\":2,\"name\":\"Arbeitgeber\",\"item\":\"https:\/\/frontaliers-grandest.eu\/de\/startseite\/arbeitgeber\/\"},{\"@type\":\"ListItem\",\"position\":3,\"name\":\"Die Entsendung in der Grossregion\",\"item\":\"https:\/\/frontaliers-grandest.eu\/de\/startseite\/arbeitgeber\/die-entsendung-in-der-grossregion\/\"},{\"@type\":\"ListItem\",\"position\":4,\"name\":\"In Belgien\",\"item\":\"https:\/\/frontaliers-grandest.eu\/de\/startseite\/arbeitgeber\/die-entsendung-in-der-grossregion\/in-belgien\/\"},{\"@type\":\"ListItem\",\"position\":5,\"name\":\"Die vorausgehenden beh\u00f6rdlichen Formalit\u00e4ten\"}]},{\"@type\":\"WebSite\",\"@id\":\"https:\/\/frontaliers-grandest.eu\/de\/#website\",\"url\":\"https:\/\/frontaliers-grandest.eu\/de\/\",\"name\":\"Frontaliers Grand Est\",\"description\":\"Le site ressource du travail frontalier\",\"publisher\":{\"@id\":\"https:\/\/frontaliers-grandest.eu\/de\/#organization\"},\"alternateName\":\"Frontaliers Grand Est\",\"potentialAction\":[{\"@type\":\"SearchAction\",\"target\":{\"@type\":\"EntryPoint\",\"urlTemplate\":\"https:\/\/frontaliers-grandest.eu\/de\/?s={search_term_string}\"},\"query-input\":{\"@type\":\"PropertyValueSpecification\",\"valueRequired\":true,\"valueName\":\"search_term_string\"}}],\"inLanguage\":\"de\"},{\"@type\":\"Organization\",\"@id\":\"https:\/\/frontaliers-grandest.eu\/de\/#organization\",\"name\":\"Frontaliers Grand Est\",\"alternateName\":\"Frontaliers Grand Est\",\"url\":\"https:\/\/frontaliers-grandest.eu\/de\/\",\"logo\":{\"@type\":\"ImageObject\",\"inLanguage\":\"de\",\"@id\":\"https:\/\/frontaliers-grandest.eu\/de\/#\/schema\/logo\/image\/\",\"url\":\"https:\/\/frontaliers-grandest.eu\/wp-content\/uploads\/2025\/07\/260328234_2966785176920310_3332838526503858160_n.jpg\",\"contentUrl\":\"https:\/\/frontaliers-grandest.eu\/wp-content\/uploads\/2025\/07\/260328234_2966785176920310_3332838526503858160_n.jpg\",\"width\":396,\"height\":396,\"caption\":\"Frontaliers Grand Est\"},\"image\":{\"@id\":\"https:\/\/frontaliers-grandest.eu\/de\/#\/schema\/logo\/image\/\"},\"sameAs\":[\"https:\/\/www.facebook.com\/frontaliers.GR.EST\/?locale=fr_FR\"]}]}<\/script>\n<!-- \/ Yoast SEO plugin. -->","yoast_head_json":{"title":"Die vorausgehenden beh\u00f6rdlichen Formalit\u00e4ten - Frontaliers Grand Est","robots":{"index":"index","follow":"follow","max-snippet":"max-snippet:-1","max-image-preview":"max-image-preview:large","max-video-preview":"max-video-preview:-1"},"canonical":"https:\/\/frontaliers-grandest.eu\/de\/startseite\/arbeitgeber\/die-entsendung-in-der-grossregion\/in-belgien\/die-vorausgehenden-behordlichen-formalitaten\/","og_locale":"de_DE","og_type":"article","og_title":"Die vorausgehenden beh\u00f6rdlichen Formalit\u00e4ten - Frontaliers Grand Est","og_description":"Die vorschriftsm\u00e4\u00dfigen Aspekte in Belgien beziehen sich haupts\u00e4chlich auf eine Verpflichtung f\u00fcr die Unternehmen, die vor\u00fcbergehende Leistungen in diesem Land erbringen. Bescheinigung der \u201eCapacit\u00e9s Entrepreneuriales\u201c (Unternehmerischen F\u00e4higkeiten) In Belgien werden die T\u00e4tigkeiten zwei Kategorien zugewiesen:&nbsp;reglementierte und nicht reglementierte T\u00e4tigkeiten. Der nachstehende Link gibt Auskunft \u00fcber die Gesamtheit der reglementierten T\u00e4tigkeiten&nbsp;: https:\/\/business.belgium.be\/fr\/gerer_votre_entreprise\/qualifications_professionnelles\/folder_2 F\u00fcr die reglementierten Berufe [&hellip;]","og_url":"https:\/\/frontaliers-grandest.eu\/de\/startseite\/arbeitgeber\/die-entsendung-in-der-grossregion\/in-belgien\/die-vorausgehenden-behordlichen-formalitaten\/","og_site_name":"Frontaliers Grand Est","article_publisher":"https:\/\/www.facebook.com\/frontaliers.GR.EST\/?locale=fr_FR","article_modified_time":"2024-03-13T10:42:41+00:00","twitter_card":"summary_large_image","twitter_misc":{"Gesch\u00e4tzte Lesezeit":"2\u00a0Minuten"},"schema":{"@context":"https:\/\/schema.org","@graph":[{"@type":"WebPage","@id":"https:\/\/frontaliers-grandest.eu\/de\/startseite\/arbeitgeber\/die-entsendung-in-der-grossregion\/in-belgien\/die-vorausgehenden-behordlichen-formalitaten\/","url":"https:\/\/frontaliers-grandest.eu\/de\/startseite\/arbeitgeber\/die-entsendung-in-der-grossregion\/in-belgien\/die-vorausgehenden-behordlichen-formalitaten\/","name":"Die vorausgehenden beh\u00f6rdlichen Formalit\u00e4ten - Frontaliers Grand Est","isPartOf":{"@id":"https:\/\/frontaliers-grandest.eu\/de\/#website"},"datePublished":"2021-04-26T13:58:30+00:00","dateModified":"2024-03-13T10:42:41+00:00","breadcrumb":{"@id":"https:\/\/frontaliers-grandest.eu\/de\/startseite\/arbeitgeber\/die-entsendung-in-der-grossregion\/in-belgien\/die-vorausgehenden-behordlichen-formalitaten\/#breadcrumb"},"inLanguage":"de","potentialAction":[{"@type":"ReadAction","target":["https:\/\/frontaliers-grandest.eu\/de\/startseite\/arbeitgeber\/die-entsendung-in-der-grossregion\/in-belgien\/die-vorausgehenden-behordlichen-formalitaten\/"]}]},{"@type":"BreadcrumbList","@id":"https:\/\/frontaliers-grandest.eu\/de\/startseite\/arbeitgeber\/die-entsendung-in-der-grossregion\/in-belgien\/die-vorausgehenden-behordlichen-formalitaten\/#breadcrumb","itemListElement":[{"@type":"ListItem","position":1,"name":"Startseite","item":"https:\/\/frontaliers-grandest.eu\/de\/"},{"@type":"ListItem","position":2,"name":"Arbeitgeber","item":"https:\/\/frontaliers-grandest.eu\/de\/startseite\/arbeitgeber\/"},{"@type":"ListItem","position":3,"name":"Die Entsendung in der Grossregion","item":"https:\/\/frontaliers-grandest.eu\/de\/startseite\/arbeitgeber\/die-entsendung-in-der-grossregion\/"},{"@type":"ListItem","position":4,"name":"In Belgien","item":"https:\/\/frontaliers-grandest.eu\/de\/startseite\/arbeitgeber\/die-entsendung-in-der-grossregion\/in-belgien\/"},{"@type":"ListItem","position":5,"name":"Die vorausgehenden beh\u00f6rdlichen Formalit\u00e4ten"}]},{"@type":"WebSite","@id":"https:\/\/frontaliers-grandest.eu\/de\/#website","url":"https:\/\/frontaliers-grandest.eu\/de\/","name":"Frontaliers Grand Est","description":"Le site ressource du travail frontalier","publisher":{"@id":"https:\/\/frontaliers-grandest.eu\/de\/#organization"},"alternateName":"Frontaliers Grand Est","potentialAction":[{"@type":"SearchAction","target":{"@type":"EntryPoint","urlTemplate":"https:\/\/frontaliers-grandest.eu\/de\/?s={search_term_string}"},"query-input":{"@type":"PropertyValueSpecification","valueRequired":true,"valueName":"search_term_string"}}],"inLanguage":"de"},{"@type":"Organization","@id":"https:\/\/frontaliers-grandest.eu\/de\/#organization","name":"Frontaliers Grand Est","alternateName":"Frontaliers Grand Est","url":"https:\/\/frontaliers-grandest.eu\/de\/","logo":{"@type":"ImageObject","inLanguage":"de","@id":"https:\/\/frontaliers-grandest.eu\/de\/#\/schema\/logo\/image\/","url":"https:\/\/frontaliers-grandest.eu\/wp-content\/uploads\/2025\/07\/260328234_2966785176920310_3332838526503858160_n.jpg","contentUrl":"https:\/\/frontaliers-grandest.eu\/wp-content\/uploads\/2025\/07\/260328234_2966785176920310_3332838526503858160_n.jpg","width":396,"height":396,"caption":"Frontaliers Grand Est"},"image":{"@id":"https:\/\/frontaliers-grandest.eu\/de\/#\/schema\/logo\/image\/"},"sameAs":["https:\/\/www.facebook.com\/frontaliers.GR.EST\/?locale=fr_FR"]}]}},"frge_page_order":0,"_links":{"self":[{"href":"https:\/\/frontaliers-grandest.eu\/de\/wp-json\/wp\/v2\/pages\/6625","targetHints":{"allow":["GET"]}}],"collection":[{"href":"https:\/\/frontaliers-grandest.eu\/de\/wp-json\/wp\/v2\/pages"}],"about":[{"href":"https:\/\/frontaliers-grandest.eu\/de\/wp-json\/wp\/v2\/types\/page"}],"author":[{"embeddable":true,"href":"https:\/\/frontaliers-grandest.eu\/de\/wp-json\/wp\/v2\/users\/7"}],"replies":[{"embeddable":true,"href":"https:\/\/frontaliers-grandest.eu\/de\/wp-json\/wp\/v2\/comments?post=6625"}],"version-history":[{"count":3,"href":"https:\/\/frontaliers-grandest.eu\/de\/wp-json\/wp\/v2\/pages\/6625\/revisions"}],"predecessor-version":[{"id":34594,"href":"https:\/\/frontaliers-grandest.eu\/de\/wp-json\/wp\/v2\/pages\/6625\/revisions\/34594"}],"up":[{"embeddable":true,"href":"https:\/\/frontaliers-grandest.eu\/de\/wp-json\/wp\/v2\/pages\/6623"}],"wp:attachment":[{"href":"https:\/\/frontaliers-grandest.eu\/de\/wp-json\/wp\/v2\/media?parent=6625"}],"wp:term":[{"taxonomy":"post_tag","embeddable":true,"href":"https:\/\/frontaliers-grandest.eu\/de\/wp-json\/wp\/v2\/tags?post=6625"},{"taxonomy":"frge_profile","embeddable":true,"href":"https:\/\/frontaliers-grandest.eu\/de\/wp-json\/wp\/v2\/frge_profile?post=6625"}],"curies":[{"name":"wp","href":"https:\/\/api.w.org\/{rel}","templated":true}]}}