{"id":20260,"date":"2022-08-26T17:05:08","date_gmt":"2022-08-26T15:05:08","guid":{"rendered":"https:\/\/frontaliers-grandest.eu\/startseite\/rente\/renteneintrittsalter\/das-renteneintrittsalter-in-frankreich\/"},"modified":"2024-07-25T15:27:42","modified_gmt":"2024-07-25T13:27:42","slug":"in-frankreich","status":"publish","type":"page","link":"https:\/\/frontaliers-grandest.eu\/de\/startseite\/rente\/renteneintrittsalter\/in-frankreich\/","title":{"rendered":"Das Renteneintrittsalter in Frankreich"},"content":{"rendered":"\n<p>In Frankreich h\u00e4ngt das gesetzliche Renteneintrittsalter vom Geburtsjahr ab.<\/p>\n\n\n\n<p>Das festgelegte gesetzliche Alter f\u00fcr den Renteneintritt betr\u00e4gt jedoch f\u00fcr alle Personen, <strong>die ab 1955 geboren sind, 62 Jahre.<\/strong><\/p>\n\n\n\n<p>Besch\u00e4ftigte, die eine volle Rente beziehen m\u00f6chten (ohne Ab- und Zuschl\u00e4ge), m\u00fcssen in Abh\u00e4ngigkeit von ihrem Geburtsjahr etwas l\u00e4nger warten:<\/p>\n\n\n\n<figure class=\"wp-block-table\"><table><tbody><tr><td>Geburtsjahr<\/td><td>Renteneintrittsalter f\u00fcr eine volle Rente<\/td><\/tr><tr><td>Bis zum 01.07.1951<\/td><td>65 Jahre<\/td><\/tr><tr><td>Vom 01.07.1951 bis 31.12.1951<\/td><td>65 Jahre und 4 Monate<\/td><\/tr><tr><td>1952<\/td><td>65 Jahre und 9 Monate<\/td><\/tr><tr><td>1953<\/td><td>66 Jahre und 2 Monate<\/td><\/tr><tr><td>1954<\/td><td>66 Jahre und 7 Monate<\/td><\/tr><tr><td>1955<\/td><td>67 Jahre<\/td><\/tr><\/tbody><\/table><\/figure>\n\n\n\n<p>Eine weitere Bedingung neben dem Alter sind die Beitragszeiten. F\u00fcr eine volle Rente m\u00fcssen w\u00e4hrend einer bestimmten Anzahl von Quartalen Beitr\u00e4ge gezahlt worden sein. Um eine Rente in Frankreich beantragen zu k\u00f6nnen, m\u00fcssen f\u00fcr<strong> mindestens 1 Quartal Rentenbeitr\u00e4ge<\/strong> entrichtet worden sein.<\/p>\n\n\n\n<p>Damit dieses Quartal auch z\u00e4hlt, muss der Versicherte mindestens Beitr\u00e4ge f\u00fcr das 150-fache des Stunden-SMICs gezahlt haben, <strong>f\u00fcr das Jahr 2022 sind das 1.585,50 \u20ac<\/strong>.<\/p>\n\n\n\n<p>F\u00fcr eine volle Rente ist eine bestimmte Anzahl von Beitrags-Quartalen erforderlich.<\/p>\n\n\n\n<figure class=\"wp-block-table\"><table><tbody><tr><td>Geburtsjahr<\/td><td>Anzahl der Quartale, die f\u00fcr eine Rente zum vollen Satz erforderlich sind<\/td><\/tr><tr><td>1948 und davor<\/td><td>160 Quartale (40 Jahre)<\/td><\/tr><tr><td>1949<\/td><td>161 Quartale ( 40 Jahre und 1 Quartal)<\/td><\/tr><tr><td>1950<\/td><td>162 Quartale (40 Jahre und 2 Quartale)<\/td><\/tr><tr><td>1951<\/td><td>163 Quartale (40 Jahre und 3 Quartale)<\/td><\/tr><tr><td>1952<\/td><td>164 Quartale (41 Jahre)<\/td><\/tr><tr><td>1953-1954<\/td><td>165 Quartale (41 Jahre und 1 Quartal)<\/td><\/tr><tr><td>1955-1957<\/td><td>166 Quartale (41 Jahre und 2 Quartale)<\/td><\/tr><tr><td>1958-1960<\/td><td>167 Quartale 41 Jahre und 3 Quartale)<\/td><\/tr><tr><td>1961-1963<\/td><td>168 Quartale (42 Jahre)<\/td><\/tr><tr><td>1964-1966<\/td><td>169 Quartale (42 Jahre und 1 Quartal)<\/td><\/tr><tr><td>1967-1969<\/td><td>170 Quartale 42 Jahre und 1 Quartale)<\/td><\/tr><tr><td>1970-1972<\/td><td>171 Quartale (42 Jahre und 3 Quartale)<\/td><\/tr><tr><td>Ab 1973<\/td><td>172 Quartale (43 Jahre)<\/td><\/tr><\/tbody><\/table><\/figure>\n\n\n\n<h4 class=\"wp-block-heading\">VORRUHESTAND<\/h4>\n\n\n\n<p>Ein Versicherter kann zwischen dem 57. und 60. Lebensjahr eine Vorruhestandsrente beantragen, sofern eine lange Berufst\u00e4tigkeit oder eine Behinderung vorliegt oder er unter erschwerten Bedingungen gearbeitet hat.<\/p>\n\n\n\n<p>F\u00fcr mehr Informationen empfehlen wir Ihnen den folgenden Link:<\/p>\n\n\n\n<p><a href=\"https:\/\/www.service-public.fr\/particuliers\/vosdroits\/N381\">https:\/\/www.service-public.fr\/particuliers\/vosdroits\/N381<\/a><\/p>\n","protected":false},"excerpt":{"rendered":"<p>In Frankreich h\u00e4ngt das gesetzliche Renteneintrittsalter vom Geburtsjahr ab. Das festgelegte gesetzliche Alter f\u00fcr den Renteneintritt betr\u00e4gt jedoch f\u00fcr alle Personen, die ab 1955 geboren sind, 62 Jahre. Besch\u00e4ftigte, die eine volle Rente beziehen m\u00f6chten (ohne Ab- und Zuschl\u00e4ge), m\u00fcssen in Abh\u00e4ngigkeit von ihrem Geburtsjahr etwas l\u00e4nger warten: Geburtsjahr Renteneintrittsalter f\u00fcr eine volle Rente Bis [&hellip;]<\/p>\n","protected":false},"author":4,"featured_media":20359,"parent":20170,"menu_order":2,"comment_status":"closed","ping_status":"closed","template":"","meta":{"inline_featured_image":false,"footnotes":""},"tags":[],"frge_profile":[],"class_list":["post-20260","page","type-page","status-publish","has-post-thumbnail","hentry"],"yoast_head":"<!-- This site is optimized with the Yoast SEO plugin v27.1.1 - https:\/\/yoast.com\/product\/yoast-seo-wordpress\/ -->\n<title>Das Renteneintrittsalter in Frankreich<\/title>\n<meta name=\"description\" content=\"In Frankreich h\u00e4ngt das gesetzliche Renteneintrittsalter vom Geburtsjahr ab. Das festgelegte gesetzliche Alter f\u00fcr den Renteneintritt betr\u00e4gt jedoch f\u00fcr alle Personen, die ab 1955 geboren sind, 62 Jahre.\" \/>\n<meta name=\"robots\" content=\"index, follow, max-snippet:-1, max-image-preview:large, max-video-preview:-1\" \/>\n<link rel=\"canonical\" href=\"https:\/\/frontaliers-grandest.eu\/de\/startseite\/rente\/renteneintrittsalter\/in-frankreich\/\" \/>\n<meta property=\"og:locale\" content=\"de_DE\" \/>\n<meta property=\"og:type\" content=\"article\" \/>\n<meta property=\"og:title\" content=\"Das Renteneintrittsalter in Frankreich\" \/>\n<meta property=\"og:description\" content=\"In Frankreich h\u00e4ngt das gesetzliche Renteneintrittsalter vom Geburtsjahr ab. Das festgelegte gesetzliche Alter f\u00fcr den Renteneintritt betr\u00e4gt jedoch f\u00fcr alle Personen, die ab 1955 geboren sind, 62 Jahre.\" \/>\n<meta property=\"og:url\" content=\"https:\/\/frontaliers-grandest.eu\/de\/startseite\/rente\/renteneintrittsalter\/in-frankreich\/\" \/>\n<meta property=\"og:site_name\" content=\"Frontaliers Grand Est\" \/>\n<meta property=\"article:publisher\" content=\"https:\/\/www.facebook.com\/frontaliers.GR.EST\/?locale=fr_FR\" \/>\n<meta property=\"article:modified_time\" content=\"2024-07-25T13:27:42+00:00\" \/>\n<meta property=\"og:image\" content=\"https:\/\/frontaliers-grandest.eu\/wp-content\/uploads\/2022\/08\/drapeau-FR.jpg\" \/>\n\t<meta property=\"og:image:width\" content=\"1200\" \/>\n\t<meta property=\"og:image:height\" content=\"800\" \/>\n\t<meta property=\"og:image:type\" content=\"image\/jpeg\" \/>\n<meta name=\"twitter:card\" content=\"summary_large_image\" \/>\n<meta name=\"twitter:label1\" content=\"Gesch\u00e4tzte Lesezeit\" \/>\n\t<meta name=\"twitter:data1\" content=\"2\u00a0Minuten\" \/>\n<script type=\"application\/ld+json\" class=\"yoast-schema-graph\">{\"@context\":\"https:\/\/schema.org\",\"@graph\":[{\"@type\":\"WebPage\",\"@id\":\"https:\/\/frontaliers-grandest.eu\/de\/startseite\/rente\/renteneintrittsalter\/in-frankreich\/\",\"url\":\"https:\/\/frontaliers-grandest.eu\/de\/startseite\/rente\/renteneintrittsalter\/in-frankreich\/\",\"name\":\"Das Renteneintrittsalter in Frankreich\",\"isPartOf\":{\"@id\":\"https:\/\/frontaliers-grandest.eu\/de\/#website\"},\"primaryImageOfPage\":{\"@id\":\"https:\/\/frontaliers-grandest.eu\/de\/startseite\/rente\/renteneintrittsalter\/in-frankreich\/#primaryimage\"},\"image\":{\"@id\":\"https:\/\/frontaliers-grandest.eu\/de\/startseite\/rente\/renteneintrittsalter\/in-frankreich\/#primaryimage\"},\"thumbnailUrl\":\"https:\/\/frontaliers-grandest.eu\/wp-content\/uploads\/2022\/08\/drapeau-FR.jpg\",\"datePublished\":\"2022-08-26T15:05:08+00:00\",\"dateModified\":\"2024-07-25T13:27:42+00:00\",\"description\":\"In Frankreich h\u00e4ngt das gesetzliche Renteneintrittsalter vom Geburtsjahr ab. Das festgelegte gesetzliche Alter f\u00fcr den Renteneintritt betr\u00e4gt jedoch f\u00fcr alle Personen, die ab 1955 geboren sind, 62 Jahre.\",\"breadcrumb\":{\"@id\":\"https:\/\/frontaliers-grandest.eu\/de\/startseite\/rente\/renteneintrittsalter\/in-frankreich\/#breadcrumb\"},\"inLanguage\":\"de\",\"potentialAction\":[{\"@type\":\"ReadAction\",\"target\":[\"https:\/\/frontaliers-grandest.eu\/de\/startseite\/rente\/renteneintrittsalter\/in-frankreich\/\"]}]},{\"@type\":\"ImageObject\",\"inLanguage\":\"de\",\"@id\":\"https:\/\/frontaliers-grandest.eu\/de\/startseite\/rente\/renteneintrittsalter\/in-frankreich\/#primaryimage\",\"url\":\"https:\/\/frontaliers-grandest.eu\/wp-content\/uploads\/2022\/08\/drapeau-FR.jpg\",\"contentUrl\":\"https:\/\/frontaliers-grandest.eu\/wp-content\/uploads\/2022\/08\/drapeau-FR.jpg\",\"width\":1200,\"height\":800},{\"@type\":\"BreadcrumbList\",\"@id\":\"https:\/\/frontaliers-grandest.eu\/de\/startseite\/rente\/renteneintrittsalter\/in-frankreich\/#breadcrumb\",\"itemListElement\":[{\"@type\":\"ListItem\",\"position\":1,\"name\":\"Startseite\",\"item\":\"https:\/\/frontaliers-grandest.eu\/de\/\"},{\"@type\":\"ListItem\",\"position\":2,\"name\":\"Grenzg\u00e4nger-Rente\",\"item\":\"https:\/\/frontaliers-grandest.eu\/de\/startseite\/rente\/\"},{\"@type\":\"ListItem\",\"position\":3,\"name\":\"Renteneintrittsalter\",\"item\":\"https:\/\/frontaliers-grandest.eu\/de\/startseite\/rente\/renteneintrittsalter\/\"},{\"@type\":\"ListItem\",\"position\":4,\"name\":\"Das Renteneintrittsalter in Frankreich\"}]},{\"@type\":\"WebSite\",\"@id\":\"https:\/\/frontaliers-grandest.eu\/de\/#website\",\"url\":\"https:\/\/frontaliers-grandest.eu\/de\/\",\"name\":\"Frontaliers Grand Est\",\"description\":\"Le site ressource du travail frontalier\",\"publisher\":{\"@id\":\"https:\/\/frontaliers-grandest.eu\/de\/#organization\"},\"alternateName\":\"Frontaliers Grand Est\",\"potentialAction\":[{\"@type\":\"SearchAction\",\"target\":{\"@type\":\"EntryPoint\",\"urlTemplate\":\"https:\/\/frontaliers-grandest.eu\/de\/?s={search_term_string}\"},\"query-input\":{\"@type\":\"PropertyValueSpecification\",\"valueRequired\":true,\"valueName\":\"search_term_string\"}}],\"inLanguage\":\"de\"},{\"@type\":\"Organization\",\"@id\":\"https:\/\/frontaliers-grandest.eu\/de\/#organization\",\"name\":\"Frontaliers Grand Est\",\"alternateName\":\"Frontaliers Grand Est\",\"url\":\"https:\/\/frontaliers-grandest.eu\/de\/\",\"logo\":{\"@type\":\"ImageObject\",\"inLanguage\":\"de\",\"@id\":\"https:\/\/frontaliers-grandest.eu\/de\/#\/schema\/logo\/image\/\",\"url\":\"https:\/\/frontaliers-grandest.eu\/wp-content\/uploads\/2025\/07\/260328234_2966785176920310_3332838526503858160_n.jpg\",\"contentUrl\":\"https:\/\/frontaliers-grandest.eu\/wp-content\/uploads\/2025\/07\/260328234_2966785176920310_3332838526503858160_n.jpg\",\"width\":396,\"height\":396,\"caption\":\"Frontaliers Grand Est\"},\"image\":{\"@id\":\"https:\/\/frontaliers-grandest.eu\/de\/#\/schema\/logo\/image\/\"},\"sameAs\":[\"https:\/\/www.facebook.com\/frontaliers.GR.EST\/?locale=fr_FR\"]}]}<\/script>\n<!-- \/ Yoast SEO plugin. -->","yoast_head_json":{"title":"Das Renteneintrittsalter in Frankreich","description":"In Frankreich h\u00e4ngt das gesetzliche Renteneintrittsalter vom Geburtsjahr ab. Das festgelegte gesetzliche Alter f\u00fcr den Renteneintritt betr\u00e4gt jedoch f\u00fcr alle Personen, die ab 1955 geboren sind, 62 Jahre.","robots":{"index":"index","follow":"follow","max-snippet":"max-snippet:-1","max-image-preview":"max-image-preview:large","max-video-preview":"max-video-preview:-1"},"canonical":"https:\/\/frontaliers-grandest.eu\/de\/startseite\/rente\/renteneintrittsalter\/in-frankreich\/","og_locale":"de_DE","og_type":"article","og_title":"Das Renteneintrittsalter in Frankreich","og_description":"In Frankreich h\u00e4ngt das gesetzliche Renteneintrittsalter vom Geburtsjahr ab. Das festgelegte gesetzliche Alter f\u00fcr den Renteneintritt betr\u00e4gt jedoch f\u00fcr alle Personen, die ab 1955 geboren sind, 62 Jahre.","og_url":"https:\/\/frontaliers-grandest.eu\/de\/startseite\/rente\/renteneintrittsalter\/in-frankreich\/","og_site_name":"Frontaliers Grand Est","article_publisher":"https:\/\/www.facebook.com\/frontaliers.GR.EST\/?locale=fr_FR","article_modified_time":"2024-07-25T13:27:42+00:00","og_image":[{"width":1200,"height":800,"url":"https:\/\/frontaliers-grandest.eu\/wp-content\/uploads\/2022\/08\/drapeau-FR.jpg","type":"image\/jpeg"}],"twitter_card":"summary_large_image","twitter_misc":{"Gesch\u00e4tzte Lesezeit":"2\u00a0Minuten"},"schema":{"@context":"https:\/\/schema.org","@graph":[{"@type":"WebPage","@id":"https:\/\/frontaliers-grandest.eu\/de\/startseite\/rente\/renteneintrittsalter\/in-frankreich\/","url":"https:\/\/frontaliers-grandest.eu\/de\/startseite\/rente\/renteneintrittsalter\/in-frankreich\/","name":"Das Renteneintrittsalter in Frankreich","isPartOf":{"@id":"https:\/\/frontaliers-grandest.eu\/de\/#website"},"primaryImageOfPage":{"@id":"https:\/\/frontaliers-grandest.eu\/de\/startseite\/rente\/renteneintrittsalter\/in-frankreich\/#primaryimage"},"image":{"@id":"https:\/\/frontaliers-grandest.eu\/de\/startseite\/rente\/renteneintrittsalter\/in-frankreich\/#primaryimage"},"thumbnailUrl":"https:\/\/frontaliers-grandest.eu\/wp-content\/uploads\/2022\/08\/drapeau-FR.jpg","datePublished":"2022-08-26T15:05:08+00:00","dateModified":"2024-07-25T13:27:42+00:00","description":"In Frankreich h\u00e4ngt das gesetzliche Renteneintrittsalter vom Geburtsjahr ab. Das festgelegte gesetzliche Alter f\u00fcr den Renteneintritt betr\u00e4gt jedoch f\u00fcr alle Personen, die ab 1955 geboren sind, 62 Jahre.","breadcrumb":{"@id":"https:\/\/frontaliers-grandest.eu\/de\/startseite\/rente\/renteneintrittsalter\/in-frankreich\/#breadcrumb"},"inLanguage":"de","potentialAction":[{"@type":"ReadAction","target":["https:\/\/frontaliers-grandest.eu\/de\/startseite\/rente\/renteneintrittsalter\/in-frankreich\/"]}]},{"@type":"ImageObject","inLanguage":"de","@id":"https:\/\/frontaliers-grandest.eu\/de\/startseite\/rente\/renteneintrittsalter\/in-frankreich\/#primaryimage","url":"https:\/\/frontaliers-grandest.eu\/wp-content\/uploads\/2022\/08\/drapeau-FR.jpg","contentUrl":"https:\/\/frontaliers-grandest.eu\/wp-content\/uploads\/2022\/08\/drapeau-FR.jpg","width":1200,"height":800},{"@type":"BreadcrumbList","@id":"https:\/\/frontaliers-grandest.eu\/de\/startseite\/rente\/renteneintrittsalter\/in-frankreich\/#breadcrumb","itemListElement":[{"@type":"ListItem","position":1,"name":"Startseite","item":"https:\/\/frontaliers-grandest.eu\/de\/"},{"@type":"ListItem","position":2,"name":"Grenzg\u00e4nger-Rente","item":"https:\/\/frontaliers-grandest.eu\/de\/startseite\/rente\/"},{"@type":"ListItem","position":3,"name":"Renteneintrittsalter","item":"https:\/\/frontaliers-grandest.eu\/de\/startseite\/rente\/renteneintrittsalter\/"},{"@type":"ListItem","position":4,"name":"Das Renteneintrittsalter in Frankreich"}]},{"@type":"WebSite","@id":"https:\/\/frontaliers-grandest.eu\/de\/#website","url":"https:\/\/frontaliers-grandest.eu\/de\/","name":"Frontaliers Grand Est","description":"Le site ressource du travail frontalier","publisher":{"@id":"https:\/\/frontaliers-grandest.eu\/de\/#organization"},"alternateName":"Frontaliers Grand Est","potentialAction":[{"@type":"SearchAction","target":{"@type":"EntryPoint","urlTemplate":"https:\/\/frontaliers-grandest.eu\/de\/?s={search_term_string}"},"query-input":{"@type":"PropertyValueSpecification","valueRequired":true,"valueName":"search_term_string"}}],"inLanguage":"de"},{"@type":"Organization","@id":"https:\/\/frontaliers-grandest.eu\/de\/#organization","name":"Frontaliers Grand Est","alternateName":"Frontaliers Grand Est","url":"https:\/\/frontaliers-grandest.eu\/de\/","logo":{"@type":"ImageObject","inLanguage":"de","@id":"https:\/\/frontaliers-grandest.eu\/de\/#\/schema\/logo\/image\/","url":"https:\/\/frontaliers-grandest.eu\/wp-content\/uploads\/2025\/07\/260328234_2966785176920310_3332838526503858160_n.jpg","contentUrl":"https:\/\/frontaliers-grandest.eu\/wp-content\/uploads\/2025\/07\/260328234_2966785176920310_3332838526503858160_n.jpg","width":396,"height":396,"caption":"Frontaliers Grand Est"},"image":{"@id":"https:\/\/frontaliers-grandest.eu\/de\/#\/schema\/logo\/image\/"},"sameAs":["https:\/\/www.facebook.com\/frontaliers.GR.EST\/?locale=fr_FR"]}]}},"frge_page_order":0,"_links":{"self":[{"href":"https:\/\/frontaliers-grandest.eu\/de\/wp-json\/wp\/v2\/pages\/20260","targetHints":{"allow":["GET"]}}],"collection":[{"href":"https:\/\/frontaliers-grandest.eu\/de\/wp-json\/wp\/v2\/pages"}],"about":[{"href":"https:\/\/frontaliers-grandest.eu\/de\/wp-json\/wp\/v2\/types\/page"}],"author":[{"embeddable":true,"href":"https:\/\/frontaliers-grandest.eu\/de\/wp-json\/wp\/v2\/users\/4"}],"replies":[{"embeddable":true,"href":"https:\/\/frontaliers-grandest.eu\/de\/wp-json\/wp\/v2\/comments?post=20260"}],"version-history":[{"count":3,"href":"https:\/\/frontaliers-grandest.eu\/de\/wp-json\/wp\/v2\/pages\/20260\/revisions"}],"predecessor-version":[{"id":20264,"href":"https:\/\/frontaliers-grandest.eu\/de\/wp-json\/wp\/v2\/pages\/20260\/revisions\/20264"}],"up":[{"embeddable":true,"href":"https:\/\/frontaliers-grandest.eu\/de\/wp-json\/wp\/v2\/pages\/20170"}],"wp:featuredmedia":[{"embeddable":true,"href":"https:\/\/frontaliers-grandest.eu\/de\/wp-json\/wp\/v2\/media\/20359"}],"wp:attachment":[{"href":"https:\/\/frontaliers-grandest.eu\/de\/wp-json\/wp\/v2\/media?parent=20260"}],"wp:term":[{"taxonomy":"post_tag","embeddable":true,"href":"https:\/\/frontaliers-grandest.eu\/de\/wp-json\/wp\/v2\/tags?post=20260"},{"taxonomy":"frge_profile","embeddable":true,"href":"https:\/\/frontaliers-grandest.eu\/de\/wp-json\/wp\/v2\/frge_profile?post=20260"}],"curies":[{"name":"wp","href":"https:\/\/api.w.org\/{rel}","templated":true}]}}