{"id":20233,"date":"2022-08-26T16:54:40","date_gmt":"2022-08-26T14:54:40","guid":{"rendered":"https:\/\/frontaliers-grandest.eu\/startseite\/rente\/renteneintrittsalter\/das-renteneintrittsalter-in-belgien\/"},"modified":"2024-07-25T15:26:30","modified_gmt":"2024-07-25T13:26:30","slug":"in-belgien","status":"publish","type":"page","link":"https:\/\/frontaliers-grandest.eu\/de\/startseite\/rente\/renteneintrittsalter\/in-belgien\/","title":{"rendered":"Das Renteneintrittsalter in Belgien"},"content":{"rendered":"\n<p>Das gesetzliche Renteneintrittsalter betr\u00e4gt 65 Jahre und steigt schrittweise auf 66 Jahre im Jahr 2025 und auf 67 Jahre im Jahr 2030.<\/p>\n\n\n\n<p>Um eine Rente zu erhalten, sind keine Sozialversicherungszeiten notwendig.<\/p>\n\n\n\n<p>F\u00fcr die volle Rente sind jedoch 14.040 Arbeitstage nachzuweisen. Das entspricht im Prinzip 45 Jahren zu je 312 Tagen.<\/p>\n\n\n\n<p>Innerhalb der EU gearbeitete Zeitr\u00e4ume werden ber\u00fccksichtigt. Kurze Perioden, in denen nicht gearbeitet wurde, k\u00f6nnen als gearbeitet gelten, wie z. B. Krankheit, Invalidit\u00e4t, Arbeitslosigkeit usw.<\/p>\n\n\n\n<h4 class=\"wp-block-heading\">VORRUHESTAND<\/h4>\n\n\n\n<p>Derzeit wird der Vorruhestand in Belgien reformiert. Aufgrund der aktuellen Diskussionen k\u00f6nnen sich die Bestimmungen laufend \u00e4ndern.<\/p>\n\n\n\n<p>Die M\u00f6glichkeiten zur Inanspruchnahme einer Vorruhestandsregelung h\u00e4ngen von Ihrem Alter und von der Dauer Ihrer Berufst\u00e4tigkeit ab.<\/p>\n\n\n\n<p><\/p>\n\n\n\n<figure class=\"wp-block-table\"><table><tbody><tr><td><strong>Mindestalter und Mindestdauer der Berufst\u00e4tigkeit<\/strong><\/td><\/tr><tr><td>60 Jahre bei 44 Arbeitsjahren<\/td><\/tr><tr><td>61 Jahre bei 43 Arbeitsjahren<\/td><\/tr><tr><td>62 Jahre bei 43 Arbeitsjahren<\/td><\/tr><tr><td>63 Jahre bei 42 Arbeitsjahren<\/td><\/tr><\/tbody><\/table><\/figure>\n","protected":false},"excerpt":{"rendered":"<p>Das gesetzliche Renteneintrittsalter betr\u00e4gt 65 Jahre und steigt schrittweise auf 66 Jahre im Jahr 2025 und auf 67 Jahre im Jahr 2030. Um eine Rente zu erhalten, sind keine Sozialversicherungszeiten notwendig. F\u00fcr die volle Rente sind jedoch 14.040 Arbeitstage nachzuweisen. Das entspricht im Prinzip 45 Jahren zu je 312 Tagen. Innerhalb der EU gearbeitete Zeitr\u00e4ume [&hellip;]<\/p>\n","protected":false},"author":4,"featured_media":20356,"parent":20170,"menu_order":1,"comment_status":"closed","ping_status":"closed","template":"","meta":{"inline_featured_image":false,"footnotes":""},"tags":[],"frge_profile":[],"class_list":["post-20233","page","type-page","status-publish","has-post-thumbnail","hentry"],"yoast_head":"<!-- This site is optimized with the Yoast SEO plugin v27.1.1 - https:\/\/yoast.com\/product\/yoast-seo-wordpress\/ -->\n<title>Das Renteneintrittsalter in Belgien<\/title>\n<meta name=\"description\" content=\"Das gesetzliche Renteneintrittsalter betr\u00e4gt 65 Jahre und steigt schrittweise auf 66 Jahre im Jahr 2025 und auf 67 Jahre im Jahr 2030.\" \/>\n<meta name=\"robots\" content=\"index, follow, max-snippet:-1, max-image-preview:large, max-video-preview:-1\" \/>\n<link rel=\"canonical\" href=\"https:\/\/frontaliers-grandest.eu\/de\/startseite\/rente\/renteneintrittsalter\/in-belgien\/\" \/>\n<meta property=\"og:locale\" content=\"de_DE\" \/>\n<meta property=\"og:type\" content=\"article\" \/>\n<meta property=\"og:title\" content=\"Das Renteneintrittsalter in Belgien\" \/>\n<meta property=\"og:description\" content=\"Das gesetzliche Renteneintrittsalter betr\u00e4gt 65 Jahre und steigt schrittweise auf 66 Jahre im Jahr 2025 und auf 67 Jahre im Jahr 2030.\" \/>\n<meta property=\"og:url\" content=\"https:\/\/frontaliers-grandest.eu\/de\/startseite\/rente\/renteneintrittsalter\/in-belgien\/\" \/>\n<meta property=\"og:site_name\" content=\"Frontaliers Grand Est\" \/>\n<meta property=\"article:publisher\" content=\"https:\/\/www.facebook.com\/frontaliers.GR.EST\/?locale=fr_FR\" \/>\n<meta property=\"article:modified_time\" content=\"2024-07-25T13:26:30+00:00\" \/>\n<meta property=\"og:image\" content=\"https:\/\/frontaliers-grandest.eu\/wp-content\/uploads\/2022\/08\/JHABITE-EN-France-JE-TRAVAILLE-EN-BELGIQUE-scaled.jpg\" \/>\n\t<meta property=\"og:image:width\" content=\"2560\" \/>\n\t<meta property=\"og:image:height\" content=\"1501\" \/>\n\t<meta property=\"og:image:type\" content=\"image\/jpeg\" \/>\n<meta name=\"twitter:card\" content=\"summary_large_image\" \/>\n<meta name=\"twitter:label1\" content=\"Gesch\u00e4tzte Lesezeit\" \/>\n\t<meta name=\"twitter:data1\" content=\"1\u00a0Minute\" \/>\n<script type=\"application\/ld+json\" class=\"yoast-schema-graph\">{\"@context\":\"https:\/\/schema.org\",\"@graph\":[{\"@type\":\"WebPage\",\"@id\":\"https:\/\/frontaliers-grandest.eu\/de\/startseite\/rente\/renteneintrittsalter\/in-belgien\/\",\"url\":\"https:\/\/frontaliers-grandest.eu\/de\/startseite\/rente\/renteneintrittsalter\/in-belgien\/\",\"name\":\"Das Renteneintrittsalter in Belgien\",\"isPartOf\":{\"@id\":\"https:\/\/frontaliers-grandest.eu\/de\/#website\"},\"primaryImageOfPage\":{\"@id\":\"https:\/\/frontaliers-grandest.eu\/de\/startseite\/rente\/renteneintrittsalter\/in-belgien\/#primaryimage\"},\"image\":{\"@id\":\"https:\/\/frontaliers-grandest.eu\/de\/startseite\/rente\/renteneintrittsalter\/in-belgien\/#primaryimage\"},\"thumbnailUrl\":\"https:\/\/frontaliers-grandest.eu\/wp-content\/uploads\/2022\/08\/JHABITE-EN-France-JE-TRAVAILLE-EN-BELGIQUE-scaled.jpg\",\"datePublished\":\"2022-08-26T14:54:40+00:00\",\"dateModified\":\"2024-07-25T13:26:30+00:00\",\"description\":\"Das gesetzliche Renteneintrittsalter betr\u00e4gt 65 Jahre und steigt schrittweise auf 66 Jahre im Jahr 2025 und auf 67 Jahre im Jahr 2030.\",\"breadcrumb\":{\"@id\":\"https:\/\/frontaliers-grandest.eu\/de\/startseite\/rente\/renteneintrittsalter\/in-belgien\/#breadcrumb\"},\"inLanguage\":\"de\",\"potentialAction\":[{\"@type\":\"ReadAction\",\"target\":[\"https:\/\/frontaliers-grandest.eu\/de\/startseite\/rente\/renteneintrittsalter\/in-belgien\/\"]}]},{\"@type\":\"ImageObject\",\"inLanguage\":\"de\",\"@id\":\"https:\/\/frontaliers-grandest.eu\/de\/startseite\/rente\/renteneintrittsalter\/in-belgien\/#primaryimage\",\"url\":\"https:\/\/frontaliers-grandest.eu\/wp-content\/uploads\/2022\/08\/JHABITE-EN-France-JE-TRAVAILLE-EN-BELGIQUE-scaled.jpg\",\"contentUrl\":\"https:\/\/frontaliers-grandest.eu\/wp-content\/uploads\/2022\/08\/JHABITE-EN-France-JE-TRAVAILLE-EN-BELGIQUE-scaled.jpg\",\"width\":2560,\"height\":1501,\"caption\":\"France and Belgium, two flags waving against blue sky. 3d image\"},{\"@type\":\"BreadcrumbList\",\"@id\":\"https:\/\/frontaliers-grandest.eu\/de\/startseite\/rente\/renteneintrittsalter\/in-belgien\/#breadcrumb\",\"itemListElement\":[{\"@type\":\"ListItem\",\"position\":1,\"name\":\"Startseite\",\"item\":\"https:\/\/frontaliers-grandest.eu\/de\/\"},{\"@type\":\"ListItem\",\"position\":2,\"name\":\"Grenzg\u00e4nger-Rente\",\"item\":\"https:\/\/frontaliers-grandest.eu\/de\/startseite\/rente\/\"},{\"@type\":\"ListItem\",\"position\":3,\"name\":\"Renteneintrittsalter\",\"item\":\"https:\/\/frontaliers-grandest.eu\/de\/startseite\/rente\/renteneintrittsalter\/\"},{\"@type\":\"ListItem\",\"position\":4,\"name\":\"Das Renteneintrittsalter in Belgien\"}]},{\"@type\":\"WebSite\",\"@id\":\"https:\/\/frontaliers-grandest.eu\/de\/#website\",\"url\":\"https:\/\/frontaliers-grandest.eu\/de\/\",\"name\":\"Frontaliers Grand Est\",\"description\":\"Le site ressource du travail frontalier\",\"publisher\":{\"@id\":\"https:\/\/frontaliers-grandest.eu\/de\/#organization\"},\"alternateName\":\"Frontaliers Grand Est\",\"potentialAction\":[{\"@type\":\"SearchAction\",\"target\":{\"@type\":\"EntryPoint\",\"urlTemplate\":\"https:\/\/frontaliers-grandest.eu\/de\/?s={search_term_string}\"},\"query-input\":{\"@type\":\"PropertyValueSpecification\",\"valueRequired\":true,\"valueName\":\"search_term_string\"}}],\"inLanguage\":\"de\"},{\"@type\":\"Organization\",\"@id\":\"https:\/\/frontaliers-grandest.eu\/de\/#organization\",\"name\":\"Frontaliers Grand Est\",\"alternateName\":\"Frontaliers Grand Est\",\"url\":\"https:\/\/frontaliers-grandest.eu\/de\/\",\"logo\":{\"@type\":\"ImageObject\",\"inLanguage\":\"de\",\"@id\":\"https:\/\/frontaliers-grandest.eu\/de\/#\/schema\/logo\/image\/\",\"url\":\"https:\/\/frontaliers-grandest.eu\/wp-content\/uploads\/2025\/07\/260328234_2966785176920310_3332838526503858160_n.jpg\",\"contentUrl\":\"https:\/\/frontaliers-grandest.eu\/wp-content\/uploads\/2025\/07\/260328234_2966785176920310_3332838526503858160_n.jpg\",\"width\":396,\"height\":396,\"caption\":\"Frontaliers Grand Est\"},\"image\":{\"@id\":\"https:\/\/frontaliers-grandest.eu\/de\/#\/schema\/logo\/image\/\"},\"sameAs\":[\"https:\/\/www.facebook.com\/frontaliers.GR.EST\/?locale=fr_FR\"]}]}<\/script>\n<!-- \/ Yoast SEO plugin. -->","yoast_head_json":{"title":"Das Renteneintrittsalter in Belgien","description":"Das gesetzliche Renteneintrittsalter betr\u00e4gt 65 Jahre und steigt schrittweise auf 66 Jahre im Jahr 2025 und auf 67 Jahre im Jahr 2030.","robots":{"index":"index","follow":"follow","max-snippet":"max-snippet:-1","max-image-preview":"max-image-preview:large","max-video-preview":"max-video-preview:-1"},"canonical":"https:\/\/frontaliers-grandest.eu\/de\/startseite\/rente\/renteneintrittsalter\/in-belgien\/","og_locale":"de_DE","og_type":"article","og_title":"Das Renteneintrittsalter in Belgien","og_description":"Das gesetzliche Renteneintrittsalter betr\u00e4gt 65 Jahre und steigt schrittweise auf 66 Jahre im Jahr 2025 und auf 67 Jahre im Jahr 2030.","og_url":"https:\/\/frontaliers-grandest.eu\/de\/startseite\/rente\/renteneintrittsalter\/in-belgien\/","og_site_name":"Frontaliers Grand Est","article_publisher":"https:\/\/www.facebook.com\/frontaliers.GR.EST\/?locale=fr_FR","article_modified_time":"2024-07-25T13:26:30+00:00","og_image":[{"width":2560,"height":1501,"url":"https:\/\/frontaliers-grandest.eu\/wp-content\/uploads\/2022\/08\/JHABITE-EN-France-JE-TRAVAILLE-EN-BELGIQUE-scaled.jpg","type":"image\/jpeg"}],"twitter_card":"summary_large_image","twitter_misc":{"Gesch\u00e4tzte Lesezeit":"1\u00a0Minute"},"schema":{"@context":"https:\/\/schema.org","@graph":[{"@type":"WebPage","@id":"https:\/\/frontaliers-grandest.eu\/de\/startseite\/rente\/renteneintrittsalter\/in-belgien\/","url":"https:\/\/frontaliers-grandest.eu\/de\/startseite\/rente\/renteneintrittsalter\/in-belgien\/","name":"Das Renteneintrittsalter in Belgien","isPartOf":{"@id":"https:\/\/frontaliers-grandest.eu\/de\/#website"},"primaryImageOfPage":{"@id":"https:\/\/frontaliers-grandest.eu\/de\/startseite\/rente\/renteneintrittsalter\/in-belgien\/#primaryimage"},"image":{"@id":"https:\/\/frontaliers-grandest.eu\/de\/startseite\/rente\/renteneintrittsalter\/in-belgien\/#primaryimage"},"thumbnailUrl":"https:\/\/frontaliers-grandest.eu\/wp-content\/uploads\/2022\/08\/JHABITE-EN-France-JE-TRAVAILLE-EN-BELGIQUE-scaled.jpg","datePublished":"2022-08-26T14:54:40+00:00","dateModified":"2024-07-25T13:26:30+00:00","description":"Das gesetzliche Renteneintrittsalter betr\u00e4gt 65 Jahre und steigt schrittweise auf 66 Jahre im Jahr 2025 und auf 67 Jahre im Jahr 2030.","breadcrumb":{"@id":"https:\/\/frontaliers-grandest.eu\/de\/startseite\/rente\/renteneintrittsalter\/in-belgien\/#breadcrumb"},"inLanguage":"de","potentialAction":[{"@type":"ReadAction","target":["https:\/\/frontaliers-grandest.eu\/de\/startseite\/rente\/renteneintrittsalter\/in-belgien\/"]}]},{"@type":"ImageObject","inLanguage":"de","@id":"https:\/\/frontaliers-grandest.eu\/de\/startseite\/rente\/renteneintrittsalter\/in-belgien\/#primaryimage","url":"https:\/\/frontaliers-grandest.eu\/wp-content\/uploads\/2022\/08\/JHABITE-EN-France-JE-TRAVAILLE-EN-BELGIQUE-scaled.jpg","contentUrl":"https:\/\/frontaliers-grandest.eu\/wp-content\/uploads\/2022\/08\/JHABITE-EN-France-JE-TRAVAILLE-EN-BELGIQUE-scaled.jpg","width":2560,"height":1501,"caption":"France and Belgium, two flags waving against blue sky. 3d image"},{"@type":"BreadcrumbList","@id":"https:\/\/frontaliers-grandest.eu\/de\/startseite\/rente\/renteneintrittsalter\/in-belgien\/#breadcrumb","itemListElement":[{"@type":"ListItem","position":1,"name":"Startseite","item":"https:\/\/frontaliers-grandest.eu\/de\/"},{"@type":"ListItem","position":2,"name":"Grenzg\u00e4nger-Rente","item":"https:\/\/frontaliers-grandest.eu\/de\/startseite\/rente\/"},{"@type":"ListItem","position":3,"name":"Renteneintrittsalter","item":"https:\/\/frontaliers-grandest.eu\/de\/startseite\/rente\/renteneintrittsalter\/"},{"@type":"ListItem","position":4,"name":"Das Renteneintrittsalter in Belgien"}]},{"@type":"WebSite","@id":"https:\/\/frontaliers-grandest.eu\/de\/#website","url":"https:\/\/frontaliers-grandest.eu\/de\/","name":"Frontaliers Grand Est","description":"Le site ressource du travail frontalier","publisher":{"@id":"https:\/\/frontaliers-grandest.eu\/de\/#organization"},"alternateName":"Frontaliers Grand Est","potentialAction":[{"@type":"SearchAction","target":{"@type":"EntryPoint","urlTemplate":"https:\/\/frontaliers-grandest.eu\/de\/?s={search_term_string}"},"query-input":{"@type":"PropertyValueSpecification","valueRequired":true,"valueName":"search_term_string"}}],"inLanguage":"de"},{"@type":"Organization","@id":"https:\/\/frontaliers-grandest.eu\/de\/#organization","name":"Frontaliers Grand Est","alternateName":"Frontaliers Grand Est","url":"https:\/\/frontaliers-grandest.eu\/de\/","logo":{"@type":"ImageObject","inLanguage":"de","@id":"https:\/\/frontaliers-grandest.eu\/de\/#\/schema\/logo\/image\/","url":"https:\/\/frontaliers-grandest.eu\/wp-content\/uploads\/2025\/07\/260328234_2966785176920310_3332838526503858160_n.jpg","contentUrl":"https:\/\/frontaliers-grandest.eu\/wp-content\/uploads\/2025\/07\/260328234_2966785176920310_3332838526503858160_n.jpg","width":396,"height":396,"caption":"Frontaliers Grand Est"},"image":{"@id":"https:\/\/frontaliers-grandest.eu\/de\/#\/schema\/logo\/image\/"},"sameAs":["https:\/\/www.facebook.com\/frontaliers.GR.EST\/?locale=fr_FR"]}]}},"frge_page_order":0,"_links":{"self":[{"href":"https:\/\/frontaliers-grandest.eu\/de\/wp-json\/wp\/v2\/pages\/20233","targetHints":{"allow":["GET"]}}],"collection":[{"href":"https:\/\/frontaliers-grandest.eu\/de\/wp-json\/wp\/v2\/pages"}],"about":[{"href":"https:\/\/frontaliers-grandest.eu\/de\/wp-json\/wp\/v2\/types\/page"}],"author":[{"embeddable":true,"href":"https:\/\/frontaliers-grandest.eu\/de\/wp-json\/wp\/v2\/users\/4"}],"replies":[{"embeddable":true,"href":"https:\/\/frontaliers-grandest.eu\/de\/wp-json\/wp\/v2\/comments?post=20233"}],"version-history":[{"count":4,"href":"https:\/\/frontaliers-grandest.eu\/de\/wp-json\/wp\/v2\/pages\/20233\/revisions"}],"predecessor-version":[{"id":20259,"href":"https:\/\/frontaliers-grandest.eu\/de\/wp-json\/wp\/v2\/pages\/20233\/revisions\/20259"}],"up":[{"embeddable":true,"href":"https:\/\/frontaliers-grandest.eu\/de\/wp-json\/wp\/v2\/pages\/20170"}],"wp:featuredmedia":[{"embeddable":true,"href":"https:\/\/frontaliers-grandest.eu\/de\/wp-json\/wp\/v2\/media\/20356"}],"wp:attachment":[{"href":"https:\/\/frontaliers-grandest.eu\/de\/wp-json\/wp\/v2\/media?parent=20233"}],"wp:term":[{"taxonomy":"post_tag","embeddable":true,"href":"https:\/\/frontaliers-grandest.eu\/de\/wp-json\/wp\/v2\/tags?post=20233"},{"taxonomy":"frge_profile","embeddable":true,"href":"https:\/\/frontaliers-grandest.eu\/de\/wp-json\/wp\/v2\/frge_profile?post=20233"}],"curies":[{"name":"wp","href":"https:\/\/api.w.org\/{rel}","templated":true}]}}