{"id":20214,"date":"2022-08-26T16:37:02","date_gmt":"2022-08-26T14:37:02","guid":{"rendered":"https:\/\/frontaliers-grandest.eu\/startseite\/rente\/renteneintrittsalter\/in-luxemburg\/das-renteneintrittsalter-in-der-schweiz\/"},"modified":"2026-09-03T09:11:32","modified_gmt":"2026-09-03T07:11:32","slug":"in-der-schweiz","status":"publish","type":"page","link":"https:\/\/frontaliers-grandest.eu\/de\/startseite\/rente\/renteneintrittsalter\/in-der-schweiz\/","title":{"rendered":"Das Renteneintrittsalter in der Schweiz"},"content":{"rendered":"\n<p class=\"wp-block-paragraph\">Das Referenzalter \u2013 bis zur Reform AHV 21 \u00abRentenalter\u00bb genannt \u2013 liegt in der Schweiz bei 65 Jahren f\u00fcr M\u00e4nner. F\u00fcr Frauen wird es seit dem 1. Januar 2025 schrittweise um drei Monate pro Jahr angehoben, bis es 2028 ebenfalls 65 Jahre betr\u00e4gt.<\/p>\n\n\n\n<figure class=\"wp-block-table\"><table><thead><tr><th>Jahr<\/th><th>Referenzalter der Frauen<\/th><th>Betrifft Frauen mit Jahrgang<\/th><\/tr><\/thead><tbody><tr><td>2025<\/td><td>64 Jahre und 3 Monate<\/td><td>1961<\/td><\/tr><tr><td>2026<\/td><td>64 Jahre und 6 Monate<\/td><td>1962<\/td><\/tr><tr><td>2027<\/td><td>64 Jahre und 9 Monate<\/td><td>1963<\/td><\/tr><tr><td>ab 2028<\/td><td>65 Jahre<\/td><td>ab 1964<\/td><\/tr><\/tbody><\/table><\/figure>\n\n\n\n<p class=\"wp-block-paragraph\">Frauen der Jahrg\u00e4nge 1961 bis 1969 geh\u00f6ren zur sogenannten \u00dcbergangsgeneration. Als Ausgleich f\u00fcr die Erh\u00f6hung des Referenzalters haben sie Anspruch auf einen lebenslangen Rentenzuschlag \u2013 allerdings nur, wenn sie die Altersrente nicht vorbeziehen.<\/p>\n\n\n\n<p class=\"wp-block-paragraph\">Die Schweiz ber\u00fccksichtigt sozialversicherungsrechtliche EU-Vorschriften. So z\u00e4hlen Ihre in anderen europ\u00e4ischen L\u00e4ndern absolvierten Versicherungszeiten auch f\u00fcr Ihre Rente in der Schweiz.<\/p>\n\n\n\n<h4 class=\"wp-block-heading\">VORRUHESTAND<\/h4>\n\n\n\n<p class=\"wp-block-paragraph\">Sie k\u00f6nnen Ihre AHV-Altersrente fr\u00fchestens ab dem 63. Altersjahr vorbeziehen, Frauen der Jahrg\u00e4nge 1961 bis 1969 bereits ab dem 62. Altersjahr. Der Vorbezug ist monatsweise m\u00f6glich. Statt der ganzen Rente k\u00f6nnen Sie auch nur einen Anteil zwischen 20 % und 80 % vorbeziehen.<\/p>\n\n\n\n<p class=\"wp-block-paragraph\">Die vorbezogene Rente wird lebenslang gek\u00fcrzt: um 6,8 % bei einem Vorbezug von einem Jahr und um 13,6 % bei zwei Jahren. F\u00fcr Frauen der \u00dcbergangsgeneration gelten seit dem 1. Januar 2025 eigene, vorteilhaftere K\u00fcrzungss\u00e4tze, die vom durchschnittlichen Jahreseinkommen abh\u00e4ngen.<\/p>\n\n\n\n<p class=\"wp-block-paragraph\">Umgekehrt k\u00f6nnen Sie den Bezug der Altersrente ab dem Referenzalter um ein bis h\u00f6chstens f\u00fcnf Jahre aufschieben. Die Rente erh\u00f6ht sich dann um 5,2 % bis 31,5 %, je nach Dauer des Aufschubs.<\/p>\n\n\n\n<p class=\"wp-block-paragraph\">F\u00fcr mehr Informationen: <a href=\"https:\/\/frontaliers-grandest.eu\/accueil\/salaries\/france-suisse\/protection-sociale\/la-retraite-des-frontaliers\/la-retraite-anticipee-et-la-retraite-reportee-dite-ajournee\/\">https:\/\/frontaliers-grandest.eu\/accueil\/salaries\/france-suisse\/protection-sociale\/la-retraite-des-frontaliers\/la-retraite-anticipee-et-la-retraite-reportee-dite-ajournee\/<\/a><\/p>\n\n\n\n<p class=\"wp-block-paragraph\"><em>Quelle: Merkblatt 3.04 \u00abFlexibler Rentenbezug\u00bb, Informationsstelle AHV\/IV, Stand 1. Januar 2026.<\/em><\/p>\n","protected":false},"excerpt":{"rendered":"<p>Das Referenzalter \u2013 bis zur Reform AHV 21 \u00abRentenalter\u00bb genannt \u2013 liegt in der Schweiz bei 65 Jahren f\u00fcr M\u00e4nner. F\u00fcr Frauen wird es seit dem 1. Januar 2025 schrittweise um drei Monate pro Jahr angehoben, bis es 2028 ebenfalls 65 Jahre betr\u00e4gt. Jahr Referenzalter der Frauen Betrifft Frauen mit Jahrgang 2025 64 Jahre und [&hellip;]<\/p>\n","protected":false},"author":4,"featured_media":20357,"parent":20170,"menu_order":4,"comment_status":"closed","ping_status":"closed","template":"","meta":{"inline_featured_image":false,"footnotes":""},"tags":[],"frge_profile":[],"class_list":["post-20214","page","type-page","status-publish","has-post-thumbnail","hentry"],"yoast_head":"<!-- This site is optimized with the Yoast SEO plugin v28.4 - https:\/\/yoast.com\/product\/yoast-seo-wordpress\/ -->\n<title>Renteneintrittsalter Schweiz: 65 Jahre, Vorruhestand ab 63<\/title>\n<meta name=\"description\" content=\"Renteneintrittsalter in der Schweiz: 65 Jahre f\u00fcr M\u00e4nner, Vorruhestand bis zu 2 Jahre fr\u00fcher mit K\u00fcrzung. EU-Versicherungszeiten z\u00e4hlen f\u00fcr Grenzg\u00e4nger mit.\" \/>\n<meta name=\"robots\" content=\"index, follow, max-snippet:-1, max-image-preview:large, max-video-preview:-1\" \/>\n<link rel=\"canonical\" href=\"https:\/\/frontaliers-grandest.eu\/de\/startseite\/rente\/renteneintrittsalter\/in-der-schweiz\/\" \/>\n<meta property=\"og:locale\" content=\"de_DE\" \/>\n<meta property=\"og:type\" content=\"article\" \/>\n<meta property=\"og:title\" content=\"Renteneintrittsalter Schweiz: 65 Jahre, Vorruhestand ab 63\" \/>\n<meta property=\"og:description\" content=\"Renteneintrittsalter in der Schweiz: 65 Jahre f\u00fcr M\u00e4nner, Vorruhestand bis zu 2 Jahre fr\u00fcher mit K\u00fcrzung. EU-Versicherungszeiten z\u00e4hlen f\u00fcr Grenzg\u00e4nger mit.\" \/>\n<meta property=\"og:url\" content=\"https:\/\/frontaliers-grandest.eu\/de\/startseite\/rente\/renteneintrittsalter\/in-der-schweiz\/\" \/>\n<meta property=\"og:site_name\" content=\"Frontaliers Grand Est\" \/>\n<meta property=\"article:publisher\" content=\"https:\/\/www.facebook.com\/frontaliers.GR.EST\/?locale=fr_FR\" \/>\n<meta property=\"article:modified_time\" content=\"2026-09-03T07:11:32+00:00\" \/>\n<meta property=\"og:image\" content=\"https:\/\/frontaliers-grandest.eu\/wp-content\/uploads\/2022\/08\/JHABITE-EN-France-JE-TRAVAILLE-EN-SUISSE.jpg\" \/>\n\t<meta property=\"og:image:width\" content=\"612\" \/>\n\t<meta property=\"og:image:height\" content=\"452\" \/>\n\t<meta property=\"og:image:type\" content=\"image\/jpeg\" \/>\n<meta name=\"twitter:card\" content=\"summary_large_image\" \/>\n<meta name=\"twitter:label1\" content=\"Gesch\u00e4tzte Lesezeit\" \/>\n\t<meta name=\"twitter:data1\" content=\"2\u00a0Minuten\" \/>\n<script type=\"application\/ld+json\" class=\"yoast-schema-graph\">{\"@context\":\"https:\\\/\\\/schema.org\",\"@graph\":[{\"@type\":\"WebPage\",\"@id\":\"https:\\\/\\\/frontaliers-grandest.eu\\\/de\\\/startseite\\\/rente\\\/renteneintrittsalter\\\/in-der-schweiz\\\/\",\"url\":\"https:\\\/\\\/frontaliers-grandest.eu\\\/de\\\/startseite\\\/rente\\\/renteneintrittsalter\\\/in-der-schweiz\\\/\",\"name\":\"Renteneintrittsalter Schweiz: 65 Jahre, Vorruhestand ab 63\",\"isPartOf\":{\"@id\":\"https:\\\/\\\/frontaliers-grandest.eu\\\/de\\\/#website\"},\"primaryImageOfPage\":{\"@id\":\"https:\\\/\\\/frontaliers-grandest.eu\\\/de\\\/startseite\\\/rente\\\/renteneintrittsalter\\\/in-der-schweiz\\\/#primaryimage\"},\"image\":{\"@id\":\"https:\\\/\\\/frontaliers-grandest.eu\\\/de\\\/startseite\\\/rente\\\/renteneintrittsalter\\\/in-der-schweiz\\\/#primaryimage\"},\"thumbnailUrl\":\"https:\\\/\\\/frontaliers-grandest.eu\\\/wp-content\\\/uploads\\\/2022\\\/08\\\/JHABITE-EN-France-JE-TRAVAILLE-EN-SUISSE.jpg\",\"datePublished\":\"2022-08-26T14:37:02+00:00\",\"dateModified\":\"2026-09-03T07:11:32+00:00\",\"description\":\"Renteneintrittsalter in der Schweiz: 65 Jahre f\u00fcr M\u00e4nner, Vorruhestand bis zu 2 Jahre fr\u00fcher mit K\u00fcrzung. EU-Versicherungszeiten z\u00e4hlen f\u00fcr Grenzg\u00e4nger mit.\",\"breadcrumb\":{\"@id\":\"https:\\\/\\\/frontaliers-grandest.eu\\\/de\\\/startseite\\\/rente\\\/renteneintrittsalter\\\/in-der-schweiz\\\/#breadcrumb\"},\"inLanguage\":\"de\",\"potentialAction\":[{\"@type\":\"ReadAction\",\"target\":[\"https:\\\/\\\/frontaliers-grandest.eu\\\/de\\\/startseite\\\/rente\\\/renteneintrittsalter\\\/in-der-schweiz\\\/\"]}]},{\"@type\":\"ImageObject\",\"inLanguage\":\"de\",\"@id\":\"https:\\\/\\\/frontaliers-grandest.eu\\\/de\\\/startseite\\\/rente\\\/renteneintrittsalter\\\/in-der-schweiz\\\/#primaryimage\",\"url\":\"https:\\\/\\\/frontaliers-grandest.eu\\\/wp-content\\\/uploads\\\/2022\\\/08\\\/JHABITE-EN-France-JE-TRAVAILLE-EN-SUISSE.jpg\",\"contentUrl\":\"https:\\\/\\\/frontaliers-grandest.eu\\\/wp-content\\\/uploads\\\/2022\\\/08\\\/JHABITE-EN-France-JE-TRAVAILLE-EN-SUISSE.jpg\",\"width\":612,\"height\":452,\"caption\":\"Can badge national flag on white background\"},{\"@type\":\"BreadcrumbList\",\"@id\":\"https:\\\/\\\/frontaliers-grandest.eu\\\/de\\\/startseite\\\/rente\\\/renteneintrittsalter\\\/in-der-schweiz\\\/#breadcrumb\",\"itemListElement\":[{\"@type\":\"ListItem\",\"position\":1,\"name\":\"Startseite\",\"item\":\"https:\\\/\\\/frontaliers-grandest.eu\\\/de\\\/\"},{\"@type\":\"ListItem\",\"position\":2,\"name\":\"Grenzg\u00e4nger-Rente\",\"item\":\"https:\\\/\\\/frontaliers-grandest.eu\\\/de\\\/startseite\\\/rente\\\/\"},{\"@type\":\"ListItem\",\"position\":3,\"name\":\"Renteneintrittsalter\",\"item\":\"https:\\\/\\\/frontaliers-grandest.eu\\\/de\\\/startseite\\\/rente\\\/renteneintrittsalter\\\/\"},{\"@type\":\"ListItem\",\"position\":4,\"name\":\"Das Renteneintrittsalter in der Schweiz\"}]},{\"@type\":\"WebSite\",\"@id\":\"https:\\\/\\\/frontaliers-grandest.eu\\\/de\\\/#website\",\"url\":\"https:\\\/\\\/frontaliers-grandest.eu\\\/de\\\/\",\"name\":\"Frontaliers Grand Est\",\"description\":\"Le site ressource du travail frontalier\",\"publisher\":{\"@id\":\"https:\\\/\\\/frontaliers-grandest.eu\\\/de\\\/#organization\"},\"alternateName\":\"Frontaliers Grand Est\",\"potentialAction\":[{\"@type\":\"SearchAction\",\"target\":{\"@type\":\"EntryPoint\",\"urlTemplate\":\"https:\\\/\\\/frontaliers-grandest.eu\\\/de\\\/?s={search_term_string}\"},\"query-input\":{\"@type\":\"PropertyValueSpecification\",\"valueRequired\":true,\"valueName\":\"search_term_string\"}}],\"inLanguage\":\"de\"},{\"@type\":\"Organization\",\"@id\":\"https:\\\/\\\/frontaliers-grandest.eu\\\/de\\\/#organization\",\"name\":\"Frontaliers Grand Est\",\"alternateName\":\"Frontaliers Grand Est\",\"url\":\"https:\\\/\\\/frontaliers-grandest.eu\\\/de\\\/\",\"logo\":{\"@type\":\"ImageObject\",\"inLanguage\":\"de\",\"@id\":\"https:\\\/\\\/frontaliers-grandest.eu\\\/de\\\/#\\\/schema\\\/logo\\\/image\\\/\",\"url\":\"https:\\\/\\\/frontaliers-grandest.eu\\\/wp-content\\\/uploads\\\/2025\\\/07\\\/260328234_2966785176920310_3332838526503858160_n.jpg\",\"contentUrl\":\"https:\\\/\\\/frontaliers-grandest.eu\\\/wp-content\\\/uploads\\\/2025\\\/07\\\/260328234_2966785176920310_3332838526503858160_n.jpg\",\"width\":396,\"height\":396,\"caption\":\"Frontaliers Grand Est\"},\"image\":{\"@id\":\"https:\\\/\\\/frontaliers-grandest.eu\\\/de\\\/#\\\/schema\\\/logo\\\/image\\\/\"},\"sameAs\":[\"https:\\\/\\\/www.facebook.com\\\/frontaliers.GR.EST\\\/?locale=fr_FR\"]}]}<\/script>\n<!-- \/ Yoast SEO plugin. -->","yoast_head_json":{"title":"Renteneintrittsalter Schweiz: 65 Jahre, Vorruhestand ab 63","description":"Renteneintrittsalter in der Schweiz: 65 Jahre f\u00fcr M\u00e4nner, Vorruhestand bis zu 2 Jahre fr\u00fcher mit K\u00fcrzung. EU-Versicherungszeiten z\u00e4hlen f\u00fcr Grenzg\u00e4nger mit.","robots":{"index":"index","follow":"follow","max-snippet":"max-snippet:-1","max-image-preview":"max-image-preview:large","max-video-preview":"max-video-preview:-1"},"canonical":"https:\/\/frontaliers-grandest.eu\/de\/startseite\/rente\/renteneintrittsalter\/in-der-schweiz\/","og_locale":"de_DE","og_type":"article","og_title":"Renteneintrittsalter Schweiz: 65 Jahre, Vorruhestand ab 63","og_description":"Renteneintrittsalter in der Schweiz: 65 Jahre f\u00fcr M\u00e4nner, Vorruhestand bis zu 2 Jahre fr\u00fcher mit K\u00fcrzung. EU-Versicherungszeiten z\u00e4hlen f\u00fcr Grenzg\u00e4nger mit.","og_url":"https:\/\/frontaliers-grandest.eu\/de\/startseite\/rente\/renteneintrittsalter\/in-der-schweiz\/","og_site_name":"Frontaliers Grand Est","article_publisher":"https:\/\/www.facebook.com\/frontaliers.GR.EST\/?locale=fr_FR","article_modified_time":"2026-09-03T07:11:32+00:00","og_image":[{"width":612,"height":452,"url":"https:\/\/frontaliers-grandest.eu\/wp-content\/uploads\/2022\/08\/JHABITE-EN-France-JE-TRAVAILLE-EN-SUISSE.jpg","type":"image\/jpeg"}],"twitter_card":"summary_large_image","twitter_misc":{"Gesch\u00e4tzte Lesezeit":"2\u00a0Minuten"},"schema":{"@context":"https:\/\/schema.org","@graph":[{"@type":"WebPage","@id":"https:\/\/frontaliers-grandest.eu\/de\/startseite\/rente\/renteneintrittsalter\/in-der-schweiz\/","url":"https:\/\/frontaliers-grandest.eu\/de\/startseite\/rente\/renteneintrittsalter\/in-der-schweiz\/","name":"Renteneintrittsalter Schweiz: 65 Jahre, Vorruhestand ab 63","isPartOf":{"@id":"https:\/\/frontaliers-grandest.eu\/de\/#website"},"primaryImageOfPage":{"@id":"https:\/\/frontaliers-grandest.eu\/de\/startseite\/rente\/renteneintrittsalter\/in-der-schweiz\/#primaryimage"},"image":{"@id":"https:\/\/frontaliers-grandest.eu\/de\/startseite\/rente\/renteneintrittsalter\/in-der-schweiz\/#primaryimage"},"thumbnailUrl":"https:\/\/frontaliers-grandest.eu\/wp-content\/uploads\/2022\/08\/JHABITE-EN-France-JE-TRAVAILLE-EN-SUISSE.jpg","datePublished":"2022-08-26T14:37:02+00:00","dateModified":"2026-09-03T07:11:32+00:00","description":"Renteneintrittsalter in der Schweiz: 65 Jahre f\u00fcr M\u00e4nner, Vorruhestand bis zu 2 Jahre fr\u00fcher mit K\u00fcrzung. EU-Versicherungszeiten z\u00e4hlen f\u00fcr Grenzg\u00e4nger mit.","breadcrumb":{"@id":"https:\/\/frontaliers-grandest.eu\/de\/startseite\/rente\/renteneintrittsalter\/in-der-schweiz\/#breadcrumb"},"inLanguage":"de","potentialAction":[{"@type":"ReadAction","target":["https:\/\/frontaliers-grandest.eu\/de\/startseite\/rente\/renteneintrittsalter\/in-der-schweiz\/"]}]},{"@type":"ImageObject","inLanguage":"de","@id":"https:\/\/frontaliers-grandest.eu\/de\/startseite\/rente\/renteneintrittsalter\/in-der-schweiz\/#primaryimage","url":"https:\/\/frontaliers-grandest.eu\/wp-content\/uploads\/2022\/08\/JHABITE-EN-France-JE-TRAVAILLE-EN-SUISSE.jpg","contentUrl":"https:\/\/frontaliers-grandest.eu\/wp-content\/uploads\/2022\/08\/JHABITE-EN-France-JE-TRAVAILLE-EN-SUISSE.jpg","width":612,"height":452,"caption":"Can badge national flag on white background"},{"@type":"BreadcrumbList","@id":"https:\/\/frontaliers-grandest.eu\/de\/startseite\/rente\/renteneintrittsalter\/in-der-schweiz\/#breadcrumb","itemListElement":[{"@type":"ListItem","position":1,"name":"Startseite","item":"https:\/\/frontaliers-grandest.eu\/de\/"},{"@type":"ListItem","position":2,"name":"Grenzg\u00e4nger-Rente","item":"https:\/\/frontaliers-grandest.eu\/de\/startseite\/rente\/"},{"@type":"ListItem","position":3,"name":"Renteneintrittsalter","item":"https:\/\/frontaliers-grandest.eu\/de\/startseite\/rente\/renteneintrittsalter\/"},{"@type":"ListItem","position":4,"name":"Das Renteneintrittsalter in der Schweiz"}]},{"@type":"WebSite","@id":"https:\/\/frontaliers-grandest.eu\/de\/#website","url":"https:\/\/frontaliers-grandest.eu\/de\/","name":"Frontaliers Grand Est","description":"Le site ressource du travail frontalier","publisher":{"@id":"https:\/\/frontaliers-grandest.eu\/de\/#organization"},"alternateName":"Frontaliers Grand Est","potentialAction":[{"@type":"SearchAction","target":{"@type":"EntryPoint","urlTemplate":"https:\/\/frontaliers-grandest.eu\/de\/?s={search_term_string}"},"query-input":{"@type":"PropertyValueSpecification","valueRequired":true,"valueName":"search_term_string"}}],"inLanguage":"de"},{"@type":"Organization","@id":"https:\/\/frontaliers-grandest.eu\/de\/#organization","name":"Frontaliers Grand Est","alternateName":"Frontaliers Grand Est","url":"https:\/\/frontaliers-grandest.eu\/de\/","logo":{"@type":"ImageObject","inLanguage":"de","@id":"https:\/\/frontaliers-grandest.eu\/de\/#\/schema\/logo\/image\/","url":"https:\/\/frontaliers-grandest.eu\/wp-content\/uploads\/2025\/07\/260328234_2966785176920310_3332838526503858160_n.jpg","contentUrl":"https:\/\/frontaliers-grandest.eu\/wp-content\/uploads\/2025\/07\/260328234_2966785176920310_3332838526503858160_n.jpg","width":396,"height":396,"caption":"Frontaliers Grand Est"},"image":{"@id":"https:\/\/frontaliers-grandest.eu\/de\/#\/schema\/logo\/image\/"},"sameAs":["https:\/\/www.facebook.com\/frontaliers.GR.EST\/?locale=fr_FR"]}]}},"frge_page_order":"0","_links":{"self":[{"href":"https:\/\/frontaliers-grandest.eu\/de\/wp-json\/wp\/v2\/pages\/20214","targetHints":{"allow":["GET"]}}],"collection":[{"href":"https:\/\/frontaliers-grandest.eu\/de\/wp-json\/wp\/v2\/pages"}],"about":[{"href":"https:\/\/frontaliers-grandest.eu\/de\/wp-json\/wp\/v2\/types\/page"}],"author":[{"embeddable":true,"href":"https:\/\/frontaliers-grandest.eu\/de\/wp-json\/wp\/v2\/users\/4"}],"replies":[{"embeddable":true,"href":"https:\/\/frontaliers-grandest.eu\/de\/wp-json\/wp\/v2\/comments?post=20214"}],"version-history":[{"count":3,"href":"https:\/\/frontaliers-grandest.eu\/de\/wp-json\/wp\/v2\/pages\/20214\/revisions"}],"predecessor-version":[{"id":66436,"href":"https:\/\/frontaliers-grandest.eu\/de\/wp-json\/wp\/v2\/pages\/20214\/revisions\/66436"}],"up":[{"embeddable":true,"href":"https:\/\/frontaliers-grandest.eu\/de\/wp-json\/wp\/v2\/pages\/20170"}],"wp:featuredmedia":[{"embeddable":true,"href":"https:\/\/frontaliers-grandest.eu\/de\/wp-json\/wp\/v2\/media\/20357"}],"wp:attachment":[{"href":"https:\/\/frontaliers-grandest.eu\/de\/wp-json\/wp\/v2\/media?parent=20214"}],"wp:term":[{"taxonomy":"post_tag","embeddable":true,"href":"https:\/\/frontaliers-grandest.eu\/de\/wp-json\/wp\/v2\/tags?post=20214"},{"taxonomy":"frge_profile","embeddable":true,"href":"https:\/\/frontaliers-grandest.eu\/de\/wp-json\/wp\/v2\/frge_profile?post=20214"}],"curies":[{"name":"wp","href":"https:\/\/api.w.org\/{rel}","templated":true}]}}